{"id":2817,"date":"2024-07-19T09:07:49","date_gmt":"2024-07-19T09:07:49","guid":{"rendered":"https:\/\/fundacioramonmartibonet.org\/misio-visio-i-valors\/"},"modified":"2025-07-28T17:31:45","modified_gmt":"2025-07-28T17:31:45","slug":"misio-visio-i-valors","status":"publish","type":"page","link":"https:\/\/fundacioramonmartibonet.org\/es\/misio-visio-i-valors\/","title":{"rendered":"Misi\u00f3n, Visi\u00f3n y Valores"},"content":{"rendered":"\n<figure class=\"wp-block-pullquote has-text-align-center\" style=\"padding-right:var(--wp--preset--spacing--80);padding-left:var(--wp--preset--spacing--80)\"><blockquote><p>La <strong>misi\u00f3n<\/strong> de la Fundaci\u00f3 Ramon Mart\u00ed i Bonet es ofrecer asistencia para mejorar la salud visual y las perspectivas de futuro<br> de personas en situaci\u00f3n de vulnerabilidad. Trabajamos para garantizar la igualdad de oportunidades.<\/p><\/blockquote><\/figure>\n\n\n\n<div class=\"wp-block-cover is-light\" style=\"padding-top:0;padding-bottom:0;min-height:425px;aspect-ratio:unset;\"><span aria-hidden=\"true\" class=\"wp-block-cover__background has-background-dim-10 has-background-dim\" style=\"background-color:#dee0e0\"><\/span><img loading=\"lazy\" decoding=\"async\" width=\"2560\" height=\"1011\" class=\"wp-block-cover__image-background wp-image-2133\" alt=\"fundacion optica vision\" src=\"https:\/\/fundacioramonmartibonet.org\/wp-content\/uploads\/2024\/06\/www-sergipanizo-cat_220727_focus_oftalmoleg_043-scaled-e1718792507364.jpg\" data-object-fit=\"cover\" srcset=\"https:\/\/fundacioramonmartibonet.org\/wp-content\/uploads\/2024\/06\/www-sergipanizo-cat_220727_focus_oftalmoleg_043-scaled-e1718792507364.jpg 2560w, https:\/\/fundacioramonmartibonet.org\/wp-content\/uploads\/2024\/06\/www-sergipanizo-cat_220727_focus_oftalmoleg_043-scaled-e1718792507364-300x118.jpg 300w, https:\/\/fundacioramonmartibonet.org\/wp-content\/uploads\/2024\/06\/www-sergipanizo-cat_220727_focus_oftalmoleg_043-scaled-e1718792507364-1024x404.jpg 1024w, https:\/\/fundacioramonmartibonet.org\/wp-content\/uploads\/2024\/06\/www-sergipanizo-cat_220727_focus_oftalmoleg_043-scaled-e1718792507364-768x303.jpg 768w, https:\/\/fundacioramonmartibonet.org\/wp-content\/uploads\/2024\/06\/www-sergipanizo-cat_220727_focus_oftalmoleg_043-scaled-e1718792507364-1536x607.jpg 1536w, https:\/\/fundacioramonmartibonet.org\/wp-content\/uploads\/2024\/06\/www-sergipanizo-cat_220727_focus_oftalmoleg_043-scaled-e1718792507364-2048x809.jpg 2048w\" sizes=\"(max-width: 2560px) 100vw, 2560px\" \/><div class=\"wp-block-cover__inner-container is-layout-constrained wp-block-cover-is-layout-constrained\">\n<p><\/p>\n<\/div><\/div>\n\n\n\n<div class=\"wp-block-group\" style=\"padding-right:var(--wp--preset--spacing--80);padding-left:var(--wp--preset--spacing--80)\"><div class=\"wp-block-group__inner-container is-layout-constrained wp-block-group-is-layout-constrained\">\n<div class=\"wp-block-group is-vertical is-layout-flex wp-container-core-group-is-layout-2 wp-block-group-is-layout-flex\" style=\"padding-right:var(--wp--preset--spacing--80);padding-left:var(--wp--preset--spacing--80)\">\n<div class=\"wp-block-group\" style=\"padding-right:var(--wp--preset--spacing--20);padding-left:var(--wp--preset--spacing--20)\"><div class=\"wp-block-group__inner-container is-layout-constrained wp-block-group-is-layout-constrained\">\n<p>La&nbsp;<strong>visi\u00f3n<\/strong>&nbsp;de la fundaci\u00f3n es conseguir un futuro con visi\u00f3n para todo el mundo.<br>Los&nbsp;<strong>valores<\/strong>&nbsp;que identifican la Fundaci\u00f3n Ramon Mart\u00ed i Bonet son:<\/p>\n\n\n\n<ul>\n<li>Transformaci\u00f3n Social: Emprendemos todas las acciones pensando en el impacto final sobre los destinatarios (individuales e institucionales) de la fundaci\u00f3n y nos implicamos en actividades de impacto social prolongado con el tiempo que movilizan y consiguen un cambio o beneficio s\u00f3lido y de larga duraci\u00f3n.<\/li>\n\n\n\n<li>Cooperaci\u00f3n: Trabajamos con el resto de colaboradores de la organizaci\u00f3n u otras organizaciones para conseguir los objetivos de la fundaci\u00f3n. Trabajar en red.<\/li>\n\n\n\n<li>Comprom\u00eds: Cumplimos con la dedicaci\u00f3n comprometida a las tareas propias dentro de la fundaci\u00f3n y asumimos la responsabilidad personal por el trabajo a la que nos comprometemos a llevar a cabo.<\/li>\n\n\n\n<li>Transparencia: Compartimos con honestidad la actividad necesaria para garantizar el cumplimiento de las finalidades por las que ha sido constituida y actuamos con \u00e9tica y responsabilidad informativa.<\/li>\n\n\n\n<li>Integridad: Gestionan los recursos de la organizaci\u00f3n con criterios de eficacia y eficiencia con responsabilidad y \u00e9tica profesional y conocemos y aplicamos la legislaci\u00f3n y las normas de la organizaci\u00f3n.<\/li>\n<\/ul>\n\n\n\n<p>La misi\u00f3n de la Fundaci\u00f3n contribuye, por lo tanto, a los Objetivos de Desarrollo Sostenible (ODS)&nbsp;establecidos por las Naciones Unidas, concretamente:<\/p>\n\n\n<div class=\"wp-block-image\">\n<figure class=\"aligncenter size-full is-resized\"><img loading=\"lazy\" decoding=\"async\" width=\"1025\" height=\"176\" src=\"https:\/\/fundacioramonmartibonet.org\/wp-content\/uploads\/2024\/06\/ods_cast.png\" alt=\"\" class=\"wp-image-2210\" style=\"width:891px;height:auto\" srcset=\"https:\/\/fundacioramonmartibonet.org\/wp-content\/uploads\/2024\/06\/ods_cast.png 1025w, https:\/\/fundacioramonmartibonet.org\/wp-content\/uploads\/2024\/06\/ods_cast-300x52.png 300w, https:\/\/fundacioramonmartibonet.org\/wp-content\/uploads\/2024\/06\/ods_cast-768x132.png 768w\" sizes=\"(max-width: 1025px) 100vw, 1025px\" \/><\/figure><\/div>\n\n\n<p class=\"has-light-main-background-color has-background has-extra-large-font-size\" style=\"padding-top:var(--wp--preset--spacing--30);padding-right:var(--wp--preset--spacing--50);padding-bottom:var(--wp--preset--spacing--30);padding-left:var(--wp--preset--spacing--50)\">\u00bfQu\u00e9 hacemos?<\/p>\n\n\n\n<p>Trabajamos tanto en proyectos locales, Visi\u00f3n para Todo el mundo en Catalu\u00f1a, como en proyectos de cooperaci\u00f3n internacional, para ofrecer el derecho a la salud ocular a ni\u00f1os y adultos que se encuentran en situaci\u00f3n de vulnerabilidad.<\/p>\n<\/div><\/div>\n\n\n\n<p>A nivel local, ofrecemos <strong>revisiones \u00f3pticas y oftalmol\u00f3gicas<\/strong>, a la vez que proporcionamos <strong>gafas correctoras<\/strong> a una tarifa social, para contribuir a mejorar el rendimiento acad\u00e9mico, la inserci\u00f3n laboral y las perspectivas de futuro de personas en riesgo de exclusi\u00f3n.<\/p>\n\n\n\n<p>Tambi\u00e9n <strong>promovemos la salud ocular de pa\u00edses en v\u00edas de desarrollo<\/strong>, como el Chad, India y Per\u00fa, pa\u00edses donde el sistema sanitario, y oftalmol\u00f3gico en concreto, se encuentra en una situaci\u00f3n muy precaria. Contamos con un equipo de cooperantes, profesionales de la salud visual, que se desplazan peri\u00f3dicamente a las diferentes zonas para trabajar por la ceguera evitable, llevando a cabo intervenciones quir\u00fargicas, revisiones oculares y formaci\u00f3n en los profesionales locales. El objetivo es conseguir un sistema oftalmol\u00f3gico local de calidad y autosostenible.<\/p>\n\n\n\n<p style=\"padding-right:0;padding-left:0\">Creamos proyectos locales y de cooperaci\u00f3n internacional para llegar a la m\u00e1xima poblaci\u00f3n que se encuentre bajo el umbral econ\u00f3mico y social y poder<strong>&nbsp;ofrecerles el derecho a la salud ocular.<\/strong><\/p>\n<\/div>\n\n\n\n<div class=\"wp-block-group\"><div class=\"wp-block-group__inner-container is-layout-constrained wp-block-group-is-layout-constrained\">\n<div class=\"wp-block-group\" style=\"padding-right:var(--wp--preset--spacing--80);padding-left:var(--wp--preset--spacing--80)\"><div class=\"wp-block-group__inner-container is-layout-constrained wp-block-group-is-layout-constrained\">\n<div class=\"wp-block-group\"><div class=\"wp-block-group__inner-container is-layout-constrained wp-block-group-is-layout-constrained\">\n<div class=\"wp-block-group\"><div class=\"wp-block-group__inner-container is-layout-constrained wp-block-group-is-layout-constrained\">\n<div class=\"wp-block-group\"><div class=\"wp-block-group__inner-container is-layout-constrained wp-block-group-is-layout-constrained\">\n<p class=\"has-light-main-background-color has-background has-extra-large-font-size\" style=\"padding-top:var(--wp--preset--spacing--30);padding-right:3.5rem;padding-bottom:var(--wp--preset--spacing--30);padding-left:3.5rem\">Trabajamos en red<\/p>\n<\/div><\/div>\n<\/div><\/div>\n<\/div><\/div>\n\n\n\n<p>Desde sus inicios, en la Fundaci\u00f3n trabajamos en red con diferentes entidades que velan por el bienestar social y econ\u00f3mico de personas en riesgo de exclusi\u00f3n social: <strong>119 entidades sociales privadas, 59 centros de servicios sociales de Barcelona, 20 Ayuntamientos de Catalu\u00f1a, 11 centros penitenciarios, 73 centros sanitarios de la Generalitat de Catalu\u00f1a.<\/strong><\/p>\n<\/div><\/div>\n<\/div><\/div>\n<\/div><\/div>\n\n\n\n<div class=\"wp-block-group has-extra-large-font-size\" style=\"padding-right:242px;padding-left:242px\"><div class=\"wp-block-group__inner-container is-layout-constrained wp-block-group-is-layout-constrained\">\n<div class=\"wp-block-group has-extra-large-font-size\"><div class=\"wp-block-group__inner-container is-layout-constrained wp-block-group-is-layout-constrained\">\n<p class=\"has-default-color has-light-main-background-color has-text-color has-background has-link-color has-extra-large-font-size wp-elements-7c37462eefc8541dd58d247c11883eb1\" style=\"padding-top:var(--wp--preset--spacing--30);padding-right:3.5rem;padding-bottom:var(--wp--preset--spacing--30);padding-left:3.5rem\">Colaboradores<\/p>\n\n\n\n<div class=\"wp-block-group\"><div class=\"wp-block-group__inner-container is-layout-constrained wp-block-group-is-layout-constrained\">\n<p class=\"has-medium-background-color has-background has-large-font-size\"><strong>Administraciones p\u00fablicas<\/strong><\/p>\n<\/div><\/div>\n\n\n<div class=\"wp-block-image\">\n<figure class=\"aligncenter size-large is-resized\"><img loading=\"lazy\" decoding=\"async\" width=\"1024\" height=\"363\" src=\"https:\/\/fundacioramonmartibonet.org\/wp-content\/uploads\/2025\/06\/Estiu-2025-5-1-1024x363.png\" alt=\"\" class=\"wp-image-3859\" style=\"width:798px;height:auto\" srcset=\"https:\/\/fundacioramonmartibonet.org\/wp-content\/uploads\/2025\/06\/Estiu-2025-5-1-1024x363.png 1024w, https:\/\/fundacioramonmartibonet.org\/wp-content\/uploads\/2025\/06\/Estiu-2025-5-1-300x106.png 300w, https:\/\/fundacioramonmartibonet.org\/wp-content\/uploads\/2025\/06\/Estiu-2025-5-1-768x272.png 768w, https:\/\/fundacioramonmartibonet.org\/wp-content\/uploads\/2025\/06\/Estiu-2025-5-1.png 1080w\" sizes=\"(max-width: 1024px) 100vw, 1024px\" \/><\/figure><\/div>\n\n\n<div class=\"wp-block-group\"><div class=\"wp-block-group__inner-container is-layout-constrained wp-block-group-is-layout-constrained\">\n<p class=\"has-medium-background-color has-background has-large-font-size\"><strong>Administraciones locales<\/strong><\/p>\n<\/div><\/div>\n<\/div><\/div>\n<\/div><\/div>\n\n\n\n<div class=\"wp-block-group\"><div class=\"wp-block-group__inner-container is-layout-constrained wp-block-group-is-layout-constrained\"><div class=\"wp-block-image\">\n<figure class=\"aligncenter size-large is-resized\"><img loading=\"lazy\" decoding=\"async\" width=\"919\" height=\"517\" src=\"https:\/\/fundacioramonmartibonet.org\/wp-content\/uploads\/2025\/07\/Estiu-2025-8-1-edited.png\" alt=\"\" class=\"wp-image-4079\" style=\"width:820px;height:auto\" srcset=\"https:\/\/fundacioramonmartibonet.org\/wp-content\/uploads\/2025\/07\/Estiu-2025-8-1-edited.png 919w, https:\/\/fundacioramonmartibonet.org\/wp-content\/uploads\/2025\/07\/Estiu-2025-8-1-edited-300x169.png 300w, https:\/\/fundacioramonmartibonet.org\/wp-content\/uploads\/2025\/07\/Estiu-2025-8-1-edited-768x432.png 768w\" sizes=\"(max-width: 919px) 100vw, 919px\" \/><\/figure><\/div><\/div><\/div>\n\n\n\n<div class=\"wp-block-group\" style=\"padding-right:242px;padding-left:242px\"><div class=\"wp-block-group__inner-container is-layout-constrained wp-block-group-is-layout-constrained\">\n<p class=\"has-medium-background-color has-background has-large-font-size\"><strong>Empresas y entidades privadas<\/strong><\/p>\n<\/div><\/div>\n\n\n<div class=\"wp-block-image\">\n<figure class=\"aligncenter size-large is-resized\"><img loading=\"lazy\" decoding=\"async\" width=\"1080\" height=\"607\" src=\"https:\/\/fundacioramonmartibonet.org\/wp-content\/uploads\/2025\/07\/Estiu-2025-9-edited-1.png\" alt=\"\" class=\"wp-image-4081\" style=\"width:972px;height:auto\" srcset=\"https:\/\/fundacioramonmartibonet.org\/wp-content\/uploads\/2025\/07\/Estiu-2025-9-edited-1.png 1080w, https:\/\/fundacioramonmartibonet.org\/wp-content\/uploads\/2025\/07\/Estiu-2025-9-edited-1-300x169.png 300w, https:\/\/fundacioramonmartibonet.org\/wp-content\/uploads\/2025\/07\/Estiu-2025-9-edited-1-1024x576.png 1024w, https:\/\/fundacioramonmartibonet.org\/wp-content\/uploads\/2025\/07\/Estiu-2025-9-edited-1-768x432.png 768w\" sizes=\"(max-width: 1080px) 100vw, 1080px\" \/><\/figure><\/div>","protected":false},"excerpt":{"rendered":"<p>La misi\u00f3n de la Fundaci\u00f3 Ramon Mart\u00ed i Bonet es ofrecer asistencia para mejorar la salud visual y las perspectivas de futuro de personas en situaci\u00f3n de vulnerabilidad. Trabajamos para garantizar la igualdad de oportunidades. La&nbsp;visi\u00f3n&nbsp;de la fundaci\u00f3n es conseguir un futuro con visi\u00f3n para todo el mundo.Los&nbsp;valores&nbsp;que identifican la Fundaci\u00f3n Ramon Mart\u00ed i Bonet [&hellip;]<\/p>\n","protected":false},"author":2,"featured_media":0,"parent":0,"menu_order":0,"comment_status":"closed","ping_status":"closed","template":"","meta":{"_acf_changed":false,"footnotes":""},"acf":[],"yoast_head":"<!-- This site is optimized with the Yoast SEO plugin v22.5 - https:\/\/yoast.com\/wordpress\/plugins\/seo\/ -->\n<title>Misi\u00f3n, Visi\u00f3n y Valores - Fundaci\u00f3 Ram\u00f3n Mart\u00ed i Bonet<\/title>\n<meta name=\"robots\" content=\"index, follow, max-snippet:-1, max-image-preview:large, max-video-preview:-1\" \/>\n<link rel=\"canonical\" href=\"https:\/\/fundacioramonmartibonet.org\/es\/misio-visio-i-valors\/\" \/>\n<meta property=\"og:locale\" content=\"es_ES\" \/>\n<meta property=\"og:type\" content=\"article\" \/>\n<meta property=\"og:title\" content=\"Misi\u00f3n, Visi\u00f3n y Valores - Fundaci\u00f3 Ram\u00f3n Mart\u00ed i Bonet\" \/>\n<meta property=\"og:description\" content=\"La misi\u00f3n de la Fundaci\u00f3 Ramon Mart\u00ed i Bonet es ofrecer asistencia para mejorar la salud visual y las perspectivas de futuro de personas en situaci\u00f3n de vulnerabilidad. Trabajamos para garantizar la igualdad de oportunidades. La&nbsp;visi\u00f3n&nbsp;de la fundaci\u00f3n es conseguir un futuro con visi\u00f3n para todo el mundo.Los&nbsp;valores&nbsp;que identifican la Fundaci\u00f3n Ramon Mart\u00ed i Bonet [&hellip;]\" \/>\n<meta property=\"og:url\" content=\"https:\/\/fundacioramonmartibonet.org\/es\/misio-visio-i-valors\/\" \/>\n<meta property=\"og:site_name\" content=\"Fundaci\u00f3 Ram\u00f3n Mart\u00ed i Bonet\" \/>\n<meta property=\"article:publisher\" content=\"https:\/\/www.facebook.com\/FundacioRamonMartiBonet\" \/>\n<meta property=\"article:modified_time\" content=\"2025-07-28T17:31:45+00:00\" \/>\n<meta property=\"og:image\" content=\"https:\/\/fundacioramonmartibonet.org\/wp-content\/uploads\/2024\/06\/www-sergipanizo-cat_220727_focus_oftalmoleg_043-scaled-e1718792507364.jpg\" \/>\n<meta name=\"twitter:card\" content=\"summary_large_image\" \/>\n<meta name=\"twitter:site\" content=\"@FundacioRMB\" \/>\n<script type=\"application\/ld+json\" class=\"yoast-schema-graph\">{\"@context\":\"https:\/\/schema.org\",\"@graph\":[{\"@type\":\"WebPage\",\"@id\":\"https:\/\/fundacioramonmartibonet.org\/es\/misio-visio-i-valors\/\",\"url\":\"https:\/\/fundacioramonmartibonet.org\/es\/misio-visio-i-valors\/\",\"name\":\"Misi\u00f3n, Visi\u00f3n y Valores - Fundaci\u00f3 Ram\u00f3n Mart\u00ed i Bonet\",\"isPartOf\":{\"@id\":\"https:\/\/fundacioramonmartibonet.org\/es\/#website\"},\"primaryImageOfPage\":{\"@id\":\"https:\/\/fundacioramonmartibonet.org\/es\/misio-visio-i-valors\/#primaryimage\"},\"image\":{\"@id\":\"https:\/\/fundacioramonmartibonet.org\/es\/misio-visio-i-valors\/#primaryimage\"},\"thumbnailUrl\":\"https:\/\/fundacioramonmartibonet.org\/wp-content\/uploads\/2024\/06\/www-sergipanizo-cat_220727_focus_oftalmoleg_043-scaled-e1718792507364.jpg\",\"datePublished\":\"2024-07-19T09:07:49+00:00\",\"dateModified\":\"2025-07-28T17:31:45+00:00\",\"breadcrumb\":{\"@id\":\"https:\/\/fundacioramonmartibonet.org\/es\/misio-visio-i-valors\/#breadcrumb\"},\"inLanguage\":\"es\",\"potentialAction\":[{\"@type\":\"ReadAction\",\"target\":[\"https:\/\/fundacioramonmartibonet.org\/es\/misio-visio-i-valors\/\"]}]},{\"@type\":\"ImageObject\",\"inLanguage\":\"es\",\"@id\":\"https:\/\/fundacioramonmartibonet.org\/es\/misio-visio-i-valors\/#primaryimage\",\"url\":\"https:\/\/fundacioramonmartibonet.org\/wp-content\/uploads\/2024\/06\/www-sergipanizo-cat_220727_focus_oftalmoleg_043-scaled-e1718792507364.jpg\",\"contentUrl\":\"https:\/\/fundacioramonmartibonet.org\/wp-content\/uploads\/2024\/06\/www-sergipanizo-cat_220727_focus_oftalmoleg_043-scaled-e1718792507364.jpg\"},{\"@type\":\"BreadcrumbList\",\"@id\":\"https:\/\/fundacioramonmartibonet.org\/es\/misio-visio-i-valors\/#breadcrumb\",\"itemListElement\":[{\"@type\":\"ListItem\",\"position\":1,\"name\":\"Home\",\"item\":\"https:\/\/fundacioramonmartibonet.org\/es\/\"},{\"@type\":\"ListItem\",\"position\":2,\"name\":\"Misi\u00f3n, Visi\u00f3n y Valores\"}]},{\"@type\":\"WebSite\",\"@id\":\"https:\/\/fundacioramonmartibonet.org\/es\/#website\",\"url\":\"https:\/\/fundacioramonmartibonet.org\/es\/\",\"name\":\"Fundaci\u00f3 Ramon Mart\u00ed i Bonet\",\"description\":\"Visi\u00f3 per a tothom\",\"publisher\":{\"@id\":\"https:\/\/fundacioramonmartibonet.org\/es\/#organization\"},\"alternateName\":\"FRMB\",\"potentialAction\":[{\"@type\":\"SearchAction\",\"target\":{\"@type\":\"EntryPoint\",\"urlTemplate\":\"https:\/\/fundacioramonmartibonet.org\/es\/?s={search_term_string}\"},\"query-input\":\"required name=search_term_string\"}],\"inLanguage\":\"es\"},{\"@type\":\"Organization\",\"@id\":\"https:\/\/fundacioramonmartibonet.org\/es\/#organization\",\"name\":\"Fundaci\u00f3 Ramon Mart\u00ed i Bonet\",\"alternateName\":\"FRMB\",\"url\":\"https:\/\/fundacioramonmartibonet.org\/es\/\",\"logo\":{\"@type\":\"ImageObject\",\"inLanguage\":\"es\",\"@id\":\"https:\/\/fundacioramonmartibonet.org\/es\/#\/schema\/logo\/image\/\",\"url\":\"https:\/\/fundacioramonmartibonet.org\/wp-content\/uploads\/2023\/06\/frmb.svg\",\"contentUrl\":\"https:\/\/fundacioramonmartibonet.org\/wp-content\/uploads\/2023\/06\/frmb.svg\",\"width\":900,\"height\":280,\"caption\":\"Fundaci\u00f3 Ramon Mart\u00ed i Bonet\"},\"image\":{\"@id\":\"https:\/\/fundacioramonmartibonet.org\/es\/#\/schema\/logo\/image\/\"},\"sameAs\":[\"https:\/\/www.facebook.com\/FundacioRamonMartiBonet\",\"https:\/\/x.com\/FundacioRMB\",\"https:\/\/www.youtube.com\/channel\/UCNyN8HH4tz3ybIBubLBiSog\",\"https:\/\/www.instagram.com\/fundaciormb\/\",\"https:\/\/www.linkedin.com\/company\/fundacio-ramon-marto-i-bonet-contra-la-ceguera\/\"]}]}<\/script>\n<!-- \/ Yoast SEO plugin. -->","yoast_head_json":{"title":"Misi\u00f3n, Visi\u00f3n y Valores - Fundaci\u00f3 Ram\u00f3n Mart\u00ed i Bonet","robots":{"index":"index","follow":"follow","max-snippet":"max-snippet:-1","max-image-preview":"max-image-preview:large","max-video-preview":"max-video-preview:-1"},"canonical":"https:\/\/fundacioramonmartibonet.org\/es\/misio-visio-i-valors\/","og_locale":"es_ES","og_type":"article","og_title":"Misi\u00f3n, Visi\u00f3n y Valores - Fundaci\u00f3 Ram\u00f3n Mart\u00ed i Bonet","og_description":"La misi\u00f3n de la Fundaci\u00f3 Ramon Mart\u00ed i Bonet es ofrecer asistencia para mejorar la salud visual y las perspectivas de futuro de personas en situaci\u00f3n de vulnerabilidad. Trabajamos para garantizar la igualdad de oportunidades. La&nbsp;visi\u00f3n&nbsp;de la fundaci\u00f3n es conseguir un futuro con visi\u00f3n para todo el mundo.Los&nbsp;valores&nbsp;que identifican la Fundaci\u00f3n Ramon Mart\u00ed i Bonet [&hellip;]","og_url":"https:\/\/fundacioramonmartibonet.org\/es\/misio-visio-i-valors\/","og_site_name":"Fundaci\u00f3 Ram\u00f3n Mart\u00ed i Bonet","article_publisher":"https:\/\/www.facebook.com\/FundacioRamonMartiBonet","article_modified_time":"2025-07-28T17:31:45+00:00","og_image":[{"url":"https:\/\/fundacioramonmartibonet.org\/wp-content\/uploads\/2024\/06\/www-sergipanizo-cat_220727_focus_oftalmoleg_043-scaled-e1718792507364.jpg"}],"twitter_card":"summary_large_image","twitter_site":"@FundacioRMB","schema":{"@context":"https:\/\/schema.org","@graph":[{"@type":"WebPage","@id":"https:\/\/fundacioramonmartibonet.org\/es\/misio-visio-i-valors\/","url":"https:\/\/fundacioramonmartibonet.org\/es\/misio-visio-i-valors\/","name":"Misi\u00f3n, Visi\u00f3n y Valores - Fundaci\u00f3 Ram\u00f3n Mart\u00ed i Bonet","isPartOf":{"@id":"https:\/\/fundacioramonmartibonet.org\/es\/#website"},"primaryImageOfPage":{"@id":"https:\/\/fundacioramonmartibonet.org\/es\/misio-visio-i-valors\/#primaryimage"},"image":{"@id":"https:\/\/fundacioramonmartibonet.org\/es\/misio-visio-i-valors\/#primaryimage"},"thumbnailUrl":"https:\/\/fundacioramonmartibonet.org\/wp-content\/uploads\/2024\/06\/www-sergipanizo-cat_220727_focus_oftalmoleg_043-scaled-e1718792507364.jpg","datePublished":"2024-07-19T09:07:49+00:00","dateModified":"2025-07-28T17:31:45+00:00","breadcrumb":{"@id":"https:\/\/fundacioramonmartibonet.org\/es\/misio-visio-i-valors\/#breadcrumb"},"inLanguage":"es","potentialAction":[{"@type":"ReadAction","target":["https:\/\/fundacioramonmartibonet.org\/es\/misio-visio-i-valors\/"]}]},{"@type":"ImageObject","inLanguage":"es","@id":"https:\/\/fundacioramonmartibonet.org\/es\/misio-visio-i-valors\/#primaryimage","url":"https:\/\/fundacioramonmartibonet.org\/wp-content\/uploads\/2024\/06\/www-sergipanizo-cat_220727_focus_oftalmoleg_043-scaled-e1718792507364.jpg","contentUrl":"https:\/\/fundacioramonmartibonet.org\/wp-content\/uploads\/2024\/06\/www-sergipanizo-cat_220727_focus_oftalmoleg_043-scaled-e1718792507364.jpg"},{"@type":"BreadcrumbList","@id":"https:\/\/fundacioramonmartibonet.org\/es\/misio-visio-i-valors\/#breadcrumb","itemListElement":[{"@type":"ListItem","position":1,"name":"Home","item":"https:\/\/fundacioramonmartibonet.org\/es\/"},{"@type":"ListItem","position":2,"name":"Misi\u00f3n, Visi\u00f3n y Valores"}]},{"@type":"WebSite","@id":"https:\/\/fundacioramonmartibonet.org\/es\/#website","url":"https:\/\/fundacioramonmartibonet.org\/es\/","name":"Fundaci\u00f3 Ramon Mart\u00ed i Bonet","description":"Visi\u00f3 per a tothom","publisher":{"@id":"https:\/\/fundacioramonmartibonet.org\/es\/#organization"},"alternateName":"FRMB","potentialAction":[{"@type":"SearchAction","target":{"@type":"EntryPoint","urlTemplate":"https:\/\/fundacioramonmartibonet.org\/es\/?s={search_term_string}"},"query-input":"required name=search_term_string"}],"inLanguage":"es"},{"@type":"Organization","@id":"https:\/\/fundacioramonmartibonet.org\/es\/#organization","name":"Fundaci\u00f3 Ramon Mart\u00ed i Bonet","alternateName":"FRMB","url":"https:\/\/fundacioramonmartibonet.org\/es\/","logo":{"@type":"ImageObject","inLanguage":"es","@id":"https:\/\/fundacioramonmartibonet.org\/es\/#\/schema\/logo\/image\/","url":"https:\/\/fundacioramonmartibonet.org\/wp-content\/uploads\/2023\/06\/frmb.svg","contentUrl":"https:\/\/fundacioramonmartibonet.org\/wp-content\/uploads\/2023\/06\/frmb.svg","width":900,"height":280,"caption":"Fundaci\u00f3 Ramon Mart\u00ed i Bonet"},"image":{"@id":"https:\/\/fundacioramonmartibonet.org\/es\/#\/schema\/logo\/image\/"},"sameAs":["https:\/\/www.facebook.com\/FundacioRamonMartiBonet","https:\/\/x.com\/FundacioRMB","https:\/\/www.youtube.com\/channel\/UCNyN8HH4tz3ybIBubLBiSog","https:\/\/www.instagram.com\/fundaciormb\/","https:\/\/www.linkedin.com\/company\/fundacio-ramon-marto-i-bonet-contra-la-ceguera\/"]}]}},"_links":{"self":[{"href":"https:\/\/fundacioramonmartibonet.org\/es\/wp-json\/wp\/v2\/pages\/2817"}],"collection":[{"href":"https:\/\/fundacioramonmartibonet.org\/es\/wp-json\/wp\/v2\/pages"}],"about":[{"href":"https:\/\/fundacioramonmartibonet.org\/es\/wp-json\/wp\/v2\/types\/page"}],"author":[{"embeddable":true,"href":"https:\/\/fundacioramonmartibonet.org\/es\/wp-json\/wp\/v2\/users\/2"}],"replies":[{"embeddable":true,"href":"https:\/\/fundacioramonmartibonet.org\/es\/wp-json\/wp\/v2\/comments?post=2817"}],"version-history":[{"count":44,"href":"https:\/\/fundacioramonmartibonet.org\/es\/wp-json\/wp\/v2\/pages\/2817\/revisions"}],"predecessor-version":[{"id":4126,"href":"https:\/\/fundacioramonmartibonet.org\/es\/wp-json\/wp\/v2\/pages\/2817\/revisions\/4126"}],"wp:attachment":[{"href":"https:\/\/fundacioramonmartibonet.org\/es\/wp-json\/wp\/v2\/media?parent=2817"}],"curies":[{"name":"wp","href":"https:\/\/api.w.org\/{rel}","templated":true}]}}