{"id":1777,"date":"2023-06-07T13:56:43","date_gmt":"2023-06-07T13:56:43","guid":{"rendered":"https:\/\/fundacioramonmartibonet.org\/?page_id=1777"},"modified":"2025-07-16T09:31:04","modified_gmt":"2025-07-16T09:31:04","slug":"home","status":"publish","type":"page","link":"https:\/\/fundacioramonmartibonet.org\/es\/","title":{"rendered":"Home"},"content":{"rendered":"\n<p><\/p>\n\n\n<div class=\"wp-block-slider with-same-height wp-block-slider-- wp-block-iuttu-slider\" id=\"block_aa5fe8853ef90553d72755790ceb5377\" data-type=\"\">\n\t<div class=\"swiper\">\n\t\t<div class=\"swiper-wrapper\">\n\t\t\t\n<div class=\"iuttu-slide swiper-slide wp-block-iuttu-slide\">\n    \n<div\nclass=\"iuttu-cover iuttu-cover--image wp-block-iuttu-cover\">\n\t<img loading=\"lazy\" decoding=\"async\" width=\"2555\" height=\"861\" src=\"https:\/\/fundacioramonmartibonet.org\/wp-content\/uploads\/2024\/05\/IMG_20211110_100513-scaled-e1714980500110.jpg\" class=\"iuttu-cover__image\" alt=\"rastreig Txad\" \/>\t<div class=\"iuttu-cover__content\">\n\t\t\n<div\nclass=\"iuttu-container wp-block-iuttu-container\">\n\t<div class=\"wrapper wrapper--normal\">\n\t\t\n<div\nstyle=\"padding-top:var(--wp--preset--spacing--80);padding-right:0;padding-bottom:var(--wp--preset--spacing--80);padding-left:0;\" class=\"iuttu-container is-style-default has-not-full-container-bg-color alignleft is-style-default wp-block-iuttu-container\">\n\t<div class=\"wrapper wrapper--micro\">\n\t\t\n\n<p class=\"has-background-color has-text-color has-extra-large-font-size\">Trabajamos para un futuro con visi\u00f3n para todo el mundo<\/p>\n\n\n\n<div class=\"wp-block-buttons is-layout-flex wp-block-buttons-is-layout-flex\">\n<div class=\"wp-block-button\"><a class=\"wp-block-button__link wp-element-button\" href=\"https:\/\/fundacioramonmartibonet.org\/es\/colabora\/\">Colabora<\/a><\/div>\n<\/div>\n\n\n\t<\/div>\n<\/div>\n\n\n\t<\/div>\n<\/div>\n\n\n\t<\/div>\n<\/div>\n\n\n<\/div>\n\n\n<div class=\"iuttu-slide swiper-slide wp-block-iuttu-slide\">\n    \n<div\nclass=\"iuttu-cover iuttu-cover--image wp-block-iuttu-cover\">\n\t<img loading=\"lazy\" decoding=\"async\" width=\"1200\" height=\"420\" src=\"https:\/\/fundacioramonmartibonet.org\/wp-content\/uploads\/2023\/07\/banner-02.jpg\" class=\"iuttu-cover__image\" alt=\"Equip de professionals de la Fundaci\u00f3 Ramon Mart\u00ed Bonet treballant en ter\u00e0pia grupal a Barcelona.\" \/>\t<div class=\"iuttu-cover__content\">\n\t\t\n<div\nclass=\"iuttu-container wp-block-iuttu-container\">\n\t<div class=\"wrapper wrapper--normal\">\n\t\t\n<div\nstyle=\"padding-top:var(--wp--preset--spacing--80);padding-right:0;padding-bottom:var(--wp--preset--spacing--80);padding-left:0;\" class=\"iuttu-container is-style-default has-not-full-container-bg-color alignleft is-style-default wp-block-iuttu-container\">\n\t<div class=\"wrapper wrapper--micro\">\n\t\t\n\n<p class=\"has-background-color has-text-color has-extra-large-font-size\">Favorecemos la igualdad de oportunidades<\/p>\n\n\n\n<div class=\"wp-block-buttons is-layout-flex wp-block-buttons-is-layout-flex\">\n<div class=\"wp-block-button\"><a class=\"wp-block-button__link wp-element-button\" href=\"https:\/\/fundacioramonmartibonet.org\/es\/colabora\/\">Colabora<\/a><\/div>\n<\/div>\n\n\n\t<\/div>\n<\/div>\n\n\n\t<\/div>\n<\/div>\n\n\n\n\n\t<\/div>\n<\/div>\n\n\n<\/div>\n\n\n<div class=\"iuttu-slide swiper-slide wp-block-iuttu-slide\">\n    \n\n<p class=\"has-text-align-left has-background-color has-text-color has-extra-large-font-size\"><\/p>\n\n\n<div\nclass=\"iuttu-cover iuttu-cover--image wp-block-iuttu-cover\">\n\t<img loading=\"lazy\" decoding=\"async\" width=\"1200\" height=\"370\" src=\"https:\/\/fundacioramonmartibonet.org\/wp-content\/uploads\/2024\/05\/20121469_10155430970672159_7675673463977611248_o-e1714980117256.jpg\" class=\"iuttu-cover__image\" alt=\"\" \/>\t<div class=\"iuttu-cover__content\">\n\t\t\n<div\nstyle=\"padding-top:var(--wp--preset--spacing--80);padding-right:var(--wp--preset--spacing--80);padding-bottom:var(--wp--preset--spacing--80);padding-left:var(--wp--preset--spacing--80);\" class=\"iuttu-container is-style-default has-not-full-container-bg-color alignleft is-style-default wp-block-iuttu-container\">\n\t<div class=\"wrapper wrapper--micro\">\n\t\t\n\n<p class=\"has-background-color has-text-color has-extra-large-font-size\">Mejoramos la calidad de vida de personas en situaci\u00f3n de vulnerabilidad<\/p>\n\n\n\n<div class=\"wp-block-buttons is-layout-flex wp-block-buttons-is-layout-flex\">\n<div class=\"wp-block-button\"><a class=\"wp-block-button__link wp-element-button\" href=\"https:\/\/fundacioramonmartibonet.org\/es\/colabora\/\">Colabora<\/a><\/div>\n<\/div>\n\n\n\t<\/div>\n<\/div>\n\n\n\t<\/div>\n<\/div>\n\n\n<\/div>\n\n\n\t\t<\/div>\n\t<\/div>\n\t<div class=\"swiper-nav-wrapper\">\n\t\t<div class=\"swiper-nav swiper-nav--prev\">\n\t\t\t<svg width=\"40\" height=\"41\" viewBox=\"0 0 40 41\" fill=\"none\" xmlns=\"http:\/\/www.w3.org\/2000\/svg\"><ellipse cx=\"20\" cy=\"20.0794\" rx=\"20\" ry=\"20.0794\" transform=\"matrix(1 0 -7.19781e-10 -1 0 40.1587)\" fill=\"#A21F21\"\/><line x1=\"1\" y1=\"-1\" x2=\"19.625\" y2=\"-1\" transform=\"matrix(-1 -1.40671e-07 5.46067e-08 1 30.625 20.0796)\" stroke=\"white\" stroke-width=\"2\" stroke-linecap=\"round\"\/><path d=\"M17.6907 12.4633L10 19.6793L17.6907 26.8953\" stroke=\"white\" stroke-width=\"2\" stroke-linecap=\"round\"\/><\/svg>\n\t\t<\/div>\n\t\t<div class=\"swiper-nav swiper-nav--next\">\n\t\t\t<svg width=\"40\" height=\"41\" viewBox=\"0 0 40 41\" fill=\"none\" xmlns=\"http:\/\/www.w3.org\/2000\/svg\"><ellipse cx=\"20\" cy=\"20.0794\" rx=\"20\" ry=\"20.0794\" transform=\"matrix(-1 -8.44381e-08 -9.05129e-08 1 40 0)\" fill=\"#A21F21\"\/><line x1=\"1\" y1=\"-1\" x2=\"19.625\" y2=\"-1\" transform=\"matrix(1 2.28441e-07 3.3163e-08 -1 9.37305 20.0791)\" stroke=\"white\" stroke-width=\"2\" stroke-linecap=\"round\"\/><path d=\"M22.3074 27.6954L29.998 20.4794L22.3074 13.2634\" stroke=\"white\" stroke-width=\"2\" stroke-linecap=\"round\"\/><\/svg>\n\t\t<\/div>\n\t<\/div>\n\n<\/div>\n<script type=\"text\/javascript\">\n\tdocument.addEventListener('DOMContentLoaded', function() {\n\t\tnew Swiper('#block_aa5fe8853ef90553d72755790ceb5377 > .swiper', {\"slidesPerView\":1,\"navigation\":{\"enabled\":true,\"nextEl\":\".swiper-nav--next\",\"prevEl\":\".swiper-nav--prev\"},\"visibilityFullFit\":false,\"loop\":true,\"autoplay\":true});\n\t});\n<\/script>\n\n\n\n<div\nstyle=\"padding-bottom:var(--wp--preset--spacing--50);padding-top:var(--wp--preset--spacing--50);\" class=\"iuttu-container wp-block-iuttu-container\">\n\t<div class=\"wrapper wrapper--medium\">\n\t\t\n\n<p class=\"has-text-align-center has-large-font-size\">La Fundaci\u00f3n Ramon Mart\u00ed i Bonet<strong> hace m\u00e1s de 15 a\u00f1os <\/strong>que trabaja por el derecho a la salud visual<\/p>\n\n\n\n<figure class=\"wp-block-image size-full is-resized\"><img loading=\"lazy\" decoding=\"async\" width=\"908\" height=\"220\" src=\"https:\/\/fundacioramonmartibonet.org\/wp-content\/uploads\/2025\/03\/numeroshome2024_cast.png\" alt=\"\" class=\"wp-image-3497\" style=\"width:908px;height:auto\" srcset=\"https:\/\/fundacioramonmartibonet.org\/wp-content\/uploads\/2025\/03\/numeroshome2024_cast.png 908w, https:\/\/fundacioramonmartibonet.org\/wp-content\/uploads\/2025\/03\/numeroshome2024_cast-300x73.png 300w, https:\/\/fundacioramonmartibonet.org\/wp-content\/uploads\/2025\/03\/numeroshome2024_cast-768x186.png 768w\" sizes=\"(max-width: 908px) 100vw, 908px\" \/><\/figure>\n\n\n\n<p class=\"has-text-align-center has-large-font-size\">La Fundaci\u00f3n Ramon Mart\u00ed i Bonet es una entidad privada sin \u00e1nimo de lucro que tiene como objetivo mejorar la salud visual y las perspectivas de futuro de ni\u00f1os\/as, j\u00f3venes y adultos que se encuentran en situaci\u00f3n de vulnerabilidad.<\/p>\n\n\n\n<p class=\"has-text-align-center has-large-font-size\">Fue fundada hace m\u00e1s de 15 a\u00f1os por el Dr. Ramon Mart\u00ed i Bonet, oftalm\u00f3logo de reconocido prestigio y fundador del Institut Catal\u00e0 de Retina.<\/p>\n\n\n\t<\/div>\n<\/div>\n\n\n<div\nstyle=\"padding-top:var(--wp--preset--spacing--40);padding-bottom:var(--wp--preset--spacing--60);\" class=\"iuttu-container has-background has-light-main-background-color wp-block-iuttu-container\">\n\t<div class=\"wrapper wrapper--normal\">\n\t\t\n\n<p class=\"has-text-align-center has-extra-large-font-size\"><strong><strong>Trabajamos por un futuro con <\/strong>Visi\u00f3n para todo el mundo<\/strong><\/p>\n\n\n\n<div class=\"wp-block-columns is-style-has-narrow-columns is-style-narrow-columns is-layout-flex wp-container-core-columns-is-layout-1 wp-block-columns-is-layout-flex\">\n<div class=\"wp-block-column is-layout-flow wp-block-column-is-layout-flow\"><div class=\"wp-block-image\">\n<figure class=\"aligncenter size-full is-resized\"><img loading=\"lazy\" decoding=\"async\" width=\"200\" height=\"200\" src=\"https:\/\/fundacioramonmartibonet.org\/wp-content\/uploads\/2024\/06\/FRMB_formacio_200.png\" alt=\"\" class=\"wp-image-1909\" style=\"object-fit:cover;width:73px;height:auto\" srcset=\"https:\/\/fundacioramonmartibonet.org\/wp-content\/uploads\/2024\/06\/FRMB_formacio_200.png 200w, https:\/\/fundacioramonmartibonet.org\/wp-content\/uploads\/2024\/06\/FRMB_formacio_200-150x150.png 150w\" sizes=\"(max-width: 200px) 100vw, 200px\" \/><\/figure><\/div>\n\n\n<p class=\"has-text-align-center\">Formaci\u00f3n para profesionales<br>de pa\u00edses del Sur Global <\/p>\n<\/div>\n\n\n\n<div class=\"wp-block-column is-layout-flow wp-block-column-is-layout-flow\"><div class=\"wp-block-image\">\n<figure class=\"aligncenter size-full is-resized\"><img loading=\"lazy\" decoding=\"async\" width=\"200\" height=\"200\" src=\"https:\/\/fundacioramonmartibonet.org\/wp-content\/uploads\/2024\/06\/FRMB_ulleres_200.png\" alt=\"\" class=\"wp-image-1912\" style=\"object-fit:cover;width:74px;height:auto\" srcset=\"https:\/\/fundacioramonmartibonet.org\/wp-content\/uploads\/2024\/06\/FRMB_ulleres_200.png 200w, https:\/\/fundacioramonmartibonet.org\/wp-content\/uploads\/2024\/06\/FRMB_ulleres_200-150x150.png 150w\" sizes=\"(max-width: 200px) 100vw, 200px\" \/><\/figure><\/div>\n\n\n<p class=\"has-text-align-center\">Gafas para ni\u00f1os\/as y adultos en situaci\u00f3n de pobreza visual<\/p>\n<\/div>\n\n\n\n<div class=\"wp-block-column is-layout-flow wp-block-column-is-layout-flow\"><div class=\"wp-block-image\">\n<figure class=\"aligncenter size-full is-resized\"><img loading=\"lazy\" decoding=\"async\" width=\"200\" height=\"200\" src=\"https:\/\/fundacioramonmartibonet.org\/wp-content\/uploads\/2024\/06\/FRMB_xarxa_200.png\" alt=\"\" class=\"wp-image-1914\" style=\"object-fit:cover;width:74px;height:auto\" srcset=\"https:\/\/fundacioramonmartibonet.org\/wp-content\/uploads\/2024\/06\/FRMB_xarxa_200.png 200w, https:\/\/fundacioramonmartibonet.org\/wp-content\/uploads\/2024\/06\/FRMB_xarxa_200-150x150.png 150w\" sizes=\"(max-width: 200px) 100vw, 200px\" \/><\/figure><\/div>\n\n\n<p class=\"has-text-align-center\">Trabajo en red <br>para no dejar nadie atr\u00e1s<\/p>\n<\/div>\n<\/div>\n\n\n\n<div class=\"wp-block-buttons is-content-justification-center is-layout-flex wp-container-core-buttons-is-layout-4 wp-block-buttons-is-layout-flex\">\n<div class=\"wp-block-button\"><a class=\"wp-block-button__link has-text-align-center wp-element-button\" href=\"https:\/\/fundacioramonmartibonet.org\/es\/colabora\/\">Colabora<\/a><\/div>\n<\/div>\n\n\n\t<\/div>\n<\/div>\n\n\n<div\nstyle=\"padding-bottom:var(--wp--preset--spacing--60);padding-top:var(--wp--preset--spacing--40);\" class=\"iuttu-container wp-block-iuttu-container\">\n\t<div class=\"wrapper wrapper--normal\">\n\t\t\n\n<h2 class=\"wp-block-heading has-text-align-center\">\u00daltimas noticias<\/h2>\n\n\n<ul class=\"post-list\"><li class=\"post-list__item\"><div class=\"post-list__item__media\">\n\t<a href=\"https:\/\/fundacioramonmartibonet.org\/es\/2026\/02\/vision-para-todos-en-chad\/\" class=\"post-list__item__link\">\n\t\t<img loading=\"lazy\" decoding=\"async\" width=\"113\" height=\"150\" src=\"https:\/\/fundacioramonmartibonet.org\/wp-content\/uploads\/2026\/02\/Photo-14-1-26-12-20-34-scaled.jpg\" class=\"post-list__item__image wp-post-image\" alt=\"\" \/>\t<\/a>\n<\/div>\n\t<div class=\"post-list__item__content\">\n\t<h3 class=\"post-list__item__title\">\n\t\t<a href=\"https:\/\/fundacioramonmartibonet.org\/es\/2026\/02\/vision-para-todos-en-chad\/\"  class=\"post-list__item__link\">\n\t\t\tVisi\u00f3n para todos en Chad\t\t<\/a>\n\t<\/h3>\n\t\t<div class=\"post-list__item__excerpt\">\n\t\t<p>El personal cooperante de la Fundaci\u00f3n Ramon Mart\u00ed i Bonet viaja este enero de 2026 a N&#8217;Djamena, acogido por el H\u00f4pital Le Bon Samaritain. Durante 2 semanas, se realizan revisiones oculares a alrededor de 400 personas y se opera a 122 pacientes de cataratas.<\/p>\n\t<\/div>\n\t<a href=\"https:\/\/fundacioramonmartibonet.org\/es\/2026\/02\/vision-para-todos-en-chad\/\" class=\"post-list__item__more-link\">\n\t\tM\u00e1s informaci\u00f3n &gt;\t<\/a>\n<\/div>\n<\/li><li class=\"post-list__item\"><div class=\"post-list__item__media\">\n\t<a href=\"https:\/\/fundacioramonmartibonet.org\/es\/2026\/01\/el-proyecto-vision-para-todos-recibe-de-nuevo-el-apoyo-del-ayuntamiento-de-barcelona\/\" class=\"post-list__item__link\">\n\t\t<img loading=\"lazy\" decoding=\"async\" width=\"150\" height=\"100\" src=\"https:\/\/fundacioramonmartibonet.org\/wp-content\/uploads\/2026\/01\/imatge-4.png\" class=\"post-list__item__image wp-post-image\" alt=\"\" \/>\t<\/a>\n<\/div>\n\t<div class=\"post-list__item__content\">\n\t<h3 class=\"post-list__item__title\">\n\t\t<a href=\"https:\/\/fundacioramonmartibonet.org\/es\/2026\/01\/el-proyecto-vision-para-todos-recibe-de-nuevo-el-apoyo-del-ayuntamiento-de-barcelona\/\"  class=\"post-list__item__link\">\n\t\t\tEl proyecto Visi\u00f3n para Todos recibe, de nuevo, el apoyo del Ayuntamiento de Barcelona\t\t<\/a>\n\t<\/h3>\n\t\t<div class=\"post-list__item__excerpt\">\n\t\t<p>En diciembre de 2025 se firma nuevamente un convenio entre el Ayuntamiento de Barcelona y la Fundaci\u00f3n Ramon Mart\u00ed i Bonet para poder llegar a atender a todas aquellas personas de la ciudad de Barcelona que presentan dificultades en la visi\u00f3n y se encuentran en situaci\u00f3n de vulnerabilidad.<\/p>\n\t<\/div>\n\t<a href=\"https:\/\/fundacioramonmartibonet.org\/es\/2026\/01\/el-proyecto-vision-para-todos-recibe-de-nuevo-el-apoyo-del-ayuntamiento-de-barcelona\/\" class=\"post-list__item__more-link\">\n\t\tM\u00e1s informaci\u00f3n &gt;\t<\/a>\n<\/div>\n<\/li><li class=\"post-list__item\"><div class=\"post-list__item__media\">\n\t<a href=\"https:\/\/fundacioramonmartibonet.org\/es\/2025\/10\/la-fundacio-i-lhospital-le-bon-samaritain-sumen-forces-un-cop-mes-a-la-ciutat-de-ndjamena\/\" class=\"post-list__item__link\">\n\t\t<img loading=\"lazy\" decoding=\"async\" width=\"69\" height=\"150\" src=\"https:\/\/fundacioramonmartibonet.org\/wp-content\/uploads\/2025\/10\/ComOct252.jpeg\" class=\"post-list__item__image wp-post-image\" alt=\"\" \/>\t<\/a>\n<\/div>\n\t<div class=\"post-list__item__content\">\n\t<h3 class=\"post-list__item__title\">\n\t\t<a href=\"https:\/\/fundacioramonmartibonet.org\/es\/2025\/10\/la-fundacio-i-lhospital-le-bon-samaritain-sumen-forces-un-cop-mes-a-la-ciutat-de-ndjamena\/\"  class=\"post-list__item__link\">\n\t\t\tLa Fundaci\u00f3n y el Hospital Le Bon Samaritain unen fuerzas una vez m\u00e1s en la ciudad de Yamena.\t\t<\/a>\n\t<\/h3>\n\t\t<div class=\"post-list__item__excerpt\">\n\t\t<p>La Comisi\u00f3n de Octubre de 2025 se traslada de nuevo a Yamena, en Chad, para trabajar con el socio local, el Hospital Le Bon Samaritain, en intervenciones oftalmol\u00f3gicas y optom\u00e9tricas. Las dos semanas concluyen con 92 cirug\u00edas y cientos de visitas.<\/p>\n\t<\/div>\n\t<a href=\"https:\/\/fundacioramonmartibonet.org\/es\/2025\/10\/la-fundacio-i-lhospital-le-bon-samaritain-sumen-forces-un-cop-mes-a-la-ciutat-de-ndjamena\/\" class=\"post-list__item__more-link\">\n\t\tM\u00e1s informaci\u00f3n &gt;\t<\/a>\n<\/div>\n<\/li><\/ul>\n\n\n<div class=\"wp-block-buttons is-content-justification-center is-layout-flex wp-container-core-buttons-is-layout-5 wp-block-buttons-is-layout-flex\">\n<div class=\"wp-block-button\"><a class=\"wp-block-button__link wp-element-button\" href=\"https:\/\/fundacioramonmartibonet.org\/es\/noticias\/\">M\u00e1s noticias<\/a><\/div>\n<\/div>\n\n\n\t<\/div>\n<\/div>\n","protected":false},"excerpt":{"rendered":"","protected":false},"author":1,"featured_media":1466,"parent":0,"menu_order":0,"comment_status":"closed","ping_status":"closed","template":"","meta":{"_acf_changed":false,"footnotes":""},"acf":[],"yoast_head":"<!-- This site is optimized with the Yoast SEO plugin v22.5 - https:\/\/yoast.com\/wordpress\/plugins\/seo\/ -->\n<title>Home - Fundaci\u00f3 Ram\u00f3n Mart\u00ed i Bonet<\/title>\n<meta name=\"robots\" content=\"index, follow, max-snippet:-1, max-image-preview:large, max-video-preview:-1\" \/>\n<link rel=\"canonical\" href=\"https:\/\/fundacioramonmartibonet.org\/es\/\" \/>\n<meta property=\"og:locale\" content=\"es_ES\" \/>\n<meta property=\"og:type\" content=\"article\" \/>\n<meta property=\"og:title\" content=\"Home - Fundaci\u00f3 Ram\u00f3n Mart\u00ed i Bonet\" \/>\n<meta property=\"og:url\" content=\"https:\/\/fundacioramonmartibonet.org\/es\/\" \/>\n<meta property=\"og:site_name\" content=\"Fundaci\u00f3 Ram\u00f3n Mart\u00ed i Bonet\" \/>\n<meta property=\"article:publisher\" content=\"https:\/\/www.facebook.com\/FundacioRamonMartiBonet\" \/>\n<meta property=\"article:modified_time\" content=\"2025-07-16T09:31:04+00:00\" \/>\n<meta property=\"og:image\" content=\"https:\/\/fundacioramonmartibonet.org\/wp-content\/uploads\/2024\/05\/FRMB_SIMBOL.png\" \/>\n\t<meta property=\"og:image:width\" content=\"280\" \/>\n\t<meta property=\"og:image:height\" content=\"280\" \/>\n\t<meta property=\"og:image:type\" content=\"image\/png\" \/>\n<meta name=\"twitter:card\" content=\"summary_large_image\" \/>\n<meta name=\"twitter:site\" content=\"@FundacioRMB\" \/>\n<script type=\"application\/ld+json\" class=\"yoast-schema-graph\">{\"@context\":\"https:\/\/schema.org\",\"@graph\":[{\"@type\":\"WebPage\",\"@id\":\"https:\/\/fundacioramonmartibonet.org\/es\/\",\"url\":\"https:\/\/fundacioramonmartibonet.org\/es\/\",\"name\":\"Home - Fundaci\u00f3 Ram\u00f3n Mart\u00ed i Bonet\",\"isPartOf\":{\"@id\":\"https:\/\/fundacioramonmartibonet.org\/es\/#website\"},\"primaryImageOfPage\":{\"@id\":\"https:\/\/fundacioramonmartibonet.org\/es\/#primaryimage\"},\"image\":{\"@id\":\"https:\/\/fundacioramonmartibonet.org\/es\/#primaryimage\"},\"thumbnailUrl\":\"https:\/\/fundacioramonmartibonet.org\/wp-content\/uploads\/2024\/05\/FRMB_SIMBOL.png\",\"datePublished\":\"2023-06-07T13:56:43+00:00\",\"dateModified\":\"2025-07-16T09:31:04+00:00\",\"breadcrumb\":{\"@id\":\"https:\/\/fundacioramonmartibonet.org\/es\/#breadcrumb\"},\"inLanguage\":\"es\",\"potentialAction\":[{\"@type\":\"ReadAction\",\"target\":[\"https:\/\/fundacioramonmartibonet.org\/es\/\"]}]},{\"@type\":\"ImageObject\",\"inLanguage\":\"es\",\"@id\":\"https:\/\/fundacioramonmartibonet.org\/es\/#primaryimage\",\"url\":\"https:\/\/fundacioramonmartibonet.org\/wp-content\/uploads\/2024\/05\/FRMB_SIMBOL.png\",\"contentUrl\":\"https:\/\/fundacioramonmartibonet.org\/wp-content\/uploads\/2024\/05\/FRMB_SIMBOL.png\",\"width\":280,\"height\":280,\"caption\":\"S\u00edmbol Fundaci\u00f3 Ramon Mart\u00ed i Bonet\"},{\"@type\":\"BreadcrumbList\",\"@id\":\"https:\/\/fundacioramonmartibonet.org\/es\/#breadcrumb\",\"itemListElement\":[{\"@type\":\"ListItem\",\"position\":1,\"name\":\"Home\",\"item\":\"https:\/\/fundacioramonmartibonet.org\/es\/\"},{\"@type\":\"ListItem\",\"position\":2,\"name\":\"Home\"}]},{\"@type\":\"WebSite\",\"@id\":\"https:\/\/fundacioramonmartibonet.org\/es\/#website\",\"url\":\"https:\/\/fundacioramonmartibonet.org\/es\/\",\"name\":\"Fundaci\u00f3 Ramon Mart\u00ed i Bonet\",\"description\":\"Visi\u00f3 per a tothom\",\"publisher\":{\"@id\":\"https:\/\/fundacioramonmartibonet.org\/es\/#organization\"},\"alternateName\":\"FRMB\",\"potentialAction\":[{\"@type\":\"SearchAction\",\"target\":{\"@type\":\"EntryPoint\",\"urlTemplate\":\"https:\/\/fundacioramonmartibonet.org\/es\/?s={search_term_string}\"},\"query-input\":\"required name=search_term_string\"}],\"inLanguage\":\"es\"},{\"@type\":\"Organization\",\"@id\":\"https:\/\/fundacioramonmartibonet.org\/es\/#organization\",\"name\":\"Fundaci\u00f3 Ramon Mart\u00ed i Bonet\",\"alternateName\":\"FRMB\",\"url\":\"https:\/\/fundacioramonmartibonet.org\/es\/\",\"logo\":{\"@type\":\"ImageObject\",\"inLanguage\":\"es\",\"@id\":\"https:\/\/fundacioramonmartibonet.org\/es\/#\/schema\/logo\/image\/\",\"url\":\"https:\/\/fundacioramonmartibonet.org\/wp-content\/uploads\/2023\/06\/frmb.svg\",\"contentUrl\":\"https:\/\/fundacioramonmartibonet.org\/wp-content\/uploads\/2023\/06\/frmb.svg\",\"width\":900,\"height\":280,\"caption\":\"Fundaci\u00f3 Ramon Mart\u00ed i Bonet\"},\"image\":{\"@id\":\"https:\/\/fundacioramonmartibonet.org\/es\/#\/schema\/logo\/image\/\"},\"sameAs\":[\"https:\/\/www.facebook.com\/FundacioRamonMartiBonet\",\"https:\/\/x.com\/FundacioRMB\",\"https:\/\/www.youtube.com\/channel\/UCNyN8HH4tz3ybIBubLBiSog\",\"https:\/\/www.instagram.com\/fundaciormb\/\",\"https:\/\/www.linkedin.com\/company\/fundacio-ramon-marto-i-bonet-contra-la-ceguera\/\"]}]}<\/script>\n<!-- \/ Yoast SEO plugin. -->","yoast_head_json":{"title":"Home - Fundaci\u00f3 Ram\u00f3n Mart\u00ed i Bonet","robots":{"index":"index","follow":"follow","max-snippet":"max-snippet:-1","max-image-preview":"max-image-preview:large","max-video-preview":"max-video-preview:-1"},"canonical":"https:\/\/fundacioramonmartibonet.org\/es\/","og_locale":"es_ES","og_type":"article","og_title":"Home - Fundaci\u00f3 Ram\u00f3n Mart\u00ed i Bonet","og_url":"https:\/\/fundacioramonmartibonet.org\/es\/","og_site_name":"Fundaci\u00f3 Ram\u00f3n Mart\u00ed i Bonet","article_publisher":"https:\/\/www.facebook.com\/FundacioRamonMartiBonet","article_modified_time":"2025-07-16T09:31:04+00:00","og_image":[{"width":280,"height":280,"url":"https:\/\/fundacioramonmartibonet.org\/wp-content\/uploads\/2024\/05\/FRMB_SIMBOL.png","type":"image\/png"}],"twitter_card":"summary_large_image","twitter_site":"@FundacioRMB","schema":{"@context":"https:\/\/schema.org","@graph":[{"@type":"WebPage","@id":"https:\/\/fundacioramonmartibonet.org\/es\/","url":"https:\/\/fundacioramonmartibonet.org\/es\/","name":"Home - Fundaci\u00f3 Ram\u00f3n Mart\u00ed i Bonet","isPartOf":{"@id":"https:\/\/fundacioramonmartibonet.org\/es\/#website"},"primaryImageOfPage":{"@id":"https:\/\/fundacioramonmartibonet.org\/es\/#primaryimage"},"image":{"@id":"https:\/\/fundacioramonmartibonet.org\/es\/#primaryimage"},"thumbnailUrl":"https:\/\/fundacioramonmartibonet.org\/wp-content\/uploads\/2024\/05\/FRMB_SIMBOL.png","datePublished":"2023-06-07T13:56:43+00:00","dateModified":"2025-07-16T09:31:04+00:00","breadcrumb":{"@id":"https:\/\/fundacioramonmartibonet.org\/es\/#breadcrumb"},"inLanguage":"es","potentialAction":[{"@type":"ReadAction","target":["https:\/\/fundacioramonmartibonet.org\/es\/"]}]},{"@type":"ImageObject","inLanguage":"es","@id":"https:\/\/fundacioramonmartibonet.org\/es\/#primaryimage","url":"https:\/\/fundacioramonmartibonet.org\/wp-content\/uploads\/2024\/05\/FRMB_SIMBOL.png","contentUrl":"https:\/\/fundacioramonmartibonet.org\/wp-content\/uploads\/2024\/05\/FRMB_SIMBOL.png","width":280,"height":280,"caption":"S\u00edmbol Fundaci\u00f3 Ramon Mart\u00ed i Bonet"},{"@type":"BreadcrumbList","@id":"https:\/\/fundacioramonmartibonet.org\/es\/#breadcrumb","itemListElement":[{"@type":"ListItem","position":1,"name":"Home","item":"https:\/\/fundacioramonmartibonet.org\/es\/"},{"@type":"ListItem","position":2,"name":"Home"}]},{"@type":"WebSite","@id":"https:\/\/fundacioramonmartibonet.org\/es\/#website","url":"https:\/\/fundacioramonmartibonet.org\/es\/","name":"Fundaci\u00f3 Ramon Mart\u00ed i Bonet","description":"Visi\u00f3 per a tothom","publisher":{"@id":"https:\/\/fundacioramonmartibonet.org\/es\/#organization"},"alternateName":"FRMB","potentialAction":[{"@type":"SearchAction","target":{"@type":"EntryPoint","urlTemplate":"https:\/\/fundacioramonmartibonet.org\/es\/?s={search_term_string}"},"query-input":"required name=search_term_string"}],"inLanguage":"es"},{"@type":"Organization","@id":"https:\/\/fundacioramonmartibonet.org\/es\/#organization","name":"Fundaci\u00f3 Ramon Mart\u00ed i Bonet","alternateName":"FRMB","url":"https:\/\/fundacioramonmartibonet.org\/es\/","logo":{"@type":"ImageObject","inLanguage":"es","@id":"https:\/\/fundacioramonmartibonet.org\/es\/#\/schema\/logo\/image\/","url":"https:\/\/fundacioramonmartibonet.org\/wp-content\/uploads\/2023\/06\/frmb.svg","contentUrl":"https:\/\/fundacioramonmartibonet.org\/wp-content\/uploads\/2023\/06\/frmb.svg","width":900,"height":280,"caption":"Fundaci\u00f3 Ramon Mart\u00ed i Bonet"},"image":{"@id":"https:\/\/fundacioramonmartibonet.org\/es\/#\/schema\/logo\/image\/"},"sameAs":["https:\/\/www.facebook.com\/FundacioRamonMartiBonet","https:\/\/x.com\/FundacioRMB","https:\/\/www.youtube.com\/channel\/UCNyN8HH4tz3ybIBubLBiSog","https:\/\/www.instagram.com\/fundaciormb\/","https:\/\/www.linkedin.com\/company\/fundacio-ramon-marto-i-bonet-contra-la-ceguera\/"]}]}},"_links":{"self":[{"href":"https:\/\/fundacioramonmartibonet.org\/es\/wp-json\/wp\/v2\/pages\/1777"}],"collection":[{"href":"https:\/\/fundacioramonmartibonet.org\/es\/wp-json\/wp\/v2\/pages"}],"about":[{"href":"https:\/\/fundacioramonmartibonet.org\/es\/wp-json\/wp\/v2\/types\/page"}],"author":[{"embeddable":true,"href":"https:\/\/fundacioramonmartibonet.org\/es\/wp-json\/wp\/v2\/users\/1"}],"replies":[{"embeddable":true,"href":"https:\/\/fundacioramonmartibonet.org\/es\/wp-json\/wp\/v2\/comments?post=1777"}],"version-history":[{"count":43,"href":"https:\/\/fundacioramonmartibonet.org\/es\/wp-json\/wp\/v2\/pages\/1777\/revisions"}],"predecessor-version":[{"id":3499,"href":"https:\/\/fundacioramonmartibonet.org\/es\/wp-json\/wp\/v2\/pages\/1777\/revisions\/3499"}],"wp:featuredmedia":[{"embeddable":true,"href":"https:\/\/fundacioramonmartibonet.org\/es\/wp-json\/wp\/v2\/media\/1466"}],"wp:attachment":[{"href":"https:\/\/fundacioramonmartibonet.org\/es\/wp-json\/wp\/v2\/media?parent=1777"}],"curies":[{"name":"wp","href":"https:\/\/api.w.org\/{rel}","templated":true}]}}