{"id":1735,"date":"2023-06-07T10:20:55","date_gmt":"2023-06-07T10:20:55","guid":{"rendered":"https:\/\/fundacioramonmartibonet.org\/?page_id=1735"},"modified":"2025-07-16T09:31:42","modified_gmt":"2025-07-16T09:31:42","slug":"politica-de-privacidad","status":"publish","type":"page","link":"https:\/\/fundacioramonmartibonet.org\/es\/politica-de-privacidad\/","title":{"rendered":"Pol\u00edtica de privacidad"},"content":{"rendered":"<div\nclass=\"iuttu-container wp-block-iuttu-container\">\n\t<div class=\"wrapper wrapper--medium\">\n\t\t\n\n<h1 class=\"wp-block-heading has-text-align-left\" style=\"padding-right:0;padding-left:0\">Pol\u00edtica de privacidad<\/h1>\n\n\n\n<p>Cuando sea necesario obtener informaci\u00f3n de su parte, siempre le pediremos de forma expl\u00edcita que nos la proporcione voluntariamente. Los datos solicitados a trav\u00e9s de los formularios de recogida de datos del Portal u otras v\u00edas ser\u00e1n incorporados a un archivo de datos de car\u00e1cter personal del que es responsable la Fundaci\u00f3n.<\/p>\n\n\n\n<p>Toda la informaci\u00f3n que facilite el Usuario a trav\u00e9s del Portal deber\u00e1 ser veraz. A estos efectos, el Usuario garantiza la autenticidad de todos aquellos datos que comunique como consecuencia de cumplimentar los formularios.<\/p>\n\n\n\n<p>Esta entidad tratar\u00e1 los datos de forma confidencial y exclusivamente con el fin de gestionar las donaciones o de contacto, con todas las garant\u00edas legales y de seguridad que impone el Reglamento (UE) 2016\/679 del Parlamento Europeo y del Consejo, de 27 abril 2016 , relativo a la protecci\u00f3n de personas f\u00edsicas en lo que se refiere al tratamiento de datos personales ya la libre circulaci\u00f3n de estos datos y la Ley 32\/2002, de 11 de julio, de Servicios de Sociedad de la Informaci\u00f3n y Comercio Electr\u00f3nico.<\/p>\n\n\n\n<p>Asimismo, la Fundaci\u00f3n cancelar\u00e1 o rectificar\u00e1 los datos cuando resulten inexactos, incompletos o hayan dejado de ser necesarios o pertinentes para su finalidad, de conformidad con lo previsto en el Reglamento (UE) 2016\/679.<\/p>\n\n\n\n<p>El usuario podr\u00e1 ejercitar los derechos de acceso, rectificaci\u00f3n, cancelaci\u00f3n y oposici\u00f3n dirigi\u00e9ndose al Delegado de Protecci\u00f3n de Datos (DPD) referenciado debajo.<\/p>\n\n\n\n<p>La Fundaci\u00f3n adopta los correspondientes niveles de seguridad requeridos por el Reglamento (UE) 2016\/679 y otras normativas aplicables.<\/p>\n\n\n\n<p>Nuestra pol\u00edtica respecto al correo electr\u00f3nico se centra en remitir \u00fanicamente comunicaciones que usted haya solicitado recibir. Si prefiere no recibir estos mensajes por correo electr\u00f3nico le ofreceremos a trav\u00e9s de los mismos la posibilidad de ejercer su derecho de cancelaci\u00f3n y renuncia a la recepci\u00f3n de estos mensajes, de conformidad con lo dispuesto en el t\u00edtulo III, art\u00edculo 22 de la Ley 34\/2002 de Servicios para la Sociedad de la Informaci\u00f3n y de Comercio Electr\u00f3nico.<\/p>\n\n\n\n<p>Informaci\u00f3n sobre Protecci\u00f3n de datos de car\u00e1cter personal para pacientes la Fundaci\u00f3<\/p>\n\n\n\n<p>De acuerdo con lo que dispone el Reglamento General de Protecci\u00f3n de Datos (REGLAMENTO (UE) 2016\/679, pone a su conocimiento la siguiente informaci\u00f3n sobre el tratamiento de datos personales.<\/p>\n\n\n\n<p>Responsable:<\/p>\n\n\n\n<p>FUNDACI\u00d3N PRIVADA RAMON MART\u00cd I BONET CONTRA LA CEGUERA<\/p>\n\n\n\n<p>Contacto Delegado de Protecci\u00f3n de Datos:<\/p>\n\n\n\n<p>C\/Pau Alcover n\u00ba 67 08017 Barcelona \u2013 rgpd@ fundacioramonmartibonet.org<\/p>\n\n\n\n<p>Finalidad:<\/p>\n\n\n\n<p>Para Voluntarios y personas relacionadas con la Fundaci\u00f3n: La gesti\u00f3n de nuestra relaci\u00f3n comercial, voluntariado e informaci\u00f3n.<\/p>\n\n\n\n<p>Para Donantes: La gesti\u00f3n de las aportaciones hechas y el cumplimiento del deber de identificaci\u00f3n de las personas que aporten a t\u00edtulo gratuito fondo o recursos por importe igual o superior a 100 euros seg\u00fan el art. 42 del RD 304\/2014 de aprobaci\u00f3n del reglamento de la ley 10\/2010<\/p>\n\n\n\n<p>Legitimaci\u00f3n: La base legal para el presente tratamiento es la solicitud de informaci\u00f3n o realizaci\u00f3n de aportaciones realizada por los usuarios.<\/p>\n\n\n\n<p>Destinatarios: Los destinatarios de la informaci\u00f3n son los departamentos y delegaciones de la Fundaci\u00f3n, en parte donde en su totalidad. Otros destinatarios de la informaci\u00f3n son los estamentos oficiales p\u00fablicas o privadas, que por obligaci\u00f3n legal o necesidad material, deban acceder a los datos, a efectos de la correcta gesti\u00f3n y transparencia de la Fundaci\u00f3n.<\/p>\n\n\n\n<p>Podr\u00e1n comunicarse sus datos personales a las entidades proveedoras, \u00fanica y exclusivamente, con la finalidad previamente descrita.<\/p>\n\n\n\n<p>Derechos: En cualquier momento, usted puede ejercer sus derechos de acceso, rectificaci\u00f3n, supresi\u00f3n, oposici\u00f3n, limitaci\u00f3n del tratamiento y\/o portabilidad de los datos mediante escrito dirigido al delegado de Protecci\u00f3n de Datos (DPD) mediante un escrito dirigido al Delegado de Protecci\u00f3n de datos DPD en la direcci\u00f3n establecida facilitada en contacto. Puede revocar sus consentimientos a otros tratamientos. Tambi\u00e9n puede solicitar m\u00e1s informaci\u00f3n al DPD sobre los tratamientos realizados.<\/p>\n\n\n\n<p>En caso de que considere que se han vulnerado sus derechos, usted puede presentar una reclamaci\u00f3n ante la Autoridad de Control en materia de protecci\u00f3n de datos competente.<\/p>\n\n\n\n<p>Conservaci\u00f3n: Los datos recogidos para la prestaci\u00f3n sanitaria ser\u00e1n conservados mientras sean relevantes conforme a la legislaci\u00f3n vigente en materia conservaci\u00f3n de la historia cl\u00ednica.<\/p>\n\n\n\n<p>Protecci\u00f3n de datos de car\u00e1cter personal en la publicaci\u00f3n de comentarios u opiniones insertadas por los usuarios en el Portal<\/p>\n\n\n\n<p>El usuario da su consentimiento a la publicaci\u00f3n de cualquier dato de car\u00e1cter personal que proporcione en los comentarios. El \u00fanico dato visible para el resto de participantes ser\u00e1 el nombre de usuario. Ni el correo electr\u00f3nico ni el IP ser\u00e1n visibles. Estos datos se almacenar\u00e1n para facilitar la administraci\u00f3n y cumplimiento del Reglamento (UE) 2016\/679 y por posibles actuaciones por parte de las autoridades competentes, as\u00ed como para determinar la responsabilidad de la persona que hace uso del servicio.<\/p>\n\n\n\n<p>Puede ejercer los derechos de acceso, rectificaci\u00f3n y cancelaci\u00f3n reconocidos en el Reglamento (UE) 2016\/679 seg\u00fan lo dispuesto en los p\u00e1rrafos anteriores.<\/p>\n\n\n\n<p>A todos los efectos, el usuario acepta que la opini\u00f3n expresada ser\u00e1 exclusivamente bajo su responsabilidad.<\/p>\n\n\n\n<p>El usuario asume bajo su exclusiva responsabilidad los da\u00f1os o perjuicios que pudieran derivarse.<\/p>\n\n\n\n<p>La Fundaci\u00f3n no ser\u00e1 responsable de la exactitud, calidad, fiabilidad, correcci\u00f3n, moralidad y legalidad de los datos, informaciones u opiniones insertadas por los usuarios.<\/p>\n\n\n\n<p>La Fundaci\u00f3 se reserva el derecho de no publicar todas las opiniones de los usuarios.<\/p>\n\n\n\n<p>El nombre de usuario es responsabilidad del usuario. la Fundaci\u00f3n no ser\u00e1 responsable de la utilizaci\u00f3n ilegal o con fines il\u00edcitos que otros usuarios puedan hacer de este nombre de usuario.<\/p>\n\n\n\t<\/div>\n<\/div>\n","protected":false},"excerpt":{"rendered":"","protected":false},"author":2,"featured_media":0,"parent":0,"menu_order":0,"comment_status":"closed","ping_status":"closed","template":"","meta":{"_acf_changed":false,"footnotes":""},"acf":[],"yoast_head":"<!-- This site is optimized with the Yoast SEO plugin v22.5 - https:\/\/yoast.com\/wordpress\/plugins\/seo\/ -->\n<title>Pol\u00edtica de privacidad - Fundaci\u00f3 Ram\u00f3n Mart\u00ed i Bonet<\/title>\n<meta name=\"robots\" content=\"index, follow, max-snippet:-1, max-image-preview:large, max-video-preview:-1\" \/>\n<link rel=\"canonical\" href=\"https:\/\/fundacioramonmartibonet.org\/es\/politica-de-privacidad\/\" \/>\n<meta property=\"og:locale\" content=\"es_ES\" \/>\n<meta property=\"og:type\" content=\"article\" \/>\n<meta property=\"og:title\" content=\"Pol\u00edtica de privacidad - Fundaci\u00f3 Ram\u00f3n Mart\u00ed i Bonet\" \/>\n<meta property=\"og:url\" content=\"https:\/\/fundacioramonmartibonet.org\/es\/politica-de-privacidad\/\" \/>\n<meta property=\"og:site_name\" content=\"Fundaci\u00f3 Ram\u00f3n Mart\u00ed i Bonet\" \/>\n<meta property=\"article:publisher\" content=\"https:\/\/www.facebook.com\/FundacioRamonMartiBonet\" \/>\n<meta property=\"article:modified_time\" content=\"2025-07-16T09:31:42+00:00\" \/>\n<meta name=\"twitter:card\" content=\"summary_large_image\" \/>\n<meta name=\"twitter:site\" content=\"@FundacioRMB\" \/>\n<script type=\"application\/ld+json\" class=\"yoast-schema-graph\">{\"@context\":\"https:\/\/schema.org\",\"@graph\":[{\"@type\":\"WebPage\",\"@id\":\"https:\/\/fundacioramonmartibonet.org\/es\/politica-de-privacidad\/\",\"url\":\"https:\/\/fundacioramonmartibonet.org\/es\/politica-de-privacidad\/\",\"name\":\"Pol\u00edtica de privacidad - Fundaci\u00f3 Ram\u00f3n Mart\u00ed i Bonet\",\"isPartOf\":{\"@id\":\"https:\/\/fundacioramonmartibonet.org\/es\/#website\"},\"datePublished\":\"2023-06-07T10:20:55+00:00\",\"dateModified\":\"2025-07-16T09:31:42+00:00\",\"breadcrumb\":{\"@id\":\"https:\/\/fundacioramonmartibonet.org\/es\/politica-de-privacidad\/#breadcrumb\"},\"inLanguage\":\"es\",\"potentialAction\":[{\"@type\":\"ReadAction\",\"target\":[\"https:\/\/fundacioramonmartibonet.org\/es\/politica-de-privacidad\/\"]}]},{\"@type\":\"BreadcrumbList\",\"@id\":\"https:\/\/fundacioramonmartibonet.org\/es\/politica-de-privacidad\/#breadcrumb\",\"itemListElement\":[{\"@type\":\"ListItem\",\"position\":1,\"name\":\"Home\",\"item\":\"https:\/\/fundacioramonmartibonet.org\/es\/\"},{\"@type\":\"ListItem\",\"position\":2,\"name\":\"Pol\u00edtica de privacidad\"}]},{\"@type\":\"WebSite\",\"@id\":\"https:\/\/fundacioramonmartibonet.org\/es\/#website\",\"url\":\"https:\/\/fundacioramonmartibonet.org\/es\/\",\"name\":\"Fundaci\u00f3 Ramon Mart\u00ed i Bonet\",\"description\":\"Visi\u00f3 per a tothom\",\"publisher\":{\"@id\":\"https:\/\/fundacioramonmartibonet.org\/es\/#organization\"},\"alternateName\":\"FRMB\",\"potentialAction\":[{\"@type\":\"SearchAction\",\"target\":{\"@type\":\"EntryPoint\",\"urlTemplate\":\"https:\/\/fundacioramonmartibonet.org\/es\/?s={search_term_string}\"},\"query-input\":\"required name=search_term_string\"}],\"inLanguage\":\"es\"},{\"@type\":\"Organization\",\"@id\":\"https:\/\/fundacioramonmartibonet.org\/es\/#organization\",\"name\":\"Fundaci\u00f3 Ramon Mart\u00ed i Bonet\",\"alternateName\":\"FRMB\",\"url\":\"https:\/\/fundacioramonmartibonet.org\/es\/\",\"logo\":{\"@type\":\"ImageObject\",\"inLanguage\":\"es\",\"@id\":\"https:\/\/fundacioramonmartibonet.org\/es\/#\/schema\/logo\/image\/\",\"url\":\"https:\/\/fundacioramonmartibonet.org\/wp-content\/uploads\/2023\/06\/frmb.svg\",\"contentUrl\":\"https:\/\/fundacioramonmartibonet.org\/wp-content\/uploads\/2023\/06\/frmb.svg\",\"width\":900,\"height\":280,\"caption\":\"Fundaci\u00f3 Ramon Mart\u00ed i Bonet\"},\"image\":{\"@id\":\"https:\/\/fundacioramonmartibonet.org\/es\/#\/schema\/logo\/image\/\"},\"sameAs\":[\"https:\/\/www.facebook.com\/FundacioRamonMartiBonet\",\"https:\/\/x.com\/FundacioRMB\",\"https:\/\/www.youtube.com\/channel\/UCNyN8HH4tz3ybIBubLBiSog\",\"https:\/\/www.instagram.com\/fundaciormb\/\",\"https:\/\/www.linkedin.com\/company\/fundacio-ramon-marto-i-bonet-contra-la-ceguera\/\"]}]}<\/script>\n<!-- \/ Yoast SEO plugin. -->","yoast_head_json":{"title":"Pol\u00edtica de privacidad - Fundaci\u00f3 Ram\u00f3n Mart\u00ed i Bonet","robots":{"index":"index","follow":"follow","max-snippet":"max-snippet:-1","max-image-preview":"max-image-preview:large","max-video-preview":"max-video-preview:-1"},"canonical":"https:\/\/fundacioramonmartibonet.org\/es\/politica-de-privacidad\/","og_locale":"es_ES","og_type":"article","og_title":"Pol\u00edtica de privacidad - Fundaci\u00f3 Ram\u00f3n Mart\u00ed i Bonet","og_url":"https:\/\/fundacioramonmartibonet.org\/es\/politica-de-privacidad\/","og_site_name":"Fundaci\u00f3 Ram\u00f3n Mart\u00ed i Bonet","article_publisher":"https:\/\/www.facebook.com\/FundacioRamonMartiBonet","article_modified_time":"2025-07-16T09:31:42+00:00","twitter_card":"summary_large_image","twitter_site":"@FundacioRMB","schema":{"@context":"https:\/\/schema.org","@graph":[{"@type":"WebPage","@id":"https:\/\/fundacioramonmartibonet.org\/es\/politica-de-privacidad\/","url":"https:\/\/fundacioramonmartibonet.org\/es\/politica-de-privacidad\/","name":"Pol\u00edtica de privacidad - Fundaci\u00f3 Ram\u00f3n Mart\u00ed i Bonet","isPartOf":{"@id":"https:\/\/fundacioramonmartibonet.org\/es\/#website"},"datePublished":"2023-06-07T10:20:55+00:00","dateModified":"2025-07-16T09:31:42+00:00","breadcrumb":{"@id":"https:\/\/fundacioramonmartibonet.org\/es\/politica-de-privacidad\/#breadcrumb"},"inLanguage":"es","potentialAction":[{"@type":"ReadAction","target":["https:\/\/fundacioramonmartibonet.org\/es\/politica-de-privacidad\/"]}]},{"@type":"BreadcrumbList","@id":"https:\/\/fundacioramonmartibonet.org\/es\/politica-de-privacidad\/#breadcrumb","itemListElement":[{"@type":"ListItem","position":1,"name":"Home","item":"https:\/\/fundacioramonmartibonet.org\/es\/"},{"@type":"ListItem","position":2,"name":"Pol\u00edtica de privacidad"}]},{"@type":"WebSite","@id":"https:\/\/fundacioramonmartibonet.org\/es\/#website","url":"https:\/\/fundacioramonmartibonet.org\/es\/","name":"Fundaci\u00f3 Ramon Mart\u00ed i Bonet","description":"Visi\u00f3 per a tothom","publisher":{"@id":"https:\/\/fundacioramonmartibonet.org\/es\/#organization"},"alternateName":"FRMB","potentialAction":[{"@type":"SearchAction","target":{"@type":"EntryPoint","urlTemplate":"https:\/\/fundacioramonmartibonet.org\/es\/?s={search_term_string}"},"query-input":"required name=search_term_string"}],"inLanguage":"es"},{"@type":"Organization","@id":"https:\/\/fundacioramonmartibonet.org\/es\/#organization","name":"Fundaci\u00f3 Ramon Mart\u00ed i Bonet","alternateName":"FRMB","url":"https:\/\/fundacioramonmartibonet.org\/es\/","logo":{"@type":"ImageObject","inLanguage":"es","@id":"https:\/\/fundacioramonmartibonet.org\/es\/#\/schema\/logo\/image\/","url":"https:\/\/fundacioramonmartibonet.org\/wp-content\/uploads\/2023\/06\/frmb.svg","contentUrl":"https:\/\/fundacioramonmartibonet.org\/wp-content\/uploads\/2023\/06\/frmb.svg","width":900,"height":280,"caption":"Fundaci\u00f3 Ramon Mart\u00ed i Bonet"},"image":{"@id":"https:\/\/fundacioramonmartibonet.org\/es\/#\/schema\/logo\/image\/"},"sameAs":["https:\/\/www.facebook.com\/FundacioRamonMartiBonet","https:\/\/x.com\/FundacioRMB","https:\/\/www.youtube.com\/channel\/UCNyN8HH4tz3ybIBubLBiSog","https:\/\/www.instagram.com\/fundaciormb\/","https:\/\/www.linkedin.com\/company\/fundacio-ramon-marto-i-bonet-contra-la-ceguera\/"]}]}},"_links":{"self":[{"href":"https:\/\/fundacioramonmartibonet.org\/es\/wp-json\/wp\/v2\/pages\/1735"}],"collection":[{"href":"https:\/\/fundacioramonmartibonet.org\/es\/wp-json\/wp\/v2\/pages"}],"about":[{"href":"https:\/\/fundacioramonmartibonet.org\/es\/wp-json\/wp\/v2\/types\/page"}],"author":[{"embeddable":true,"href":"https:\/\/fundacioramonmartibonet.org\/es\/wp-json\/wp\/v2\/users\/2"}],"replies":[{"embeddable":true,"href":"https:\/\/fundacioramonmartibonet.org\/es\/wp-json\/wp\/v2\/comments?post=1735"}],"version-history":[{"count":10,"href":"https:\/\/fundacioramonmartibonet.org\/es\/wp-json\/wp\/v2\/pages\/1735\/revisions"}],"predecessor-version":[{"id":2245,"href":"https:\/\/fundacioramonmartibonet.org\/es\/wp-json\/wp\/v2\/pages\/1735\/revisions\/2245"}],"wp:attachment":[{"href":"https:\/\/fundacioramonmartibonet.org\/es\/wp-json\/wp\/v2\/media?parent=1735"}],"curies":[{"name":"wp","href":"https:\/\/api.w.org\/{rel}","templated":true}]}}