{"id":1333,"date":"2023-07-31T08:48:09","date_gmt":"2023-07-31T08:48:09","guid":{"rendered":"https:\/\/fundacioramonmartibonet.org\/transparencia\/"},"modified":"2025-09-18T08:33:18","modified_gmt":"2025-09-18T08:33:18","slug":"transparencia","status":"publish","type":"page","link":"https:\/\/fundacioramonmartibonet.org\/es\/transparencia\/","title":{"rendered":"Transparencia"},"content":{"rendered":"\n<div class=\"wp-block-group\" style=\"padding-right:10rem;padding-left:10rem\"><div class=\"wp-block-group__inner-container is-layout-constrained wp-block-group-is-layout-constrained\">\n<p class=\"has-text-align-left has-light-main-background-color has-background has-extra-large-font-size\" style=\"padding-top:21px;padding-right:2rem;padding-bottom:21px;padding-left:2rem\">Transparencia<\/p>\n<\/div><\/div>\n\n\n\n<div class=\"wp-block-group is-vertical is-content-justification-center is-layout-flex wp-container-core-group-is-layout-2 wp-block-group-is-layout-flex\" style=\"padding-top:0;padding-right:10rem;padding-bottom:0;padding-left:10rem\">\n<p class=\"has-text-align-center\" style=\"padding-top:0;padding-right:0;padding-bottom:0;padding-left:0\">Cumpliendo con la Orden JUS\/152\/2018, de 12 de septiembre por la que se establece el nivel de sujeci\u00f3n de las  fundaciones y de las asociaciones <\/p>\n\n\n\n<p class=\"has-text-align-center\" style=\"padding-top:0;padding-right:0;padding-bottom:0;padding-left:0\">declaradas de utilidad p\u00fablica a los instrumentos de transparencia establecidos por la Ley 21\/2014, del 29 de diciembre, del protectorado de las <\/p>\n\n\n\n<p class=\"has-text-align-center\" style=\"padding-top:0;padding-right:0;padding-bottom:0;padding-left:0\">fundaciones y de verificaci\u00f3n de la actividad de las asociaciones declaradas de utilidad p\u00fablica, presentamos a continuaci\u00f3n la informaci\u00f3n de la <\/p>\n\n\n\n<p class=\"has-text-align-center\" style=\"padding-top:0;padding-right:0;padding-bottom:0;padding-left:0\">Fundaci\u00f3n Ramon Mart\u00ed Bonet contra la ceguera al respecto.<\/p>\n<\/div>\n\n\n\n<div class=\"wp-block-buttons has-custom-font-size has-large-font-size is-content-justification-center is-layout-flex wp-container-core-buttons-is-layout-1 wp-block-buttons-is-layout-flex\">\n<div class=\"wp-block-button has-custom-width wp-block-button__width-25\"><a class=\"wp-block-button__link has-light-main-background-color has-background wp-element-button\" href=\"https:\/\/fundacioramonmartibonet.org\/wp-content\/uploads\/2025\/05\/2025-05-23-FUNRMB-ESTATUTS.pdf\" style=\"border-radius:62px;padding-top:var(--wp--preset--spacing--20);padding-right:0rem;padding-bottom:var(--wp--preset--spacing--20);padding-left:0rem\">Estatutos <\/a><\/div>\n\n\n\n<div class=\"wp-block-button has-custom-width wp-block-button__width-25\"><a class=\"wp-block-button__link has-light-main-background-color has-background wp-element-button\" href=\"https:\/\/fundacioramonmartibonet.org\/wp-content\/uploads\/2025\/07\/CODI-ETIC_FRMB-250721_FRMB_codi-etic_CA-3.pdf\" style=\"border-radius:37px;padding-top:var(--wp--preset--spacing--20);padding-right:2.4rem;padding-bottom:var(--wp--preset--spacing--20);padding-left:2.4rem\">C\u00f3digo \u00c9tico <\/a><\/div>\n<\/div>\n\n\n<div\nstyle=\"padding-top:var(--wp--preset--spacing--50);padding-bottom:0;\" class=\"iuttu-container has-background has-background-background-color wp-block-iuttu-container\">\n\t<div class=\"wrapper wrapper--normal\">\n\t\t\n\n<div class=\"wp-block-columns is-style-four-columns is-layout-flex wp-container-core-columns-is-layout-1 wp-block-columns-is-layout-flex\">\n<div class=\"wp-block-column is-layout-flow wp-block-column-is-layout-flow\"><div class=\"wp-block-image\">\n<figure class=\"aligncenter size-full is-resized\"><img loading=\"lazy\" decoding=\"async\" width=\"200\" height=\"200\" src=\"https:\/\/fundacioramonmartibonet.org\/wp-content\/uploads\/2024\/06\/FRMB_estatuts_200.png\" alt=\"\" class=\"wp-image-1939\" style=\"width:86px;height:auto\" srcset=\"https:\/\/fundacioramonmartibonet.org\/wp-content\/uploads\/2024\/06\/FRMB_estatuts_200.png 200w, https:\/\/fundacioramonmartibonet.org\/wp-content\/uploads\/2024\/06\/FRMB_estatuts_200-150x150.png 150w\" sizes=\"(max-width: 200px) 100vw, 200px\" \/><\/figure><\/div>\n\n\n<p class=\"has-text-align-center has-main-color has-text-color has-link-color wp-elements-a75f15446506a6c69b6ec781b5a4a222\">Informe de Auditor\u00eda de Cuentas <\/p>\n\n\n\n<p class=\"has-text-align-center\"><a href=\"https:\/\/fundacioramonmartibonet.org\/wp-content\/uploads\/2024\/08\/CCAA-2023-F.-RAMON-MARTI-I-BONET-AMB-INFORME-AUDITORIA.pdf\">2023<\/a> | <a href=\"https:\/\/fundacioramonmartibonet.org\/wp-content\/uploads\/2025\/05\/ComptesAnualsAuditats_2024-1.pdf\">2024<\/a><\/p>\n<\/div>\n\n\n\n<div class=\"wp-block-column is-layout-flow wp-block-column-is-layout-flow\"><div class=\"wp-block-image\">\n<figure class=\"aligncenter size-full is-resized\"><img loading=\"lazy\" decoding=\"async\" width=\"200\" height=\"200\" src=\"https:\/\/fundacioramonmartibonet.org\/wp-content\/uploads\/2024\/06\/FRMB_memoria_200.png\" alt=\"\" class=\"wp-image-1941\" style=\"width:90px;height:auto\" srcset=\"https:\/\/fundacioramonmartibonet.org\/wp-content\/uploads\/2024\/06\/FRMB_memoria_200.png 200w, https:\/\/fundacioramonmartibonet.org\/wp-content\/uploads\/2024\/06\/FRMB_memoria_200-150x150.png 150w\" sizes=\"(max-width: 200px) 100vw, 200px\" \/><\/figure><\/div>\n\n\n<p class=\"has-text-align-center has-main-color has-text-color has-link-color wp-elements-b0bb4bcbaa11e2b2ef0342142af85eab\">Memoria de actividades<\/p>\n\n\n\n<p class=\"has-text-align-center\"><a href=\"https:\/\/fundacioramonmartibonet.org\/wp-content\/uploads\/2024\/08\/240603_FRMB_MEMORIA_2023-cast-1.pdf\"> 2023<\/a> | <a href=\"https:\/\/fundacioramonmartibonet.org\/wp-content\/uploads\/2025\/09\/FRMB_MemoriaCAST_2024.pdf\">2024<\/a><\/p>\n<\/div>\n\n\n\n<div class=\"wp-block-column is-layout-flow wp-block-column-is-layout-flow\"><div class=\"wp-block-image\">\n<figure class=\"aligncenter size-full is-resized\"><img loading=\"lazy\" decoding=\"async\" width=\"200\" height=\"200\" src=\"https:\/\/fundacioramonmartibonet.org\/wp-content\/uploads\/2024\/06\/FRMB_ingressos_publica_200.png\" alt=\"\" class=\"wp-image-1944\" style=\"width:90px;height:auto\" srcset=\"https:\/\/fundacioramonmartibonet.org\/wp-content\/uploads\/2024\/06\/FRMB_ingressos_publica_200.png 200w, https:\/\/fundacioramonmartibonet.org\/wp-content\/uploads\/2024\/06\/FRMB_ingressos_publica_200-150x150.png 150w\" sizes=\"(max-width: 200px) 100vw, 200px\" \/><\/figure><\/div>\n\n\n<p class=\"has-text-align-center\"><a href=\"https:\/\/fundacioramonmartibonet.org\/wp-content\/uploads\/2024\/07\/INGRESSOS-REBUTS-DE-LA-DADMINISTRACIO-PUBLICA-2023-1.pdf\">Ingresos recibidos de la administraci\u00f3n p\u00fablica<\/a><\/p>\n<\/div>\n\n\n\n<div class=\"wp-block-column is-layout-flow wp-block-column-is-layout-flow\"><div class=\"wp-block-image\">\n<figure class=\"aligncenter size-full is-resized\"><img loading=\"lazy\" decoding=\"async\" width=\"200\" height=\"200\" src=\"https:\/\/fundacioramonmartibonet.org\/wp-content\/uploads\/2024\/06\/FRMB_comptes_anuals_200.png\" alt=\"\" class=\"wp-image-1946\" style=\"width:76px;height:auto\" srcset=\"https:\/\/fundacioramonmartibonet.org\/wp-content\/uploads\/2024\/06\/FRMB_comptes_anuals_200.png 200w, https:\/\/fundacioramonmartibonet.org\/wp-content\/uploads\/2024\/06\/FRMB_comptes_anuals_200-150x150.png 150w\" sizes=\"(max-width: 200px) 100vw, 200px\" \/><\/figure><\/div>\n\n\n<p class=\"has-text-align-center has-main-color has-text-color has-link-color wp-elements-bb47c7c7ff749d46cbf11cf146b4ca3d\">Cuentas anuales<\/p>\n\n\n\n<p class=\"has-text-align-center\"><a href=\"\/wp-content\/uploads\/2023\/06\/2018-Memo%CC%80ria-Fundacio%CC%81-completa.pdf\">2018<\/a> | <a href=\"\/wp-content\/uploads\/2023\/06\/2019-Memo%CC%80ria_Fundacio%CC%81-completa.pdf\">2019<\/a> | <a href=\"\/wp-content\/uploads\/2023\/06\/2020-Memo%CC%80ria-Fundacio%CC%81.pdf\">2020<\/a> | <a href=\"\/wp-content\/uploads\/2023\/06\/MemoriaCompleta2021Fundacio%CC%81-1.pdf\">2021<\/a> | <a href=\"\/wp-content\/uploads\/2024\/04\/Memoria-comptes-2022-FRMB.pdf\">2022<\/a><\/p>\n<\/div>\n<\/div>\n\n\n\t<\/div>\n<\/div>\n\n\n\n\n\n<p class=\"has-text-align-center has-extra-large-font-size\" style=\"padding-right:0;padding-left:0\"><strong>Retribuciones percibidas por los m\u00e1ximos responsables de la entidad<\/strong><\/p>\n\n\n\n<div class=\"wp-block-group is-vertical is-content-justification-center is-layout-flex wp-container-core-group-is-layout-3 wp-block-group-is-layout-flex\" style=\"padding-right:10rem;padding-left:10rem\">\n<p class=\"has-text-align-center\" style=\"padding-right:1.7rem;padding-left:1.7rem\">De acuerdo con los estatutos y la legislaci\u00f3n vigente, los m\u00e1ximos responsables de la Fundaci\u00f3n Privada Ramon Mart\u00ed i Bonet contra la&nbsp;ceguera&nbsp;son<\/p>\n\n\n\n<p class=\"has-text-align-center\" style=\"padding-right:1.7rem;padding-left:1.7rem\"> los patrones que forman parte de la Junta de Patronato. Estos no perciben ning\u00fan tipo de retribuci\u00f3n ni dineraria ni en especie por el ejercicio de <\/p>\n\n\n\n<p class=\"has-text-align-center\" style=\"padding-right:1.7rem;padding-left:1.7rem\">su cargo, tal como se estipula a la legislaci\u00f3n de fundaciones.<\/p>\n<\/div>\n\n\n\n<p><\/p>\n","protected":false},"excerpt":{"rendered":"<p>Transparencia Cumpliendo con la Orden JUS\/152\/2018, de 12 de septiembre por la que se establece el nivel de sujeci\u00f3n de las fundaciones y de las asociaciones declaradas de utilidad p\u00fablica a los instrumentos de transparencia establecidos por la Ley 21\/2014, del 29 de diciembre, del protectorado de las fundaciones y de verificaci\u00f3n de la actividad [&hellip;]<\/p>\n","protected":false},"author":1,"featured_media":0,"parent":0,"menu_order":0,"comment_status":"closed","ping_status":"closed","template":"","meta":{"_acf_changed":false,"footnotes":""},"acf":[],"yoast_head":"<!-- This site is optimized with the Yoast SEO plugin v22.5 - https:\/\/yoast.com\/wordpress\/plugins\/seo\/ -->\n<title>Transparencia - Fundaci\u00f3 Ram\u00f3n Mart\u00ed i Bonet<\/title>\n<meta name=\"robots\" content=\"index, follow, max-snippet:-1, max-image-preview:large, max-video-preview:-1\" \/>\n<link rel=\"canonical\" href=\"https:\/\/fundacioramonmartibonet.org\/es\/transparencia\/\" \/>\n<meta property=\"og:locale\" content=\"es_ES\" \/>\n<meta property=\"og:type\" content=\"article\" \/>\n<meta property=\"og:title\" content=\"Transparencia - Fundaci\u00f3 Ram\u00f3n Mart\u00ed i Bonet\" \/>\n<meta property=\"og:description\" content=\"Transparencia Cumpliendo con la Orden JUS\/152\/2018, de 12 de septiembre por la que se establece el nivel de sujeci\u00f3n de las fundaciones y de las asociaciones declaradas de utilidad p\u00fablica a los instrumentos de transparencia establecidos por la Ley 21\/2014, del 29 de diciembre, del protectorado de las fundaciones y de verificaci\u00f3n de la actividad [&hellip;]\" \/>\n<meta property=\"og:url\" content=\"https:\/\/fundacioramonmartibonet.org\/es\/transparencia\/\" \/>\n<meta property=\"og:site_name\" content=\"Fundaci\u00f3 Ram\u00f3n Mart\u00ed i Bonet\" \/>\n<meta property=\"article:publisher\" content=\"https:\/\/www.facebook.com\/FundacioRamonMartiBonet\" \/>\n<meta property=\"article:modified_time\" content=\"2025-09-18T08:33:18+00:00\" \/>\n<meta property=\"og:image\" content=\"https:\/\/fundacioramonmartibonet.org\/wp-content\/uploads\/2024\/06\/FRMB_estatuts_200.png\" \/>\n<meta name=\"twitter:card\" content=\"summary_large_image\" \/>\n<meta name=\"twitter:site\" content=\"@FundacioRMB\" \/>\n<script type=\"application\/ld+json\" class=\"yoast-schema-graph\">{\"@context\":\"https:\/\/schema.org\",\"@graph\":[{\"@type\":\"WebPage\",\"@id\":\"https:\/\/fundacioramonmartibonet.org\/es\/transparencia\/\",\"url\":\"https:\/\/fundacioramonmartibonet.org\/es\/transparencia\/\",\"name\":\"Transparencia - Fundaci\u00f3 Ram\u00f3n Mart\u00ed i Bonet\",\"isPartOf\":{\"@id\":\"https:\/\/fundacioramonmartibonet.org\/es\/#website\"},\"primaryImageOfPage\":{\"@id\":\"https:\/\/fundacioramonmartibonet.org\/es\/transparencia\/#primaryimage\"},\"image\":{\"@id\":\"https:\/\/fundacioramonmartibonet.org\/es\/transparencia\/#primaryimage\"},\"thumbnailUrl\":\"https:\/\/fundacioramonmartibonet.org\/wp-content\/uploads\/2024\/06\/FRMB_estatuts_200.png\",\"datePublished\":\"2023-07-31T08:48:09+00:00\",\"dateModified\":\"2025-09-18T08:33:18+00:00\",\"breadcrumb\":{\"@id\":\"https:\/\/fundacioramonmartibonet.org\/es\/transparencia\/#breadcrumb\"},\"inLanguage\":\"es\",\"potentialAction\":[{\"@type\":\"ReadAction\",\"target\":[\"https:\/\/fundacioramonmartibonet.org\/es\/transparencia\/\"]}]},{\"@type\":\"ImageObject\",\"inLanguage\":\"es\",\"@id\":\"https:\/\/fundacioramonmartibonet.org\/es\/transparencia\/#primaryimage\",\"url\":\"https:\/\/fundacioramonmartibonet.org\/wp-content\/uploads\/2024\/06\/FRMB_estatuts_200.png\",\"contentUrl\":\"https:\/\/fundacioramonmartibonet.org\/wp-content\/uploads\/2024\/06\/FRMB_estatuts_200.png\"},{\"@type\":\"BreadcrumbList\",\"@id\":\"https:\/\/fundacioramonmartibonet.org\/es\/transparencia\/#breadcrumb\",\"itemListElement\":[{\"@type\":\"ListItem\",\"position\":1,\"name\":\"Home\",\"item\":\"https:\/\/fundacioramonmartibonet.org\/es\/\"},{\"@type\":\"ListItem\",\"position\":2,\"name\":\"Transparencia\"}]},{\"@type\":\"WebSite\",\"@id\":\"https:\/\/fundacioramonmartibonet.org\/es\/#website\",\"url\":\"https:\/\/fundacioramonmartibonet.org\/es\/\",\"name\":\"Fundaci\u00f3 Ramon Mart\u00ed i Bonet\",\"description\":\"Visi\u00f3 per a tothom\",\"publisher\":{\"@id\":\"https:\/\/fundacioramonmartibonet.org\/es\/#organization\"},\"alternateName\":\"FRMB\",\"potentialAction\":[{\"@type\":\"SearchAction\",\"target\":{\"@type\":\"EntryPoint\",\"urlTemplate\":\"https:\/\/fundacioramonmartibonet.org\/es\/?s={search_term_string}\"},\"query-input\":\"required name=search_term_string\"}],\"inLanguage\":\"es\"},{\"@type\":\"Organization\",\"@id\":\"https:\/\/fundacioramonmartibonet.org\/es\/#organization\",\"name\":\"Fundaci\u00f3 Ramon Mart\u00ed i Bonet\",\"alternateName\":\"FRMB\",\"url\":\"https:\/\/fundacioramonmartibonet.org\/es\/\",\"logo\":{\"@type\":\"ImageObject\",\"inLanguage\":\"es\",\"@id\":\"https:\/\/fundacioramonmartibonet.org\/es\/#\/schema\/logo\/image\/\",\"url\":\"https:\/\/fundacioramonmartibonet.org\/wp-content\/uploads\/2023\/06\/frmb.svg\",\"contentUrl\":\"https:\/\/fundacioramonmartibonet.org\/wp-content\/uploads\/2023\/06\/frmb.svg\",\"width\":900,\"height\":280,\"caption\":\"Fundaci\u00f3 Ramon Mart\u00ed i Bonet\"},\"image\":{\"@id\":\"https:\/\/fundacioramonmartibonet.org\/es\/#\/schema\/logo\/image\/\"},\"sameAs\":[\"https:\/\/www.facebook.com\/FundacioRamonMartiBonet\",\"https:\/\/x.com\/FundacioRMB\",\"https:\/\/www.youtube.com\/channel\/UCNyN8HH4tz3ybIBubLBiSog\",\"https:\/\/www.instagram.com\/fundaciormb\/\",\"https:\/\/www.linkedin.com\/company\/fundacio-ramon-marto-i-bonet-contra-la-ceguera\/\"]}]}<\/script>\n<!-- \/ Yoast SEO plugin. -->","yoast_head_json":{"title":"Transparencia - Fundaci\u00f3 Ram\u00f3n Mart\u00ed i Bonet","robots":{"index":"index","follow":"follow","max-snippet":"max-snippet:-1","max-image-preview":"max-image-preview:large","max-video-preview":"max-video-preview:-1"},"canonical":"https:\/\/fundacioramonmartibonet.org\/es\/transparencia\/","og_locale":"es_ES","og_type":"article","og_title":"Transparencia - Fundaci\u00f3 Ram\u00f3n Mart\u00ed i Bonet","og_description":"Transparencia Cumpliendo con la Orden JUS\/152\/2018, de 12 de septiembre por la que se establece el nivel de sujeci\u00f3n de las fundaciones y de las asociaciones declaradas de utilidad p\u00fablica a los instrumentos de transparencia establecidos por la Ley 21\/2014, del 29 de diciembre, del protectorado de las fundaciones y de verificaci\u00f3n de la actividad [&hellip;]","og_url":"https:\/\/fundacioramonmartibonet.org\/es\/transparencia\/","og_site_name":"Fundaci\u00f3 Ram\u00f3n Mart\u00ed i Bonet","article_publisher":"https:\/\/www.facebook.com\/FundacioRamonMartiBonet","article_modified_time":"2025-09-18T08:33:18+00:00","og_image":[{"url":"https:\/\/fundacioramonmartibonet.org\/wp-content\/uploads\/2024\/06\/FRMB_estatuts_200.png"}],"twitter_card":"summary_large_image","twitter_site":"@FundacioRMB","schema":{"@context":"https:\/\/schema.org","@graph":[{"@type":"WebPage","@id":"https:\/\/fundacioramonmartibonet.org\/es\/transparencia\/","url":"https:\/\/fundacioramonmartibonet.org\/es\/transparencia\/","name":"Transparencia - Fundaci\u00f3 Ram\u00f3n Mart\u00ed i Bonet","isPartOf":{"@id":"https:\/\/fundacioramonmartibonet.org\/es\/#website"},"primaryImageOfPage":{"@id":"https:\/\/fundacioramonmartibonet.org\/es\/transparencia\/#primaryimage"},"image":{"@id":"https:\/\/fundacioramonmartibonet.org\/es\/transparencia\/#primaryimage"},"thumbnailUrl":"https:\/\/fundacioramonmartibonet.org\/wp-content\/uploads\/2024\/06\/FRMB_estatuts_200.png","datePublished":"2023-07-31T08:48:09+00:00","dateModified":"2025-09-18T08:33:18+00:00","breadcrumb":{"@id":"https:\/\/fundacioramonmartibonet.org\/es\/transparencia\/#breadcrumb"},"inLanguage":"es","potentialAction":[{"@type":"ReadAction","target":["https:\/\/fundacioramonmartibonet.org\/es\/transparencia\/"]}]},{"@type":"ImageObject","inLanguage":"es","@id":"https:\/\/fundacioramonmartibonet.org\/es\/transparencia\/#primaryimage","url":"https:\/\/fundacioramonmartibonet.org\/wp-content\/uploads\/2024\/06\/FRMB_estatuts_200.png","contentUrl":"https:\/\/fundacioramonmartibonet.org\/wp-content\/uploads\/2024\/06\/FRMB_estatuts_200.png"},{"@type":"BreadcrumbList","@id":"https:\/\/fundacioramonmartibonet.org\/es\/transparencia\/#breadcrumb","itemListElement":[{"@type":"ListItem","position":1,"name":"Home","item":"https:\/\/fundacioramonmartibonet.org\/es\/"},{"@type":"ListItem","position":2,"name":"Transparencia"}]},{"@type":"WebSite","@id":"https:\/\/fundacioramonmartibonet.org\/es\/#website","url":"https:\/\/fundacioramonmartibonet.org\/es\/","name":"Fundaci\u00f3 Ramon Mart\u00ed i Bonet","description":"Visi\u00f3 per a tothom","publisher":{"@id":"https:\/\/fundacioramonmartibonet.org\/es\/#organization"},"alternateName":"FRMB","potentialAction":[{"@type":"SearchAction","target":{"@type":"EntryPoint","urlTemplate":"https:\/\/fundacioramonmartibonet.org\/es\/?s={search_term_string}"},"query-input":"required name=search_term_string"}],"inLanguage":"es"},{"@type":"Organization","@id":"https:\/\/fundacioramonmartibonet.org\/es\/#organization","name":"Fundaci\u00f3 Ramon Mart\u00ed i Bonet","alternateName":"FRMB","url":"https:\/\/fundacioramonmartibonet.org\/es\/","logo":{"@type":"ImageObject","inLanguage":"es","@id":"https:\/\/fundacioramonmartibonet.org\/es\/#\/schema\/logo\/image\/","url":"https:\/\/fundacioramonmartibonet.org\/wp-content\/uploads\/2023\/06\/frmb.svg","contentUrl":"https:\/\/fundacioramonmartibonet.org\/wp-content\/uploads\/2023\/06\/frmb.svg","width":900,"height":280,"caption":"Fundaci\u00f3 Ramon Mart\u00ed i Bonet"},"image":{"@id":"https:\/\/fundacioramonmartibonet.org\/es\/#\/schema\/logo\/image\/"},"sameAs":["https:\/\/www.facebook.com\/FundacioRamonMartiBonet","https:\/\/x.com\/FundacioRMB","https:\/\/www.youtube.com\/channel\/UCNyN8HH4tz3ybIBubLBiSog","https:\/\/www.instagram.com\/fundaciormb\/","https:\/\/www.linkedin.com\/company\/fundacio-ramon-marto-i-bonet-contra-la-ceguera\/"]}]}},"_links":{"self":[{"href":"https:\/\/fundacioramonmartibonet.org\/es\/wp-json\/wp\/v2\/pages\/1333"}],"collection":[{"href":"https:\/\/fundacioramonmartibonet.org\/es\/wp-json\/wp\/v2\/pages"}],"about":[{"href":"https:\/\/fundacioramonmartibonet.org\/es\/wp-json\/wp\/v2\/types\/page"}],"author":[{"embeddable":true,"href":"https:\/\/fundacioramonmartibonet.org\/es\/wp-json\/wp\/v2\/users\/1"}],"replies":[{"embeddable":true,"href":"https:\/\/fundacioramonmartibonet.org\/es\/wp-json\/wp\/v2\/comments?post=1333"}],"version-history":[{"count":59,"href":"https:\/\/fundacioramonmartibonet.org\/es\/wp-json\/wp\/v2\/pages\/1333\/revisions"}],"predecessor-version":[{"id":4197,"href":"https:\/\/fundacioramonmartibonet.org\/es\/wp-json\/wp\/v2\/pages\/1333\/revisions\/4197"}],"wp:attachment":[{"href":"https:\/\/fundacioramonmartibonet.org\/es\/wp-json\/wp\/v2\/media?parent=1333"}],"curies":[{"name":"wp","href":"https:\/\/api.w.org\/{rel}","templated":true}]}}