{"id":1332,"date":"2023-06-07T15:38:42","date_gmt":"2023-06-07T15:38:42","guid":{"rendered":"https:\/\/fundacioramonmartibonet.org\/qui-som\/"},"modified":"2025-07-16T09:31:41","modified_gmt":"2025-07-16T09:31:41","slug":"que-hacemos","status":"publish","type":"page","link":"https:\/\/fundacioramonmartibonet.org\/es\/que-hacemos\/","title":{"rendered":"\u00d3rganos de Gobierno"},"content":{"rendered":"\n<div class=\"wp-block-cover is-light\" style=\"min-height:594px;aspect-ratio:unset;\"><span aria-hidden=\"true\" class=\"wp-block-cover__background has-background-dim-10 has-background-dim\" style=\"background-color:#a49d7e\"><\/span><img loading=\"lazy\" decoding=\"async\" width=\"2560\" height=\"1008\" class=\"wp-block-cover__image-background wp-image-865\" alt=\"\" src=\"https:\/\/fundacioramonmartibonet.org\/wp-content\/uploads\/2023\/07\/banner-fundacio-scaled-1.jpg\" style=\"object-position:53% 2%\" data-object-fit=\"cover\" data-object-position=\"53% 2%\" srcset=\"https:\/\/fundacioramonmartibonet.org\/wp-content\/uploads\/2023\/07\/banner-fundacio-scaled-1.jpg 2560w, https:\/\/fundacioramonmartibonet.org\/wp-content\/uploads\/2023\/07\/banner-fundacio-scaled-1-300x118.jpg 300w, https:\/\/fundacioramonmartibonet.org\/wp-content\/uploads\/2023\/07\/banner-fundacio-scaled-1-1024x403.jpg 1024w, https:\/\/fundacioramonmartibonet.org\/wp-content\/uploads\/2023\/07\/banner-fundacio-scaled-1-768x302.jpg 768w, https:\/\/fundacioramonmartibonet.org\/wp-content\/uploads\/2023\/07\/banner-fundacio-scaled-1-1536x605.jpg 1536w, https:\/\/fundacioramonmartibonet.org\/wp-content\/uploads\/2023\/07\/banner-fundacio-scaled-1-2048x806.jpg 2048w\" sizes=\"(max-width: 2560px) 100vw, 2560px\" \/><div class=\"wp-block-cover__inner-container is-layout-constrained wp-block-cover-is-layout-constrained\">\n<p class=\"has-text-align-center has-large-font-size\"><\/p>\n<\/div><\/div>\n\n\n<div\nstyle=\"padding-bottom:var(--wp--preset--spacing--40);\" class=\"iuttu-container wp-block-iuttu-container\">\n\t<div class=\"wrapper wrapper--normal\">\n\t\t\n\n<p class=\"has-text-align-left has-light-main-background-color has-background has-extra-large-font-size\" style=\"padding-top:14px;padding-bottom:14px\">Patronato<\/p>\n\n\n\n<div class=\"wp-block-columns is-style-full-columns is-style-double-columns is-layout-flex wp-container-core-columns-is-layout-1 wp-block-columns-is-layout-flex\">\n<div class=\"wp-block-column is-layout-flow wp-block-column-is-layout-flow\">\n<p class=\"has-default-color has-light-main-background-color has-text-color has-background has-link-color has-large-font-size wp-elements-849546724f0870ba4a4f7ac59127c843\" style=\"padding-top:0;padding-bottom:0\">Presidenta<\/p>\n\n\n\n<div class=\"wp-block-group is-vertical is-layout-flex wp-container-core-group-is-layout-1 wp-block-group-is-layout-flex\">\n<p class=\"has-text-align-left has-main-color has-text-color\" style=\"padding-bottom:0\">Dra. Merc\u00e8 Mart\u00ed i Juli\u00e0<\/p>\n\n\n\n<ul>\n<li>Oftalm\u00f2loga de l\u2019Institut Catal\u00e0 de Retina (ICR)<\/li>\n<\/ul>\n<\/div>\n\n\n\n<p class=\"has-default-color has-light-main-background-color has-text-color has-background has-link-color has-large-font-size wp-elements-1c42522c45c97283156d1916e6d76d41\" style=\"padding-top:0;padding-bottom:0\">Patr\u00f3n Gerente<\/p>\n\n\n\n<div class=\"wp-block-group is-vertical is-layout-flex wp-container-core-group-is-layout-2 wp-block-group-is-layout-flex\">\n<p class=\"has-main-color has-text-color\">Sr. Joan Nadal Fern\u00e1ndez<\/p>\n\n\n\n<ul>\n<li>Director Gerente del Institut Catal\u00e0 de Retina (ICR)<\/li>\n<\/ul>\n<\/div>\n\n\n\n<p class=\"has-default-color has-light-main-background-color has-text-color has-background has-link-color has-large-font-size wp-elements-d8bf1bdbe1b164ae1618d7ad238730bc\" style=\"padding-top:0;padding-bottom:0\">Secretario<\/p>\n\n\n\n<div class=\"wp-block-group is-vertical is-layout-flex wp-container-core-group-is-layout-3 wp-block-group-is-layout-flex\">\n<p class=\"has-main-color has-text-color\" style=\"padding-top:0px;padding-bottom:0\">Sr. Aleix Vila Ravent\u00f3s<\/p>\n\n\n\n<ul>\n<li>Director de Recursos Humanos del Institut Catal\u00e0 de Retina (ICR)<\/li>\n<\/ul>\n<\/div>\n<\/div>\n\n\n\n<div class=\"wp-block-column is-layout-flow wp-block-column-is-layout-flow\">\n<p class=\"has-default-color has-light-main-background-color has-text-color has-background has-link-color has-large-font-size wp-elements-d908ee26ac27104b7bab9881cb0d95ce\" style=\"padding-top:0;padding-bottom:0\">Vocales<\/p>\n\n\n\n<div class=\"wp-block-group is-vertical is-layout-flex wp-container-core-group-is-layout-4 wp-block-group-is-layout-flex\">\n<p class=\"has-main-color has-text-color\">Dr. Alfonso Ant\u00f3n L\u00f3pez<\/p>\n\n\n\n<ul>\n<li>Oftalm\u00f3logo del Institut Catal\u00e0 de Retina (ICR)<\/li>\n<\/ul>\n\n\n\n<p class=\"has-main-color has-text-color\">Dr. Francesc Duch Mestres<\/p>\n\n\n\n<ul>\n<li>Oftalm\u00f3logo del Institut Catal\u00e0 de Retina (ICR). Director m\u00e8dic Cirurgia Refractiva<\/li>\n<\/ul>\n\n\n\n<p class=\"has-main-color has-text-color\">Sra. Eugenia Duffo \u00dabeda<\/p>\n\n\n\n<ul>\n<li>Abogada. Euroconsell Econ\u00f2mic i Legal<\/li>\n<\/ul>\n\n\n\n<p class=\"has-main-color has-text-color\">Sra. Mireia Escud\u00e9 Blasi<\/p>\n\n\n\n<ul>\n<li>Consejera Delegada del Institut Catal\u00e0 de Retina (ICR)<\/li>\n<\/ul>\n\n\n\n<p class=\"has-main-color has-text-color\">Sra. Laura G\u00f3mez Farr\u00e9s<\/p>\n\n\n\n<ul>\n<li>Directora de comunicaci\u00f3n y Experiencia del paciente del Institut Catal\u00e0 de Retina (ICR)<\/li>\n<\/ul>\n\n\n\n<p class=\"has-main-color has-text-color\">Sr. Xavier Juli\u00e0 Sanahuja<\/p>\n\n\n\n<ul>\n<li>Director de Sistemas de Informaci\u00f3n del Institut Catal\u00e0 de Retina (ICR)<\/li>\n<\/ul>\n\n\n\n<p class=\"has-main-color has-text-color\">Dr. Ignasi J\u00fcrgens Mestre<\/p>\n\n\n\n<ul>\n<li>Oftalm\u00f3logo y Director m\u00e9dico del Institut Catal\u00e0 de Retina (ICR)<\/li>\n<\/ul>\n\n\n\n<p class=\"has-main-color has-text-color has-link-color wp-elements-4187b2ad06882f8c1b20cb171a1a745d\">Sra. Merc\u00e8 Mart\u00ed Escud\u00e9<\/p>\n\n\n\n<ul>\n<li>Departamento de Recursos Humanos del Institut Catal\u00e0 de Retina (ICR)<\/li>\n<\/ul>\n\n\n\n<p class=\"has-main-color has-text-color\">Sr. Alejandro Tusell Sunyer<\/p>\n\n\n\n<ul>\n<li>Profesor associado a EADA y Consultor financiero<\/li>\n<\/ul>\n<\/div>\n<\/div>\n<\/div>\n\n\n\t<\/div>\n<\/div>\n\n\n<div\nstyle=\"padding-top:var(--wp--preset--spacing--40);padding-bottom:var(--wp--preset--spacing--60);\" class=\"iuttu-container is-style-box aligncenter has-background has-light-main-background-color is-style-box wp-block-iuttu-container\">\n\t<div class=\"wrapper wrapper--normal\">\n\t\t\n\n<p class=\"has-text-align-center has-extra-large-font-size\">Ofrece visi\u00f3n para todo el mundo<\/p>\n\n\n\n<div class=\"wp-block-columns is-style-has-narrow-columns is-style-narrow-columns is-layout-flex wp-container-core-columns-is-layout-2 wp-block-columns-is-layout-flex\">\n<div class=\"wp-block-column is-layout-flow wp-block-column-is-layout-flow\"><div class=\"wp-block-image\">\n<figure class=\"aligncenter size-full is-resized\"><img loading=\"lazy\" decoding=\"async\" width=\"200\" height=\"200\" src=\"https:\/\/fundacioramonmartibonet.org\/wp-content\/uploads\/2024\/06\/FRMB_formacio_200.png\" alt=\"\" class=\"wp-image-1909\" style=\"width:89px;height:auto\" srcset=\"https:\/\/fundacioramonmartibonet.org\/wp-content\/uploads\/2024\/06\/FRMB_formacio_200.png 200w, https:\/\/fundacioramonmartibonet.org\/wp-content\/uploads\/2024\/06\/FRMB_formacio_200-150x150.png 150w\" sizes=\"(max-width: 200px) 100vw, 200px\" \/><\/figure><\/div>\n\n\n<p class=\"has-text-align-center\">Formamos a personal local de pa\u00edses en v\u00edas de desarrollo para establecer proyectos autosostenibles<\/p>\n\n\n<div\nclass=\"iuttu-container wp-block-iuttu-container\">\n\t<div class=\"wrapper\">\n\t\t\n\t<\/div>\n<\/div>\n<\/div>\n\n\n\n<div class=\"wp-block-column is-vertically-aligned-top is-layout-flow wp-block-column-is-layout-flow\"><div class=\"wp-block-image\">\n<figure class=\"aligncenter size-full is-resized\"><img loading=\"lazy\" decoding=\"async\" width=\"200\" height=\"200\" src=\"https:\/\/fundacioramonmartibonet.org\/wp-content\/uploads\/2024\/06\/FRMB_ulleres_200.png\" alt=\"\" class=\"wp-image-1912\" style=\"width:86px;height:auto\" srcset=\"https:\/\/fundacioramonmartibonet.org\/wp-content\/uploads\/2024\/06\/FRMB_ulleres_200.png 200w, https:\/\/fundacioramonmartibonet.org\/wp-content\/uploads\/2024\/06\/FRMB_ulleres_200-150x150.png 150w\" sizes=\"(max-width: 200px) 100vw, 200px\" \/><\/figure><\/div>\n\n\n<p class=\"has-text-align-center\">Detectamos a ni\u00f1os, j\u00f3venes y adultos con baja visi\u00f3n y proporcionamos gafas correctoras<\/p>\n<\/div>\n\n\n\n<div class=\"wp-block-column is-layout-flow wp-block-column-is-layout-flow\"><div class=\"wp-block-image\">\n<figure class=\"aligncenter size-full is-resized\"><img loading=\"lazy\" decoding=\"async\" width=\"200\" height=\"200\" src=\"https:\/\/fundacioramonmartibonet.org\/wp-content\/uploads\/2024\/06\/FRMB_xarxa_200.png\" alt=\"\" class=\"wp-image-1914\" style=\"width:86px;height:auto\" srcset=\"https:\/\/fundacioramonmartibonet.org\/wp-content\/uploads\/2024\/06\/FRMB_xarxa_200.png 200w, https:\/\/fundacioramonmartibonet.org\/wp-content\/uploads\/2024\/06\/FRMB_xarxa_200-150x150.png 150w\" sizes=\"(max-width: 200px) 100vw, 200px\" \/><\/figure><\/div>\n\n\n<p class=\"has-text-align-center\">Trabajamos en red para llegar al m\u00e1ximo de personas, por un futuro con visi\u00f3n para todo el mundo<\/p>\n<\/div>\n<\/div>\n\n\n\n<div class=\"wp-block-buttons is-content-justification-center is-layout-flex wp-container-core-buttons-is-layout-1 wp-block-buttons-is-layout-flex\">\n<div class=\"wp-block-button\"><a class=\"wp-block-button__link has-text-align-center wp-element-button\" href=\"https:\/\/fundacioramonmartibonet.org\/es\/colabora\/\">Colabora<\/a><\/div>\n<\/div>\n\n\n\t<\/div>\n<\/div>\n\n\n\n<figure class=\"wp-block-gallery has-nested-images columns-default is-cropped wp-block-gallery-1 is-layout-flex wp-block-gallery-is-layout-flex\"><\/figure>\n","protected":false},"excerpt":{"rendered":"","protected":false},"author":1,"featured_media":0,"parent":0,"menu_order":0,"comment_status":"closed","ping_status":"closed","template":"","meta":{"_acf_changed":false,"footnotes":""},"acf":[],"yoast_head":"<!-- This site is optimized with the Yoast SEO plugin v22.5 - https:\/\/yoast.com\/wordpress\/plugins\/seo\/ -->\n<title>\u00d3rganos de Gobierno - Fundaci\u00f3 Ram\u00f3n Mart\u00ed i Bonet<\/title>\n<meta name=\"description\" content=\"Oferim assist\u00e8ncia oftalmol\u00f2gica i \u00f2ptica, per tenir una bona salut visual en persones en situaci\u00f3 de vulnerabilitat.\" \/>\n<meta name=\"robots\" content=\"index, follow, max-snippet:-1, max-image-preview:large, max-video-preview:-1\" \/>\n<link rel=\"canonical\" href=\"https:\/\/fundacioramonmartibonet.org\/es\/que-hacemos\/\" \/>\n<meta property=\"og:locale\" content=\"es_ES\" \/>\n<meta property=\"og:type\" content=\"article\" \/>\n<meta property=\"og:title\" content=\"\u00d3rganos de Gobierno - Fundaci\u00f3 Ram\u00f3n Mart\u00ed i Bonet\" \/>\n<meta property=\"og:description\" content=\"Oferim assist\u00e8ncia oftalmol\u00f2gica i \u00f2ptica, per tenir una bona salut visual en persones en situaci\u00f3 de vulnerabilitat.\" \/>\n<meta property=\"og:url\" content=\"https:\/\/fundacioramonmartibonet.org\/es\/que-hacemos\/\" \/>\n<meta property=\"og:site_name\" content=\"Fundaci\u00f3 Ram\u00f3n Mart\u00ed i Bonet\" \/>\n<meta property=\"article:publisher\" content=\"https:\/\/www.facebook.com\/FundacioRamonMartiBonet\" \/>\n<meta property=\"article:modified_time\" content=\"2025-07-16T09:31:41+00:00\" \/>\n<meta property=\"og:image\" content=\"https:\/\/fundacioramonmartibonet.org\/wp-content\/uploads\/2023\/07\/banner-fundacio-scaled-1.jpg\" \/>\n<meta name=\"twitter:card\" content=\"summary_large_image\" \/>\n<meta name=\"twitter:site\" content=\"@FundacioRMB\" \/>\n<script type=\"application\/ld+json\" class=\"yoast-schema-graph\">{\"@context\":\"https:\/\/schema.org\",\"@graph\":[{\"@type\":\"WebPage\",\"@id\":\"https:\/\/fundacioramonmartibonet.org\/es\/que-hacemos\/\",\"url\":\"https:\/\/fundacioramonmartibonet.org\/es\/que-hacemos\/\",\"name\":\"\u00d3rganos de Gobierno - Fundaci\u00f3 Ram\u00f3n Mart\u00ed i Bonet\",\"isPartOf\":{\"@id\":\"https:\/\/fundacioramonmartibonet.org\/es\/#website\"},\"primaryImageOfPage\":{\"@id\":\"https:\/\/fundacioramonmartibonet.org\/es\/que-hacemos\/#primaryimage\"},\"image\":{\"@id\":\"https:\/\/fundacioramonmartibonet.org\/es\/que-hacemos\/#primaryimage\"},\"thumbnailUrl\":\"https:\/\/fundacioramonmartibonet.org\/wp-content\/uploads\/2023\/07\/banner-fundacio-scaled-1.jpg\",\"datePublished\":\"2023-06-07T15:38:42+00:00\",\"dateModified\":\"2025-07-16T09:31:41+00:00\",\"description\":\"Oferim assist\u00e8ncia oftalmol\u00f2gica i \u00f2ptica, per tenir una bona salut visual en persones en situaci\u00f3 de vulnerabilitat.\",\"breadcrumb\":{\"@id\":\"https:\/\/fundacioramonmartibonet.org\/es\/que-hacemos\/#breadcrumb\"},\"inLanguage\":\"es\",\"potentialAction\":[{\"@type\":\"ReadAction\",\"target\":[\"https:\/\/fundacioramonmartibonet.org\/es\/que-hacemos\/\"]}]},{\"@type\":\"ImageObject\",\"inLanguage\":\"es\",\"@id\":\"https:\/\/fundacioramonmartibonet.org\/es\/que-hacemos\/#primaryimage\",\"url\":\"https:\/\/fundacioramonmartibonet.org\/wp-content\/uploads\/2023\/07\/banner-fundacio-scaled-1.jpg\",\"contentUrl\":\"https:\/\/fundacioramonmartibonet.org\/wp-content\/uploads\/2023\/07\/banner-fundacio-scaled-1.jpg\"},{\"@type\":\"BreadcrumbList\",\"@id\":\"https:\/\/fundacioramonmartibonet.org\/es\/que-hacemos\/#breadcrumb\",\"itemListElement\":[{\"@type\":\"ListItem\",\"position\":1,\"name\":\"Home\",\"item\":\"https:\/\/fundacioramonmartibonet.org\/es\/\"},{\"@type\":\"ListItem\",\"position\":2,\"name\":\"\u00d3rganos de Gobierno\"}]},{\"@type\":\"WebSite\",\"@id\":\"https:\/\/fundacioramonmartibonet.org\/es\/#website\",\"url\":\"https:\/\/fundacioramonmartibonet.org\/es\/\",\"name\":\"Fundaci\u00f3 Ramon Mart\u00ed i Bonet\",\"description\":\"Visi\u00f3 per a tothom\",\"publisher\":{\"@id\":\"https:\/\/fundacioramonmartibonet.org\/es\/#organization\"},\"alternateName\":\"FRMB\",\"potentialAction\":[{\"@type\":\"SearchAction\",\"target\":{\"@type\":\"EntryPoint\",\"urlTemplate\":\"https:\/\/fundacioramonmartibonet.org\/es\/?s={search_term_string}\"},\"query-input\":\"required name=search_term_string\"}],\"inLanguage\":\"es\"},{\"@type\":\"Organization\",\"@id\":\"https:\/\/fundacioramonmartibonet.org\/es\/#organization\",\"name\":\"Fundaci\u00f3 Ramon Mart\u00ed i Bonet\",\"alternateName\":\"FRMB\",\"url\":\"https:\/\/fundacioramonmartibonet.org\/es\/\",\"logo\":{\"@type\":\"ImageObject\",\"inLanguage\":\"es\",\"@id\":\"https:\/\/fundacioramonmartibonet.org\/es\/#\/schema\/logo\/image\/\",\"url\":\"https:\/\/fundacioramonmartibonet.org\/wp-content\/uploads\/2023\/06\/frmb.svg\",\"contentUrl\":\"https:\/\/fundacioramonmartibonet.org\/wp-content\/uploads\/2023\/06\/frmb.svg\",\"width\":900,\"height\":280,\"caption\":\"Fundaci\u00f3 Ramon Mart\u00ed i Bonet\"},\"image\":{\"@id\":\"https:\/\/fundacioramonmartibonet.org\/es\/#\/schema\/logo\/image\/\"},\"sameAs\":[\"https:\/\/www.facebook.com\/FundacioRamonMartiBonet\",\"https:\/\/x.com\/FundacioRMB\",\"https:\/\/www.youtube.com\/channel\/UCNyN8HH4tz3ybIBubLBiSog\",\"https:\/\/www.instagram.com\/fundaciormb\/\",\"https:\/\/www.linkedin.com\/company\/fundacio-ramon-marto-i-bonet-contra-la-ceguera\/\"]}]}<\/script>\n<!-- \/ Yoast SEO plugin. -->","yoast_head_json":{"title":"\u00d3rganos de Gobierno - Fundaci\u00f3 Ram\u00f3n Mart\u00ed i Bonet","description":"Oferim assist\u00e8ncia oftalmol\u00f2gica i \u00f2ptica, per tenir una bona salut visual en persones en situaci\u00f3 de vulnerabilitat.","robots":{"index":"index","follow":"follow","max-snippet":"max-snippet:-1","max-image-preview":"max-image-preview:large","max-video-preview":"max-video-preview:-1"},"canonical":"https:\/\/fundacioramonmartibonet.org\/es\/que-hacemos\/","og_locale":"es_ES","og_type":"article","og_title":"\u00d3rganos de Gobierno - Fundaci\u00f3 Ram\u00f3n Mart\u00ed i Bonet","og_description":"Oferim assist\u00e8ncia oftalmol\u00f2gica i \u00f2ptica, per tenir una bona salut visual en persones en situaci\u00f3 de vulnerabilitat.","og_url":"https:\/\/fundacioramonmartibonet.org\/es\/que-hacemos\/","og_site_name":"Fundaci\u00f3 Ram\u00f3n Mart\u00ed i Bonet","article_publisher":"https:\/\/www.facebook.com\/FundacioRamonMartiBonet","article_modified_time":"2025-07-16T09:31:41+00:00","og_image":[{"url":"https:\/\/fundacioramonmartibonet.org\/wp-content\/uploads\/2023\/07\/banner-fundacio-scaled-1.jpg"}],"twitter_card":"summary_large_image","twitter_site":"@FundacioRMB","schema":{"@context":"https:\/\/schema.org","@graph":[{"@type":"WebPage","@id":"https:\/\/fundacioramonmartibonet.org\/es\/que-hacemos\/","url":"https:\/\/fundacioramonmartibonet.org\/es\/que-hacemos\/","name":"\u00d3rganos de Gobierno - Fundaci\u00f3 Ram\u00f3n Mart\u00ed i Bonet","isPartOf":{"@id":"https:\/\/fundacioramonmartibonet.org\/es\/#website"},"primaryImageOfPage":{"@id":"https:\/\/fundacioramonmartibonet.org\/es\/que-hacemos\/#primaryimage"},"image":{"@id":"https:\/\/fundacioramonmartibonet.org\/es\/que-hacemos\/#primaryimage"},"thumbnailUrl":"https:\/\/fundacioramonmartibonet.org\/wp-content\/uploads\/2023\/07\/banner-fundacio-scaled-1.jpg","datePublished":"2023-06-07T15:38:42+00:00","dateModified":"2025-07-16T09:31:41+00:00","description":"Oferim assist\u00e8ncia oftalmol\u00f2gica i \u00f2ptica, per tenir una bona salut visual en persones en situaci\u00f3 de vulnerabilitat.","breadcrumb":{"@id":"https:\/\/fundacioramonmartibonet.org\/es\/que-hacemos\/#breadcrumb"},"inLanguage":"es","potentialAction":[{"@type":"ReadAction","target":["https:\/\/fundacioramonmartibonet.org\/es\/que-hacemos\/"]}]},{"@type":"ImageObject","inLanguage":"es","@id":"https:\/\/fundacioramonmartibonet.org\/es\/que-hacemos\/#primaryimage","url":"https:\/\/fundacioramonmartibonet.org\/wp-content\/uploads\/2023\/07\/banner-fundacio-scaled-1.jpg","contentUrl":"https:\/\/fundacioramonmartibonet.org\/wp-content\/uploads\/2023\/07\/banner-fundacio-scaled-1.jpg"},{"@type":"BreadcrumbList","@id":"https:\/\/fundacioramonmartibonet.org\/es\/que-hacemos\/#breadcrumb","itemListElement":[{"@type":"ListItem","position":1,"name":"Home","item":"https:\/\/fundacioramonmartibonet.org\/es\/"},{"@type":"ListItem","position":2,"name":"\u00d3rganos de Gobierno"}]},{"@type":"WebSite","@id":"https:\/\/fundacioramonmartibonet.org\/es\/#website","url":"https:\/\/fundacioramonmartibonet.org\/es\/","name":"Fundaci\u00f3 Ramon Mart\u00ed i Bonet","description":"Visi\u00f3 per a tothom","publisher":{"@id":"https:\/\/fundacioramonmartibonet.org\/es\/#organization"},"alternateName":"FRMB","potentialAction":[{"@type":"SearchAction","target":{"@type":"EntryPoint","urlTemplate":"https:\/\/fundacioramonmartibonet.org\/es\/?s={search_term_string}"},"query-input":"required name=search_term_string"}],"inLanguage":"es"},{"@type":"Organization","@id":"https:\/\/fundacioramonmartibonet.org\/es\/#organization","name":"Fundaci\u00f3 Ramon Mart\u00ed i Bonet","alternateName":"FRMB","url":"https:\/\/fundacioramonmartibonet.org\/es\/","logo":{"@type":"ImageObject","inLanguage":"es","@id":"https:\/\/fundacioramonmartibonet.org\/es\/#\/schema\/logo\/image\/","url":"https:\/\/fundacioramonmartibonet.org\/wp-content\/uploads\/2023\/06\/frmb.svg","contentUrl":"https:\/\/fundacioramonmartibonet.org\/wp-content\/uploads\/2023\/06\/frmb.svg","width":900,"height":280,"caption":"Fundaci\u00f3 Ramon Mart\u00ed i Bonet"},"image":{"@id":"https:\/\/fundacioramonmartibonet.org\/es\/#\/schema\/logo\/image\/"},"sameAs":["https:\/\/www.facebook.com\/FundacioRamonMartiBonet","https:\/\/x.com\/FundacioRMB","https:\/\/www.youtube.com\/channel\/UCNyN8HH4tz3ybIBubLBiSog","https:\/\/www.instagram.com\/fundaciormb\/","https:\/\/www.linkedin.com\/company\/fundacio-ramon-marto-i-bonet-contra-la-ceguera\/"]}]}},"_links":{"self":[{"href":"https:\/\/fundacioramonmartibonet.org\/es\/wp-json\/wp\/v2\/pages\/1332"}],"collection":[{"href":"https:\/\/fundacioramonmartibonet.org\/es\/wp-json\/wp\/v2\/pages"}],"about":[{"href":"https:\/\/fundacioramonmartibonet.org\/es\/wp-json\/wp\/v2\/types\/page"}],"author":[{"embeddable":true,"href":"https:\/\/fundacioramonmartibonet.org\/es\/wp-json\/wp\/v2\/users\/1"}],"replies":[{"embeddable":true,"href":"https:\/\/fundacioramonmartibonet.org\/es\/wp-json\/wp\/v2\/comments?post=1332"}],"version-history":[{"count":43,"href":"https:\/\/fundacioramonmartibonet.org\/es\/wp-json\/wp\/v2\/pages\/1332\/revisions"}],"predecessor-version":[{"id":3358,"href":"https:\/\/fundacioramonmartibonet.org\/es\/wp-json\/wp\/v2\/pages\/1332\/revisions\/3358"}],"wp:attachment":[{"href":"https:\/\/fundacioramonmartibonet.org\/es\/wp-json\/wp\/v2\/media?parent=1332"}],"curies":[{"name":"wp","href":"https:\/\/api.w.org\/{rel}","templated":true}]}}