{"id":1328,"date":"2023-07-31T08:46:02","date_gmt":"2023-07-31T08:46:02","guid":{"rendered":"https:\/\/fundacioramonmartibonet.org\/historia\/"},"modified":"2025-07-16T09:31:41","modified_gmt":"2025-07-16T09:31:41","slug":"historia","status":"publish","type":"page","link":"https:\/\/fundacioramonmartibonet.org\/es\/historia\/","title":{"rendered":"Historia"},"content":{"rendered":"<div\nstyle=\"padding-bottom:var(--wp--preset--spacing--40);\" class=\"iuttu-container wp-block-iuttu-container\">\n\t<div class=\"wrapper wrapper--normal\">\n\t\t\n\n<p class=\"has-text-align-left has-light-main-background-color has-background has-extra-large-font-size\" style=\"padding-top:var(--wp--preset--spacing--30);padding-right:0;padding-bottom:var(--wp--preset--spacing--30);padding-left:var(--wp--preset--spacing--80)\">Dr. Ramon Mart\u00ed i Bonet, fundador.<\/p>\n\n\n\n<div class=\"wp-block-media-text is-stacked-on-mobile is-vertically-aligned-center\" style=\"padding-right:0;padding-left:0;grid-template-columns:38% auto\"><figure class=\"wp-block-media-text__media\"><img loading=\"lazy\" decoding=\"async\" width=\"473\" height=\"654\" src=\"https:\/\/fundacioramonmartibonet.org\/wp-content\/uploads\/2024\/07\/dr.-marti-ok-3.jpg\" alt=\"\" class=\"wp-image-2927 size-full\" srcset=\"https:\/\/fundacioramonmartibonet.org\/wp-content\/uploads\/2024\/07\/dr.-marti-ok-3.jpg 473w, https:\/\/fundacioramonmartibonet.org\/wp-content\/uploads\/2024\/07\/dr.-marti-ok-3-217x300.jpg 217w\" sizes=\"(max-width: 473px) 100vw, 473px\" \/><\/figure><div class=\"wp-block-media-text__content\">\n<p>El doctor Ramon Mart\u00ed i Bonet fue un prestigioso oftalm\u00f3logo, especialista en retina y v\u00edtreo, que dedic\u00f3 su vida a trabajar de manera incansable para la prevenci\u00f3n, el diagn\u00f3stico y el control de las enfermedades oculares. Fund\u00f3 en Barcelona el centro oftalmol\u00f3gico y quir\u00fargico el Institut Catal\u00e0 de Retina.<\/p>\n\n\n\n<p>El a\u00f1o 2008 y fruto de su firme compromiso social y solidario, cre\u00f3 y presidi\u00f3 la&nbsp;<strong><a href=\"https:\/\/fundacioramonmartibonet.org\/es\/\">Fundaci\u00f3 Ramon Mart\u00ed i Bonet<\/a>&nbsp;contra la ceguera <\/strong>para ofrecer asistencia oftalmol\u00f3gica a personas en situaci\u00f3n de vulnerabilidad para mejorar la salud visual y sus perspectivas de futuro. Tanto a nivel local, con el proyecto \u201cVisi\u00f3n para todo el mundo en Catalu\u00f1a\u201d, como internacional, con proyectos en el Chad, en el Per\u00fa, en India, etc. donde adem\u00e1s de ofrecer servicio de oftalmolog\u00eda, tambi\u00e9n se forman profesionales locales y se dotan los quir\u00f3fanos y toda la equipaci\u00f3n necesaria con el objetivo que alg\u00fan d\u00eda puedan ser aut\u00f3nomos.<\/p>\n\n\n\n<p>El objetivo fundamental de los proyectos de la Fundaci\u00f3n es el de trabajar por el derecho a la salud, que constituye uno de los Objetivos Fundamentales del Desarrollo Sostenible (ODS) establecidos por las Naciones Unidas. Se vela para mejorar la visi\u00f3n de las personas que m\u00e1s lo necesitan, de forma que&nbsp;se mejoren tambi\u00e9n sus oportunidades y perspectivas de futuro. Desde los inicios de la Fundaci\u00f3n, el Dr. Mart\u00ed impuls\u00f3 acuerdos con numerosas entidades sociales para llevar m\u00e1s lejos los objetivos y valores de la Fundaci\u00f3n.<\/p>\n\n\n\n<p>El Dr. Mart\u00ed nos dej\u00f3 en 2021. Le recordaremos siempre como una persona pr\u00f3xima, alegre, apasionada, inteligente, de firmes principios, trabajadora y comprometida. Era tambi\u00e9n una persona generosa, dispuesta siempre a ayudar a los otros, que cre\u00eda en un mundo mejor, m\u00e1s igualitario y que dedic\u00f3 una parte importante de su vida a conseguirlo.<\/p>\n<\/div><\/div>\n\n\n\t<\/div>\n<\/div>\n\n\n<div\nstyle=\"padding-bottom:var(--wp--preset--spacing--40);\" class=\"iuttu-container wp-block-iuttu-container\">\n\t<div class=\"wrapper wrapper--normal\">\n\t\t\n\n<p class=\"has-text-align-left has-light-main-background-color has-background has-extra-large-font-size\" style=\"padding-top:14px;padding-bottom:14px\">Trayectoria<\/p>\n\n\n\n<div class=\"wp-block-media-text has-media-on-the-right is-stacked-on-mobile\" style=\"grid-template-columns:auto 36%\"><div class=\"wp-block-media-text__content\">\n<p class=\"has-medium-font-size\">La Fundaci\u00f3n Ramon Mart\u00ed i Bonet inici\u00f3 su actividad en cooperaci\u00f3n internacional en 2008, a Anantapur (India), en colaboraci\u00f3n con la Fundaci\u00f3n Vicente Ferrer. Inicialmente, se aport\u00f3 equipos y material quir\u00fargico, montando as\u00ed una consulta y un quir\u00f3fano para mejorar el servicio de oftalmolog\u00eda del Hospital de Bathalapalli.<\/p>\n\n\n\n<p class=\"has-medium-font-size\">Entre el 2009 y el 2017, profesionales voluntarios consiguieron que se pudieran llevar a cabo m\u00e1s de 3.000 cirug\u00edas. Finalmente, el 2017 se logr\u00f3 el objetivo marcado: el servicio de oftalmolog\u00eda funcionaba de manera aut\u00f3noma con oftalm\u00f3logos y personal local que hab\u00edan sido formados por voluntarios de la Fundaci\u00f3n Ramon Mart\u00ed i Bonet.<\/p>\n<\/div><figure class=\"wp-block-media-text__media\"><img loading=\"lazy\" decoding=\"async\" width=\"458\" height=\"305\" src=\"https:\/\/fundacioramonmartibonet.org\/wp-content\/uploads\/2023\/06\/fundacio-02.png\" alt=\"\" class=\"wp-image-48 size-full\"\/><\/figure><\/div>\n\n\n\n<div class=\"wp-block-media-text has-media-on-the-right is-stacked-on-mobile\" style=\"grid-template-columns:auto 36%\"><div class=\"wp-block-media-text__content\">\n<p>Paralelamente, el 2007 naci\u00f3 un segundo proyecto en India, Early Intervention, para la detecci\u00f3n y atenci\u00f3n temprana de la ceguera infantil, de la mano de la psic\u00f3loga Merc\u00e8 Leonhardt, voluntaria de la Fundaci\u00f3n Ramon Mart\u00ed i Bonet y especialista en la atenci\u00f3n temprana de enfermedades, en beb\u00e9s y ni\u00f1os hasta los 3 a\u00f1os.<\/p>\n\n\n\n<p>Desde el principio del proyecto, este programa ha conseguido reducir la cifra de ceguera infantil un 32% en esta regi\u00f3n. Todav\u00eda ahora, un equipo multidisciplinario de la Fundaci\u00f3n se desplaza, una vez al a\u00f1o, en India para continuar formando a profesionales locales y nuevos formadores.<\/p>\n<\/div><figure class=\"wp-block-media-text__media\"><img loading=\"lazy\" decoding=\"async\" width=\"449\" height=\"337\" src=\"https:\/\/fundacioramonmartibonet.org\/wp-content\/uploads\/2023\/06\/fundacio-01.png\" alt=\"\" class=\"wp-image-46 size-full\"\/><\/figure><\/div>\n\n\n\n<div class=\"wp-block-media-text has-media-on-the-right is-stacked-on-mobile\" style=\"grid-template-columns:auto 36%\"><div class=\"wp-block-media-text__content\">\n<p>A ra\u00edz de la crisis europea del 2008, se observa que, en nuestra casa, parte de la poblaci\u00f3n tiene dificultades econ\u00f3micas para poder disfrutar de una buena salud visual. Es a partir del 2012 que el Dr. Ramon Mart\u00ed i Bonet, creador de la Fundaci\u00f3n que lleva su nombre, decide emprender un proyecto local, denominado Visi\u00f3n para Todo el mundo en Catalu\u00f1a.<br>Este nace con la voluntad de ofrecer asistencia \u00f3ptica y oftalmol\u00f3gica a personas en situaci\u00f3n de vulnerabilidad que favorezca la igualdad de oportunidades. A\u00f1o tras a\u00f1o, ha ido creciendo el n\u00famero de personas atendidas y las ojeras proporcionadas a una tarifa social para personas en situaci\u00f3n de riesgo de exclusi\u00f3n que viven cerca de nosotros.<\/p>\n<\/div><figure class=\"wp-block-media-text__media\"><img loading=\"lazy\" decoding=\"async\" width=\"1024\" height=\"683\" src=\"https:\/\/fundacioramonmartibonet.org\/wp-content\/uploads\/2023\/10\/AC_A9369-1024x683.jpg\" alt=\"\" class=\"wp-image-1035 size-full\" srcset=\"https:\/\/fundacioramonmartibonet.org\/wp-content\/uploads\/2023\/10\/AC_A9369-1024x683.jpg 1024w, https:\/\/fundacioramonmartibonet.org\/wp-content\/uploads\/2023\/10\/AC_A9369-300x200.jpg 300w, https:\/\/fundacioramonmartibonet.org\/wp-content\/uploads\/2023\/10\/AC_A9369-768x512.jpg 768w, https:\/\/fundacioramonmartibonet.org\/wp-content\/uploads\/2023\/10\/AC_A9369-1536x1024.jpg 1536w, https:\/\/fundacioramonmartibonet.org\/wp-content\/uploads\/2023\/10\/AC_A9369-2048x1365.jpg 2048w\" sizes=\"(max-width: 1024px) 100vw, 1024px\" \/><\/figure><\/div>\n\n\n\n<div class=\"wp-block-media-text has-media-on-the-right is-stacked-on-mobile\" style=\"grid-template-columns:auto 36%\"><div class=\"wp-block-media-text__content\">\n<p class=\"has-medium-font-size\">El 2013 se inicia un nuevo proyecto de cooperaci\u00f3n a Huamachuco (Per\u00fa), siempre contando con la contraparte local, en este caso, la Asociaci\u00f3n Alegr\u00eda y Esperanza para los ni\u00f1os. La actividad a Huamachuco se ha ido desarrollando gracias al trabajo conjunto de los profesionales locales y de los cooperantes, la formaci\u00f3n del personal local y la donaci\u00f3n de equipos. El 2023 se lleg\u00f3 al objetivo de autonom\u00eda, en este caso, integrando el servicio de oftalmolog\u00eda creado por la Fundaci\u00f3n al servicio nacional de salud p\u00fablica.<\/p>\n<\/div><figure class=\"wp-block-media-text__media\"><img loading=\"lazy\" decoding=\"async\" width=\"433\" height=\"289\" src=\"https:\/\/fundacioramonmartibonet.org\/wp-content\/uploads\/2023\/06\/fundacio-04.png\" alt=\"\" class=\"wp-image-51 size-full\"\/><\/figure><\/div>\n\n\n\n<div class=\"wp-block-media-text alignwide has-media-on-the-right is-stacked-on-mobile is-vertically-aligned-center\" style=\"grid-template-columns:auto 36%\"><div class=\"wp-block-media-text__content\">\n<p>Al mismo tiempo, en septiembre de 2013, se realiz\u00f3 la primera expedici\u00f3n de la Fundaci\u00f3n a Ucrania y se establece, el Proyecto Visi\u00f3n para todo el mundo en Ucrania, en colaboraci\u00f3n con la Asociaci\u00f3n Tanu (Terrassa Ayuda a los Ni\u00f1os de Ucrania) y diferentes instituciones p\u00fablicas locales de las regiones de Kiev y Dnipropetrovske.<\/p>\n<\/div><figure class=\"wp-block-media-text__media\"><img loading=\"lazy\" decoding=\"async\" width=\"404\" height=\"303\" src=\"https:\/\/fundacioramonmartibonet.org\/wp-content\/uploads\/2023\/06\/fundacio-05.png\" alt=\"\" class=\"wp-image-53 size-full\"\/><\/figure><\/div>\n\n\n\n<div class=\"wp-block-media-text alignwide has-media-on-the-right is-stacked-on-mobile is-vertically-aligned-center\" style=\"grid-template-columns:auto 36%\"><div class=\"wp-block-media-text__content\">\n<p>En el proyecto de cooperaci\u00f3n a Camoapa (Nicaragua), el 2014 se consigui\u00f3 integrar el servicio de oftalmolog\u00eda que hab\u00eda dotado la Fundaci\u00f3n dentro del hospital p\u00fablico, creando as\u00ed el segundo servicio de oftalmolog\u00eda p\u00fablico de todo Nicaragua. <\/p>\n\n\n\n<p>Despu\u00e9s de estos a\u00f1os, podemos decir que los tres servicios de oftalmolog\u00eda en India, Per\u00fa y Nicaragua funcionan de forma aut\u00f3noma con profesionales locales, ofreciendo un servicio de calidad en su poblaci\u00f3n.<\/p>\n<\/div><figure class=\"wp-block-media-text__media\"><img loading=\"lazy\" decoding=\"async\" width=\"490\" height=\"368\" src=\"https:\/\/fundacioramonmartibonet.org\/wp-content\/uploads\/2023\/06\/fundacio-06.png\" alt=\"\" class=\"wp-image-55 size-full\"\/><\/figure><\/div>\n\n\n\n<div class=\"wp-block-media-text alignwide has-media-on-the-right is-stacked-on-mobile is-vertically-aligned-center\" style=\"grid-template-columns:auto 33%\"><div class=\"wp-block-media-text__content\">\n<p>Actualmente, el proyecto de cooperaci\u00f3n internacional m\u00e1s relevante de la Fundaci\u00f3n Ramon Mart\u00ed i Bonet se encuentra en el Chad. &nbsp;<\/p>\n\n\n\n<p>El proyecto \u201cVisi\u00f3n para todo el mundo en el Chad, Dra. Vi\u00f1as\u201d empez\u00f3, en 2017, dotando de una consulta oftalmol\u00f3gica y un taller de \u00f3ptica en el Hospital Le Buen Samaritain. A la vez, se inici\u00f3 la formaci\u00f3n de dos enfermeros locales y el 2018 se puso en marcha el quir\u00f3fano, con el \u00fanico facoemulsificador activo de todo el pa\u00eds.<\/p>\n\n\n\n<p>A d\u00eda de hoy, la consulta de oftalmolog\u00eda y el taller de \u00f3ptica son ya una realidad en el Hospital Le Buen Samaritain, gestionados por profesionales locales y apoyados por la FRMB, a trav\u00e9s de un sistema de telemedicina.<\/p>\n<\/div><figure class=\"wp-block-media-text__media\"><img loading=\"lazy\" decoding=\"async\" width=\"464\" height=\"348\" src=\"https:\/\/fundacioramonmartibonet.org\/wp-content\/uploads\/2023\/06\/fundacio-08.png\" alt=\"\" class=\"wp-image-59 size-full\"\/><\/figure><\/div>\n\n\n\n<div class=\"wp-block-media-text alignwide has-media-on-the-right is-stacked-on-mobile is-vertically-aligned-center\" style=\"grid-template-columns:auto 33%\"><div class=\"wp-block-media-text__content\">\n<p class=\"has-medium-font-size\">A finales del 2021, la Fundaci\u00f3n Ramon Mart\u00ed i Bonet firma un convenio de colaboraci\u00f3n con el Ayuntamiento de Barcelona-Servicios Sociales, para atender a personas en situaci\u00f3n de vulnerabilidad, de la ciudad de Barcelona, que necesitan atenci\u00f3n oftalmol\u00f3gica y \u00f3ptica. <\/p>\n\n\n\n<p class=\"has-medium-font-size\">Esta colaboraci\u00f3n ha permitido hacer crecer significativamente el proyecto de Visi\u00f3n para Todo el mundo en la ciudad, promoviendo el derecho a una buena salud visual.<\/p>\n<\/div><figure class=\"wp-block-media-text__media\"><img loading=\"lazy\" decoding=\"async\" width=\"568\" height=\"379\" src=\"https:\/\/fundacioramonmartibonet.org\/wp-content\/uploads\/2023\/06\/fundacio-09.png\" alt=\"\" class=\"wp-image-61 size-full\"\/><\/figure><\/div>\n\n\n\n<div class=\"wp-block-media-text alignwide has-media-on-the-right is-stacked-on-mobile is-vertically-aligned-center\" style=\"grid-template-columns:auto 33%\"><div class=\"wp-block-media-text__content\">\n<p>Durante el a\u00f1o 2023, nuevas empresas y entidades privadas inician su colaboraci\u00f3n con la Fundaci\u00f3n Ramon Mart\u00ed i Bonet, para hacer posibles proyectos como Visi\u00f3n para todo el mundo en las Escuelas\u00a0o \u00a0Ni\u00f1os con visi\u00f3n, adultos con futuro. Continuamos trabajando para ampliar la red de empresas, tanto del sector p\u00fablico como privado, comprometidas en el derecho a una Visi\u00f3n para Todo el mundo.<\/p>\n<\/div><figure class=\"wp-block-media-text__media\"><img loading=\"lazy\" decoding=\"async\" width=\"1024\" height=\"683\" src=\"https:\/\/fundacioramonmartibonet.org\/wp-content\/uploads\/2023\/12\/IMG_2484-1024x683.jpg\" alt=\"\" class=\"wp-image-1641 size-full\"\/><\/figure><\/div>\n\n\n\t<\/div>\n<\/div>\n","protected":false},"excerpt":{"rendered":"","protected":false},"author":1,"featured_media":0,"parent":0,"menu_order":0,"comment_status":"closed","ping_status":"closed","template":"","meta":{"_acf_changed":false,"footnotes":""},"acf":[],"yoast_head":"<!-- This site is optimized with the Yoast SEO plugin v22.5 - https:\/\/yoast.com\/wordpress\/plugins\/seo\/ -->\n<title>Historia - Fundaci\u00f3 Ram\u00f3n Mart\u00ed i Bonet<\/title>\n<meta name=\"robots\" content=\"index, follow, max-snippet:-1, max-image-preview:large, max-video-preview:-1\" \/>\n<link rel=\"canonical\" href=\"https:\/\/fundacioramonmartibonet.org\/es\/historia\/\" \/>\n<meta property=\"og:locale\" content=\"es_ES\" \/>\n<meta property=\"og:type\" content=\"article\" \/>\n<meta property=\"og:title\" content=\"Historia - Fundaci\u00f3 Ram\u00f3n Mart\u00ed i Bonet\" \/>\n<meta property=\"og:url\" content=\"https:\/\/fundacioramonmartibonet.org\/es\/historia\/\" \/>\n<meta property=\"og:site_name\" content=\"Fundaci\u00f3 Ram\u00f3n Mart\u00ed i Bonet\" \/>\n<meta property=\"article:publisher\" content=\"https:\/\/www.facebook.com\/FundacioRamonMartiBonet\" \/>\n<meta property=\"article:modified_time\" content=\"2025-07-16T09:31:41+00:00\" \/>\n<meta property=\"og:image\" content=\"https:\/\/fundacioramonmartibonet.org\/wp-content\/uploads\/2024\/07\/dr.-marti-ok-3.jpg\" \/>\n<meta name=\"twitter:card\" content=\"summary_large_image\" \/>\n<meta name=\"twitter:site\" content=\"@FundacioRMB\" \/>\n<script type=\"application\/ld+json\" class=\"yoast-schema-graph\">{\"@context\":\"https:\/\/schema.org\",\"@graph\":[{\"@type\":\"WebPage\",\"@id\":\"https:\/\/fundacioramonmartibonet.org\/es\/historia\/\",\"url\":\"https:\/\/fundacioramonmartibonet.org\/es\/historia\/\",\"name\":\"Historia - Fundaci\u00f3 Ram\u00f3n Mart\u00ed i Bonet\",\"isPartOf\":{\"@id\":\"https:\/\/fundacioramonmartibonet.org\/es\/#website\"},\"primaryImageOfPage\":{\"@id\":\"https:\/\/fundacioramonmartibonet.org\/es\/historia\/#primaryimage\"},\"image\":{\"@id\":\"https:\/\/fundacioramonmartibonet.org\/es\/historia\/#primaryimage\"},\"thumbnailUrl\":\"https:\/\/fundacioramonmartibonet.org\/wp-content\/uploads\/2024\/07\/dr.-marti-ok-3.jpg\",\"datePublished\":\"2023-07-31T08:46:02+00:00\",\"dateModified\":\"2025-07-16T09:31:41+00:00\",\"breadcrumb\":{\"@id\":\"https:\/\/fundacioramonmartibonet.org\/es\/historia\/#breadcrumb\"},\"inLanguage\":\"es\",\"potentialAction\":[{\"@type\":\"ReadAction\",\"target\":[\"https:\/\/fundacioramonmartibonet.org\/es\/historia\/\"]}]},{\"@type\":\"ImageObject\",\"inLanguage\":\"es\",\"@id\":\"https:\/\/fundacioramonmartibonet.org\/es\/historia\/#primaryimage\",\"url\":\"https:\/\/fundacioramonmartibonet.org\/wp-content\/uploads\/2024\/07\/dr.-marti-ok-3.jpg\",\"contentUrl\":\"https:\/\/fundacioramonmartibonet.org\/wp-content\/uploads\/2024\/07\/dr.-marti-ok-3.jpg\"},{\"@type\":\"BreadcrumbList\",\"@id\":\"https:\/\/fundacioramonmartibonet.org\/es\/historia\/#breadcrumb\",\"itemListElement\":[{\"@type\":\"ListItem\",\"position\":1,\"name\":\"Home\",\"item\":\"https:\/\/fundacioramonmartibonet.org\/es\/\"},{\"@type\":\"ListItem\",\"position\":2,\"name\":\"Historia\"}]},{\"@type\":\"WebSite\",\"@id\":\"https:\/\/fundacioramonmartibonet.org\/es\/#website\",\"url\":\"https:\/\/fundacioramonmartibonet.org\/es\/\",\"name\":\"Fundaci\u00f3 Ramon Mart\u00ed i Bonet\",\"description\":\"Visi\u00f3 per a tothom\",\"publisher\":{\"@id\":\"https:\/\/fundacioramonmartibonet.org\/es\/#organization\"},\"alternateName\":\"FRMB\",\"potentialAction\":[{\"@type\":\"SearchAction\",\"target\":{\"@type\":\"EntryPoint\",\"urlTemplate\":\"https:\/\/fundacioramonmartibonet.org\/es\/?s={search_term_string}\"},\"query-input\":\"required name=search_term_string\"}],\"inLanguage\":\"es\"},{\"@type\":\"Organization\",\"@id\":\"https:\/\/fundacioramonmartibonet.org\/es\/#organization\",\"name\":\"Fundaci\u00f3 Ramon Mart\u00ed i Bonet\",\"alternateName\":\"FRMB\",\"url\":\"https:\/\/fundacioramonmartibonet.org\/es\/\",\"logo\":{\"@type\":\"ImageObject\",\"inLanguage\":\"es\",\"@id\":\"https:\/\/fundacioramonmartibonet.org\/es\/#\/schema\/logo\/image\/\",\"url\":\"https:\/\/fundacioramonmartibonet.org\/wp-content\/uploads\/2023\/06\/frmb.svg\",\"contentUrl\":\"https:\/\/fundacioramonmartibonet.org\/wp-content\/uploads\/2023\/06\/frmb.svg\",\"width\":900,\"height\":280,\"caption\":\"Fundaci\u00f3 Ramon Mart\u00ed i Bonet\"},\"image\":{\"@id\":\"https:\/\/fundacioramonmartibonet.org\/es\/#\/schema\/logo\/image\/\"},\"sameAs\":[\"https:\/\/www.facebook.com\/FundacioRamonMartiBonet\",\"https:\/\/x.com\/FundacioRMB\",\"https:\/\/www.youtube.com\/channel\/UCNyN8HH4tz3ybIBubLBiSog\",\"https:\/\/www.instagram.com\/fundaciormb\/\",\"https:\/\/www.linkedin.com\/company\/fundacio-ramon-marto-i-bonet-contra-la-ceguera\/\"]}]}<\/script>\n<!-- \/ Yoast SEO plugin. -->","yoast_head_json":{"title":"Historia - Fundaci\u00f3 Ram\u00f3n Mart\u00ed i Bonet","robots":{"index":"index","follow":"follow","max-snippet":"max-snippet:-1","max-image-preview":"max-image-preview:large","max-video-preview":"max-video-preview:-1"},"canonical":"https:\/\/fundacioramonmartibonet.org\/es\/historia\/","og_locale":"es_ES","og_type":"article","og_title":"Historia - Fundaci\u00f3 Ram\u00f3n Mart\u00ed i Bonet","og_url":"https:\/\/fundacioramonmartibonet.org\/es\/historia\/","og_site_name":"Fundaci\u00f3 Ram\u00f3n Mart\u00ed i Bonet","article_publisher":"https:\/\/www.facebook.com\/FundacioRamonMartiBonet","article_modified_time":"2025-07-16T09:31:41+00:00","og_image":[{"url":"https:\/\/fundacioramonmartibonet.org\/wp-content\/uploads\/2024\/07\/dr.-marti-ok-3.jpg"}],"twitter_card":"summary_large_image","twitter_site":"@FundacioRMB","schema":{"@context":"https:\/\/schema.org","@graph":[{"@type":"WebPage","@id":"https:\/\/fundacioramonmartibonet.org\/es\/historia\/","url":"https:\/\/fundacioramonmartibonet.org\/es\/historia\/","name":"Historia - Fundaci\u00f3 Ram\u00f3n Mart\u00ed i Bonet","isPartOf":{"@id":"https:\/\/fundacioramonmartibonet.org\/es\/#website"},"primaryImageOfPage":{"@id":"https:\/\/fundacioramonmartibonet.org\/es\/historia\/#primaryimage"},"image":{"@id":"https:\/\/fundacioramonmartibonet.org\/es\/historia\/#primaryimage"},"thumbnailUrl":"https:\/\/fundacioramonmartibonet.org\/wp-content\/uploads\/2024\/07\/dr.-marti-ok-3.jpg","datePublished":"2023-07-31T08:46:02+00:00","dateModified":"2025-07-16T09:31:41+00:00","breadcrumb":{"@id":"https:\/\/fundacioramonmartibonet.org\/es\/historia\/#breadcrumb"},"inLanguage":"es","potentialAction":[{"@type":"ReadAction","target":["https:\/\/fundacioramonmartibonet.org\/es\/historia\/"]}]},{"@type":"ImageObject","inLanguage":"es","@id":"https:\/\/fundacioramonmartibonet.org\/es\/historia\/#primaryimage","url":"https:\/\/fundacioramonmartibonet.org\/wp-content\/uploads\/2024\/07\/dr.-marti-ok-3.jpg","contentUrl":"https:\/\/fundacioramonmartibonet.org\/wp-content\/uploads\/2024\/07\/dr.-marti-ok-3.jpg"},{"@type":"BreadcrumbList","@id":"https:\/\/fundacioramonmartibonet.org\/es\/historia\/#breadcrumb","itemListElement":[{"@type":"ListItem","position":1,"name":"Home","item":"https:\/\/fundacioramonmartibonet.org\/es\/"},{"@type":"ListItem","position":2,"name":"Historia"}]},{"@type":"WebSite","@id":"https:\/\/fundacioramonmartibonet.org\/es\/#website","url":"https:\/\/fundacioramonmartibonet.org\/es\/","name":"Fundaci\u00f3 Ramon Mart\u00ed i Bonet","description":"Visi\u00f3 per a tothom","publisher":{"@id":"https:\/\/fundacioramonmartibonet.org\/es\/#organization"},"alternateName":"FRMB","potentialAction":[{"@type":"SearchAction","target":{"@type":"EntryPoint","urlTemplate":"https:\/\/fundacioramonmartibonet.org\/es\/?s={search_term_string}"},"query-input":"required name=search_term_string"}],"inLanguage":"es"},{"@type":"Organization","@id":"https:\/\/fundacioramonmartibonet.org\/es\/#organization","name":"Fundaci\u00f3 Ramon Mart\u00ed i Bonet","alternateName":"FRMB","url":"https:\/\/fundacioramonmartibonet.org\/es\/","logo":{"@type":"ImageObject","inLanguage":"es","@id":"https:\/\/fundacioramonmartibonet.org\/es\/#\/schema\/logo\/image\/","url":"https:\/\/fundacioramonmartibonet.org\/wp-content\/uploads\/2023\/06\/frmb.svg","contentUrl":"https:\/\/fundacioramonmartibonet.org\/wp-content\/uploads\/2023\/06\/frmb.svg","width":900,"height":280,"caption":"Fundaci\u00f3 Ramon Mart\u00ed i Bonet"},"image":{"@id":"https:\/\/fundacioramonmartibonet.org\/es\/#\/schema\/logo\/image\/"},"sameAs":["https:\/\/www.facebook.com\/FundacioRamonMartiBonet","https:\/\/x.com\/FundacioRMB","https:\/\/www.youtube.com\/channel\/UCNyN8HH4tz3ybIBubLBiSog","https:\/\/www.instagram.com\/fundaciormb\/","https:\/\/www.linkedin.com\/company\/fundacio-ramon-marto-i-bonet-contra-la-ceguera\/"]}]}},"_links":{"self":[{"href":"https:\/\/fundacioramonmartibonet.org\/es\/wp-json\/wp\/v2\/pages\/1328"}],"collection":[{"href":"https:\/\/fundacioramonmartibonet.org\/es\/wp-json\/wp\/v2\/pages"}],"about":[{"href":"https:\/\/fundacioramonmartibonet.org\/es\/wp-json\/wp\/v2\/types\/page"}],"author":[{"embeddable":true,"href":"https:\/\/fundacioramonmartibonet.org\/es\/wp-json\/wp\/v2\/users\/1"}],"replies":[{"embeddable":true,"href":"https:\/\/fundacioramonmartibonet.org\/es\/wp-json\/wp\/v2\/comments?post=1328"}],"version-history":[{"count":19,"href":"https:\/\/fundacioramonmartibonet.org\/es\/wp-json\/wp\/v2\/pages\/1328\/revisions"}],"predecessor-version":[{"id":3805,"href":"https:\/\/fundacioramonmartibonet.org\/es\/wp-json\/wp\/v2\/pages\/1328\/revisions\/3805"}],"wp:attachment":[{"href":"https:\/\/fundacioramonmartibonet.org\/es\/wp-json\/wp\/v2\/media?parent=1328"}],"curies":[{"name":"wp","href":"https:\/\/api.w.org\/{rel}","templated":true}]}}