{"id":1327,"date":"2023-06-15T22:31:27","date_gmt":"2023-06-15T22:31:27","guid":{"rendered":"https:\/\/fundacioramonmartibonet.org\/herencies-i-llegats\/"},"modified":"2025-07-29T06:42:21","modified_gmt":"2025-07-29T06:42:21","slug":"herencias-y-legados","status":"publish","type":"page","link":"https:\/\/fundacioramonmartibonet.org\/es\/herencias-y-legados\/","title":{"rendered":"Herencias y legados"},"content":{"rendered":"\n<div class=\"wp-block-cover is-light\" style=\"min-height:469px;aspect-ratio:unset;\"><span aria-hidden=\"true\" class=\"wp-block-cover__background has-background-dim-20 has-background-dim\" style=\"background-color:#a59e97\"><\/span><img loading=\"lazy\" decoding=\"async\" width=\"2560\" height=\"1707\" class=\"wp-block-cover__image-background wp-image-2116\" alt=\"\" src=\"https:\/\/fundacioramonmartibonet.org\/wp-content\/uploads\/2024\/06\/IMG_4368-scaled.jpg\" style=\"object-position:52% 63%\" data-object-fit=\"cover\" data-object-position=\"52% 63%\" srcset=\"https:\/\/fundacioramonmartibonet.org\/wp-content\/uploads\/2024\/06\/IMG_4368-scaled.jpg 2560w, https:\/\/fundacioramonmartibonet.org\/wp-content\/uploads\/2024\/06\/IMG_4368-300x200.jpg 300w, https:\/\/fundacioramonmartibonet.org\/wp-content\/uploads\/2024\/06\/IMG_4368-1024x683.jpg 1024w, https:\/\/fundacioramonmartibonet.org\/wp-content\/uploads\/2024\/06\/IMG_4368-768x512.jpg 768w, https:\/\/fundacioramonmartibonet.org\/wp-content\/uploads\/2024\/06\/IMG_4368-1536x1024.jpg 1536w, https:\/\/fundacioramonmartibonet.org\/wp-content\/uploads\/2024\/06\/IMG_4368-2048x1365.jpg 2048w\" sizes=\"(max-width: 2560px) 100vw, 2560px\" \/><div class=\"wp-block-cover__inner-container is-layout-constrained wp-block-cover-is-layout-constrained\">\n<p class=\"has-text-align-center has-large-font-size\"><\/p>\n<\/div><\/div>\n\n\n\n<div class=\"wp-block-group is-vertical is-content-justification-center is-layout-flex wp-container-core-group-is-layout-2 wp-block-group-is-layout-flex\">\n<div class=\"wp-block-group\" style=\"padding-top:0;padding-bottom:0\"><div class=\"wp-block-group__inner-container is-layout-constrained wp-block-group-is-layout-constrained\"><div\nstyle=\"padding-bottom:var(--wp--preset--spacing--40);\" class=\"iuttu-container wp-block-iuttu-container\">\n\t<div class=\"wrapper wrapper--medium\">\n\t\t\n\n<p class=\"has-light-main-background-color has-background has-extra-large-font-size\" style=\"padding-top:var(--wp--preset--spacing--20);padding-right:var(--wp--preset--spacing--30);padding-bottom:var(--wp--preset--spacing--20);padding-left:var(--wp--preset--spacing--30)\">Herencias y legados<\/p>\n\n\n\n<p><strong>\u00bfQU\u00c9 ES UN TESTAMENTO SOLIDARIO?<\/strong><br>Se trata de incluir en tu testamento a una o varias ONG, ya sea dejando una parte de tu patrimonio, o bien concreto (legado), sea del valor que sea y sin perjudicar en ning\u00fan caso a tus herederos leg\u00edtimos.<br><br>Sin embargo, no es imprescindible, pero conviene notificar a la Fundaci\u00f3n la voluntad expresada en el testamento.<\/p>\n\n\n\n<p class=\"has-main-color has-text-color\">Si necessita m\u00e1s informaci\u00f3n rellena el formulario:<\/p>\n\n\n\t<\/div>\n<\/div>\n<\/div><\/div>\n<\/div>\n\n\n<div\nstyle=\"padding-bottom:var(--wp--preset--spacing--40);\" class=\"iuttu-container wp-block-iuttu-container\">\n\t<div class=\"wrapper wrapper--medium\">\n\t\t\n\n<div class=\"wp-block-contact-form-7-contact-form-selector\">\n<div class=\"wpcf7 no-js\" id=\"wpcf7-f4146-o1\" lang=\"es-ES\" dir=\"ltr\">\n<div class=\"screen-reader-response\"><p role=\"status\" aria-live=\"polite\" aria-atomic=\"true\"><\/p> <ul><\/ul><\/div>\n<form action=\"\/es\/wp-json\/wp\/v2\/pages\/1327#wpcf7-f4146-o1\" method=\"post\" class=\"wpcf7-form init\" aria-label=\"Formulario de contacto\" novalidate=\"novalidate\" data-status=\"init\">\n<div style=\"display: none;\">\n<input type=\"hidden\" name=\"_wpcf7\" value=\"4146\" \/>\n<input type=\"hidden\" name=\"_wpcf7_version\" value=\"5.9.3\" \/>\n<input type=\"hidden\" name=\"_wpcf7_locale\" value=\"es_ES\" \/>\n<input type=\"hidden\" name=\"_wpcf7_unit_tag\" value=\"wpcf7-f4146-o1\" \/>\n<input type=\"hidden\" name=\"_wpcf7_container_post\" value=\"0\" \/>\n<input type=\"hidden\" name=\"_wpcf7_posted_data_hash\" value=\"\" \/>\n<input type=\"hidden\" name=\"_wpcf7cf_hidden_group_fields\" value=\"[]\" \/>\n<input type=\"hidden\" name=\"_wpcf7cf_hidden_groups\" value=\"[]\" \/>\n<input type=\"hidden\" name=\"_wpcf7cf_visible_groups\" value=\"[]\" \/>\n<input type=\"hidden\" name=\"_wpcf7cf_repeaters\" value=\"[]\" \/>\n<input type=\"hidden\" name=\"_wpcf7cf_steps\" value=\"{}\" \/>\n<input type=\"hidden\" name=\"_wpcf7cf_options\" value=\"{&quot;form_id&quot;:4146,&quot;conditions&quot;:[],&quot;settings&quot;:{&quot;animation&quot;:&quot;yes&quot;,&quot;animation_intime&quot;:200,&quot;animation_outtime&quot;:200,&quot;conditions_ui&quot;:&quot;normal&quot;,&quot;notice_dismissed&quot;:false}}\" \/>\n<\/div>\n<div class=\"form-fields\">\n<div class=\"form-field form-field--name\">\n<span class=\"wpcf7-form-control-wrap\" data-name=\"form-field-name\"><input size=\"40\" class=\"wpcf7-form-control wpcf7-text wpcf7-validates-as-required\" aria-required=\"true\" aria-invalid=\"false\" placeholder=\"Nombre*\" value=\"\" type=\"text\" name=\"form-field-name\" \/><\/span>\n<\/div>\n<div class=\"form-field form-field--lastname1\">\n<span class=\"wpcf7-form-control-wrap\" data-name=\"form-field-lastname1\"><input size=\"40\" class=\"wpcf7-form-control wpcf7-text wpcf7-validates-as-required\" aria-required=\"true\" aria-invalid=\"false\" placeholder=\"Apellido*\" value=\"\" type=\"text\" name=\"form-field-lastname1\" \/><\/span>\n<\/div>\n<div class=\"form-field form-field--lastname2\">\n<span class=\"wpcf7-form-control-wrap\" data-name=\"form-field-lastname2\"><input size=\"40\" class=\"wpcf7-form-control wpcf7-text\" aria-invalid=\"false\" placeholder=\"Apellido\" value=\"\" type=\"text\" name=\"form-field-lastname2\" \/><\/span>\n<\/div>\n<div class=\"form-field form-field--phone\">\n<span class=\"wpcf7-form-control-wrap\" data-name=\"form-field-phone\"><input size=\"40\" class=\"wpcf7-form-control wpcf7-tel wpcf7-validates-as-required wpcf7-text wpcf7-validates-as-tel\" aria-required=\"true\" aria-invalid=\"false\" placeholder=\"Tel\u00e9fono*\" value=\"\" type=\"tel\" name=\"form-field-phone\" \/><\/span>\n<\/div>\n<div class=\"form-field form-field--email\">\n<span class=\"wpcf7-form-control-wrap\" data-name=\"form-field-email\"><input size=\"40\" class=\"wpcf7-form-control wpcf7-email wpcf7-validates-as-required wpcf7-text wpcf7-validates-as-email\" aria-required=\"true\" aria-invalid=\"false\" placeholder=\"Correu electr\u00f3nico*\" value=\"\" type=\"email\" name=\"form-field-email\" \/><\/span>\n<\/div>\n<div class=\"form-field form-field--message form-field--triple\">\n<span class=\"wpcf7-form-control-wrap\" data-name=\"form-field--message\"><textarea cols=\"40\" rows=\"10\" class=\"wpcf7-form-control wpcf7-textarea\" aria-invalid=\"false\" placeholder=\"Comentarios\" name=\"form-field--message\"><\/textarea><\/span>\n<\/div>\n<div class=\"form-field form-field--acceptance form-field--double\">\n<span class=\"wpcf7-form-control-wrap\" data-name=\"form-field-acceptance-privacity\"><span class=\"wpcf7-form-control wpcf7-acceptance\"><span class=\"wpcf7-list-item\"><label><input type=\"checkbox\" name=\"form-field-acceptance-privacity\" value=\"1\" aria-invalid=\"false\" \/><span class=\"wpcf7-list-item-label\">He le\u00eddo y acepto la pol\u00edtica de privacidad<\/span><\/label><\/span><\/span><\/span><br\/>\n<span class=\"wpcf7-form-control-wrap\" data-name=\"form-field-acceptance-newsltter\"><span class=\"wpcf7-form-control wpcf7-acceptance optional\"><span class=\"wpcf7-list-item\"><label><input type=\"checkbox\" name=\"form-field-acceptance-newsltter\" value=\"1\" aria-invalid=\"false\" \/><span class=\"wpcf7-list-item-label\">Deseo suscribirme a la newsletter<\/span><\/label><\/span><\/span><\/span>\n<\/div>\n<div class=\"form-field form-field--submit\">\n<input class=\"wpcf7-form-control wpcf7-submit has-spinner is-nice-button\" type=\"submit\" value=\"Enviar\" \/>\n<\/div>\n<\/div><div class=\"wpcf7-response-output\" aria-hidden=\"true\"><\/div>\n<\/form>\n<\/div>\n<\/div>\n\n\n\t<\/div>\n<\/div>\n\n\n\n<p class=\"has-text-align-center has-main-color has-text-color has-link-color wp-elements-03e307be94de28ee5cf9c4eb8c3802f8\"><a href=\"https:\/\/fundacioramonmartibonet.org\/es\/colabora\/\">Otras formas de colaborar<\/a><\/p>\n","protected":false},"excerpt":{"rendered":"<p>Otras formas de colaborar<\/p>\n","protected":false},"author":1,"featured_media":0,"parent":0,"menu_order":0,"comment_status":"closed","ping_status":"closed","template":"","meta":{"_acf_changed":false,"footnotes":""},"acf":[],"yoast_head":"<!-- This site is optimized with the Yoast SEO plugin v22.5 - https:\/\/yoast.com\/wordpress\/plugins\/seo\/ -->\n<title>Herencias y legados - Fundaci\u00f3 Ram\u00f3n Mart\u00ed i Bonet<\/title>\n<meta name=\"robots\" content=\"index, follow, max-snippet:-1, max-image-preview:large, max-video-preview:-1\" \/>\n<link rel=\"canonical\" href=\"https:\/\/fundacioramonmartibonet.org\/es\/herencias-y-legados\/\" \/>\n<meta property=\"og:locale\" content=\"es_ES\" \/>\n<meta property=\"og:type\" content=\"article\" \/>\n<meta property=\"og:title\" content=\"Herencias y legados - Fundaci\u00f3 Ram\u00f3n Mart\u00ed i Bonet\" \/>\n<meta property=\"og:description\" content=\"Otras formas de colaborar\" \/>\n<meta property=\"og:url\" content=\"https:\/\/fundacioramonmartibonet.org\/es\/herencias-y-legados\/\" \/>\n<meta property=\"og:site_name\" content=\"Fundaci\u00f3 Ram\u00f3n Mart\u00ed i Bonet\" \/>\n<meta property=\"article:publisher\" content=\"https:\/\/www.facebook.com\/FundacioRamonMartiBonet\" \/>\n<meta property=\"article:modified_time\" content=\"2025-07-29T06:42:21+00:00\" \/>\n<meta property=\"og:image\" content=\"https:\/\/fundacioramonmartibonet.org\/wp-content\/uploads\/2024\/06\/IMG_4368-scaled.jpg\" \/>\n<meta name=\"twitter:card\" content=\"summary_large_image\" \/>\n<meta name=\"twitter:site\" content=\"@FundacioRMB\" \/>\n<script type=\"application\/ld+json\" class=\"yoast-schema-graph\">{\"@context\":\"https:\/\/schema.org\",\"@graph\":[{\"@type\":\"WebPage\",\"@id\":\"https:\/\/fundacioramonmartibonet.org\/es\/herencias-y-legados\/\",\"url\":\"https:\/\/fundacioramonmartibonet.org\/es\/herencias-y-legados\/\",\"name\":\"Herencias y legados - Fundaci\u00f3 Ram\u00f3n Mart\u00ed i Bonet\",\"isPartOf\":{\"@id\":\"https:\/\/fundacioramonmartibonet.org\/es\/#website\"},\"primaryImageOfPage\":{\"@id\":\"https:\/\/fundacioramonmartibonet.org\/es\/herencias-y-legados\/#primaryimage\"},\"image\":{\"@id\":\"https:\/\/fundacioramonmartibonet.org\/es\/herencias-y-legados\/#primaryimage\"},\"thumbnailUrl\":\"https:\/\/fundacioramonmartibonet.org\/wp-content\/uploads\/2024\/06\/IMG_4368-scaled.jpg\",\"datePublished\":\"2023-06-15T22:31:27+00:00\",\"dateModified\":\"2025-07-29T06:42:21+00:00\",\"breadcrumb\":{\"@id\":\"https:\/\/fundacioramonmartibonet.org\/es\/herencias-y-legados\/#breadcrumb\"},\"inLanguage\":\"es\",\"potentialAction\":[{\"@type\":\"ReadAction\",\"target\":[\"https:\/\/fundacioramonmartibonet.org\/es\/herencias-y-legados\/\"]}]},{\"@type\":\"ImageObject\",\"inLanguage\":\"es\",\"@id\":\"https:\/\/fundacioramonmartibonet.org\/es\/herencias-y-legados\/#primaryimage\",\"url\":\"https:\/\/fundacioramonmartibonet.org\/wp-content\/uploads\/2024\/06\/IMG_4368-scaled.jpg\",\"contentUrl\":\"https:\/\/fundacioramonmartibonet.org\/wp-content\/uploads\/2024\/06\/IMG_4368-scaled.jpg\"},{\"@type\":\"BreadcrumbList\",\"@id\":\"https:\/\/fundacioramonmartibonet.org\/es\/herencias-y-legados\/#breadcrumb\",\"itemListElement\":[{\"@type\":\"ListItem\",\"position\":1,\"name\":\"Home\",\"item\":\"https:\/\/fundacioramonmartibonet.org\/es\/\"},{\"@type\":\"ListItem\",\"position\":2,\"name\":\"Herencias y legados\"}]},{\"@type\":\"WebSite\",\"@id\":\"https:\/\/fundacioramonmartibonet.org\/es\/#website\",\"url\":\"https:\/\/fundacioramonmartibonet.org\/es\/\",\"name\":\"Fundaci\u00f3 Ramon Mart\u00ed i Bonet\",\"description\":\"Visi\u00f3 per a tothom\",\"publisher\":{\"@id\":\"https:\/\/fundacioramonmartibonet.org\/es\/#organization\"},\"alternateName\":\"FRMB\",\"potentialAction\":[{\"@type\":\"SearchAction\",\"target\":{\"@type\":\"EntryPoint\",\"urlTemplate\":\"https:\/\/fundacioramonmartibonet.org\/es\/?s={search_term_string}\"},\"query-input\":\"required name=search_term_string\"}],\"inLanguage\":\"es\"},{\"@type\":\"Organization\",\"@id\":\"https:\/\/fundacioramonmartibonet.org\/es\/#organization\",\"name\":\"Fundaci\u00f3 Ramon Mart\u00ed i Bonet\",\"alternateName\":\"FRMB\",\"url\":\"https:\/\/fundacioramonmartibonet.org\/es\/\",\"logo\":{\"@type\":\"ImageObject\",\"inLanguage\":\"es\",\"@id\":\"https:\/\/fundacioramonmartibonet.org\/es\/#\/schema\/logo\/image\/\",\"url\":\"https:\/\/fundacioramonmartibonet.org\/wp-content\/uploads\/2023\/06\/frmb.svg\",\"contentUrl\":\"https:\/\/fundacioramonmartibonet.org\/wp-content\/uploads\/2023\/06\/frmb.svg\",\"width\":900,\"height\":280,\"caption\":\"Fundaci\u00f3 Ramon Mart\u00ed i Bonet\"},\"image\":{\"@id\":\"https:\/\/fundacioramonmartibonet.org\/es\/#\/schema\/logo\/image\/\"},\"sameAs\":[\"https:\/\/www.facebook.com\/FundacioRamonMartiBonet\",\"https:\/\/x.com\/FundacioRMB\",\"https:\/\/www.youtube.com\/channel\/UCNyN8HH4tz3ybIBubLBiSog\",\"https:\/\/www.instagram.com\/fundaciormb\/\",\"https:\/\/www.linkedin.com\/company\/fundacio-ramon-marto-i-bonet-contra-la-ceguera\/\"]}]}<\/script>\n<!-- \/ Yoast SEO plugin. -->","yoast_head_json":{"title":"Herencias y legados - Fundaci\u00f3 Ram\u00f3n Mart\u00ed i Bonet","robots":{"index":"index","follow":"follow","max-snippet":"max-snippet:-1","max-image-preview":"max-image-preview:large","max-video-preview":"max-video-preview:-1"},"canonical":"https:\/\/fundacioramonmartibonet.org\/es\/herencias-y-legados\/","og_locale":"es_ES","og_type":"article","og_title":"Herencias y legados - Fundaci\u00f3 Ram\u00f3n Mart\u00ed i Bonet","og_description":"Otras formas de colaborar","og_url":"https:\/\/fundacioramonmartibonet.org\/es\/herencias-y-legados\/","og_site_name":"Fundaci\u00f3 Ram\u00f3n Mart\u00ed i Bonet","article_publisher":"https:\/\/www.facebook.com\/FundacioRamonMartiBonet","article_modified_time":"2025-07-29T06:42:21+00:00","og_image":[{"url":"https:\/\/fundacioramonmartibonet.org\/wp-content\/uploads\/2024\/06\/IMG_4368-scaled.jpg"}],"twitter_card":"summary_large_image","twitter_site":"@FundacioRMB","schema":{"@context":"https:\/\/schema.org","@graph":[{"@type":"WebPage","@id":"https:\/\/fundacioramonmartibonet.org\/es\/herencias-y-legados\/","url":"https:\/\/fundacioramonmartibonet.org\/es\/herencias-y-legados\/","name":"Herencias y legados - Fundaci\u00f3 Ram\u00f3n Mart\u00ed i Bonet","isPartOf":{"@id":"https:\/\/fundacioramonmartibonet.org\/es\/#website"},"primaryImageOfPage":{"@id":"https:\/\/fundacioramonmartibonet.org\/es\/herencias-y-legados\/#primaryimage"},"image":{"@id":"https:\/\/fundacioramonmartibonet.org\/es\/herencias-y-legados\/#primaryimage"},"thumbnailUrl":"https:\/\/fundacioramonmartibonet.org\/wp-content\/uploads\/2024\/06\/IMG_4368-scaled.jpg","datePublished":"2023-06-15T22:31:27+00:00","dateModified":"2025-07-29T06:42:21+00:00","breadcrumb":{"@id":"https:\/\/fundacioramonmartibonet.org\/es\/herencias-y-legados\/#breadcrumb"},"inLanguage":"es","potentialAction":[{"@type":"ReadAction","target":["https:\/\/fundacioramonmartibonet.org\/es\/herencias-y-legados\/"]}]},{"@type":"ImageObject","inLanguage":"es","@id":"https:\/\/fundacioramonmartibonet.org\/es\/herencias-y-legados\/#primaryimage","url":"https:\/\/fundacioramonmartibonet.org\/wp-content\/uploads\/2024\/06\/IMG_4368-scaled.jpg","contentUrl":"https:\/\/fundacioramonmartibonet.org\/wp-content\/uploads\/2024\/06\/IMG_4368-scaled.jpg"},{"@type":"BreadcrumbList","@id":"https:\/\/fundacioramonmartibonet.org\/es\/herencias-y-legados\/#breadcrumb","itemListElement":[{"@type":"ListItem","position":1,"name":"Home","item":"https:\/\/fundacioramonmartibonet.org\/es\/"},{"@type":"ListItem","position":2,"name":"Herencias y legados"}]},{"@type":"WebSite","@id":"https:\/\/fundacioramonmartibonet.org\/es\/#website","url":"https:\/\/fundacioramonmartibonet.org\/es\/","name":"Fundaci\u00f3 Ramon Mart\u00ed i Bonet","description":"Visi\u00f3 per a tothom","publisher":{"@id":"https:\/\/fundacioramonmartibonet.org\/es\/#organization"},"alternateName":"FRMB","potentialAction":[{"@type":"SearchAction","target":{"@type":"EntryPoint","urlTemplate":"https:\/\/fundacioramonmartibonet.org\/es\/?s={search_term_string}"},"query-input":"required name=search_term_string"}],"inLanguage":"es"},{"@type":"Organization","@id":"https:\/\/fundacioramonmartibonet.org\/es\/#organization","name":"Fundaci\u00f3 Ramon Mart\u00ed i Bonet","alternateName":"FRMB","url":"https:\/\/fundacioramonmartibonet.org\/es\/","logo":{"@type":"ImageObject","inLanguage":"es","@id":"https:\/\/fundacioramonmartibonet.org\/es\/#\/schema\/logo\/image\/","url":"https:\/\/fundacioramonmartibonet.org\/wp-content\/uploads\/2023\/06\/frmb.svg","contentUrl":"https:\/\/fundacioramonmartibonet.org\/wp-content\/uploads\/2023\/06\/frmb.svg","width":900,"height":280,"caption":"Fundaci\u00f3 Ramon Mart\u00ed i Bonet"},"image":{"@id":"https:\/\/fundacioramonmartibonet.org\/es\/#\/schema\/logo\/image\/"},"sameAs":["https:\/\/www.facebook.com\/FundacioRamonMartiBonet","https:\/\/x.com\/FundacioRMB","https:\/\/www.youtube.com\/channel\/UCNyN8HH4tz3ybIBubLBiSog","https:\/\/www.instagram.com\/fundaciormb\/","https:\/\/www.linkedin.com\/company\/fundacio-ramon-marto-i-bonet-contra-la-ceguera\/"]}]}},"_links":{"self":[{"href":"https:\/\/fundacioramonmartibonet.org\/es\/wp-json\/wp\/v2\/pages\/1327"}],"collection":[{"href":"https:\/\/fundacioramonmartibonet.org\/es\/wp-json\/wp\/v2\/pages"}],"about":[{"href":"https:\/\/fundacioramonmartibonet.org\/es\/wp-json\/wp\/v2\/types\/page"}],"author":[{"embeddable":true,"href":"https:\/\/fundacioramonmartibonet.org\/es\/wp-json\/wp\/v2\/users\/1"}],"replies":[{"embeddable":true,"href":"https:\/\/fundacioramonmartibonet.org\/es\/wp-json\/wp\/v2\/comments?post=1327"}],"version-history":[{"count":12,"href":"https:\/\/fundacioramonmartibonet.org\/es\/wp-json\/wp\/v2\/pages\/1327\/revisions"}],"predecessor-version":[{"id":4134,"href":"https:\/\/fundacioramonmartibonet.org\/es\/wp-json\/wp\/v2\/pages\/1327\/revisions\/4134"}],"wp:attachment":[{"href":"https:\/\/fundacioramonmartibonet.org\/es\/wp-json\/wp\/v2\/media?parent=1327"}],"curies":[{"name":"wp","href":"https:\/\/api.w.org\/{rel}","templated":true}]}}