{"id":1325,"date":"2023-07-31T08:48:00","date_gmt":"2023-07-31T08:48:00","guid":{"rendered":"https:\/\/fundacioramonmartibonet.org\/equip\/"},"modified":"2026-04-13T07:56:42","modified_gmt":"2026-04-13T07:56:42","slug":"equipo","status":"publish","type":"page","link":"https:\/\/fundacioramonmartibonet.org\/es\/equipo\/","title":{"rendered":"Equipo"},"content":{"rendered":"<div\nstyle=\"padding-top:0;padding-bottom:var(--wp--preset--spacing--40);\" class=\"iuttu-container wp-block-iuttu-container\">\n\t<div class=\"wrapper wrapper--normal\">\n\t\t\n\n<p class=\"has-text-align-left has-light-main-background-color has-background has-extra-large-font-size\" style=\"padding-top:14px;padding-bottom:14px\">Equipo Directivo y T\u00e9cnico<\/p>\n\n\n\n<p>La Fundaci\u00f3n Ramon Mart\u00ed i Bonet cuenta con un equipo directivo y t\u00e9cnico formado por 5 personas contratadas del \u00e1mbito sanitario, social y empresarial que garantizan la operativa de la entidad.<\/p>\n\n\n\n<p>Tambi\u00e9n, consta de 25 personas voluntarias que dedican, como m\u00ednimo, una o dos ma\u00f1anas o tardes durante la semana a colaborar en los diferentes servicios y departamentos de la entidad. <a href=\"https:\/\/fundacioramonmartibonet.org\/es\/voluntario\/\">Hazte voluntario\/a.<\/a><\/p>\n\n\n\n<p class=\"has-default-color has-light-main-background-color has-text-color has-background has-link-color has-large-font-size wp-elements-9542bcc2cb7776c8f6afca59bd80680b\" style=\"padding-top:0;padding-bottom:0\">Directora<\/p>\n\n\n\n<p class=\"has-main-color has-text-color has-link-color wp-elements-5fd4284c7df1444d4a2ba7ac550aac63\">Marta Vila Fern\u00e1ndez-Santacruz<\/p>\n\n\n\n<ul>\n<li>Licenciada en Administraci\u00f3n i direcci\u00f3n de empresas y MBA. Profesora d&#8217;ESADE<\/li>\n<\/ul>\n\n\n\n<p class=\"has-default-color has-light-main-background-color has-text-color has-background has-link-color has-large-font-size wp-elements-204a181eb2029abd1c240a590edb7f19\" style=\"padding-top:0;padding-bottom:0\">T\u00e9cnica de Proyectos<\/p>\n\n\n\n<p class=\"has-main-color has-text-color has-link-color wp-elements-9e2d9577a65c6d4bc484c2b0242cb004\">Gemma Cros Folguera<\/p>\n\n\n\n<ul>\n<li>Trabajadora Social. T\u00e9cnica de proyectos<\/li>\n<\/ul>\n\n\n\n<p class=\"has-main-color has-text-color has-link-color wp-elements-7ca93b5f278286b7ebecedff6bd7fe97\">Vict\u00f2ria Ballester Olmos<\/p>\n\n\n\n<ul>\n<li>Grado en Relaciones Internacionales y M\u00e1ster en Cooperaci\u00f3n Internacional y Derechos Humanos. T\u00e9cnica de proyectos.<\/li>\n<\/ul>\n\n\n\n<p class=\"has-default-color has-light-main-background-color has-text-color has-background has-link-color has-large-font-size wp-elements-497a7d36f12d48276ba6121b423df6a5\" style=\"padding-top:0;padding-bottom:0\">Equipo sanitario y optometr\u00eda<\/p>\n\n\n\n<p class=\"has-main-color has-text-color has-link-color wp-elements-7ff21c02836a5e24aba0ca3f36af9851\">Ux\u00eda Garcia Vidal<\/p>\n\n\n\n<ul>\n<li>Grado en \u00f3ptica y optometria y M\u00e1ster en optometria y ciencias de la visi\u00f3n. Optometrista<\/li>\n<\/ul>\n\n\n\n<p class=\"has-main-color has-text-color has-link-color wp-elements-7a38caeaf8ad2ac391ad8eb51285d3f3\">S\u00edlvia Braqu\u00e9 i Garc\u00eda<\/p>\n\n\n\n<ul>\n<li>Estudiante de Integraci\u00f3n Social. T\u00e9cnica en Cuidados Auxiliares de Enfermer\u00eda (TCAE)<\/li>\n<\/ul>\n\n\n\n<p class=\"has-default-color has-light-main-background-color has-text-color has-background has-link-color has-extra-large-font-size wp-elements-f7932e0443ffafe2c58505beb8eed6a0\" style=\"padding-top:0;padding-bottom:0\">Equipo de Voluntariado<\/p>\n\n\n\n<p>El equipo de voluntariado de la Fundaci\u00f3 Ramon Mart\u00ed i Bonet est\u00e1 formado por 25 personas que dedican parte de su tiempo libre, de manera altruista, a mejorar la calidad de vida y las perspectivas de futuro de personas en riesgo de exclusi\u00f3n. Su dedicaci\u00f3n, compromiso y esfuerzo es clave para la detecci\u00f3n y prevenci\u00f3n de las dificultades visuales.<\/p>\n\n\n\n<p>En la entidad contamos con diferentes&nbsp;\u00e1mbitos&nbsp;de trabajo&nbsp;con&nbsp;un&nbsp;\u00fanico&nbsp;objetivo: trabajar para garantizar el derecho en la salud ocular de personas en situaci\u00f3n de vulnerabilidad. <a href=\"https:\/\/fundacioramonmartibonet.org\/es\/voluntario\/\">Hazte voluntario.<\/a><\/p>\n\n\n\n<p class=\"has-default-color has-medium-background-color has-text-color has-background has-link-color has-large-font-size wp-elements-d792be6b2cc1970efa7d0d54816feefa\" style=\"padding-top:0;padding-bottom:0\">\u00c1reas de actuaci\u00f3n<\/p>\n\n\n\n<p><strong>Rastreos visuales Barcelona<\/strong><\/p>\n\n\n<div class=\"wp-block-image\">\n<figure class=\"aligncenter size-full is-resized\"><img loading=\"lazy\" decoding=\"async\" width=\"1482\" height=\"269\" src=\"https:\/\/fundacioramonmartibonet.org\/wp-content\/uploads\/2024\/07\/Voluntaries-Rastrejos-Barcelona-2.png\" alt=\"\" class=\"wp-image-2885\" style=\"width:1366px;height:auto\" srcset=\"https:\/\/fundacioramonmartibonet.org\/wp-content\/uploads\/2024\/07\/Voluntaries-Rastrejos-Barcelona-2.png 1482w, https:\/\/fundacioramonmartibonet.org\/wp-content\/uploads\/2024\/07\/Voluntaries-Rastrejos-Barcelona-2-300x54.png 300w, https:\/\/fundacioramonmartibonet.org\/wp-content\/uploads\/2024\/07\/Voluntaries-Rastrejos-Barcelona-2-1024x186.png 1024w, https:\/\/fundacioramonmartibonet.org\/wp-content\/uploads\/2024\/07\/Voluntaries-Rastrejos-Barcelona-2-768x139.png 768w\" sizes=\"(max-width: 1482px) 100vw, 1482px\" \/><\/figure><\/div>\n\n\n<p><strong>Rastreos visuales Terrassa &#8211; Sabadell<\/strong><\/p>\n\n\n\n<figure class=\"wp-block-image size-full is-resized\"><img loading=\"lazy\" decoding=\"async\" width=\"1563\" height=\"296\" src=\"https:\/\/fundacioramonmartibonet.org\/wp-content\/uploads\/2024\/07\/Voluntaries-sabadell-i-terrassa-2.png\" alt=\"\" class=\"wp-image-2887\" style=\"width:1370px;height:auto\" srcset=\"https:\/\/fundacioramonmartibonet.org\/wp-content\/uploads\/2024\/07\/Voluntaries-sabadell-i-terrassa-2.png 1563w, https:\/\/fundacioramonmartibonet.org\/wp-content\/uploads\/2024\/07\/Voluntaries-sabadell-i-terrassa-2-300x57.png 300w, https:\/\/fundacioramonmartibonet.org\/wp-content\/uploads\/2024\/07\/Voluntaries-sabadell-i-terrassa-2-1024x194.png 1024w, https:\/\/fundacioramonmartibonet.org\/wp-content\/uploads\/2024\/07\/Voluntaries-sabadell-i-terrassa-2-768x145.png 768w, https:\/\/fundacioramonmartibonet.org\/wp-content\/uploads\/2024\/07\/Voluntaries-sabadell-i-terrassa-2-1536x291.png 1536w\" sizes=\"(max-width: 1563px) 100vw, 1563px\" \/><\/figure>\n\n\n\n<p><strong>Estand solidario<\/strong><\/p>\n\n\n\n<figure class=\"wp-block-image size-full is-resized\"><img loading=\"lazy\" decoding=\"async\" width=\"1310\" height=\"243\" src=\"https:\/\/fundacioramonmartibonet.org\/wp-content\/uploads\/2024\/07\/Voluntaries-Paradetes.png\" alt=\"\" class=\"wp-image-2890\" style=\"width:1369px;height:auto\" srcset=\"https:\/\/fundacioramonmartibonet.org\/wp-content\/uploads\/2024\/07\/Voluntaries-Paradetes.png 1310w, https:\/\/fundacioramonmartibonet.org\/wp-content\/uploads\/2024\/07\/Voluntaries-Paradetes-300x56.png 300w, https:\/\/fundacioramonmartibonet.org\/wp-content\/uploads\/2024\/07\/Voluntaries-Paradetes-1024x190.png 1024w, https:\/\/fundacioramonmartibonet.org\/wp-content\/uploads\/2024\/07\/Voluntaries-Paradetes-768x142.png 768w\" sizes=\"(max-width: 1310px) 100vw, 1310px\" \/><\/figure>\n\n\n\n<p class=\"has-default-color has-light-main-background-color has-text-color has-background has-link-color has-extra-large-font-size wp-elements-7018fa9bba3726eddaae4c5e29e215d5\" style=\"padding-top:var(--wp--preset--spacing--20);padding-bottom:var(--wp--preset--spacing--20)\">Colaboradores<\/p>\n\n\n\n<p class=\"has-medium-background-color has-background has-large-font-size\"><strong>Administraciones p\u00fablicas<\/strong><\/p>\n\n\n\n<figure class=\"wp-block-image size-large\"><img loading=\"lazy\" decoding=\"async\" width=\"1024\" height=\"363\" src=\"https:\/\/fundacioramonmartibonet.org\/wp-content\/uploads\/2025\/06\/Estiu-2025-5-1-1024x363.png\" alt=\"\" class=\"wp-image-3859\" srcset=\"https:\/\/fundacioramonmartibonet.org\/wp-content\/uploads\/2025\/06\/Estiu-2025-5-1-1024x363.png 1024w, https:\/\/fundacioramonmartibonet.org\/wp-content\/uploads\/2025\/06\/Estiu-2025-5-1-300x106.png 300w, https:\/\/fundacioramonmartibonet.org\/wp-content\/uploads\/2025\/06\/Estiu-2025-5-1-768x272.png 768w, https:\/\/fundacioramonmartibonet.org\/wp-content\/uploads\/2025\/06\/Estiu-2025-5-1.png 1080w\" sizes=\"(max-width: 1024px) 100vw, 1024px\" \/><\/figure>\n\n\n\n<p class=\"has-medium-background-color has-background has-large-font-size\"><strong>Administraciones locales<\/strong><\/p>\n\n\n\n<figure class=\"wp-block-image size-large\"><img loading=\"lazy\" decoding=\"async\" width=\"1024\" height=\"490\" src=\"https:\/\/fundacioramonmartibonet.org\/wp-content\/uploads\/2025\/06\/Estiu-2025-8-1-1024x490.png\" alt=\"\" class=\"wp-image-3876\" srcset=\"https:\/\/fundacioramonmartibonet.org\/wp-content\/uploads\/2025\/06\/Estiu-2025-8-1-1024x490.png 1024w, https:\/\/fundacioramonmartibonet.org\/wp-content\/uploads\/2025\/06\/Estiu-2025-8-1-300x144.png 300w, https:\/\/fundacioramonmartibonet.org\/wp-content\/uploads\/2025\/06\/Estiu-2025-8-1-768x368.png 768w, https:\/\/fundacioramonmartibonet.org\/wp-content\/uploads\/2025\/06\/Estiu-2025-8-1.png 1080w\" sizes=\"(max-width: 1024px) 100vw, 1024px\" \/><\/figure>\n\n\n\n<p class=\"has-medium-background-color has-background has-large-font-size\"><strong>Empresas y entidades privadas<\/strong><\/p>\n\n\n\n<figure class=\"wp-block-image size-large is-resized\"><img loading=\"lazy\" decoding=\"async\" width=\"819\" height=\"1024\" src=\"https:\/\/fundacioramonmartibonet.org\/wp-content\/uploads\/2025\/06\/Estiu-2025-9-819x1024.png\" alt=\"\" class=\"wp-image-3879\" style=\"width:1200px;height:auto\" srcset=\"https:\/\/fundacioramonmartibonet.org\/wp-content\/uploads\/2025\/06\/Estiu-2025-9-819x1024.png 819w, https:\/\/fundacioramonmartibonet.org\/wp-content\/uploads\/2025\/06\/Estiu-2025-9-240x300.png 240w, https:\/\/fundacioramonmartibonet.org\/wp-content\/uploads\/2025\/06\/Estiu-2025-9-768x960.png 768w, https:\/\/fundacioramonmartibonet.org\/wp-content\/uploads\/2025\/06\/Estiu-2025-9.png 1080w\" sizes=\"(max-width: 819px) 100vw, 819px\" \/><\/figure>\n\n\n\t<\/div>\n<\/div>\n","protected":false},"excerpt":{"rendered":"","protected":false},"author":1,"featured_media":0,"parent":0,"menu_order":0,"comment_status":"closed","ping_status":"closed","template":"","meta":{"_acf_changed":false,"footnotes":""},"acf":[],"yoast_head":"<!-- This site is optimized with the Yoast SEO plugin v22.5 - https:\/\/yoast.com\/wordpress\/plugins\/seo\/ -->\n<title>Equipo - Fundaci\u00f3 Ram\u00f3n Mart\u00ed i Bonet<\/title>\n<meta name=\"robots\" content=\"index, follow, max-snippet:-1, max-image-preview:large, max-video-preview:-1\" \/>\n<link rel=\"canonical\" href=\"https:\/\/fundacioramonmartibonet.org\/es\/equipo\/\" \/>\n<meta property=\"og:locale\" content=\"es_ES\" \/>\n<meta property=\"og:type\" content=\"article\" \/>\n<meta property=\"og:title\" content=\"Equipo - Fundaci\u00f3 Ram\u00f3n Mart\u00ed i Bonet\" \/>\n<meta property=\"og:url\" content=\"https:\/\/fundacioramonmartibonet.org\/es\/equipo\/\" \/>\n<meta property=\"og:site_name\" content=\"Fundaci\u00f3 Ram\u00f3n Mart\u00ed i Bonet\" \/>\n<meta property=\"article:publisher\" content=\"https:\/\/www.facebook.com\/FundacioRamonMartiBonet\" \/>\n<meta property=\"article:modified_time\" content=\"2026-04-13T07:56:42+00:00\" \/>\n<meta property=\"og:image\" content=\"https:\/\/fundacioramonmartibonet.org\/wp-content\/uploads\/2024\/07\/Voluntaries-Rastrejos-Barcelona-2.png\" \/>\n<meta name=\"twitter:card\" content=\"summary_large_image\" \/>\n<meta name=\"twitter:site\" content=\"@FundacioRMB\" \/>\n<script type=\"application\/ld+json\" class=\"yoast-schema-graph\">{\"@context\":\"https:\/\/schema.org\",\"@graph\":[{\"@type\":\"WebPage\",\"@id\":\"https:\/\/fundacioramonmartibonet.org\/es\/equipo\/\",\"url\":\"https:\/\/fundacioramonmartibonet.org\/es\/equipo\/\",\"name\":\"Equipo - Fundaci\u00f3 Ram\u00f3n Mart\u00ed i Bonet\",\"isPartOf\":{\"@id\":\"https:\/\/fundacioramonmartibonet.org\/es\/#website\"},\"primaryImageOfPage\":{\"@id\":\"https:\/\/fundacioramonmartibonet.org\/es\/equipo\/#primaryimage\"},\"image\":{\"@id\":\"https:\/\/fundacioramonmartibonet.org\/es\/equipo\/#primaryimage\"},\"thumbnailUrl\":\"https:\/\/fundacioramonmartibonet.org\/wp-content\/uploads\/2024\/07\/Voluntaries-Rastrejos-Barcelona-2.png\",\"datePublished\":\"2023-07-31T08:48:00+00:00\",\"dateModified\":\"2026-04-13T07:56:42+00:00\",\"breadcrumb\":{\"@id\":\"https:\/\/fundacioramonmartibonet.org\/es\/equipo\/#breadcrumb\"},\"inLanguage\":\"es\",\"potentialAction\":[{\"@type\":\"ReadAction\",\"target\":[\"https:\/\/fundacioramonmartibonet.org\/es\/equipo\/\"]}]},{\"@type\":\"ImageObject\",\"inLanguage\":\"es\",\"@id\":\"https:\/\/fundacioramonmartibonet.org\/es\/equipo\/#primaryimage\",\"url\":\"https:\/\/fundacioramonmartibonet.org\/wp-content\/uploads\/2024\/07\/Voluntaries-Rastrejos-Barcelona-2.png\",\"contentUrl\":\"https:\/\/fundacioramonmartibonet.org\/wp-content\/uploads\/2024\/07\/Voluntaries-Rastrejos-Barcelona-2.png\"},{\"@type\":\"BreadcrumbList\",\"@id\":\"https:\/\/fundacioramonmartibonet.org\/es\/equipo\/#breadcrumb\",\"itemListElement\":[{\"@type\":\"ListItem\",\"position\":1,\"name\":\"Home\",\"item\":\"https:\/\/fundacioramonmartibonet.org\/es\/\"},{\"@type\":\"ListItem\",\"position\":2,\"name\":\"Equipo\"}]},{\"@type\":\"WebSite\",\"@id\":\"https:\/\/fundacioramonmartibonet.org\/es\/#website\",\"url\":\"https:\/\/fundacioramonmartibonet.org\/es\/\",\"name\":\"Fundaci\u00f3 Ramon Mart\u00ed i Bonet\",\"description\":\"Visi\u00f3 per a tothom\",\"publisher\":{\"@id\":\"https:\/\/fundacioramonmartibonet.org\/es\/#organization\"},\"alternateName\":\"FRMB\",\"potentialAction\":[{\"@type\":\"SearchAction\",\"target\":{\"@type\":\"EntryPoint\",\"urlTemplate\":\"https:\/\/fundacioramonmartibonet.org\/es\/?s={search_term_string}\"},\"query-input\":\"required name=search_term_string\"}],\"inLanguage\":\"es\"},{\"@type\":\"Organization\",\"@id\":\"https:\/\/fundacioramonmartibonet.org\/es\/#organization\",\"name\":\"Fundaci\u00f3 Ramon Mart\u00ed i Bonet\",\"alternateName\":\"FRMB\",\"url\":\"https:\/\/fundacioramonmartibonet.org\/es\/\",\"logo\":{\"@type\":\"ImageObject\",\"inLanguage\":\"es\",\"@id\":\"https:\/\/fundacioramonmartibonet.org\/es\/#\/schema\/logo\/image\/\",\"url\":\"https:\/\/fundacioramonmartibonet.org\/wp-content\/uploads\/2023\/06\/frmb.svg\",\"contentUrl\":\"https:\/\/fundacioramonmartibonet.org\/wp-content\/uploads\/2023\/06\/frmb.svg\",\"width\":900,\"height\":280,\"caption\":\"Fundaci\u00f3 Ramon Mart\u00ed i Bonet\"},\"image\":{\"@id\":\"https:\/\/fundacioramonmartibonet.org\/es\/#\/schema\/logo\/image\/\"},\"sameAs\":[\"https:\/\/www.facebook.com\/FundacioRamonMartiBonet\",\"https:\/\/x.com\/FundacioRMB\",\"https:\/\/www.youtube.com\/channel\/UCNyN8HH4tz3ybIBubLBiSog\",\"https:\/\/www.instagram.com\/fundaciormb\/\",\"https:\/\/www.linkedin.com\/company\/fundacio-ramon-marto-i-bonet-contra-la-ceguera\/\"]}]}<\/script>\n<!-- \/ Yoast SEO plugin. -->","yoast_head_json":{"title":"Equipo - Fundaci\u00f3 Ram\u00f3n Mart\u00ed i Bonet","robots":{"index":"index","follow":"follow","max-snippet":"max-snippet:-1","max-image-preview":"max-image-preview:large","max-video-preview":"max-video-preview:-1"},"canonical":"https:\/\/fundacioramonmartibonet.org\/es\/equipo\/","og_locale":"es_ES","og_type":"article","og_title":"Equipo - Fundaci\u00f3 Ram\u00f3n Mart\u00ed i Bonet","og_url":"https:\/\/fundacioramonmartibonet.org\/es\/equipo\/","og_site_name":"Fundaci\u00f3 Ram\u00f3n Mart\u00ed i Bonet","article_publisher":"https:\/\/www.facebook.com\/FundacioRamonMartiBonet","article_modified_time":"2026-04-13T07:56:42+00:00","og_image":[{"url":"https:\/\/fundacioramonmartibonet.org\/wp-content\/uploads\/2024\/07\/Voluntaries-Rastrejos-Barcelona-2.png"}],"twitter_card":"summary_large_image","twitter_site":"@FundacioRMB","schema":{"@context":"https:\/\/schema.org","@graph":[{"@type":"WebPage","@id":"https:\/\/fundacioramonmartibonet.org\/es\/equipo\/","url":"https:\/\/fundacioramonmartibonet.org\/es\/equipo\/","name":"Equipo - Fundaci\u00f3 Ram\u00f3n Mart\u00ed i Bonet","isPartOf":{"@id":"https:\/\/fundacioramonmartibonet.org\/es\/#website"},"primaryImageOfPage":{"@id":"https:\/\/fundacioramonmartibonet.org\/es\/equipo\/#primaryimage"},"image":{"@id":"https:\/\/fundacioramonmartibonet.org\/es\/equipo\/#primaryimage"},"thumbnailUrl":"https:\/\/fundacioramonmartibonet.org\/wp-content\/uploads\/2024\/07\/Voluntaries-Rastrejos-Barcelona-2.png","datePublished":"2023-07-31T08:48:00+00:00","dateModified":"2026-04-13T07:56:42+00:00","breadcrumb":{"@id":"https:\/\/fundacioramonmartibonet.org\/es\/equipo\/#breadcrumb"},"inLanguage":"es","potentialAction":[{"@type":"ReadAction","target":["https:\/\/fundacioramonmartibonet.org\/es\/equipo\/"]}]},{"@type":"ImageObject","inLanguage":"es","@id":"https:\/\/fundacioramonmartibonet.org\/es\/equipo\/#primaryimage","url":"https:\/\/fundacioramonmartibonet.org\/wp-content\/uploads\/2024\/07\/Voluntaries-Rastrejos-Barcelona-2.png","contentUrl":"https:\/\/fundacioramonmartibonet.org\/wp-content\/uploads\/2024\/07\/Voluntaries-Rastrejos-Barcelona-2.png"},{"@type":"BreadcrumbList","@id":"https:\/\/fundacioramonmartibonet.org\/es\/equipo\/#breadcrumb","itemListElement":[{"@type":"ListItem","position":1,"name":"Home","item":"https:\/\/fundacioramonmartibonet.org\/es\/"},{"@type":"ListItem","position":2,"name":"Equipo"}]},{"@type":"WebSite","@id":"https:\/\/fundacioramonmartibonet.org\/es\/#website","url":"https:\/\/fundacioramonmartibonet.org\/es\/","name":"Fundaci\u00f3 Ramon Mart\u00ed i Bonet","description":"Visi\u00f3 per a tothom","publisher":{"@id":"https:\/\/fundacioramonmartibonet.org\/es\/#organization"},"alternateName":"FRMB","potentialAction":[{"@type":"SearchAction","target":{"@type":"EntryPoint","urlTemplate":"https:\/\/fundacioramonmartibonet.org\/es\/?s={search_term_string}"},"query-input":"required name=search_term_string"}],"inLanguage":"es"},{"@type":"Organization","@id":"https:\/\/fundacioramonmartibonet.org\/es\/#organization","name":"Fundaci\u00f3 Ramon Mart\u00ed i Bonet","alternateName":"FRMB","url":"https:\/\/fundacioramonmartibonet.org\/es\/","logo":{"@type":"ImageObject","inLanguage":"es","@id":"https:\/\/fundacioramonmartibonet.org\/es\/#\/schema\/logo\/image\/","url":"https:\/\/fundacioramonmartibonet.org\/wp-content\/uploads\/2023\/06\/frmb.svg","contentUrl":"https:\/\/fundacioramonmartibonet.org\/wp-content\/uploads\/2023\/06\/frmb.svg","width":900,"height":280,"caption":"Fundaci\u00f3 Ramon Mart\u00ed i Bonet"},"image":{"@id":"https:\/\/fundacioramonmartibonet.org\/es\/#\/schema\/logo\/image\/"},"sameAs":["https:\/\/www.facebook.com\/FundacioRamonMartiBonet","https:\/\/x.com\/FundacioRMB","https:\/\/www.youtube.com\/channel\/UCNyN8HH4tz3ybIBubLBiSog","https:\/\/www.instagram.com\/fundaciormb\/","https:\/\/www.linkedin.com\/company\/fundacio-ramon-marto-i-bonet-contra-la-ceguera\/"]}]}},"_links":{"self":[{"href":"https:\/\/fundacioramonmartibonet.org\/es\/wp-json\/wp\/v2\/pages\/1325"}],"collection":[{"href":"https:\/\/fundacioramonmartibonet.org\/es\/wp-json\/wp\/v2\/pages"}],"about":[{"href":"https:\/\/fundacioramonmartibonet.org\/es\/wp-json\/wp\/v2\/types\/page"}],"author":[{"embeddable":true,"href":"https:\/\/fundacioramonmartibonet.org\/es\/wp-json\/wp\/v2\/users\/1"}],"replies":[{"embeddable":true,"href":"https:\/\/fundacioramonmartibonet.org\/es\/wp-json\/wp\/v2\/comments?post=1325"}],"version-history":[{"count":30,"href":"https:\/\/fundacioramonmartibonet.org\/es\/wp-json\/wp\/v2\/pages\/1325\/revisions"}],"predecessor-version":[{"id":4447,"href":"https:\/\/fundacioramonmartibonet.org\/es\/wp-json\/wp\/v2\/pages\/1325\/revisions\/4447"}],"wp:attachment":[{"href":"https:\/\/fundacioramonmartibonet.org\/es\/wp-json\/wp\/v2\/media?parent=1325"}],"curies":[{"name":"wp","href":"https:\/\/api.w.org\/{rel}","templated":true}]}}