{"id":1324,"date":"2023-06-15T22:36:23","date_gmt":"2023-06-15T22:36:23","guid":{"rendered":"https:\/\/fundacioramonmartibonet.org\/empreses-i-entitats\/"},"modified":"2025-07-16T09:31:41","modified_gmt":"2025-07-16T09:31:41","slug":"empresas-y-entidades","status":"publish","type":"page","link":"https:\/\/fundacioramonmartibonet.org\/es\/empresas-y-entidades\/","title":{"rendered":"Empresas y entidades"},"content":{"rendered":"\n<div class=\"wp-block-cover is-light\" style=\"min-height:469px;aspect-ratio:unset;\"><span aria-hidden=\"true\" class=\"wp-block-cover__background has-background-dim-10 has-background-dim\" style=\"background-color:#8f8a85\"><\/span><img loading=\"lazy\" decoding=\"async\" width=\"1024\" height=\"768\" class=\"wp-block-cover__image-background wp-image-2197\" alt=\"\" src=\"https:\/\/fundacioramonmartibonet.org\/wp-content\/uploads\/2024\/06\/IMG-20200127-WA0017.jpg\" data-object-fit=\"cover\" srcset=\"https:\/\/fundacioramonmartibonet.org\/wp-content\/uploads\/2024\/06\/IMG-20200127-WA0017.jpg 1024w, https:\/\/fundacioramonmartibonet.org\/wp-content\/uploads\/2024\/06\/IMG-20200127-WA0017-300x225.jpg 300w, https:\/\/fundacioramonmartibonet.org\/wp-content\/uploads\/2024\/06\/IMG-20200127-WA0017-768x576.jpg 768w\" sizes=\"(max-width: 1024px) 100vw, 1024px\" \/><div class=\"wp-block-cover__inner-container is-layout-constrained wp-block-cover-is-layout-constrained\">\n<p class=\"has-text-align-center has-large-font-size\"><\/p>\n<\/div><\/div>\n\n\n<div\nstyle=\"padding-bottom:var(--wp--preset--spacing--40);\" class=\"iuttu-container aligncenter wp-block-iuttu-container\">\n\t<div class=\"wrapper wrapper--medium\">\n\t\t\n\n<p class=\"has-text-align-left has-light-main-background-color has-background has-extra-large-font-size\" style=\"padding-top:var(--wp--preset--spacing--20);padding-right:var(--wp--preset--spacing--30);padding-bottom:var(--wp--preset--spacing--20);padding-left:var(--wp--preset--spacing--30)\">Empresas y entidades<\/p>\n\n\n\n<p class=\"has-text-align-center has-large-font-size\">Vincularse a la Fundaci\u00f3n Ramon Mart\u00ed i Bonet es el mayor acto de responsabilidad social<\/p>\n\n\n\n<p class=\"has-extra-large-font-size\"><strong>Voluntariado corporativo<\/strong><\/p>\n\n\n\n<p>Voluntariado que desarrollan los empleados de una empresa, para contribuir a diversas causas sociales y que, de una u otra forma, viene acompa\u00f1ado por la compa\u00f1\u00eda. Busca tener un impacto social sobre la poblaci\u00f3n.<\/p>\n\n\n\n<p class=\"has-extra-large-font-size\"><strong>Cofinanciar un proyecto<\/strong><\/p>\n\n\n\n<p>Implica a tu empresa o entidad social a participar en diferentes proyectos de la Fundaci\u00f3n, con el objetivo de hacer posible la visi\u00f3n para todos y garantizar a las personas en riesgo de exclusi\u00f3n el derecho a una buena salud visual.<\/p>\n\n\n\n<p class=\"has-extra-large-font-size\"><strong>Marketing social<\/strong><\/p>\n\n\n\n<p>Si quieres colaborar aportando recursos a causas sociales como la salud ocular de personas con pobreza visual, no dudes en contactar con nosotros, te ver\u00e1n como agente social transformador.<\/p>\n\n\n\n<p class=\"has-extra-large-font-size\"><strong>Colabora con producto<\/strong><\/p>\n\n\n\n<p>Vende tus productos en beneficio de la Fundaci\u00f3n Ramon Mart\u00ed i Bonet. Colaborar\u00e1s con una causa social muy influyente por la vida de las personas en riesgo de exclusi\u00f3n social.<\/p>\n\n\n\n<p class=\"has-extra-large-font-size\"><strong>Iniciativas solidarias<\/strong><\/p>\n\n\n\n<p>Organiza una actividad o campa\u00f1a de donativos en beneficio de la Fundaci\u00f3 Ramon Mart\u00ed i Bonet.<\/p>\n\n\n\n<p>Rellena tus datos y en breve nos pondremos en contacto contigo. Muchas gracias.<\/p>\n\n\n\t<\/div>\n<\/div>\n\n\n<div\nstyle=\"padding-bottom:var(--wp--preset--spacing--40);\" class=\"iuttu-container wp-block-iuttu-container\">\n\t<div class=\"wrapper wrapper--medium\">\n\t\t\n\n<div class=\"wp-block-contact-form-7-contact-form-selector\">\n<div class=\"wpcf7 no-js\" id=\"wpcf7-f4149-o1\" lang=\"es-ES\" dir=\"ltr\">\n<div class=\"screen-reader-response\"><p role=\"status\" aria-live=\"polite\" aria-atomic=\"true\"><\/p> <ul><\/ul><\/div>\n<form action=\"\/es\/wp-json\/wp\/v2\/pages\/1324#wpcf7-f4149-o1\" method=\"post\" class=\"wpcf7-form init\" aria-label=\"Formulario de contacto\" novalidate=\"novalidate\" data-status=\"init\">\n<div style=\"display: none;\">\n<input type=\"hidden\" name=\"_wpcf7\" value=\"4149\" \/>\n<input type=\"hidden\" name=\"_wpcf7_version\" value=\"5.9.3\" \/>\n<input type=\"hidden\" name=\"_wpcf7_locale\" value=\"es_ES\" \/>\n<input type=\"hidden\" name=\"_wpcf7_unit_tag\" value=\"wpcf7-f4149-o1\" \/>\n<input type=\"hidden\" name=\"_wpcf7_container_post\" value=\"0\" \/>\n<input type=\"hidden\" name=\"_wpcf7_posted_data_hash\" value=\"\" \/>\n<input type=\"hidden\" name=\"_wpcf7cf_hidden_group_fields\" value=\"[]\" \/>\n<input type=\"hidden\" name=\"_wpcf7cf_hidden_groups\" value=\"[]\" \/>\n<input type=\"hidden\" name=\"_wpcf7cf_visible_groups\" value=\"[]\" \/>\n<input type=\"hidden\" name=\"_wpcf7cf_repeaters\" value=\"[]\" \/>\n<input type=\"hidden\" name=\"_wpcf7cf_steps\" value=\"{}\" \/>\n<input type=\"hidden\" name=\"_wpcf7cf_options\" value=\"{&quot;form_id&quot;:4149,&quot;conditions&quot;:[],&quot;settings&quot;:{&quot;animation&quot;:&quot;yes&quot;,&quot;animation_intime&quot;:200,&quot;animation_outtime&quot;:200,&quot;conditions_ui&quot;:&quot;normal&quot;,&quot;notice_dismissed&quot;:false}}\" \/>\n<\/div>\n<div class=\"form-fields\">\n<div class=\"form-field form-field--business-name\">\n<span class=\"wpcf7-form-control-wrap\" data-name=\"form-field-business-name\"><input size=\"40\" class=\"wpcf7-form-control wpcf7-text wpcf7-validates-as-required\" aria-required=\"true\" aria-invalid=\"false\" placeholder=\"Raz\u00f3n social*\" value=\"\" type=\"text\" name=\"form-field-business-name\" \/><\/span>\n<\/div>\n<div class=\"form-field form-field--cif\">\n<span class=\"wpcf7-form-control-wrap\" data-name=\"form-field-cif\"><input size=\"40\" class=\"wpcf7-form-control wpcf7-text wpcf7-validates-as-required\" aria-required=\"true\" aria-invalid=\"false\" placeholder=\"CIF*\" value=\"\" type=\"text\" name=\"form-field-cif\" \/><\/span>\n<\/div>\n<div class=\"form-field form-field--contact-person\">\n<span class=\"wpcf7-form-control-wrap\" data-name=\"form-field-contact-person\"><input size=\"40\" class=\"wpcf7-form-control wpcf7-text\" aria-invalid=\"false\" placeholder=\"Persona de contacto\" value=\"\" type=\"text\" name=\"form-field-contact-person\" \/><\/span>\n<\/div>\n<div class=\"form-field form-field--phone\">\n<span class=\"wpcf7-form-control-wrap\" data-name=\"form-field-phone\"><input size=\"40\" class=\"wpcf7-form-control wpcf7-tel wpcf7-validates-as-required wpcf7-text wpcf7-validates-as-tel\" aria-required=\"true\" aria-invalid=\"false\" placeholder=\"Tel\u00e9fono*\" value=\"\" type=\"tel\" name=\"form-field-phone\" \/><\/span>\n<\/div>\n<div class=\"form-field form-field--email\">\n<span class=\"wpcf7-form-control-wrap\" data-name=\"form-field-email\"><input size=\"40\" class=\"wpcf7-form-control wpcf7-email wpcf7-validates-as-required wpcf7-text wpcf7-validates-as-email\" aria-required=\"true\" aria-invalid=\"false\" placeholder=\"Correo electr\u00f3nico*\" value=\"\" type=\"email\" name=\"form-field-email\" \/><\/span>\n<\/div>\n<div class=\"form-field form-field--message form-field--triple\">\n<span class=\"wpcf7-form-control-wrap\" data-name=\"form-field--message\"><textarea cols=\"40\" rows=\"10\" class=\"wpcf7-form-control wpcf7-textarea\" aria-invalid=\"false\" placeholder=\"Comentarios\" name=\"form-field--message\"><\/textarea><\/span>\n<\/div>\n<div class=\"form-field form-field--acceptance form-field--double\">\n<span class=\"wpcf7-form-control-wrap\" data-name=\"form-field-acceptance-privacity\"><span class=\"wpcf7-form-control wpcf7-acceptance\"><span class=\"wpcf7-list-item\"><label><input type=\"checkbox\" name=\"form-field-acceptance-privacity\" value=\"1\" aria-invalid=\"false\" \/><span class=\"wpcf7-list-item-label\">He le\u00eddo y acepto la pol\u00edtica de privacidad<\/span><\/label><\/span><\/span><\/span><br\/>\n<span class=\"wpcf7-form-control-wrap\" data-name=\"form-field-acceptance-newsltter\"><span class=\"wpcf7-form-control wpcf7-acceptance optional\"><span class=\"wpcf7-list-item\"><label><input type=\"checkbox\" name=\"form-field-acceptance-newsltter\" value=\"1\" aria-invalid=\"false\" \/><span class=\"wpcf7-list-item-label\">Deseo suscribirme a la newsletter<\/span><\/label><\/span><\/span><\/span>\n<\/div>\n<div class=\"form-field form-field--submit\">\n<input class=\"wpcf7-form-control wpcf7-submit has-spinner is-nice-button\" type=\"submit\" value=\"Enviar\" \/>\n<\/div>\n<\/div><div class=\"wpcf7-response-output\" aria-hidden=\"true\"><\/div>\n<\/form>\n<\/div>\n<\/div>\n\n\n\t<\/div>\n<\/div>\n\n\n<div\nstyle=\"padding-bottom:var(--wp--preset--spacing--40);\" class=\"iuttu-container wp-block-iuttu-container\">\n\t<div class=\"wrapper wrapper--medium\">\n\t\t\n\n<p class=\"has-text-align-center\">O escr\u00edbenos a  <a href=\"mailto:info@fundaciormb.org\">info@fundaciormb.org<\/a> o ll\u00e1manos al <a href=\"tel:659374269\">659374269<\/a> \/ <a href=\"tel:932540564\">932540564<\/a><\/p>\n\n\n\n<p class=\"has-text-align-center has-main-color has-text-color has-link-color wp-elements-03e307be94de28ee5cf9c4eb8c3802f8\"><a href=\"https:\/\/fundacioramonmartibonet.org\/es\/colabora\/\">Otras formas de colaborar<\/a><\/p>\n\n\n\t<\/div>\n<\/div>\n","protected":false},"excerpt":{"rendered":"","protected":false},"author":1,"featured_media":0,"parent":0,"menu_order":0,"comment_status":"closed","ping_status":"closed","template":"","meta":{"_acf_changed":false,"footnotes":""},"acf":[],"yoast_head":"<!-- This site is optimized with the Yoast SEO plugin v22.5 - https:\/\/yoast.com\/wordpress\/plugins\/seo\/ -->\n<title>Empresas y entidades - Fundaci\u00f3 Ram\u00f3n Mart\u00ed i Bonet<\/title>\n<meta name=\"robots\" content=\"index, follow, max-snippet:-1, max-image-preview:large, max-video-preview:-1\" \/>\n<link rel=\"canonical\" href=\"https:\/\/fundacioramonmartibonet.org\/es\/empresas-y-entidades\/\" \/>\n<meta property=\"og:locale\" content=\"es_ES\" \/>\n<meta property=\"og:type\" content=\"article\" \/>\n<meta property=\"og:title\" content=\"Empresas y entidades - Fundaci\u00f3 Ram\u00f3n Mart\u00ed i Bonet\" \/>\n<meta property=\"og:url\" content=\"https:\/\/fundacioramonmartibonet.org\/es\/empresas-y-entidades\/\" \/>\n<meta property=\"og:site_name\" content=\"Fundaci\u00f3 Ram\u00f3n Mart\u00ed i Bonet\" \/>\n<meta property=\"article:publisher\" content=\"https:\/\/www.facebook.com\/FundacioRamonMartiBonet\" \/>\n<meta property=\"article:modified_time\" content=\"2025-07-16T09:31:41+00:00\" \/>\n<meta property=\"og:image\" content=\"https:\/\/fundacioramonmartibonet.org\/wp-content\/uploads\/2024\/06\/IMG-20200127-WA0017.jpg\" \/>\n<meta name=\"twitter:card\" content=\"summary_large_image\" \/>\n<meta name=\"twitter:site\" content=\"@FundacioRMB\" \/>\n<script type=\"application\/ld+json\" class=\"yoast-schema-graph\">{\"@context\":\"https:\/\/schema.org\",\"@graph\":[{\"@type\":\"WebPage\",\"@id\":\"https:\/\/fundacioramonmartibonet.org\/es\/empresas-y-entidades\/\",\"url\":\"https:\/\/fundacioramonmartibonet.org\/es\/empresas-y-entidades\/\",\"name\":\"Empresas y entidades - Fundaci\u00f3 Ram\u00f3n Mart\u00ed i Bonet\",\"isPartOf\":{\"@id\":\"https:\/\/fundacioramonmartibonet.org\/es\/#website\"},\"primaryImageOfPage\":{\"@id\":\"https:\/\/fundacioramonmartibonet.org\/es\/empresas-y-entidades\/#primaryimage\"},\"image\":{\"@id\":\"https:\/\/fundacioramonmartibonet.org\/es\/empresas-y-entidades\/#primaryimage\"},\"thumbnailUrl\":\"https:\/\/fundacioramonmartibonet.org\/wp-content\/uploads\/2024\/06\/IMG-20200127-WA0017.jpg\",\"datePublished\":\"2023-06-15T22:36:23+00:00\",\"dateModified\":\"2025-07-16T09:31:41+00:00\",\"breadcrumb\":{\"@id\":\"https:\/\/fundacioramonmartibonet.org\/es\/empresas-y-entidades\/#breadcrumb\"},\"inLanguage\":\"es\",\"potentialAction\":[{\"@type\":\"ReadAction\",\"target\":[\"https:\/\/fundacioramonmartibonet.org\/es\/empresas-y-entidades\/\"]}]},{\"@type\":\"ImageObject\",\"inLanguage\":\"es\",\"@id\":\"https:\/\/fundacioramonmartibonet.org\/es\/empresas-y-entidades\/#primaryimage\",\"url\":\"https:\/\/fundacioramonmartibonet.org\/wp-content\/uploads\/2024\/06\/IMG-20200127-WA0017.jpg\",\"contentUrl\":\"https:\/\/fundacioramonmartibonet.org\/wp-content\/uploads\/2024\/06\/IMG-20200127-WA0017.jpg\"},{\"@type\":\"BreadcrumbList\",\"@id\":\"https:\/\/fundacioramonmartibonet.org\/es\/empresas-y-entidades\/#breadcrumb\",\"itemListElement\":[{\"@type\":\"ListItem\",\"position\":1,\"name\":\"Home\",\"item\":\"https:\/\/fundacioramonmartibonet.org\/es\/\"},{\"@type\":\"ListItem\",\"position\":2,\"name\":\"Empresas y entidades\"}]},{\"@type\":\"WebSite\",\"@id\":\"https:\/\/fundacioramonmartibonet.org\/es\/#website\",\"url\":\"https:\/\/fundacioramonmartibonet.org\/es\/\",\"name\":\"Fundaci\u00f3 Ramon Mart\u00ed i Bonet\",\"description\":\"Visi\u00f3 per a tothom\",\"publisher\":{\"@id\":\"https:\/\/fundacioramonmartibonet.org\/es\/#organization\"},\"alternateName\":\"FRMB\",\"potentialAction\":[{\"@type\":\"SearchAction\",\"target\":{\"@type\":\"EntryPoint\",\"urlTemplate\":\"https:\/\/fundacioramonmartibonet.org\/es\/?s={search_term_string}\"},\"query-input\":\"required name=search_term_string\"}],\"inLanguage\":\"es\"},{\"@type\":\"Organization\",\"@id\":\"https:\/\/fundacioramonmartibonet.org\/es\/#organization\",\"name\":\"Fundaci\u00f3 Ramon Mart\u00ed i Bonet\",\"alternateName\":\"FRMB\",\"url\":\"https:\/\/fundacioramonmartibonet.org\/es\/\",\"logo\":{\"@type\":\"ImageObject\",\"inLanguage\":\"es\",\"@id\":\"https:\/\/fundacioramonmartibonet.org\/es\/#\/schema\/logo\/image\/\",\"url\":\"https:\/\/fundacioramonmartibonet.org\/wp-content\/uploads\/2023\/06\/frmb.svg\",\"contentUrl\":\"https:\/\/fundacioramonmartibonet.org\/wp-content\/uploads\/2023\/06\/frmb.svg\",\"width\":900,\"height\":280,\"caption\":\"Fundaci\u00f3 Ramon Mart\u00ed i Bonet\"},\"image\":{\"@id\":\"https:\/\/fundacioramonmartibonet.org\/es\/#\/schema\/logo\/image\/\"},\"sameAs\":[\"https:\/\/www.facebook.com\/FundacioRamonMartiBonet\",\"https:\/\/x.com\/FundacioRMB\",\"https:\/\/www.youtube.com\/channel\/UCNyN8HH4tz3ybIBubLBiSog\",\"https:\/\/www.instagram.com\/fundaciormb\/\",\"https:\/\/www.linkedin.com\/company\/fundacio-ramon-marto-i-bonet-contra-la-ceguera\/\"]}]}<\/script>\n<!-- \/ Yoast SEO plugin. -->","yoast_head_json":{"title":"Empresas y entidades - Fundaci\u00f3 Ram\u00f3n Mart\u00ed i Bonet","robots":{"index":"index","follow":"follow","max-snippet":"max-snippet:-1","max-image-preview":"max-image-preview:large","max-video-preview":"max-video-preview:-1"},"canonical":"https:\/\/fundacioramonmartibonet.org\/es\/empresas-y-entidades\/","og_locale":"es_ES","og_type":"article","og_title":"Empresas y entidades - Fundaci\u00f3 Ram\u00f3n Mart\u00ed i Bonet","og_url":"https:\/\/fundacioramonmartibonet.org\/es\/empresas-y-entidades\/","og_site_name":"Fundaci\u00f3 Ram\u00f3n Mart\u00ed i Bonet","article_publisher":"https:\/\/www.facebook.com\/FundacioRamonMartiBonet","article_modified_time":"2025-07-16T09:31:41+00:00","og_image":[{"url":"https:\/\/fundacioramonmartibonet.org\/wp-content\/uploads\/2024\/06\/IMG-20200127-WA0017.jpg"}],"twitter_card":"summary_large_image","twitter_site":"@FundacioRMB","schema":{"@context":"https:\/\/schema.org","@graph":[{"@type":"WebPage","@id":"https:\/\/fundacioramonmartibonet.org\/es\/empresas-y-entidades\/","url":"https:\/\/fundacioramonmartibonet.org\/es\/empresas-y-entidades\/","name":"Empresas y entidades - Fundaci\u00f3 Ram\u00f3n Mart\u00ed i Bonet","isPartOf":{"@id":"https:\/\/fundacioramonmartibonet.org\/es\/#website"},"primaryImageOfPage":{"@id":"https:\/\/fundacioramonmartibonet.org\/es\/empresas-y-entidades\/#primaryimage"},"image":{"@id":"https:\/\/fundacioramonmartibonet.org\/es\/empresas-y-entidades\/#primaryimage"},"thumbnailUrl":"https:\/\/fundacioramonmartibonet.org\/wp-content\/uploads\/2024\/06\/IMG-20200127-WA0017.jpg","datePublished":"2023-06-15T22:36:23+00:00","dateModified":"2025-07-16T09:31:41+00:00","breadcrumb":{"@id":"https:\/\/fundacioramonmartibonet.org\/es\/empresas-y-entidades\/#breadcrumb"},"inLanguage":"es","potentialAction":[{"@type":"ReadAction","target":["https:\/\/fundacioramonmartibonet.org\/es\/empresas-y-entidades\/"]}]},{"@type":"ImageObject","inLanguage":"es","@id":"https:\/\/fundacioramonmartibonet.org\/es\/empresas-y-entidades\/#primaryimage","url":"https:\/\/fundacioramonmartibonet.org\/wp-content\/uploads\/2024\/06\/IMG-20200127-WA0017.jpg","contentUrl":"https:\/\/fundacioramonmartibonet.org\/wp-content\/uploads\/2024\/06\/IMG-20200127-WA0017.jpg"},{"@type":"BreadcrumbList","@id":"https:\/\/fundacioramonmartibonet.org\/es\/empresas-y-entidades\/#breadcrumb","itemListElement":[{"@type":"ListItem","position":1,"name":"Home","item":"https:\/\/fundacioramonmartibonet.org\/es\/"},{"@type":"ListItem","position":2,"name":"Empresas y entidades"}]},{"@type":"WebSite","@id":"https:\/\/fundacioramonmartibonet.org\/es\/#website","url":"https:\/\/fundacioramonmartibonet.org\/es\/","name":"Fundaci\u00f3 Ramon Mart\u00ed i Bonet","description":"Visi\u00f3 per a tothom","publisher":{"@id":"https:\/\/fundacioramonmartibonet.org\/es\/#organization"},"alternateName":"FRMB","potentialAction":[{"@type":"SearchAction","target":{"@type":"EntryPoint","urlTemplate":"https:\/\/fundacioramonmartibonet.org\/es\/?s={search_term_string}"},"query-input":"required name=search_term_string"}],"inLanguage":"es"},{"@type":"Organization","@id":"https:\/\/fundacioramonmartibonet.org\/es\/#organization","name":"Fundaci\u00f3 Ramon Mart\u00ed i Bonet","alternateName":"FRMB","url":"https:\/\/fundacioramonmartibonet.org\/es\/","logo":{"@type":"ImageObject","inLanguage":"es","@id":"https:\/\/fundacioramonmartibonet.org\/es\/#\/schema\/logo\/image\/","url":"https:\/\/fundacioramonmartibonet.org\/wp-content\/uploads\/2023\/06\/frmb.svg","contentUrl":"https:\/\/fundacioramonmartibonet.org\/wp-content\/uploads\/2023\/06\/frmb.svg","width":900,"height":280,"caption":"Fundaci\u00f3 Ramon Mart\u00ed i Bonet"},"image":{"@id":"https:\/\/fundacioramonmartibonet.org\/es\/#\/schema\/logo\/image\/"},"sameAs":["https:\/\/www.facebook.com\/FundacioRamonMartiBonet","https:\/\/x.com\/FundacioRMB","https:\/\/www.youtube.com\/channel\/UCNyN8HH4tz3ybIBubLBiSog","https:\/\/www.instagram.com\/fundaciormb\/","https:\/\/www.linkedin.com\/company\/fundacio-ramon-marto-i-bonet-contra-la-ceguera\/"]}]}},"_links":{"self":[{"href":"https:\/\/fundacioramonmartibonet.org\/es\/wp-json\/wp\/v2\/pages\/1324"}],"collection":[{"href":"https:\/\/fundacioramonmartibonet.org\/es\/wp-json\/wp\/v2\/pages"}],"about":[{"href":"https:\/\/fundacioramonmartibonet.org\/es\/wp-json\/wp\/v2\/types\/page"}],"author":[{"embeddable":true,"href":"https:\/\/fundacioramonmartibonet.org\/es\/wp-json\/wp\/v2\/users\/1"}],"replies":[{"embeddable":true,"href":"https:\/\/fundacioramonmartibonet.org\/es\/wp-json\/wp\/v2\/comments?post=1324"}],"version-history":[{"count":11,"href":"https:\/\/fundacioramonmartibonet.org\/es\/wp-json\/wp\/v2\/pages\/1324\/revisions"}],"predecessor-version":[{"id":2670,"href":"https:\/\/fundacioramonmartibonet.org\/es\/wp-json\/wp\/v2\/pages\/1324\/revisions\/2670"}],"wp:attachment":[{"href":"https:\/\/fundacioramonmartibonet.org\/es\/wp-json\/wp\/v2\/media?parent=1324"}],"curies":[{"name":"wp","href":"https:\/\/api.w.org\/{rel}","templated":true}]}}