{"id":1323,"date":"2023-06-15T22:19:24","date_gmt":"2023-06-15T22:19:24","guid":{"rendered":"https:\/\/fundacioramonmartibonet.org\/donacio\/"},"modified":"2025-07-16T09:31:40","modified_gmt":"2025-07-16T09:31:40","slug":"donacion","status":"publish","type":"page","link":"https:\/\/fundacioramonmartibonet.org\/es\/donacion\/","title":{"rendered":"Donaci\u00f3n"},"content":{"rendered":"\n<div class=\"wp-block-cover is-light\" style=\"min-height:412px;aspect-ratio:unset;\"><span aria-hidden=\"true\" class=\"wp-block-cover__background has-background-background-color has-background-dim-20 has-background-dim\"><\/span><img loading=\"lazy\" decoding=\"async\" width=\"2560\" height=\"1707\" class=\"wp-block-cover__image-background wp-image-2163\" alt=\"\" src=\"https:\/\/fundacioramonmartibonet.org\/wp-content\/uploads\/2024\/06\/IMG_4406-scaled.jpg\" style=\"object-position:62% 49%\" data-object-fit=\"cover\" data-object-position=\"62% 49%\" srcset=\"https:\/\/fundacioramonmartibonet.org\/wp-content\/uploads\/2024\/06\/IMG_4406-scaled.jpg 2560w, https:\/\/fundacioramonmartibonet.org\/wp-content\/uploads\/2024\/06\/IMG_4406-300x200.jpg 300w, https:\/\/fundacioramonmartibonet.org\/wp-content\/uploads\/2024\/06\/IMG_4406-1024x683.jpg 1024w, https:\/\/fundacioramonmartibonet.org\/wp-content\/uploads\/2024\/06\/IMG_4406-768x512.jpg 768w, https:\/\/fundacioramonmartibonet.org\/wp-content\/uploads\/2024\/06\/IMG_4406-1536x1024.jpg 1536w, https:\/\/fundacioramonmartibonet.org\/wp-content\/uploads\/2024\/06\/IMG_4406-2048x1365.jpg 2048w\" sizes=\"(max-width: 2560px) 100vw, 2560px\" \/><div class=\"wp-block-cover__inner-container is-layout-constrained wp-block-cover-is-layout-constrained\">\n<p class=\"has-text-align-center has-large-font-size\"><\/p>\n<\/div><\/div>\n\n\n<div\nstyle=\"padding-bottom:var(--wp--preset--spacing--40);\" class=\"iuttu-container wp-block-iuttu-container\">\n\t<div class=\"wrapper wrapper--medium\">\n\t\t\n\n<p class=\"has-text-align-left has-light-main-background-color has-background has-extra-large-font-size\" style=\"padding-top:var(--wp--preset--spacing--20);padding-right:var(--wp--preset--spacing--30);padding-bottom:var(--wp--preset--spacing--20);padding-left:var(--wp--preset--spacing--30)\">Quiero hacer una aportaci\u00f3n<\/p>\n\n\n\n<p>Con la nueva ley del 23 de diciembre del 2023, hacer una donaci\u00f3n tiene m\u00e1s ventajas en la&nbsp;declaraci\u00f3n&nbsp;del IRPF.<\/p>\n\n\n\n<ul>\n<li>Con aportaciones de <strong>hasta 250\u20ac, te puedes desgravar el 80%.<\/strong><\/li>\n<\/ul>\n\n\n\n<ul>\n<li><strong>A partir de 250\u20ac te puedes desgravar el 40%.<\/strong><\/li>\n<\/ul>\n\n\n\n<ul>\n<li>Si has colaborado <strong>los \u00faltimos dos a\u00f1os con la misma aportaci\u00f3n te puedes desgravar un 45%.<\/strong><\/li>\n<\/ul>\n\n\n\n<p>Ejemplo:<\/p>\n\n\n<div class=\"wp-block-image\">\n<figure class=\"aligncenter size-full\"><img loading=\"lazy\" decoding=\"async\" width=\"556\" height=\"51\" src=\"https:\/\/fundacioramonmartibonet.org\/wp-content\/uploads\/2024\/06\/desgrava_cast.png\" alt=\"\" class=\"wp-image-1893\" srcset=\"https:\/\/fundacioramonmartibonet.org\/wp-content\/uploads\/2024\/06\/desgrava_cast.png 556w, https:\/\/fundacioramonmartibonet.org\/wp-content\/uploads\/2024\/06\/desgrava_cast-300x28.png 300w\" sizes=\"(max-width: 556px) 100vw, 556px\" \/><\/figure><\/div>\n\n\n<p><a href=\"https:\/\/fundacioramonmartibonet.org\/wp-content\/uploads\/2024\/06\/pdfDesgravacioFiscal_cast.pdf\">M\u00e1s informaci\u00f3n<\/a><\/p>\n\n\n\n<p class=\"has-text-align-center has-main-color has-text-color has-link-color wp-elements-03e307be94de28ee5cf9c4eb8c3802f8\"><a href=\"https:\/\/fundacioramonmartibonet.org\/es\/colabora\/\">Otras formas de colaborar<\/a><\/p>\n\n\n\t<\/div>\n<\/div>\n\n\n<div\nstyle=\"padding-bottom:var(--wp--preset--spacing--40);padding-top:var(--wp--preset--spacing--40);\" class=\"iuttu-container is-style-default has-background has-medium-background-color is-style-default wp-block-iuttu-container\">\n\t<div class=\"wrapper wrapper--medium\">\n\t\t\n\n<p class=\"has-text-align-center has-default-color has-medium-background-color has-text-color has-background has-small-font-size\"><strong>Rellena el formulario para hacer tu donaci\u00f3n online:<\/strong><\/p>\n\n\n\n<div class=\"wp-block-contact-form-7-contact-form-selector\">\n<div class=\"wpcf7 no-js\" id=\"wpcf7-f4147-o1\" lang=\"es-ES\" dir=\"ltr\">\n<div class=\"screen-reader-response\"><p role=\"status\" aria-live=\"polite\" aria-atomic=\"true\"><\/p> <ul><\/ul><\/div>\n<form action=\"\/es\/wp-json\/wp\/v2\/pages\/1323#wpcf7-f4147-o1\" method=\"post\" class=\"wpcf7-form init\" aria-label=\"Formulario de contacto\" novalidate=\"novalidate\" data-status=\"init\">\n<div style=\"display: none;\">\n<input type=\"hidden\" name=\"_wpcf7\" value=\"4147\" \/>\n<input type=\"hidden\" name=\"_wpcf7_version\" value=\"5.9.3\" \/>\n<input type=\"hidden\" name=\"_wpcf7_locale\" value=\"es_ES\" \/>\n<input type=\"hidden\" name=\"_wpcf7_unit_tag\" value=\"wpcf7-f4147-o1\" \/>\n<input type=\"hidden\" name=\"_wpcf7_container_post\" value=\"0\" \/>\n<input type=\"hidden\" name=\"_wpcf7_posted_data_hash\" value=\"\" \/>\n<input type=\"hidden\" name=\"_wpcf7cf_hidden_group_fields\" value=\"[]\" \/>\n<input type=\"hidden\" name=\"_wpcf7cf_hidden_groups\" value=\"[]\" \/>\n<input type=\"hidden\" name=\"_wpcf7cf_visible_groups\" value=\"[]\" \/>\n<input type=\"hidden\" name=\"_wpcf7cf_repeaters\" value=\"[]\" \/>\n<input type=\"hidden\" name=\"_wpcf7cf_steps\" value=\"{}\" \/>\n<input type=\"hidden\" name=\"_wpcf7cf_options\" value=\"{&quot;form_id&quot;:4147,&quot;conditions&quot;:[{&quot;then_field&quot;:&quot;group-open-amount&quot;,&quot;and_rules&quot;:[{&quot;if_field&quot;:&quot;form-field-amount&quot;,&quot;operator&quot;:&quot;equals&quot;,&quot;if_value&quot;:&quot;Otra cantidad&quot;}]},{&quot;then_field&quot;:&quot;group-tax-reduction&quot;,&quot;and_rules&quot;:[{&quot;if_field&quot;:&quot;form-field-tax-deduction&quot;,&quot;operator&quot;:&quot;not empty&quot;,&quot;if_value&quot;:&quot;&quot;}]}],&quot;settings&quot;:{&quot;animation&quot;:&quot;yes&quot;,&quot;animation_intime&quot;:200,&quot;animation_outtime&quot;:200,&quot;conditions_ui&quot;:&quot;normal&quot;,&quot;notice_dismissed&quot;:false}}\" \/>\n<\/div>\n<div class=\"form-fields\">\n<div class=\"form-field form-field--name\">\n<span class=\"wpcf7-form-control-wrap\" data-name=\"form-field-name\"><input size=\"40\" class=\"wpcf7-form-control wpcf7-text wpcf7-validates-as-required\" aria-required=\"true\" aria-invalid=\"false\" placeholder=\"Nombre*\" value=\"\" type=\"text\" name=\"form-field-name\" \/><\/span>\n<\/div>\n<div class=\"form-field form-field--lastname1\">\n<span class=\"wpcf7-form-control-wrap\" data-name=\"form-field-lastname1\"><input size=\"40\" class=\"wpcf7-form-control wpcf7-text wpcf7-validates-as-required\" aria-required=\"true\" aria-invalid=\"false\" placeholder=\"Apellido*\" value=\"\" type=\"text\" name=\"form-field-lastname1\" \/><\/span>\n<\/div>\n<div class=\"form-field form-field--lastname2\">\n<span class=\"wpcf7-form-control-wrap\" data-name=\"form-field-lastname2\"><input size=\"40\" class=\"wpcf7-form-control wpcf7-text\" aria-invalid=\"false\" placeholder=\"Apellido\" value=\"\" type=\"text\" name=\"form-field-lastname2\" \/><\/span>\n<\/div>\n<div class=\"form-field form-field--phone\">\n<span class=\"wpcf7-form-control-wrap\" data-name=\"form-field-phone\"><input size=\"40\" class=\"wpcf7-form-control wpcf7-tel wpcf7-validates-as-required wpcf7-text wpcf7-validates-as-tel\" aria-required=\"true\" aria-invalid=\"false\" placeholder=\"Tel\u00e9fono*\" value=\"\" type=\"tel\" name=\"form-field-phone\" \/><\/span>\n<\/div>\n<div class=\"form-field form-field--email\">\n<span class=\"wpcf7-form-control-wrap\" data-name=\"form-field-email\"><input size=\"40\" class=\"wpcf7-form-control wpcf7-email wpcf7-validates-as-required wpcf7-text wpcf7-validates-as-email\" aria-required=\"true\" aria-invalid=\"false\" placeholder=\"Correo electr\u00f3nico*\" value=\"\" type=\"email\" name=\"form-field-email\" \/><\/span>\n<\/div>\n<div class=\"form-field form-field--amount\">\n<span class=\"wpcf7-form-control-wrap\" data-name=\"form-field-amount\"><select class=\"wpcf7-form-control wpcf7-select wpcf7-validates-as-required\" aria-required=\"true\" aria-invalid=\"false\" name=\"form-field-amount\"><option value=\"\">Importe *<\/option><option value=\"10\u20ac Una revisi\u00f3n ocular\">10\u20ac Una revisi\u00f3n ocular<\/option><option value=\"35\u20ac gafas correctoras\">35\u20ac gafas correctoras<\/option><option value=\"Otra cantidad\">Otra cantidad<\/option><\/select><\/span>\n<\/div>\n<div class=\"form-field form-field--open-amount\">\n<div data-id=\"group-open-amount\" data-orig_data_id=\"group-open-amount\"  data-class=\"wpcf7cf_group\">\n<span class=\"wpcf7-form-control-wrap\" data-name=\"form-field-open-amount\"><input class=\"wpcf7-form-control wpcf7-number wpcf7-validates-as-required wpcf7-validates-as-number\" aria-required=\"true\" aria-invalid=\"false\" value=\"\" type=\"number\" name=\"form-field-open-amount\" \/><\/span>\n<\/div>\n<\/div>\n<div class=\"form-field form-field--tax-deduction form-field--triple\">\n<span class=\"wpcf7-form-control-wrap\" data-name=\"form-field-tax-deduction\"><span class=\"wpcf7-form-control wpcf7-checkbox\"><span class=\"wpcf7-list-item first last\"><label><input type=\"checkbox\" name=\"form-field-tax-deduction[]\" value=\"Quiero deducir el porcentaje correspondiente a la aportaci\u00f3n en la declaraci\u00f3n de la renta\" \/><span class=\"wpcf7-list-item-label\">Quiero deducir el porcentaje correspondiente a la aportaci\u00f3n en la declaraci\u00f3n de la renta<\/span><\/label><\/span><\/span><\/span>\n<\/div>\n<div data-id=\"group-tax-reduction\" data-orig_data_id=\"group-tax-reduction\"  data-class=\"wpcf7cf_group\">\n<div class=\"form-field form-field--dni\">\n<span class=\"wpcf7-form-control-wrap\" data-name=\"form-field-dni\"><input size=\"40\" class=\"wpcf7-form-control wpcf7-text wpcf7-validates-as-required\" aria-required=\"true\" aria-invalid=\"false\" placeholder=\"DNI\/NIE\/CIF*\" value=\"\" type=\"text\" name=\"form-field-dni\" \/><\/span>\n<\/div>\n<div class=\"form-field form-field--cp\">\n<span class=\"wpcf7-form-control-wrap\" data-name=\"form-field-cp\"><input size=\"40\" class=\"wpcf7-form-control wpcf7-text wpcf7-validates-as-required\" aria-required=\"true\" aria-invalid=\"false\" placeholder=\"C\u00f3digo postal*\" value=\"\" type=\"text\" name=\"form-field-cp\" \/><\/span>\n<\/div>\n<div class=\"form-field form-field--address\">\n<span class=\"wpcf7-form-control-wrap\" data-name=\"form-field-address\"><input size=\"40\" class=\"wpcf7-form-control wpcf7-text wpcf7-validates-as-required\" aria-required=\"true\" aria-invalid=\"false\" placeholder=\"Direcci\u00f3n completa*\" value=\"\" type=\"text\" name=\"form-field-address\" \/><\/span>\n<\/div>\n<div class=\"form-field form-field--city\">\n<span class=\"wpcf7-form-control-wrap\" data-name=\"form-field-city\"><input size=\"40\" class=\"wpcf7-form-control wpcf7-text wpcf7-validates-as-required\" aria-required=\"true\" aria-invalid=\"false\" placeholder=\"Ciudad*\" value=\"\" type=\"text\" name=\"form-field-city\" \/><\/span>\n<\/div>\n<div class=\"form-field form-field--province\">\n<span class=\"wpcf7-form-control-wrap\" data-name=\"form-field-province\"><input size=\"40\" class=\"wpcf7-form-control wpcf7-text wpcf7-validates-as-required\" aria-required=\"true\" aria-invalid=\"false\" placeholder=\"Provincia*\" value=\"\" type=\"text\" name=\"form-field-province\" \/><\/span>\n<\/div>\n<\/div>\n<div class=\"form-field form-field--acceptance form-field--double\">\n<span class=\"wpcf7-form-control-wrap\" data-name=\"form-field-acceptance-privacity\"><span class=\"wpcf7-form-control wpcf7-acceptance\"><span class=\"wpcf7-list-item\"><label><input type=\"checkbox\" name=\"form-field-acceptance-privacity\" value=\"1\" aria-invalid=\"false\" \/><span class=\"wpcf7-list-item-label\">He le\u00eddo y acepto la pol\u00edtica de privacidad<\/span><\/label><\/span><\/span><\/span><br\/>\n<span class=\"wpcf7-form-control-wrap\" data-name=\"form-field-acceptance-newsltter\"><span class=\"wpcf7-form-control wpcf7-acceptance optional\"><span class=\"wpcf7-list-item\"><label><input type=\"checkbox\" name=\"form-field-acceptance-newsltter\" value=\"1\" aria-invalid=\"false\" \/><span class=\"wpcf7-list-item-label\">Deseo suscribirme a la newsletter<\/span><\/label><\/span><\/span><\/span>\n<\/div>\n<div class=\"form-field form-field--submit\">\n<input class=\"wpcf7-form-control wpcf7-submit has-spinner is-nice-button\" type=\"submit\" value=\"Enviar\" \/>\n<\/div>\n<\/div><div class=\"wpcf7-response-output\" aria-hidden=\"true\"><\/div>\n<\/form>\n<\/div>\n<\/div>\n\n\n\t<\/div>\n<\/div>\n\n\n<div\nstyle=\"padding-bottom:var(--wp--preset--spacing--40);\" class=\"iuttu-container wp-block-iuttu-container\">\n\t<div class=\"wrapper wrapper--medium\">\n\t\t\n\n<p class=\"has-text-align-center\"><br>O cont\u00e1ctanos al correo info@fundaciormb.org o ll\u00e1manos al 659374269 \/ 932540564<\/p>\n\n\n\t<\/div>\n<\/div>\n\n\n\n<h2 class=\"wp-block-heading has-text-align-center\">Otras formas de realizar tu donativo<\/h2>\n\n\n<div\nstyle=\"padding-bottom:var(--wp--preset--spacing--40);\" class=\"iuttu-container wp-block-iuttu-container\">\n\t<div class=\"wrapper wrapper--medium\">\n\t\t\n\n<h3 class=\"wp-block-heading\"><strong>Haz un ingreso o transferencia<\/strong><\/h3>\n\n\n\n<p><strong>CaixaBank<\/strong><br>ES77 2100 5424 2722 0009 4747<\/p>\n\n\n\n<p><strong>Bizum<\/strong><\/p>\n\n\n\n<ol>\n<li>Abre la aplicaci\u00f3n de tu banco y clica a:&nbsp;<strong>Enviar&nbsp;un&nbsp;Bizum.<\/strong><\/li>\n\n\n\n<li>&nbsp;Elige la opci\u00f3n&nbsp;<strong>Hacer un donativo \/ Aportar a una causa solidaria<\/strong>.<\/li>\n\n\n\n<li>A\u00f1ade el&nbsp;c\u00f3digo de la entidad\/de la campa\u00f1a:&nbsp;<strong>05590<\/strong>. Comprueba que aparece autom\u00e1ticamente Fundaci\u00f3 Ramon Mart\u00ed i Bonet como destinataria.<\/li>\n\n\n\n<li>Escribe el importe de tu donativo y los datos requeridos. Pulsa Confirmar.<\/li>\n<\/ol>\n\n\n\n<p>Gracias por tu donativo!<\/p>\n\n\n\n<p>&nbsp;<\/p>\n\n\n\t<\/div>\n<\/div>\n","protected":false},"excerpt":{"rendered":"<p>Otras formas de realizar tu donativo<\/p>\n","protected":false},"author":1,"featured_media":0,"parent":0,"menu_order":0,"comment_status":"closed","ping_status":"closed","template":"","meta":{"_acf_changed":false,"footnotes":""},"acf":[],"yoast_head":"<!-- This site is optimized with the Yoast SEO plugin v22.5 - https:\/\/yoast.com\/wordpress\/plugins\/seo\/ -->\n<title>Donaci\u00f3n - Fundaci\u00f3 Ram\u00f3n Mart\u00ed i Bonet<\/title>\n<meta name=\"robots\" content=\"index, follow, max-snippet:-1, max-image-preview:large, max-video-preview:-1\" \/>\n<link rel=\"canonical\" href=\"https:\/\/fundacioramonmartibonet.org\/es\/donacion\/\" \/>\n<meta property=\"og:locale\" content=\"es_ES\" \/>\n<meta property=\"og:type\" content=\"article\" \/>\n<meta property=\"og:title\" content=\"Donaci\u00f3n - Fundaci\u00f3 Ram\u00f3n Mart\u00ed i Bonet\" \/>\n<meta property=\"og:description\" content=\"Otras formas de realizar tu donativo\" \/>\n<meta property=\"og:url\" content=\"https:\/\/fundacioramonmartibonet.org\/es\/donacion\/\" \/>\n<meta property=\"og:site_name\" content=\"Fundaci\u00f3 Ram\u00f3n Mart\u00ed i Bonet\" \/>\n<meta property=\"article:publisher\" content=\"https:\/\/www.facebook.com\/FundacioRamonMartiBonet\" \/>\n<meta property=\"article:modified_time\" content=\"2025-07-16T09:31:40+00:00\" \/>\n<meta property=\"og:image\" content=\"https:\/\/fundacioramonmartibonet.org\/wp-content\/uploads\/2024\/06\/IMG_4406-scaled.jpg\" \/>\n<meta name=\"twitter:card\" content=\"summary_large_image\" \/>\n<meta name=\"twitter:site\" content=\"@FundacioRMB\" \/>\n<script type=\"application\/ld+json\" class=\"yoast-schema-graph\">{\"@context\":\"https:\/\/schema.org\",\"@graph\":[{\"@type\":\"WebPage\",\"@id\":\"https:\/\/fundacioramonmartibonet.org\/es\/donacion\/\",\"url\":\"https:\/\/fundacioramonmartibonet.org\/es\/donacion\/\",\"name\":\"Donaci\u00f3n - Fundaci\u00f3 Ram\u00f3n Mart\u00ed i Bonet\",\"isPartOf\":{\"@id\":\"https:\/\/fundacioramonmartibonet.org\/es\/#website\"},\"primaryImageOfPage\":{\"@id\":\"https:\/\/fundacioramonmartibonet.org\/es\/donacion\/#primaryimage\"},\"image\":{\"@id\":\"https:\/\/fundacioramonmartibonet.org\/es\/donacion\/#primaryimage\"},\"thumbnailUrl\":\"https:\/\/fundacioramonmartibonet.org\/wp-content\/uploads\/2024\/06\/IMG_4406-scaled.jpg\",\"datePublished\":\"2023-06-15T22:19:24+00:00\",\"dateModified\":\"2025-07-16T09:31:40+00:00\",\"breadcrumb\":{\"@id\":\"https:\/\/fundacioramonmartibonet.org\/es\/donacion\/#breadcrumb\"},\"inLanguage\":\"es\",\"potentialAction\":[{\"@type\":\"ReadAction\",\"target\":[\"https:\/\/fundacioramonmartibonet.org\/es\/donacion\/\"]}]},{\"@type\":\"ImageObject\",\"inLanguage\":\"es\",\"@id\":\"https:\/\/fundacioramonmartibonet.org\/es\/donacion\/#primaryimage\",\"url\":\"https:\/\/fundacioramonmartibonet.org\/wp-content\/uploads\/2024\/06\/IMG_4406-scaled.jpg\",\"contentUrl\":\"https:\/\/fundacioramonmartibonet.org\/wp-content\/uploads\/2024\/06\/IMG_4406-scaled.jpg\"},{\"@type\":\"BreadcrumbList\",\"@id\":\"https:\/\/fundacioramonmartibonet.org\/es\/donacion\/#breadcrumb\",\"itemListElement\":[{\"@type\":\"ListItem\",\"position\":1,\"name\":\"Home\",\"item\":\"https:\/\/fundacioramonmartibonet.org\/es\/\"},{\"@type\":\"ListItem\",\"position\":2,\"name\":\"Donaci\u00f3n\"}]},{\"@type\":\"WebSite\",\"@id\":\"https:\/\/fundacioramonmartibonet.org\/es\/#website\",\"url\":\"https:\/\/fundacioramonmartibonet.org\/es\/\",\"name\":\"Fundaci\u00f3 Ramon Mart\u00ed i Bonet\",\"description\":\"Visi\u00f3 per a tothom\",\"publisher\":{\"@id\":\"https:\/\/fundacioramonmartibonet.org\/es\/#organization\"},\"alternateName\":\"FRMB\",\"potentialAction\":[{\"@type\":\"SearchAction\",\"target\":{\"@type\":\"EntryPoint\",\"urlTemplate\":\"https:\/\/fundacioramonmartibonet.org\/es\/?s={search_term_string}\"},\"query-input\":\"required name=search_term_string\"}],\"inLanguage\":\"es\"},{\"@type\":\"Organization\",\"@id\":\"https:\/\/fundacioramonmartibonet.org\/es\/#organization\",\"name\":\"Fundaci\u00f3 Ramon Mart\u00ed i Bonet\",\"alternateName\":\"FRMB\",\"url\":\"https:\/\/fundacioramonmartibonet.org\/es\/\",\"logo\":{\"@type\":\"ImageObject\",\"inLanguage\":\"es\",\"@id\":\"https:\/\/fundacioramonmartibonet.org\/es\/#\/schema\/logo\/image\/\",\"url\":\"https:\/\/fundacioramonmartibonet.org\/wp-content\/uploads\/2023\/06\/frmb.svg\",\"contentUrl\":\"https:\/\/fundacioramonmartibonet.org\/wp-content\/uploads\/2023\/06\/frmb.svg\",\"width\":900,\"height\":280,\"caption\":\"Fundaci\u00f3 Ramon Mart\u00ed i Bonet\"},\"image\":{\"@id\":\"https:\/\/fundacioramonmartibonet.org\/es\/#\/schema\/logo\/image\/\"},\"sameAs\":[\"https:\/\/www.facebook.com\/FundacioRamonMartiBonet\",\"https:\/\/x.com\/FundacioRMB\",\"https:\/\/www.youtube.com\/channel\/UCNyN8HH4tz3ybIBubLBiSog\",\"https:\/\/www.instagram.com\/fundaciormb\/\",\"https:\/\/www.linkedin.com\/company\/fundacio-ramon-marto-i-bonet-contra-la-ceguera\/\"]}]}<\/script>\n<!-- \/ Yoast SEO plugin. -->","yoast_head_json":{"title":"Donaci\u00f3n - Fundaci\u00f3 Ram\u00f3n Mart\u00ed i Bonet","robots":{"index":"index","follow":"follow","max-snippet":"max-snippet:-1","max-image-preview":"max-image-preview:large","max-video-preview":"max-video-preview:-1"},"canonical":"https:\/\/fundacioramonmartibonet.org\/es\/donacion\/","og_locale":"es_ES","og_type":"article","og_title":"Donaci\u00f3n - Fundaci\u00f3 Ram\u00f3n Mart\u00ed i Bonet","og_description":"Otras formas de realizar tu donativo","og_url":"https:\/\/fundacioramonmartibonet.org\/es\/donacion\/","og_site_name":"Fundaci\u00f3 Ram\u00f3n Mart\u00ed i Bonet","article_publisher":"https:\/\/www.facebook.com\/FundacioRamonMartiBonet","article_modified_time":"2025-07-16T09:31:40+00:00","og_image":[{"url":"https:\/\/fundacioramonmartibonet.org\/wp-content\/uploads\/2024\/06\/IMG_4406-scaled.jpg"}],"twitter_card":"summary_large_image","twitter_site":"@FundacioRMB","schema":{"@context":"https:\/\/schema.org","@graph":[{"@type":"WebPage","@id":"https:\/\/fundacioramonmartibonet.org\/es\/donacion\/","url":"https:\/\/fundacioramonmartibonet.org\/es\/donacion\/","name":"Donaci\u00f3n - Fundaci\u00f3 Ram\u00f3n Mart\u00ed i Bonet","isPartOf":{"@id":"https:\/\/fundacioramonmartibonet.org\/es\/#website"},"primaryImageOfPage":{"@id":"https:\/\/fundacioramonmartibonet.org\/es\/donacion\/#primaryimage"},"image":{"@id":"https:\/\/fundacioramonmartibonet.org\/es\/donacion\/#primaryimage"},"thumbnailUrl":"https:\/\/fundacioramonmartibonet.org\/wp-content\/uploads\/2024\/06\/IMG_4406-scaled.jpg","datePublished":"2023-06-15T22:19:24+00:00","dateModified":"2025-07-16T09:31:40+00:00","breadcrumb":{"@id":"https:\/\/fundacioramonmartibonet.org\/es\/donacion\/#breadcrumb"},"inLanguage":"es","potentialAction":[{"@type":"ReadAction","target":["https:\/\/fundacioramonmartibonet.org\/es\/donacion\/"]}]},{"@type":"ImageObject","inLanguage":"es","@id":"https:\/\/fundacioramonmartibonet.org\/es\/donacion\/#primaryimage","url":"https:\/\/fundacioramonmartibonet.org\/wp-content\/uploads\/2024\/06\/IMG_4406-scaled.jpg","contentUrl":"https:\/\/fundacioramonmartibonet.org\/wp-content\/uploads\/2024\/06\/IMG_4406-scaled.jpg"},{"@type":"BreadcrumbList","@id":"https:\/\/fundacioramonmartibonet.org\/es\/donacion\/#breadcrumb","itemListElement":[{"@type":"ListItem","position":1,"name":"Home","item":"https:\/\/fundacioramonmartibonet.org\/es\/"},{"@type":"ListItem","position":2,"name":"Donaci\u00f3n"}]},{"@type":"WebSite","@id":"https:\/\/fundacioramonmartibonet.org\/es\/#website","url":"https:\/\/fundacioramonmartibonet.org\/es\/","name":"Fundaci\u00f3 Ramon Mart\u00ed i Bonet","description":"Visi\u00f3 per a tothom","publisher":{"@id":"https:\/\/fundacioramonmartibonet.org\/es\/#organization"},"alternateName":"FRMB","potentialAction":[{"@type":"SearchAction","target":{"@type":"EntryPoint","urlTemplate":"https:\/\/fundacioramonmartibonet.org\/es\/?s={search_term_string}"},"query-input":"required name=search_term_string"}],"inLanguage":"es"},{"@type":"Organization","@id":"https:\/\/fundacioramonmartibonet.org\/es\/#organization","name":"Fundaci\u00f3 Ramon Mart\u00ed i Bonet","alternateName":"FRMB","url":"https:\/\/fundacioramonmartibonet.org\/es\/","logo":{"@type":"ImageObject","inLanguage":"es","@id":"https:\/\/fundacioramonmartibonet.org\/es\/#\/schema\/logo\/image\/","url":"https:\/\/fundacioramonmartibonet.org\/wp-content\/uploads\/2023\/06\/frmb.svg","contentUrl":"https:\/\/fundacioramonmartibonet.org\/wp-content\/uploads\/2023\/06\/frmb.svg","width":900,"height":280,"caption":"Fundaci\u00f3 Ramon Mart\u00ed i Bonet"},"image":{"@id":"https:\/\/fundacioramonmartibonet.org\/es\/#\/schema\/logo\/image\/"},"sameAs":["https:\/\/www.facebook.com\/FundacioRamonMartiBonet","https:\/\/x.com\/FundacioRMB","https:\/\/www.youtube.com\/channel\/UCNyN8HH4tz3ybIBubLBiSog","https:\/\/www.instagram.com\/fundaciormb\/","https:\/\/www.linkedin.com\/company\/fundacio-ramon-marto-i-bonet-contra-la-ceguera\/"]}]}},"_links":{"self":[{"href":"https:\/\/fundacioramonmartibonet.org\/es\/wp-json\/wp\/v2\/pages\/1323"}],"collection":[{"href":"https:\/\/fundacioramonmartibonet.org\/es\/wp-json\/wp\/v2\/pages"}],"about":[{"href":"https:\/\/fundacioramonmartibonet.org\/es\/wp-json\/wp\/v2\/types\/page"}],"author":[{"embeddable":true,"href":"https:\/\/fundacioramonmartibonet.org\/es\/wp-json\/wp\/v2\/users\/1"}],"replies":[{"embeddable":true,"href":"https:\/\/fundacioramonmartibonet.org\/es\/wp-json\/wp\/v2\/comments?post=1323"}],"version-history":[{"count":18,"href":"https:\/\/fundacioramonmartibonet.org\/es\/wp-json\/wp\/v2\/pages\/1323\/revisions"}],"predecessor-version":[{"id":2678,"href":"https:\/\/fundacioramonmartibonet.org\/es\/wp-json\/wp\/v2\/pages\/1323\/revisions\/2678"}],"wp:attachment":[{"href":"https:\/\/fundacioramonmartibonet.org\/es\/wp-json\/wp\/v2\/media?parent=1323"}],"curies":[{"name":"wp","href":"https:\/\/api.w.org\/{rel}","templated":true}]}}