{"id":1321,"date":"2023-06-08T15:11:49","date_gmt":"2023-06-08T15:11:49","guid":{"rendered":"https:\/\/fundacioramonmartibonet.org\/avis-legal\/"},"modified":"2025-07-16T09:31:40","modified_gmt":"2025-07-16T09:31:40","slug":"aviso-legal","status":"publish","type":"page","link":"https:\/\/fundacioramonmartibonet.org\/es\/aviso-legal\/","title":{"rendered":"Aviso legal"},"content":{"rendered":"<div\nclass=\"iuttu-container wp-block-iuttu-container\">\n\t<div class=\"wrapper wrapper--medium\">\n\t\t\n\n<h2 class=\"wp-block-heading\"><strong>Aviso legal<\/strong><\/h2>\n\n\n\n<h2 class=\"wp-block-heading\"><strong>1. El aviso legal y su&nbsp;aceptaci\u00f3n<\/strong><\/h2>\n\n\n\n<p>El\u00a0presente aviso legal regula el uso del servicio del portal de <a href=\"https:\/\/fundacioramonmartibonet.org\/\"><strong>www.fundacioramonmartibonet.org<\/strong><\/a> (en adelante el Portal) <strong>FUNDACI\u00d3N PRIVADA RAMON MART\u00cdN I BONET CONTRA LA CEGUERA<\/strong> (en lo sucesivo \u201cel TITULAR\u201d) con domicilio social en la calle Pau Alcover, 67, bajos de Barcelona, \u200b\u200bNIF G64919632, a disposici\u00f3n de los usuarios de Internet.<\/p>\n\n\n\n<p>La utilizaci\u00f3n del Portal atribuye la condici\u00f3n de usuario del Portal (en lo sucesivo, \u201cel Usuario\u201d) e implica la aceptaci\u00f3n llena y sin reservas de todas y cada una de los disposiciones incluidas en este Aviso Legal en la versi\u00f3n publicada por EL TITULAR en el momento mismo que el Usuario acceda en el Portal.<\/p>\n\n\n\n<p>En consecuencia, el Usuario tiene que leer atentamente el presente Aviso Legal en cada una de los ocasiones que se proponga utilizar el Portal, puesto que este puede sufrir modificaciones. La utilizaci\u00f3n de ciertos servicios ofrecidos a los Usuarios a trav\u00e9s del Portal puede encontrarse tambi\u00e9n sometida en condiciones generales propias que, seg\u00fan los casos, sustituir\u00eda, completar\u00edan y \/ o modificar\u00edan el presente Aviso Legal.<\/p>\n\n\n\n<p>EL TITULAR se reserva el derecho a modificar unilateralmente, en cualquier momento y sin previo aviso, la presentaci\u00f3n y configuraci\u00f3n del Portal, as\u00ed como los Servicios y los condiciones requeridas para utilizar el Portal y los Servicios.<\/p>\n\n\n\n<h2 class=\"wp-block-heading\"><strong>2. Condiciones de acceso y utilizaci\u00f3n del&nbsp;portal<\/strong><\/h2>\n\n\n\n<p><strong>2.1 Veracidad de la informaci\u00f3n.<\/strong><\/p>\n\n\n\n<p>Toda la informaci\u00f3n que facilite el Usuario a trav\u00e9s de los Servicios tendr\u00e1 que ser veraz. A estos efectos, el Usuario garantiza la autenticidad de todos aquellos datos que comunique como consecuencia de rellenar los formularios necesarios para la suscripci\u00f3n de los Servicios o adquisici\u00f3n de Productos.<\/p>\n\n\n\n<p>De la misma manera, ser\u00e1 responsabilidad suya mantener toda la informaci\u00f3n facilitada al TITULAR permanentemente actualizada de forma que responda, en cada momento, a la situaci\u00f3n real del Usuario. En todo caso el Usuario ser\u00e1 el \u00fanico responsable de los manifestaciones falsas o inexactas que realice y de los perjuicios que cause al TITULAR o de terceros por la informaci\u00f3n que facilite.<\/p>\n\n\n\n<p><strong>2.2 Obligaci\u00f3n de hacer un uso correcto del Portal y de los Servicios.<\/strong><\/p>\n\n\n\n<p>El Usuario es compromete a utilizar el Portal y los Servicios en conformidad con la ley, el presente Aviso Legal, y otros avisos, reglamentos de uso e instrucciones puestos en su conocimiento, as\u00ed como con la moral y las buenas costumbres generalmente aceptados y el orden p\u00fablico.<\/p>\n\n\n\n<p>A tal efecto, el Usuario se obliga a abstener-se de utilizar cualquier de los Servicios con fines o efectos\u00a0il\u00edcitos, prohibidos en el presente Aviso Legal, lesivos de los derechos e intereses de terceros, o que de cualquier forma puedan da\u00f1ar, inutilizar, sobrecargar, deteriorar o impedir la normal utilizaci\u00f3n de los Servicios, los equipos inform\u00e1ticos o los documentos, archivos y toda clase de contenidos almacenados en cualquier equipo inform\u00e1tico del TITULAR, otros Usuarios o de cualquier usuario de Internet.<\/p>\n\n\n\n<p>Todos los derechos de propiedad industrial y&nbsp;intel\u00b7lectual&nbsp;de la<a href=\"https:\/\/fundacioramonmartibonet.org\/\"> www.fundacioramonmartibonet.org<\/a>, as\u00ed como de los elementos contenidos en la misma (que incluyen entre otras im\u00e1genes, dibujos, textos \u2026) pertenecen al TITULAR, o, si procede, a Servicios de terceros.<\/p>\n\n\n\n<p><strong>2.3 Responsabilidad por da\u00f1os y perjuicios.<\/strong><\/p>\n\n\n\n<p>El Usuario responder\u00e1 de los da\u00f1os y perjuicios de toda naturaleza que EL TITULAR pueda sufrir, directa o indirectamente como consecuencia de incumplimiento de cualquier de los obligaciones derivadas del Aviso Legal o de la ley en relaci\u00f3n con la utilizaci\u00f3n del Portal y, en particular, se compromete a no:<\/p>\n\n\n\n<ul>\n<li>Reproducir, copiar, distribuir, poner a disposici\u00f3n o de cualquier otra forma comunicar p\u00fablicamente, transformar o modificar los Contenidos, salvo que es cuente con la autorizaci\u00f3n del titular de los correspondientes derechos o esto resulte legalmente permitido;<\/li>\n\n\n\n<li>Suprimir, manipular o de cualquier forma alterar el \u201ccopyright\u201d y otros datos identificativos de la reserva de derechos del TITULAR o de sus titulares, de las huellas digitales o de cualesquiera otros medios t\u00e9cnicos establecidos para su reconocimiento.<\/li>\n<\/ul>\n\n\n\n<p>El Usuario tendr\u00e1 que abstener-se de obtener e incluso de intentar obtener los Contenidos utilizando medios o procedimientos diferentes de los que, seg\u00fan los casos, se hayan puesto a su disposici\u00f3n con este fin o se hayan indicado a tal efecto en los p\u00e1ginas web donde es encuentren los Contenidos o, en general, de los cuales se empleen habitualmente a Internet con este fin, siempre que no comporten un riesgo de da\u00f1o o inutilizaci\u00f3n del Portal, de los Servicios y \/ o de los Contenidos.<\/p>\n\n\n\n<p><strong>2.4. Introducci\u00f3n de&nbsp;hipervincles&nbsp;que permitan el acceso en los p\u00e1ginas del Portal y a los Servicios.<\/strong><\/p>\n\n\n\n<p>Los Usuarios y, en general, aquellas personas que se propongan establecer un\u00a0hipervinculo\u00a0entre su p\u00e1gina web y el Portal (en lo sucesivo, el \u201dhipervincule\u201c) tendr\u00e1n que cumplir los condiciones siguientes:<\/p>\n\n\n\n<ul>\n<li>No es realizar\u00e1n manifestaciones o indicaciones falsas, inexactas o incorrectas sobre EL TITULAR, sus empleados, los p\u00e1ginas web del Portal y los Servicios suministrados;<\/li>\n\n\n\n<li>No es declarar\u00e1 ni es dar\u00e1 a entender que EL TITULAR ha autorizado el\u00a0hipervincle\u00a0o que ha supervisado o asumido de cualquier forma los servicios ofrecidos o lugares a disposici\u00f3n de la p\u00e1gina web en la cual se establece la\u00a0hipervincle.<\/li>\n\n\n\n<li>La p\u00e1gina web en la cual se establezca la\u00a0hipervincle\u00a0no contendr\u00e1 informaciones o contenidos\u00a0il\u00b7*l\u00edcitos, contrarios en la moral y a las buenas costumbres generalmente aceptadas y el orden p\u00fablico, as\u00ed como tampoco contendr\u00e1 contenidos contrarios a los derechos de terceros.<\/li>\n\n\n\n<li>El establecimiento del\u00a0hipervincle\u00a0no implica en ning\u00fan caso la existencia de relaciones entre EL TITULAR y el propietario de la p\u00e1gina web en la cual se establezca, ni la aceptaci\u00f3n y aprobaci\u00f3n por parte del TITULAR de sus contenidos o servicios.<\/li>\n<\/ul>\n\n\n\n<h2 class=\"wp-block-heading\"><strong>3. Existencia de\u00a0licencia<\/strong><\/h2>\n\n\n\n<p>Todas\u00a0las marcas, nombres comerciales o signos distintivos de cualquier clase que aparecen en el Portal, as\u00ed como los contenidos, son propiedad del TITULAR, sin que pueda entender que el uso o acceso al Portal y \/ o a los Servicios atribuya al Usuario derecho alg\u00fan sobre los mencionadas marcas, nombres comerciales y \/ o signos distintivos y contenidos.<\/p>\n\n\n\n<h2 class=\"wp-block-heading\"><strong>4. Uso de&nbsp;cookies<\/strong><\/h2>\n\n\n\n<p>EL\u00a0TITULAR podr\u00e1 utilizar cookies durante a la prestaci\u00f3n del servicio del sitio web. Las cookies son procedimientos autom\u00e1ticos de recogida de informaci\u00f3n relativa a preferencias determinadas del usuario durante su visita a una determinada p\u00e1gina web. Esta informaci\u00f3n es registra a peque\u00f1os archivos que son guardados a los equipos inform\u00e1ticos del usuario correspondiente de manera imperceptible.<\/p>\n\n\n\n<p>Cada vez que el usuario vuelve a acceder al sitio web en cuesti\u00f3n estos archivos se activen Autom\u00e1ticamente de forma que es configura el sitio web con los preferencias se\u00f1aladas en anteriores visitas.<\/p>\n\n\n\n<p>El usuario te la posibilidad de configurar su programa navegador de forma que se impida la creaci\u00f3n de archivos cookies o se advierta del momento en que esto pasa.<\/p>\n\n\n\n<h2 class=\"wp-block-heading\"><strong>5. Exclusi\u00f3n de garant\u00eda y de\u00a0responsabilidad<\/strong><\/h2>\n\n\n\n<p><strong>5.1. Exclusi\u00f3n de garant\u00edas y de responsabilidad por el funcionamiento del Portal y de los&nbsp;Serveis<\/strong><\/p>\n\n\n\n<p><strong>5.1.1. Disponibilidad y continuidad, utilidad y fiabilidad.<\/strong><\/p>\n\n\n\n<p>EL TITULAR no garantiza la disponibilidad y continuidad del funcionamiento del Portal.<\/p>\n\n\n\n<p>Cuando esto sea razonablemente posible, EL TITULAR advertir\u00e1 previamente de los interrupciones en el funcionamiento del Portal y de los Servicios.<\/p>\n\n\n\n<p>EL TITULAR tampoco garantiza la utilidad del Portal y de los Servicios para la realizaci\u00f3n de ninguna actividad en concreto, ni su&nbsp;infal\u00b7libilitat&nbsp;y, en particular, aunque no de manera exclusiva, que los Usuarios puedan efectivamente utilizar el Portal y los Servicios, acceder a los diferentes p\u00e1ginas web que formen el Portal o aquellas des de los cuales se informen de los Servicios.<\/p>\n\n\n\n<p>EL TITULAR queda excluido de cualquier responsabilidad por los da\u00f1os y perjuicios de toda naturaleza que puedan haber por la falta de disponibilidad del funcionamiento del Portal y Servicios, a la defraudaci\u00f3n de la utilidad que los usuarios hubieran podido atribuir en el Portal y \/ o Servicios, a la&nbsp;fiabilidad&nbsp;del Portal y de los servicios y, en particular, aunque no de manera exclusiva, a los errores en el acceso en los diferentes p\u00e1ginas web del portal&nbsp;o&nbsp;aquellas des de los cuales se informen de los servicios, as\u00ed como a los errores en la transmisi\u00f3n, difusi\u00f3n, almacenamiento o puesta a disposici\u00f3n de terceros de los contenidos&nbsp;o la recepci\u00f3n, obtenci\u00f3n o acceso a los contenidos, o en la ejecuci\u00f3n de los prestaciones previstas en el Aviso Legal.<\/p>\n\n\n\n<p><strong>5.2. Exclusi\u00f3n de garant\u00edas y de responsabilidad por la pr\u00e1ctica de&nbsp;SPAM<\/strong><\/p>\n\n\n\n<p>Queda&nbsp;prohibido el uso de los recursos y datos del TITULAR para la pr\u00e1ctica conocida por correo basura, por el cual TITULAR queda excluido de cualquier responsabilidad por los da\u00f1os y perjuicios de toda naturaleza que poden ocasionar por el uso que cualquier persona haga la&nbsp;spam&nbsp;o pr\u00e1ctica de enviar indiscriminadamente mensajes de correo electr\u00f3nico no solicitados con informaci\u00f3n del TITULAR.<\/p>\n\n\n\n<h2 class=\"wp-block-heading\"><strong>6. Protecci\u00f3n de datos\u00a0personales<\/strong><\/h2>\n\n\n\n<p>Para&nbsp;utilizar algunos de los Servicios, los Usuarios tienen que proporcionar previamente al TITULAR ciertas datos de car\u00e1cter personal (en lo sucesivo, los \u201cDatos Personales\u201d) que ser\u00e1n incorporadas en un Fichero responsabilidad del TITULAR, y no ser\u00e1n cedidas excepto para el jefe de poder prestar los Servicios solicitados de manera correcta, de acuerdo con lo LO 15\/1999, de 13 de diciembre, de Protecci\u00f3n de Datos Personales.<\/p>\n\n\n\n<p>Los Usuarios autorizan al TITULAR para que pueda utilizar los suyos datos personales de car\u00e1cter postal y electr\u00f3nico, con el fin de poner a su disposici\u00f3n, de la manera m\u00e1s c\u00f3moda posible, informaci\u00f3n comercial y publicitaria rellevant.<\/p>\n\n\n\n<p>Si el Usuario desea&nbsp;CANCELL\u00b7LAR&nbsp;su anterior autorizaci\u00f3n tiene que enviar un mensaje <a href=\"mailto:info@fundacioramonmartibonet.org\">info@fundacioramonmartibonet.org<\/a> indicando en el asunto baja postal y \/ o e-mail, donde e-mail ser\u00e1 la direcci\u00f3n de correo que desea dar de baja. Si por cualquier motivo decide no hacer res, su direcci\u00f3n de correo postal y electr\u00f3nico seguir\u00e1 a nuestra base de datos, entendiendo-se que acepta estos termita y condiciones.<\/p>\n\n\n\n<p>El usuario podr\u00e1 ejercer en todo momento el derecho de acceso, rectificaci\u00f3n o&nbsp;cancell\u00b7laci\u00f3&nbsp;de los suyos datos personales dirigiendo la oportuna solicitud a&amp;nbsp;info@fundacioramonmartibonet.org.els Usuarios garantizan la veracidad, exactitud, vigencia y autenticidad de los Datos Personales facilitados, y es comprometen a mantener-los debidamente actualizadas.<\/p>\n\n\n\n<p>EL TITULAR ha adoptado los niveles de seguridad de protecci\u00f3n de Datos Personales legalmente requeridos y procura&nbsp;instalar&nbsp;otros medios y mesures t\u00e9cnicas de protecci\u00f3n adicionales. Sin embargo, el Usuario tiene que ser consciente que los mesures de seguridad a Internet no son inexpugnables.<\/p>\n\n\n\n<h2 class=\"wp-block-heading\"><strong>7. Retirada y suspensi\u00f3n de los\u00a0servicios<\/strong><\/h2>\n\n\n\n<p>EL&nbsp;TITULAR es reserva el derecho de denegar o suspender en cualquier momento y sin necesidad de aviso previo la prestaci\u00f3n de los Servicios a aquellos Usuarios que incumplan el establecido en el presente Aviso Legal.<\/p>\n\n\n\n<h2 class=\"wp-block-heading\"><strong>8. Duraci\u00f3n y&nbsp;finalizaci\u00f3n<\/strong><\/h2>\n\n\n\n<p>La&nbsp;prestaci\u00f3n del Portal y de sus Servicios tienen, en principio, una duraci\u00f3n indefinida. EL TITULAR, pero, est\u00e1 autorizado para dar por acabada o suspender la prestaci\u00f3n del Portal y de sus Servicios en cualquier momento. Cuando esto sea razonablemente posible, advertir\u00e1 previamente el acabado o suspensi\u00f3n de la prestaci\u00f3n del Portal.<\/p>\n\n\n\n<h2 class=\"wp-block-heading\"><strong>9.\u00a0Jurisdicci\u00f3<\/strong>n<\/h2>\n\n\n\n<p>Para cualquier divergencia surgida de la interpretaci\u00f3n o aplicaci\u00f3n del presente Aviso, ambas partes se someten expresamente y con renuncia a su propio fuero, a los Juzgados y Tribunales de la ciudad de Barcelona.<\/p>\n\n\n\t<\/div>\n<\/div>\n","protected":false},"excerpt":{"rendered":"","protected":false},"author":1,"featured_media":0,"parent":0,"menu_order":0,"comment_status":"closed","ping_status":"closed","template":"","meta":{"_acf_changed":false,"footnotes":""},"acf":[],"yoast_head":"<!-- This site is optimized with the Yoast SEO plugin v22.5 - https:\/\/yoast.com\/wordpress\/plugins\/seo\/ -->\n<title>Aviso legal - Fundaci\u00f3 Ram\u00f3n Mart\u00ed i Bonet<\/title>\n<meta name=\"robots\" content=\"index, follow, max-snippet:-1, max-image-preview:large, max-video-preview:-1\" \/>\n<link rel=\"canonical\" href=\"https:\/\/fundacioramonmartibonet.org\/es\/aviso-legal\/\" \/>\n<meta property=\"og:locale\" content=\"es_ES\" \/>\n<meta property=\"og:type\" content=\"article\" \/>\n<meta property=\"og:title\" content=\"Aviso legal - Fundaci\u00f3 Ram\u00f3n Mart\u00ed i Bonet\" \/>\n<meta property=\"og:url\" content=\"https:\/\/fundacioramonmartibonet.org\/es\/aviso-legal\/\" \/>\n<meta property=\"og:site_name\" content=\"Fundaci\u00f3 Ram\u00f3n Mart\u00ed i Bonet\" \/>\n<meta property=\"article:publisher\" content=\"https:\/\/www.facebook.com\/FundacioRamonMartiBonet\" \/>\n<meta property=\"article:modified_time\" content=\"2025-07-16T09:31:40+00:00\" \/>\n<meta name=\"twitter:card\" content=\"summary_large_image\" \/>\n<meta name=\"twitter:site\" content=\"@FundacioRMB\" \/>\n<script type=\"application\/ld+json\" class=\"yoast-schema-graph\">{\"@context\":\"https:\/\/schema.org\",\"@graph\":[{\"@type\":\"WebPage\",\"@id\":\"https:\/\/fundacioramonmartibonet.org\/es\/aviso-legal\/\",\"url\":\"https:\/\/fundacioramonmartibonet.org\/es\/aviso-legal\/\",\"name\":\"Aviso legal - Fundaci\u00f3 Ram\u00f3n Mart\u00ed i Bonet\",\"isPartOf\":{\"@id\":\"https:\/\/fundacioramonmartibonet.org\/es\/#website\"},\"datePublished\":\"2023-06-08T15:11:49+00:00\",\"dateModified\":\"2025-07-16T09:31:40+00:00\",\"breadcrumb\":{\"@id\":\"https:\/\/fundacioramonmartibonet.org\/es\/aviso-legal\/#breadcrumb\"},\"inLanguage\":\"es\",\"potentialAction\":[{\"@type\":\"ReadAction\",\"target\":[\"https:\/\/fundacioramonmartibonet.org\/es\/aviso-legal\/\"]}]},{\"@type\":\"BreadcrumbList\",\"@id\":\"https:\/\/fundacioramonmartibonet.org\/es\/aviso-legal\/#breadcrumb\",\"itemListElement\":[{\"@type\":\"ListItem\",\"position\":1,\"name\":\"Home\",\"item\":\"https:\/\/fundacioramonmartibonet.org\/es\/\"},{\"@type\":\"ListItem\",\"position\":2,\"name\":\"Aviso legal\"}]},{\"@type\":\"WebSite\",\"@id\":\"https:\/\/fundacioramonmartibonet.org\/es\/#website\",\"url\":\"https:\/\/fundacioramonmartibonet.org\/es\/\",\"name\":\"Fundaci\u00f3 Ramon Mart\u00ed i Bonet\",\"description\":\"Visi\u00f3 per a tothom\",\"publisher\":{\"@id\":\"https:\/\/fundacioramonmartibonet.org\/es\/#organization\"},\"alternateName\":\"FRMB\",\"potentialAction\":[{\"@type\":\"SearchAction\",\"target\":{\"@type\":\"EntryPoint\",\"urlTemplate\":\"https:\/\/fundacioramonmartibonet.org\/es\/?s={search_term_string}\"},\"query-input\":\"required name=search_term_string\"}],\"inLanguage\":\"es\"},{\"@type\":\"Organization\",\"@id\":\"https:\/\/fundacioramonmartibonet.org\/es\/#organization\",\"name\":\"Fundaci\u00f3 Ramon Mart\u00ed i Bonet\",\"alternateName\":\"FRMB\",\"url\":\"https:\/\/fundacioramonmartibonet.org\/es\/\",\"logo\":{\"@type\":\"ImageObject\",\"inLanguage\":\"es\",\"@id\":\"https:\/\/fundacioramonmartibonet.org\/es\/#\/schema\/logo\/image\/\",\"url\":\"https:\/\/fundacioramonmartibonet.org\/wp-content\/uploads\/2023\/06\/frmb.svg\",\"contentUrl\":\"https:\/\/fundacioramonmartibonet.org\/wp-content\/uploads\/2023\/06\/frmb.svg\",\"width\":900,\"height\":280,\"caption\":\"Fundaci\u00f3 Ramon Mart\u00ed i Bonet\"},\"image\":{\"@id\":\"https:\/\/fundacioramonmartibonet.org\/es\/#\/schema\/logo\/image\/\"},\"sameAs\":[\"https:\/\/www.facebook.com\/FundacioRamonMartiBonet\",\"https:\/\/x.com\/FundacioRMB\",\"https:\/\/www.youtube.com\/channel\/UCNyN8HH4tz3ybIBubLBiSog\",\"https:\/\/www.instagram.com\/fundaciormb\/\",\"https:\/\/www.linkedin.com\/company\/fundacio-ramon-marto-i-bonet-contra-la-ceguera\/\"]}]}<\/script>\n<!-- \/ Yoast SEO plugin. -->","yoast_head_json":{"title":"Aviso legal - Fundaci\u00f3 Ram\u00f3n Mart\u00ed i Bonet","robots":{"index":"index","follow":"follow","max-snippet":"max-snippet:-1","max-image-preview":"max-image-preview:large","max-video-preview":"max-video-preview:-1"},"canonical":"https:\/\/fundacioramonmartibonet.org\/es\/aviso-legal\/","og_locale":"es_ES","og_type":"article","og_title":"Aviso legal - Fundaci\u00f3 Ram\u00f3n Mart\u00ed i Bonet","og_url":"https:\/\/fundacioramonmartibonet.org\/es\/aviso-legal\/","og_site_name":"Fundaci\u00f3 Ram\u00f3n Mart\u00ed i Bonet","article_publisher":"https:\/\/www.facebook.com\/FundacioRamonMartiBonet","article_modified_time":"2025-07-16T09:31:40+00:00","twitter_card":"summary_large_image","twitter_site":"@FundacioRMB","schema":{"@context":"https:\/\/schema.org","@graph":[{"@type":"WebPage","@id":"https:\/\/fundacioramonmartibonet.org\/es\/aviso-legal\/","url":"https:\/\/fundacioramonmartibonet.org\/es\/aviso-legal\/","name":"Aviso legal - Fundaci\u00f3 Ram\u00f3n Mart\u00ed i Bonet","isPartOf":{"@id":"https:\/\/fundacioramonmartibonet.org\/es\/#website"},"datePublished":"2023-06-08T15:11:49+00:00","dateModified":"2025-07-16T09:31:40+00:00","breadcrumb":{"@id":"https:\/\/fundacioramonmartibonet.org\/es\/aviso-legal\/#breadcrumb"},"inLanguage":"es","potentialAction":[{"@type":"ReadAction","target":["https:\/\/fundacioramonmartibonet.org\/es\/aviso-legal\/"]}]},{"@type":"BreadcrumbList","@id":"https:\/\/fundacioramonmartibonet.org\/es\/aviso-legal\/#breadcrumb","itemListElement":[{"@type":"ListItem","position":1,"name":"Home","item":"https:\/\/fundacioramonmartibonet.org\/es\/"},{"@type":"ListItem","position":2,"name":"Aviso legal"}]},{"@type":"WebSite","@id":"https:\/\/fundacioramonmartibonet.org\/es\/#website","url":"https:\/\/fundacioramonmartibonet.org\/es\/","name":"Fundaci\u00f3 Ramon Mart\u00ed i Bonet","description":"Visi\u00f3 per a tothom","publisher":{"@id":"https:\/\/fundacioramonmartibonet.org\/es\/#organization"},"alternateName":"FRMB","potentialAction":[{"@type":"SearchAction","target":{"@type":"EntryPoint","urlTemplate":"https:\/\/fundacioramonmartibonet.org\/es\/?s={search_term_string}"},"query-input":"required name=search_term_string"}],"inLanguage":"es"},{"@type":"Organization","@id":"https:\/\/fundacioramonmartibonet.org\/es\/#organization","name":"Fundaci\u00f3 Ramon Mart\u00ed i Bonet","alternateName":"FRMB","url":"https:\/\/fundacioramonmartibonet.org\/es\/","logo":{"@type":"ImageObject","inLanguage":"es","@id":"https:\/\/fundacioramonmartibonet.org\/es\/#\/schema\/logo\/image\/","url":"https:\/\/fundacioramonmartibonet.org\/wp-content\/uploads\/2023\/06\/frmb.svg","contentUrl":"https:\/\/fundacioramonmartibonet.org\/wp-content\/uploads\/2023\/06\/frmb.svg","width":900,"height":280,"caption":"Fundaci\u00f3 Ramon Mart\u00ed i Bonet"},"image":{"@id":"https:\/\/fundacioramonmartibonet.org\/es\/#\/schema\/logo\/image\/"},"sameAs":["https:\/\/www.facebook.com\/FundacioRamonMartiBonet","https:\/\/x.com\/FundacioRMB","https:\/\/www.youtube.com\/channel\/UCNyN8HH4tz3ybIBubLBiSog","https:\/\/www.instagram.com\/fundaciormb\/","https:\/\/www.linkedin.com\/company\/fundacio-ramon-marto-i-bonet-contra-la-ceguera\/"]}]}},"_links":{"self":[{"href":"https:\/\/fundacioramonmartibonet.org\/es\/wp-json\/wp\/v2\/pages\/1321"}],"collection":[{"href":"https:\/\/fundacioramonmartibonet.org\/es\/wp-json\/wp\/v2\/pages"}],"about":[{"href":"https:\/\/fundacioramonmartibonet.org\/es\/wp-json\/wp\/v2\/types\/page"}],"author":[{"embeddable":true,"href":"https:\/\/fundacioramonmartibonet.org\/es\/wp-json\/wp\/v2\/users\/1"}],"replies":[{"embeddable":true,"href":"https:\/\/fundacioramonmartibonet.org\/es\/wp-json\/wp\/v2\/comments?post=1321"}],"version-history":[{"count":2,"href":"https:\/\/fundacioramonmartibonet.org\/es\/wp-json\/wp\/v2\/pages\/1321\/revisions"}],"predecessor-version":[{"id":1549,"href":"https:\/\/fundacioramonmartibonet.org\/es\/wp-json\/wp\/v2\/pages\/1321\/revisions\/1549"}],"wp:attachment":[{"href":"https:\/\/fundacioramonmartibonet.org\/es\/wp-json\/wp\/v2\/media?parent=1321"}],"curies":[{"name":"wp","href":"https:\/\/api.w.org\/{rel}","templated":true}]}}