{"id":1319,"date":"2023-06-07T15:41:22","date_gmt":"2023-06-07T15:41:22","guid":{"rendered":"https:\/\/fundacioramonmartibonet.org\/collabora\/"},"modified":"2025-07-16T09:31:40","modified_gmt":"2025-07-16T09:31:40","slug":"colabora","status":"publish","type":"page","link":"https:\/\/fundacioramonmartibonet.org\/es\/colabora\/","title":{"rendered":"Colabora con nosotros"},"content":{"rendered":"\n<div class=\"wp-block-cover is-light\" style=\"min-height:467px;aspect-ratio:unset;\"><span aria-hidden=\"true\" class=\"wp-block-cover__background has-background-dim-0 has-background-dim\" style=\"background-color:#FFF\"><\/span><video class=\"wp-block-cover__video-background intrinsic-ignore\" autoplay muted loop playsinline src=\"https:\/\/fundacioramonmartibonet.org\/wp-content\/uploads\/2024\/06\/sara-curt-lenta.mp4\" style=\"object-position:46% 14%\" data-object-fit=\"cover\" data-object-position=\"46% 14%\"><\/video><div class=\"wp-block-cover__inner-container is-layout-constrained wp-block-cover-is-layout-constrained\">\n<p class=\"has-text-align-center has-large-font-size\"><\/p>\n<\/div><\/div>\n\n\n<div\nstyle=\"padding-bottom:var(--wp--preset--spacing--40);\" class=\"iuttu-container wp-block-iuttu-container\">\n\t<div class=\"wrapper wrapper--medium\">\n\t\t\n\n<p class=\"has-light-main-background-color has-background has-extra-large-font-size\" style=\"padding-top:var(--wp--preset--spacing--20);padding-right:var(--wp--preset--spacing--30);padding-bottom:var(--wp--preset--spacing--20);padding-left:var(--wp--preset--spacing--30)\">Hacemos posible una #Visi\u00f3nparatodoelmundo<\/p>\n\n\n\n<p>A nivel mundial, m\u00e1s de 2.200 millones de personas tienen deficiencia visual o ceguera. Y el 80% de estas discapacidades visuales se pueden prevenir, tratar o curar.<\/p>\n\n\n\n<p>En el estado espa\u00f1ol, existen m\u00e1s de 6 millones de personas con pobreza visual, es decir que no tienen una buena visi\u00f3n por no poder pagar unas gafas correctoras o lentillas.<\/p>\n\n\n\n<p>En Catalu\u00f1a, 671.479 personas se encuentran en riesgo de pobreza visual.<\/p>\n\n\n\n<p>Nos ayudas a hacer posible una <strong>#Visi\u00f3nparatodoelmundo<\/strong>?<\/p>\n\n\n\t<\/div>\n<\/div>\n\n\n<div\nstyle=\"padding-top:var(--wp--preset--spacing--40);padding-bottom:var(--wp--preset--spacing--40);\" class=\"iuttu-container has-background has-light-main-background-color wp-block-iuttu-container\">\n\t<div class=\"wrapper wrapper--normal\">\n\t\t\n\n<div class=\"wp-block-columns is-style-has-narrow-columns is-style-narrow-columns is-layout-flex wp-container-core-columns-is-layout-1 wp-block-columns-is-layout-flex\">\n<div class=\"wp-block-column is-layout-flow wp-block-column-is-layout-flow\"><div class=\"wp-block-image\">\n<figure class=\"aligncenter size-full is-resized\"><img loading=\"lazy\" decoding=\"async\" width=\"200\" height=\"200\" src=\"https:\/\/fundacioramonmartibonet.org\/wp-content\/uploads\/2024\/06\/FRMB_aportacio_200.png\" alt=\"\" class=\"wp-image-1918\" style=\"object-fit:cover;width:83px;height:auto\" srcset=\"https:\/\/fundacioramonmartibonet.org\/wp-content\/uploads\/2024\/06\/FRMB_aportacio_200.png 200w, https:\/\/fundacioramonmartibonet.org\/wp-content\/uploads\/2024\/06\/FRMB_aportacio_200-150x150.png 150w\" sizes=\"(max-width: 200px) 100vw, 200px\" \/><\/figure><\/div>\n\n\n<p class=\"has-text-align-center\">Quiero hacer una aportaci\u00f3n para contribuir a reducir la pobreza visual.<\/p>\n\n\n\n<div class=\"wp-block-buttons is-horizontal is-content-justification-center is-layout-flex wp-container-core-buttons-is-layout-1 wp-block-buttons-is-layout-flex\">\n<div class=\"wp-block-button\"><a class=\"wp-block-button__link wp-element-button\" href=\"\/es\/donacion\/\">Donativo<\/a><\/div>\n<\/div>\n<\/div>\n\n\n\n<div class=\"wp-block-column is-layout-flow wp-block-column-is-layout-flow\"><div class=\"wp-block-image\">\n<figure class=\"aligncenter size-full is-resized\"><img loading=\"lazy\" decoding=\"async\" width=\"200\" height=\"200\" src=\"https:\/\/fundacioramonmartibonet.org\/wp-content\/uploads\/2024\/06\/FRMB_voluntariat_200.png\" alt=\"\" class=\"wp-image-1920\" style=\"object-fit:cover;width:83px;height:auto\" srcset=\"https:\/\/fundacioramonmartibonet.org\/wp-content\/uploads\/2024\/06\/FRMB_voluntariat_200.png 200w, https:\/\/fundacioramonmartibonet.org\/wp-content\/uploads\/2024\/06\/FRMB_voluntariat_200-150x150.png 150w\" sizes=\"(max-width: 200px) 100vw, 200px\" \/><\/figure><\/div>\n\n\n<p class=\"has-text-align-center\">\u00danete al equipo de voluntariado para hacer posible los proyectos de salud visual.<\/p>\n\n\n\n<div class=\"wp-block-buttons is-content-justification-center is-layout-flex wp-container-core-buttons-is-layout-2 wp-block-buttons-is-layout-flex\">\n<div class=\"wp-block-button\"><a class=\"wp-block-button__link wp-element-button\" href=\"\/es\/voluntario\/\">Voluntariado<\/a><\/div>\n<\/div>\n<\/div>\n\n\n\n<div class=\"wp-block-column is-layout-flow wp-block-column-is-layout-flow\"><div class=\"wp-block-image\">\n<figure class=\"aligncenter size-full is-resized\"><img loading=\"lazy\" decoding=\"async\" width=\"200\" height=\"200\" src=\"https:\/\/fundacioramonmartibonet.org\/wp-content\/uploads\/2024\/06\/FRMB_celebracio_200.png\" alt=\"\" class=\"wp-image-1923\" style=\"object-fit:cover;width:83px;height:auto\" srcset=\"https:\/\/fundacioramonmartibonet.org\/wp-content\/uploads\/2024\/06\/FRMB_celebracio_200.png 200w, https:\/\/fundacioramonmartibonet.org\/wp-content\/uploads\/2024\/06\/FRMB_celebracio_200-150x150.png 150w\" sizes=\"(max-width: 200px) 100vw, 200px\" \/><\/figure><\/div>\n\n\n<p class=\"has-text-align-center\">Un d\u00eda especial, un cumplea\u00f1os o casamiento es la ocasi\u00f3n perfecta para ser solidario\/a.<\/p>\n\n\n\n<div class=\"wp-block-buttons is-content-justification-center is-layout-flex wp-container-core-buttons-is-layout-3 wp-block-buttons-is-layout-flex\">\n<div class=\"wp-block-button\"><a class=\"wp-block-button__link wp-element-button\" href=\"\/es\/celebracions-solidaries\">Celebraciones solidarias<\/a><\/div>\n<\/div>\n<\/div>\n\n\n\n<div class=\"wp-block-column is-layout-flow wp-block-column-is-layout-flow\"><div class=\"wp-block-image\">\n<figure class=\"aligncenter size-full is-resized\"><img loading=\"lazy\" decoding=\"async\" width=\"200\" height=\"200\" src=\"https:\/\/fundacioramonmartibonet.org\/wp-content\/uploads\/2024\/06\/FRMB_testament_200.png\" alt=\"\" class=\"wp-image-1925\" style=\"object-fit:cover;width:83px;height:auto\" srcset=\"https:\/\/fundacioramonmartibonet.org\/wp-content\/uploads\/2024\/06\/FRMB_testament_200.png 200w, https:\/\/fundacioramonmartibonet.org\/wp-content\/uploads\/2024\/06\/FRMB_testament_200-150x150.png 150w\" sizes=\"(max-width: 200px) 100vw, 200px\" \/><\/figure><\/div>\n\n\n<p class=\"has-text-align-center\" style=\"padding-left:0\">Incluye la Fundaci\u00f3n Ramon Mart\u00ed i Bonet en tu testamento y haz que tu legado mejore miradas.<\/p>\n\n\n\n<div class=\"wp-block-buttons is-content-justification-center is-layout-flex wp-container-core-buttons-is-layout-4 wp-block-buttons-is-layout-flex\">\n<div class=\"wp-block-button\"><a class=\"wp-block-button__link wp-element-button\" href=\"\/es\/herencias-y-legados\/\">Herencias y legados<\/a><\/div>\n<\/div>\n<\/div>\n\n\n\n<div class=\"wp-block-column is-layout-flow wp-block-column-is-layout-flow\"><div class=\"wp-block-image\">\n<figure class=\"aligncenter size-full is-resized\"><img loading=\"lazy\" decoding=\"async\" width=\"200\" height=\"200\" src=\"https:\/\/fundacioramonmartibonet.org\/wp-content\/uploads\/2024\/06\/FRMB_responsabilitat_social_200.png\" alt=\"\" class=\"wp-image-1927\" style=\"object-fit:cover;width:83px;height:auto\" srcset=\"https:\/\/fundacioramonmartibonet.org\/wp-content\/uploads\/2024\/06\/FRMB_responsabilitat_social_200.png 200w, https:\/\/fundacioramonmartibonet.org\/wp-content\/uploads\/2024\/06\/FRMB_responsabilitat_social_200-150x150.png 150w\" sizes=\"(max-width: 200px) 100vw, 200px\" \/><\/figure><\/div>\n\n\n<p class=\"has-text-align-center\">Vincularse a la Fundaci\u00f3n Ramon Mart\u00ed i Bonet es el acto m\u00e1s grande de responsabilidad social.<\/p>\n\n\n\n<div class=\"wp-block-buttons is-content-justification-center is-layout-flex wp-container-core-buttons-is-layout-5 wp-block-buttons-is-layout-flex\">\n<div class=\"wp-block-button\"><a class=\"wp-block-button__link wp-element-button\" href=\"\/es\/empresas-y-entidades\/\">Empresas y Entidades<\/a><\/div>\n<\/div>\n<\/div>\n<\/div>\n\n\n\t<\/div>\n<\/div>\n","protected":false},"excerpt":{"rendered":"","protected":false},"author":1,"featured_media":0,"parent":0,"menu_order":0,"comment_status":"closed","ping_status":"closed","template":"","meta":{"_acf_changed":false,"footnotes":""},"acf":[],"yoast_head":"<!-- This site is optimized with the Yoast SEO plugin v22.5 - https:\/\/yoast.com\/wordpress\/plugins\/seo\/ -->\n<title>Colabora con nosotros - Fundaci\u00f3 Ram\u00f3n Mart\u00ed i Bonet<\/title>\n<meta name=\"description\" content=\"L&#039;objectiu de la Fundaci\u00f3 Ramon Mart\u00ed i Bonet treballa per tractar la salut visual de persones en situaci\u00f3 de vulnerabilitat.\" \/>\n<meta name=\"robots\" content=\"index, follow, max-snippet:-1, max-image-preview:large, max-video-preview:-1\" \/>\n<link rel=\"canonical\" href=\"https:\/\/fundacioramonmartibonet.org\/es\/colabora\/\" \/>\n<meta property=\"og:locale\" content=\"es_ES\" \/>\n<meta property=\"og:type\" content=\"article\" \/>\n<meta property=\"og:title\" content=\"Colabora con nosotros - Fundaci\u00f3 Ram\u00f3n Mart\u00ed i Bonet\" \/>\n<meta property=\"og:description\" content=\"L&#039;objectiu de la Fundaci\u00f3 Ramon Mart\u00ed i Bonet treballa per tractar la salut visual de persones en situaci\u00f3 de vulnerabilitat.\" \/>\n<meta property=\"og:url\" content=\"https:\/\/fundacioramonmartibonet.org\/es\/colabora\/\" \/>\n<meta property=\"og:site_name\" content=\"Fundaci\u00f3 Ram\u00f3n Mart\u00ed i Bonet\" \/>\n<meta property=\"article:publisher\" content=\"https:\/\/www.facebook.com\/FundacioRamonMartiBonet\" \/>\n<meta property=\"article:modified_time\" content=\"2025-07-16T09:31:40+00:00\" \/>\n<meta property=\"og:image\" content=\"https:\/\/fundacioramonmartibonet.org\/wp-content\/uploads\/2024\/06\/FRMB_aportacio_200.png\" \/>\n<meta name=\"twitter:card\" content=\"summary_large_image\" \/>\n<meta name=\"twitter:site\" content=\"@FundacioRMB\" \/>\n<script type=\"application\/ld+json\" class=\"yoast-schema-graph\">{\"@context\":\"https:\/\/schema.org\",\"@graph\":[{\"@type\":\"WebPage\",\"@id\":\"https:\/\/fundacioramonmartibonet.org\/es\/colabora\/\",\"url\":\"https:\/\/fundacioramonmartibonet.org\/es\/colabora\/\",\"name\":\"Colabora con nosotros - Fundaci\u00f3 Ram\u00f3n Mart\u00ed i Bonet\",\"isPartOf\":{\"@id\":\"https:\/\/fundacioramonmartibonet.org\/es\/#website\"},\"primaryImageOfPage\":{\"@id\":\"https:\/\/fundacioramonmartibonet.org\/es\/colabora\/#primaryimage\"},\"image\":{\"@id\":\"https:\/\/fundacioramonmartibonet.org\/es\/colabora\/#primaryimage\"},\"thumbnailUrl\":\"https:\/\/fundacioramonmartibonet.org\/wp-content\/uploads\/2024\/06\/FRMB_aportacio_200.png\",\"datePublished\":\"2023-06-07T15:41:22+00:00\",\"dateModified\":\"2025-07-16T09:31:40+00:00\",\"description\":\"L'objectiu de la Fundaci\u00f3 Ramon Mart\u00ed i Bonet treballa per tractar la salut visual de persones en situaci\u00f3 de vulnerabilitat.\",\"breadcrumb\":{\"@id\":\"https:\/\/fundacioramonmartibonet.org\/es\/colabora\/#breadcrumb\"},\"inLanguage\":\"es\",\"potentialAction\":[{\"@type\":\"ReadAction\",\"target\":[\"https:\/\/fundacioramonmartibonet.org\/es\/colabora\/\"]}]},{\"@type\":\"ImageObject\",\"inLanguage\":\"es\",\"@id\":\"https:\/\/fundacioramonmartibonet.org\/es\/colabora\/#primaryimage\",\"url\":\"https:\/\/fundacioramonmartibonet.org\/wp-content\/uploads\/2024\/06\/FRMB_aportacio_200.png\",\"contentUrl\":\"https:\/\/fundacioramonmartibonet.org\/wp-content\/uploads\/2024\/06\/FRMB_aportacio_200.png\"},{\"@type\":\"BreadcrumbList\",\"@id\":\"https:\/\/fundacioramonmartibonet.org\/es\/colabora\/#breadcrumb\",\"itemListElement\":[{\"@type\":\"ListItem\",\"position\":1,\"name\":\"Home\",\"item\":\"https:\/\/fundacioramonmartibonet.org\/es\/\"},{\"@type\":\"ListItem\",\"position\":2,\"name\":\"Colabora con nosotros\"}]},{\"@type\":\"WebSite\",\"@id\":\"https:\/\/fundacioramonmartibonet.org\/es\/#website\",\"url\":\"https:\/\/fundacioramonmartibonet.org\/es\/\",\"name\":\"Fundaci\u00f3 Ramon Mart\u00ed i Bonet\",\"description\":\"Visi\u00f3 per a tothom\",\"publisher\":{\"@id\":\"https:\/\/fundacioramonmartibonet.org\/es\/#organization\"},\"alternateName\":\"FRMB\",\"potentialAction\":[{\"@type\":\"SearchAction\",\"target\":{\"@type\":\"EntryPoint\",\"urlTemplate\":\"https:\/\/fundacioramonmartibonet.org\/es\/?s={search_term_string}\"},\"query-input\":\"required name=search_term_string\"}],\"inLanguage\":\"es\"},{\"@type\":\"Organization\",\"@id\":\"https:\/\/fundacioramonmartibonet.org\/es\/#organization\",\"name\":\"Fundaci\u00f3 Ramon Mart\u00ed i Bonet\",\"alternateName\":\"FRMB\",\"url\":\"https:\/\/fundacioramonmartibonet.org\/es\/\",\"logo\":{\"@type\":\"ImageObject\",\"inLanguage\":\"es\",\"@id\":\"https:\/\/fundacioramonmartibonet.org\/es\/#\/schema\/logo\/image\/\",\"url\":\"https:\/\/fundacioramonmartibonet.org\/wp-content\/uploads\/2023\/06\/frmb.svg\",\"contentUrl\":\"https:\/\/fundacioramonmartibonet.org\/wp-content\/uploads\/2023\/06\/frmb.svg\",\"width\":900,\"height\":280,\"caption\":\"Fundaci\u00f3 Ramon Mart\u00ed i Bonet\"},\"image\":{\"@id\":\"https:\/\/fundacioramonmartibonet.org\/es\/#\/schema\/logo\/image\/\"},\"sameAs\":[\"https:\/\/www.facebook.com\/FundacioRamonMartiBonet\",\"https:\/\/x.com\/FundacioRMB\",\"https:\/\/www.youtube.com\/channel\/UCNyN8HH4tz3ybIBubLBiSog\",\"https:\/\/www.instagram.com\/fundaciormb\/\",\"https:\/\/www.linkedin.com\/company\/fundacio-ramon-marto-i-bonet-contra-la-ceguera\/\"]}]}<\/script>\n<!-- \/ Yoast SEO plugin. -->","yoast_head_json":{"title":"Colabora con nosotros - Fundaci\u00f3 Ram\u00f3n Mart\u00ed i Bonet","description":"L'objectiu de la Fundaci\u00f3 Ramon Mart\u00ed i Bonet treballa per tractar la salut visual de persones en situaci\u00f3 de vulnerabilitat.","robots":{"index":"index","follow":"follow","max-snippet":"max-snippet:-1","max-image-preview":"max-image-preview:large","max-video-preview":"max-video-preview:-1"},"canonical":"https:\/\/fundacioramonmartibonet.org\/es\/colabora\/","og_locale":"es_ES","og_type":"article","og_title":"Colabora con nosotros - Fundaci\u00f3 Ram\u00f3n Mart\u00ed i Bonet","og_description":"L'objectiu de la Fundaci\u00f3 Ramon Mart\u00ed i Bonet treballa per tractar la salut visual de persones en situaci\u00f3 de vulnerabilitat.","og_url":"https:\/\/fundacioramonmartibonet.org\/es\/colabora\/","og_site_name":"Fundaci\u00f3 Ram\u00f3n Mart\u00ed i Bonet","article_publisher":"https:\/\/www.facebook.com\/FundacioRamonMartiBonet","article_modified_time":"2025-07-16T09:31:40+00:00","og_image":[{"url":"https:\/\/fundacioramonmartibonet.org\/wp-content\/uploads\/2024\/06\/FRMB_aportacio_200.png"}],"twitter_card":"summary_large_image","twitter_site":"@FundacioRMB","schema":{"@context":"https:\/\/schema.org","@graph":[{"@type":"WebPage","@id":"https:\/\/fundacioramonmartibonet.org\/es\/colabora\/","url":"https:\/\/fundacioramonmartibonet.org\/es\/colabora\/","name":"Colabora con nosotros - Fundaci\u00f3 Ram\u00f3n Mart\u00ed i Bonet","isPartOf":{"@id":"https:\/\/fundacioramonmartibonet.org\/es\/#website"},"primaryImageOfPage":{"@id":"https:\/\/fundacioramonmartibonet.org\/es\/colabora\/#primaryimage"},"image":{"@id":"https:\/\/fundacioramonmartibonet.org\/es\/colabora\/#primaryimage"},"thumbnailUrl":"https:\/\/fundacioramonmartibonet.org\/wp-content\/uploads\/2024\/06\/FRMB_aportacio_200.png","datePublished":"2023-06-07T15:41:22+00:00","dateModified":"2025-07-16T09:31:40+00:00","description":"L'objectiu de la Fundaci\u00f3 Ramon Mart\u00ed i Bonet treballa per tractar la salut visual de persones en situaci\u00f3 de vulnerabilitat.","breadcrumb":{"@id":"https:\/\/fundacioramonmartibonet.org\/es\/colabora\/#breadcrumb"},"inLanguage":"es","potentialAction":[{"@type":"ReadAction","target":["https:\/\/fundacioramonmartibonet.org\/es\/colabora\/"]}]},{"@type":"ImageObject","inLanguage":"es","@id":"https:\/\/fundacioramonmartibonet.org\/es\/colabora\/#primaryimage","url":"https:\/\/fundacioramonmartibonet.org\/wp-content\/uploads\/2024\/06\/FRMB_aportacio_200.png","contentUrl":"https:\/\/fundacioramonmartibonet.org\/wp-content\/uploads\/2024\/06\/FRMB_aportacio_200.png"},{"@type":"BreadcrumbList","@id":"https:\/\/fundacioramonmartibonet.org\/es\/colabora\/#breadcrumb","itemListElement":[{"@type":"ListItem","position":1,"name":"Home","item":"https:\/\/fundacioramonmartibonet.org\/es\/"},{"@type":"ListItem","position":2,"name":"Colabora con nosotros"}]},{"@type":"WebSite","@id":"https:\/\/fundacioramonmartibonet.org\/es\/#website","url":"https:\/\/fundacioramonmartibonet.org\/es\/","name":"Fundaci\u00f3 Ramon Mart\u00ed i Bonet","description":"Visi\u00f3 per a tothom","publisher":{"@id":"https:\/\/fundacioramonmartibonet.org\/es\/#organization"},"alternateName":"FRMB","potentialAction":[{"@type":"SearchAction","target":{"@type":"EntryPoint","urlTemplate":"https:\/\/fundacioramonmartibonet.org\/es\/?s={search_term_string}"},"query-input":"required name=search_term_string"}],"inLanguage":"es"},{"@type":"Organization","@id":"https:\/\/fundacioramonmartibonet.org\/es\/#organization","name":"Fundaci\u00f3 Ramon Mart\u00ed i Bonet","alternateName":"FRMB","url":"https:\/\/fundacioramonmartibonet.org\/es\/","logo":{"@type":"ImageObject","inLanguage":"es","@id":"https:\/\/fundacioramonmartibonet.org\/es\/#\/schema\/logo\/image\/","url":"https:\/\/fundacioramonmartibonet.org\/wp-content\/uploads\/2023\/06\/frmb.svg","contentUrl":"https:\/\/fundacioramonmartibonet.org\/wp-content\/uploads\/2023\/06\/frmb.svg","width":900,"height":280,"caption":"Fundaci\u00f3 Ramon Mart\u00ed i Bonet"},"image":{"@id":"https:\/\/fundacioramonmartibonet.org\/es\/#\/schema\/logo\/image\/"},"sameAs":["https:\/\/www.facebook.com\/FundacioRamonMartiBonet","https:\/\/x.com\/FundacioRMB","https:\/\/www.youtube.com\/channel\/UCNyN8HH4tz3ybIBubLBiSog","https:\/\/www.instagram.com\/fundaciormb\/","https:\/\/www.linkedin.com\/company\/fundacio-ramon-marto-i-bonet-contra-la-ceguera\/"]}]}},"_links":{"self":[{"href":"https:\/\/fundacioramonmartibonet.org\/es\/wp-json\/wp\/v2\/pages\/1319"}],"collection":[{"href":"https:\/\/fundacioramonmartibonet.org\/es\/wp-json\/wp\/v2\/pages"}],"about":[{"href":"https:\/\/fundacioramonmartibonet.org\/es\/wp-json\/wp\/v2\/types\/page"}],"author":[{"embeddable":true,"href":"https:\/\/fundacioramonmartibonet.org\/es\/wp-json\/wp\/v2\/users\/1"}],"replies":[{"embeddable":true,"href":"https:\/\/fundacioramonmartibonet.org\/es\/wp-json\/wp\/v2\/comments?post=1319"}],"version-history":[{"count":14,"href":"https:\/\/fundacioramonmartibonet.org\/es\/wp-json\/wp\/v2\/pages\/1319\/revisions"}],"predecessor-version":[{"id":3511,"href":"https:\/\/fundacioramonmartibonet.org\/es\/wp-json\/wp\/v2\/pages\/1319\/revisions\/3511"}],"wp:attachment":[{"href":"https:\/\/fundacioramonmartibonet.org\/es\/wp-json\/wp\/v2\/media?parent=1319"}],"curies":[{"name":"wp","href":"https:\/\/api.w.org\/{rel}","templated":true}]}}