{"id":4434,"date":"2026-03-30T07:31:40","date_gmt":"2026-03-30T07:31:40","guid":{"rendered":"https:\/\/fundacioramonmartibonet.org\/?post_type=iuttu_project&#038;p=4434"},"modified":"2026-03-30T07:32:08","modified_gmt":"2026-03-30T07:32:08","slug":"vision-para-todos","status":"publish","type":"iuttu_project","link":"https:\/\/fundacioramonmartibonet.org\/es\/proyecto\/vision-para-todos\/","title":{"rendered":"Visi\u00f3n para todos"},"content":{"rendered":"\n<p>En la ciudad de Barcelona, seg\u00fan datos de la Encuesta Sociodemogr\u00e1fica de Barcelona, un 25,82% de las personas se encuentran en situaci\u00f3n de vulnerabilidad socioecon\u00f3mica. Adem\u00e1s, sabemos que en los barrios de la ciudad con renta baja, el porcentaje de personas que utiliza gafas o lentes de contacto no alcanza el 10%; en cambio, esta cifra es del 30% en barrios de renta alta. Se hace evidente que la brecha en salud visual responde a un sesgo econ\u00f3mico que condiciona la atenci\u00f3n prestada a la salud visual.<\/p>\n\n\n\n<p>Renovamos este a\u00f1o el convenio de colaboraci\u00f3n con el Ayuntamiento de Barcelona para poder seguir dando apoyo a personas con dificultades visuales que no pueden acceder a tratamientos optom\u00e9tricos. Seg\u00fan el Informe FOESSA (C\u00e1ritas, 2025), alrededor de un 17% de la poblaci\u00f3n de Barcelona vive en situaci\u00f3n de vulnerabilidad y exclusi\u00f3n social.<\/p>\n\n\n\n<p>Muchas veces, las necesidades de salud no quedan bien cubiertas, y es por ello que creemos en la oportunidad de ofrecer una salud visual de calidad que potencie el rendimiento acad\u00e9mico, laboral y la integraci\u00f3n social. El acuerdo entre el Ayuntamiento de Barcelona y la Fundaci\u00f3n Ramon Mart\u00ed i Bonet facilita, por una parte, la derivaci\u00f3n de pacientes por parte de los Centros de Servicios Sociales de la ciudad de Barcelona. Por otra, el apoyo econ\u00f3mico que permite ofrecer soluciones reales a los problemas de visi\u00f3n. El a\u00f1o pasado, unas 2.000 personas fueron atendidas en la Fundaci\u00f3n a trav\u00e9s del convenio en cuesti\u00f3n.<\/p>\n\n\n\n<p>Hasta el a\u00f1o 2025, se han realizado:<\/p>\n\n\n\n<p>17.592 revisiones<\/p>\n\n\n\n<p>11.706 cribados visuales<\/p>\n\n\n\n<figure class=\"wp-block-image size-large is-resized\"><img loading=\"lazy\" decoding=\"async\" width=\"1024\" height=\"334\" src=\"https:\/\/fundacioramonmartibonet.org\/wp-content\/uploads\/2026\/03\/image-5-1024x334.png\" alt=\"\" class=\"wp-image-4437\" style=\"width:200px\" srcset=\"https:\/\/fundacioramonmartibonet.org\/wp-content\/uploads\/2026\/03\/image-5-1024x334.png 1024w, https:\/\/fundacioramonmartibonet.org\/wp-content\/uploads\/2026\/03\/image-5-300x98.png 300w, https:\/\/fundacioramonmartibonet.org\/wp-content\/uploads\/2026\/03\/image-5-768x251.png 768w, https:\/\/fundacioramonmartibonet.org\/wp-content\/uploads\/2026\/03\/image-5-1536x502.png 1536w, https:\/\/fundacioramonmartibonet.org\/wp-content\/uploads\/2026\/03\/image-5-2048x669.png 2048w\" sizes=\"(max-width: 1024px) 100vw, 1024px\" \/><\/figure>\n","protected":false},"excerpt":{"rendered":"<p>En la ciudad de Barcelona, seg\u00fan datos de la Encuesta Sociodemogr\u00e1fica de Barcelona, un 25,82% de las personas se encuentran en situaci\u00f3n de vulnerabilidad socioecon\u00f3mica. Adem\u00e1s, sabemos que en los barrios de la ciudad con renta baja, el porcentaje de personas que utiliza gafas o lentes de contacto no alcanza el 10%; en cambio, esta [&hellip;]<\/p>\n","protected":false},"featured_media":4430,"template":"","iuttu_project_type":[30],"acf":[],"yoast_head":"<!-- This site is optimized with the Yoast SEO plugin v22.5 - https:\/\/yoast.com\/wordpress\/plugins\/seo\/ -->\n<title>Visi\u00f3n para todos - Fundaci\u00f3 Ram\u00f3n Mart\u00ed i Bonet<\/title>\n<meta name=\"robots\" content=\"index, follow, max-snippet:-1, max-image-preview:large, max-video-preview:-1\" \/>\n<link rel=\"canonical\" href=\"https:\/\/fundacioramonmartibonet.org\/es\/proyecto\/vision-para-todos\/\" \/>\n<meta property=\"og:locale\" content=\"es_ES\" \/>\n<meta property=\"og:type\" content=\"article\" \/>\n<meta property=\"og:title\" content=\"Visi\u00f3n para todos - Fundaci\u00f3 Ram\u00f3n Mart\u00ed i Bonet\" \/>\n<meta property=\"og:description\" content=\"En la ciudad de Barcelona, seg\u00fan datos de la Encuesta Sociodemogr\u00e1fica de Barcelona, un 25,82% de las personas se encuentran en situaci\u00f3n de vulnerabilidad socioecon\u00f3mica. Adem\u00e1s, sabemos que en los barrios de la ciudad con renta baja, el porcentaje de personas que utiliza gafas o lentes de contacto no alcanza el 10%; en cambio, esta [&hellip;]\" \/>\n<meta property=\"og:url\" content=\"https:\/\/fundacioramonmartibonet.org\/es\/proyecto\/vision-para-todos\/\" \/>\n<meta property=\"og:site_name\" content=\"Fundaci\u00f3 Ram\u00f3n Mart\u00ed i Bonet\" \/>\n<meta property=\"article:publisher\" content=\"https:\/\/www.facebook.com\/FundacioRamonMartiBonet\" \/>\n<meta property=\"article:modified_time\" content=\"2026-03-30T07:32:08+00:00\" \/>\n<meta property=\"og:image\" content=\"https:\/\/fundacioramonmartibonet.org\/wp-content\/uploads\/2026\/03\/IMG_4368-scaled-e1774855368265.jpg\" \/>\n\t<meta property=\"og:image:width\" content=\"2560\" \/>\n\t<meta property=\"og:image:height\" content=\"1707\" \/>\n\t<meta property=\"og:image:type\" content=\"image\/jpeg\" \/>\n<meta name=\"twitter:card\" content=\"summary_large_image\" \/>\n<meta name=\"twitter:site\" content=\"@FundacioRMB\" \/>\n<script type=\"application\/ld+json\" class=\"yoast-schema-graph\">{\"@context\":\"https:\/\/schema.org\",\"@graph\":[{\"@type\":\"WebPage\",\"@id\":\"https:\/\/fundacioramonmartibonet.org\/es\/proyecto\/vision-para-todos\/\",\"url\":\"https:\/\/fundacioramonmartibonet.org\/es\/proyecto\/vision-para-todos\/\",\"name\":\"Visi\u00f3n para todos - Fundaci\u00f3 Ram\u00f3n Mart\u00ed i Bonet\",\"isPartOf\":{\"@id\":\"https:\/\/fundacioramonmartibonet.org\/es\/#website\"},\"primaryImageOfPage\":{\"@id\":\"https:\/\/fundacioramonmartibonet.org\/es\/proyecto\/vision-para-todos\/#primaryimage\"},\"image\":{\"@id\":\"https:\/\/fundacioramonmartibonet.org\/es\/proyecto\/vision-para-todos\/#primaryimage\"},\"thumbnailUrl\":\"https:\/\/fundacioramonmartibonet.org\/wp-content\/uploads\/2026\/03\/IMG_4368-scaled-e1774855368265.jpg\",\"datePublished\":\"2026-03-30T07:31:40+00:00\",\"dateModified\":\"2026-03-30T07:32:08+00:00\",\"breadcrumb\":{\"@id\":\"https:\/\/fundacioramonmartibonet.org\/es\/proyecto\/vision-para-todos\/#breadcrumb\"},\"inLanguage\":\"es\",\"potentialAction\":[{\"@type\":\"ReadAction\",\"target\":[\"https:\/\/fundacioramonmartibonet.org\/es\/proyecto\/vision-para-todos\/\"]}]},{\"@type\":\"ImageObject\",\"inLanguage\":\"es\",\"@id\":\"https:\/\/fundacioramonmartibonet.org\/es\/proyecto\/vision-para-todos\/#primaryimage\",\"url\":\"https:\/\/fundacioramonmartibonet.org\/wp-content\/uploads\/2026\/03\/IMG_4368-scaled-e1774855368265.jpg\",\"contentUrl\":\"https:\/\/fundacioramonmartibonet.org\/wp-content\/uploads\/2026\/03\/IMG_4368-scaled-e1774855368265.jpg\",\"width\":2560,\"height\":1707},{\"@type\":\"BreadcrumbList\",\"@id\":\"https:\/\/fundacioramonmartibonet.org\/es\/proyecto\/vision-para-todos\/#breadcrumb\",\"itemListElement\":[{\"@type\":\"ListItem\",\"position\":1,\"name\":\"Home\",\"item\":\"https:\/\/fundacioramonmartibonet.org\/es\/\"},{\"@type\":\"ListItem\",\"position\":2,\"name\":\"Project\",\"item\":\"https:\/\/fundacioramonmartibonet.org\/es\/true\/\"},{\"@type\":\"ListItem\",\"position\":3,\"name\":\"Visi\u00f3n para todos\"}]},{\"@type\":\"WebSite\",\"@id\":\"https:\/\/fundacioramonmartibonet.org\/es\/#website\",\"url\":\"https:\/\/fundacioramonmartibonet.org\/es\/\",\"name\":\"Fundaci\u00f3 Ramon Mart\u00ed i Bonet\",\"description\":\"Visi\u00f3 per a tothom\",\"publisher\":{\"@id\":\"https:\/\/fundacioramonmartibonet.org\/es\/#organization\"},\"alternateName\":\"FRMB\",\"potentialAction\":[{\"@type\":\"SearchAction\",\"target\":{\"@type\":\"EntryPoint\",\"urlTemplate\":\"https:\/\/fundacioramonmartibonet.org\/es\/?s={search_term_string}\"},\"query-input\":\"required name=search_term_string\"}],\"inLanguage\":\"es\"},{\"@type\":\"Organization\",\"@id\":\"https:\/\/fundacioramonmartibonet.org\/es\/#organization\",\"name\":\"Fundaci\u00f3 Ramon Mart\u00ed i Bonet\",\"alternateName\":\"FRMB\",\"url\":\"https:\/\/fundacioramonmartibonet.org\/es\/\",\"logo\":{\"@type\":\"ImageObject\",\"inLanguage\":\"es\",\"@id\":\"https:\/\/fundacioramonmartibonet.org\/es\/#\/schema\/logo\/image\/\",\"url\":\"https:\/\/fundacioramonmartibonet.org\/wp-content\/uploads\/2023\/06\/frmb.svg\",\"contentUrl\":\"https:\/\/fundacioramonmartibonet.org\/wp-content\/uploads\/2023\/06\/frmb.svg\",\"width\":900,\"height\":280,\"caption\":\"Fundaci\u00f3 Ramon Mart\u00ed i Bonet\"},\"image\":{\"@id\":\"https:\/\/fundacioramonmartibonet.org\/es\/#\/schema\/logo\/image\/\"},\"sameAs\":[\"https:\/\/www.facebook.com\/FundacioRamonMartiBonet\",\"https:\/\/x.com\/FundacioRMB\",\"https:\/\/www.youtube.com\/channel\/UCNyN8HH4tz3ybIBubLBiSog\",\"https:\/\/www.instagram.com\/fundaciormb\/\",\"https:\/\/www.linkedin.com\/company\/fundacio-ramon-marto-i-bonet-contra-la-ceguera\/\"]}]}<\/script>\n<!-- \/ Yoast SEO plugin. -->","yoast_head_json":{"title":"Visi\u00f3n para todos - Fundaci\u00f3 Ram\u00f3n Mart\u00ed i Bonet","robots":{"index":"index","follow":"follow","max-snippet":"max-snippet:-1","max-image-preview":"max-image-preview:large","max-video-preview":"max-video-preview:-1"},"canonical":"https:\/\/fundacioramonmartibonet.org\/es\/proyecto\/vision-para-todos\/","og_locale":"es_ES","og_type":"article","og_title":"Visi\u00f3n para todos - Fundaci\u00f3 Ram\u00f3n Mart\u00ed i Bonet","og_description":"En la ciudad de Barcelona, seg\u00fan datos de la Encuesta Sociodemogr\u00e1fica de Barcelona, un 25,82% de las personas se encuentran en situaci\u00f3n de vulnerabilidad socioecon\u00f3mica. Adem\u00e1s, sabemos que en los barrios de la ciudad con renta baja, el porcentaje de personas que utiliza gafas o lentes de contacto no alcanza el 10%; en cambio, esta [&hellip;]","og_url":"https:\/\/fundacioramonmartibonet.org\/es\/proyecto\/vision-para-todos\/","og_site_name":"Fundaci\u00f3 Ram\u00f3n Mart\u00ed i Bonet","article_publisher":"https:\/\/www.facebook.com\/FundacioRamonMartiBonet","article_modified_time":"2026-03-30T07:32:08+00:00","og_image":[{"width":2560,"height":1707,"url":"https:\/\/fundacioramonmartibonet.org\/wp-content\/uploads\/2026\/03\/IMG_4368-scaled-e1774855368265.jpg","type":"image\/jpeg"}],"twitter_card":"summary_large_image","twitter_site":"@FundacioRMB","schema":{"@context":"https:\/\/schema.org","@graph":[{"@type":"WebPage","@id":"https:\/\/fundacioramonmartibonet.org\/es\/proyecto\/vision-para-todos\/","url":"https:\/\/fundacioramonmartibonet.org\/es\/proyecto\/vision-para-todos\/","name":"Visi\u00f3n para todos - Fundaci\u00f3 Ram\u00f3n Mart\u00ed i Bonet","isPartOf":{"@id":"https:\/\/fundacioramonmartibonet.org\/es\/#website"},"primaryImageOfPage":{"@id":"https:\/\/fundacioramonmartibonet.org\/es\/proyecto\/vision-para-todos\/#primaryimage"},"image":{"@id":"https:\/\/fundacioramonmartibonet.org\/es\/proyecto\/vision-para-todos\/#primaryimage"},"thumbnailUrl":"https:\/\/fundacioramonmartibonet.org\/wp-content\/uploads\/2026\/03\/IMG_4368-scaled-e1774855368265.jpg","datePublished":"2026-03-30T07:31:40+00:00","dateModified":"2026-03-30T07:32:08+00:00","breadcrumb":{"@id":"https:\/\/fundacioramonmartibonet.org\/es\/proyecto\/vision-para-todos\/#breadcrumb"},"inLanguage":"es","potentialAction":[{"@type":"ReadAction","target":["https:\/\/fundacioramonmartibonet.org\/es\/proyecto\/vision-para-todos\/"]}]},{"@type":"ImageObject","inLanguage":"es","@id":"https:\/\/fundacioramonmartibonet.org\/es\/proyecto\/vision-para-todos\/#primaryimage","url":"https:\/\/fundacioramonmartibonet.org\/wp-content\/uploads\/2026\/03\/IMG_4368-scaled-e1774855368265.jpg","contentUrl":"https:\/\/fundacioramonmartibonet.org\/wp-content\/uploads\/2026\/03\/IMG_4368-scaled-e1774855368265.jpg","width":2560,"height":1707},{"@type":"BreadcrumbList","@id":"https:\/\/fundacioramonmartibonet.org\/es\/proyecto\/vision-para-todos\/#breadcrumb","itemListElement":[{"@type":"ListItem","position":1,"name":"Home","item":"https:\/\/fundacioramonmartibonet.org\/es\/"},{"@type":"ListItem","position":2,"name":"Project","item":"https:\/\/fundacioramonmartibonet.org\/es\/true\/"},{"@type":"ListItem","position":3,"name":"Visi\u00f3n para todos"}]},{"@type":"WebSite","@id":"https:\/\/fundacioramonmartibonet.org\/es\/#website","url":"https:\/\/fundacioramonmartibonet.org\/es\/","name":"Fundaci\u00f3 Ramon Mart\u00ed i Bonet","description":"Visi\u00f3 per a tothom","publisher":{"@id":"https:\/\/fundacioramonmartibonet.org\/es\/#organization"},"alternateName":"FRMB","potentialAction":[{"@type":"SearchAction","target":{"@type":"EntryPoint","urlTemplate":"https:\/\/fundacioramonmartibonet.org\/es\/?s={search_term_string}"},"query-input":"required name=search_term_string"}],"inLanguage":"es"},{"@type":"Organization","@id":"https:\/\/fundacioramonmartibonet.org\/es\/#organization","name":"Fundaci\u00f3 Ramon Mart\u00ed i Bonet","alternateName":"FRMB","url":"https:\/\/fundacioramonmartibonet.org\/es\/","logo":{"@type":"ImageObject","inLanguage":"es","@id":"https:\/\/fundacioramonmartibonet.org\/es\/#\/schema\/logo\/image\/","url":"https:\/\/fundacioramonmartibonet.org\/wp-content\/uploads\/2023\/06\/frmb.svg","contentUrl":"https:\/\/fundacioramonmartibonet.org\/wp-content\/uploads\/2023\/06\/frmb.svg","width":900,"height":280,"caption":"Fundaci\u00f3 Ramon Mart\u00ed i Bonet"},"image":{"@id":"https:\/\/fundacioramonmartibonet.org\/es\/#\/schema\/logo\/image\/"},"sameAs":["https:\/\/www.facebook.com\/FundacioRamonMartiBonet","https:\/\/x.com\/FundacioRMB","https:\/\/www.youtube.com\/channel\/UCNyN8HH4tz3ybIBubLBiSog","https:\/\/www.instagram.com\/fundaciormb\/","https:\/\/www.linkedin.com\/company\/fundacio-ramon-marto-i-bonet-contra-la-ceguera\/"]}]}},"_links":{"self":[{"href":"https:\/\/fundacioramonmartibonet.org\/es\/wp-json\/wp\/v2\/iuttu_project\/4434"}],"collection":[{"href":"https:\/\/fundacioramonmartibonet.org\/es\/wp-json\/wp\/v2\/iuttu_project"}],"about":[{"href":"https:\/\/fundacioramonmartibonet.org\/es\/wp-json\/wp\/v2\/types\/iuttu_project"}],"wp:featuredmedia":[{"embeddable":true,"href":"https:\/\/fundacioramonmartibonet.org\/es\/wp-json\/wp\/v2\/media\/4430"}],"wp:attachment":[{"href":"https:\/\/fundacioramonmartibonet.org\/es\/wp-json\/wp\/v2\/media?parent=4434"}],"wp:term":[{"taxonomy":"iuttu_project_type","embeddable":true,"href":"https:\/\/fundacioramonmartibonet.org\/es\/wp-json\/wp\/v2\/iuttu_project_type?post=4434"}],"curies":[{"name":"wp","href":"https:\/\/api.w.org\/{rel}","templated":true}]}}