{"id":4005,"date":"2025-07-23T08:15:00","date_gmt":"2025-07-23T08:15:00","guid":{"rendered":"https:\/\/fundacioramonmartibonet.org\/proyecto\/la-importancia-de-latencio-precoc-en-infants-en-paisos-amb-pocs-recursos\/"},"modified":"2025-07-23T08:25:47","modified_gmt":"2025-07-23T08:25:47","slug":"la-importancia-de-latencio-precoc-en-infants-en-paisos-amb-pocs-recursos","status":"publish","type":"iuttu_project","link":"https:\/\/fundacioramonmartibonet.org\/es\/proyecto\/la-importancia-de-latencio-precoc-en-infants-en-paisos-amb-pocs-recursos\/","title":{"rendered":"La importancia de la atenci\u00f3n temprana en infantes, en pa\u00edses con pocos recursos"},"content":{"rendered":"\n<p>El equipo de Early Intervention de la Fundaci\u00f3n Ramon Mart\u00ed i Bonet ha viajado recientemente a Tacna, en el sur de Per\u00fa, con un objetivo claro: mejorar la detecci\u00f3n precoz de trastornos del desarrollo infantil, poniendo especial atenci\u00f3n en la salud visual. Este equipo multidisciplinar, formado por dos psic\u00f3logas y una fisioterapeuta especializadas en desarrollo neurol\u00f3gico infantil, ha combinado formaci\u00f3n, sensibilizaci\u00f3n e intervenci\u00f3n directa con ni\u00f1os\/as y familias de la regi\u00f3n.<\/p>\n\n\n\n<p>Cuando hablamos de detecci\u00f3n precoz, nos referimos a la capacidad de identificar tempranamente posibles dificultades en el desarrollo infantil, ya sean neuromotoras, cognitivas, comunicativas o visuales. Detectarlas antes de los tres a\u00f1os es crucial, ya que el cerebro infantil tiene una gran plasticidad en esa etapa, y las intervenciones tempranas tienen un impacto mucho mayor y duradero.<\/p>\n\n\n\n<p>Sin embargo, los problemas visuales a menudo pasan desapercibidos. A diferencia de otras \u00e1reas del desarrollo, los trastornos visuales no siempre son f\u00e1ciles de identificar, ya que el ni\u00f1o\/a puede adaptarse a su d\u00e9ficit sin expresar que \u201cve mal\u201d, simplemente porque no sabe lo que significa ver con normalidad. Por eso, muchos ni\u00f1os con d\u00e9ficits visuales acaban siendo diagnosticados err\u00f3neamente con otros trastornos del neurodesarrollo, como el Trastorno del Espectro Autista (TEA), o incluso con problemas de conducta o dificultades de aprendizaje.<\/p>\n\n\n\n<p>La detecci\u00f3n precoz en oftalmolog\u00eda es fundamental, ya que cuando un ni\u00f1o no ve bien puede tener dificultades para relacionarse, explorar el entorno o adquirir lenguaje, lo que puede llevar a diagn\u00f3sticos err\u00f3neos como el de TEA. La visi\u00f3n desempe\u00f1a un papel clave en el aprendizaje y el desarrollo neurol\u00f3gico infantil. Muchos trastornos visuales como la ambliop\u00eda (ojo vago), el nistagmo o alteraciones visuales de origen cerebral pueden pasar desapercibidos durante los primeros a\u00f1os de vida, especialmente en contextos con pocos recursos. En este sentido, la atenci\u00f3n temprana en oftalmolog\u00eda no solo mejora la salud visual, sino que tambi\u00e9n evita errores diagn\u00f3sticos que pueden marcar el futuro del ni\u00f1o.<\/p>\n\n\n\n<p>Durante la misi\u00f3n en Tacna, el equipo trabaj\u00f3 para formar a profesionales locales en la identificaci\u00f3n de se\u00f1ales de alerta visuales y en la derivaci\u00f3n oportuna a especialistas. Esto es especialmente importante en zonas con acceso limitado a revisiones oftalmol\u00f3gicas especializadas. Estos indicadores son clave para detectar trastornos como la ceguera cortical o el d\u00e9ficit visual cerebral. Una mirada experta puede cambiar por completo el enfoque de un diagn\u00f3stico y, sobre todo, el tipo de intervenci\u00f3n y apoyo que recibe el ni\u00f1o y su familia.<\/p>\n\n\n\n<p>Uno de los momentos clave fue durante una charla con familias de ni\u00f1os y ni\u00f1as con TEA. La psic\u00f3loga Merc\u00e8 Leonhardt, experta en detecci\u00f3n precoz, identific\u00f3 dos casos de ni\u00f1os con d\u00e9ficit visual cerebral que estaban siendo tratados como si tuvieran autismo. Este hecho puso de manifiesto la importancia de una evaluaci\u00f3n visual precisa dentro del diagn\u00f3stico multidisciplinario.<\/p>\n\n\n\n<p>Este tipo de errores diagn\u00f3sticos son frecuentes cuando no se cuenta con las herramientas y conocimientos necesarios en salud visual infantil, y evidencian la necesidad de integrar la oftalmolog\u00eda en los circuitos de atenci\u00f3n temprana.<\/p>\n\n\n\n<p>Adem\u00e1s de la intervenci\u00f3n directa, el equipo particip\u00f3 en una rueda de prensa local para sensibilizar sobre la importancia de la detecci\u00f3n precoz y la salud visual, e inici\u00f3 un curso de formaci\u00f3n para profesionales de Tacna con el apoyo de las autoridades locales.<\/p>\n\n\n\n<p>El proyecto no solo ha tenido un impacto cl\u00ednico inmediato, sino que tambi\u00e9n empodera a largo plazo a profesionales y familias para realizar detecci\u00f3n e intervenci\u00f3n temprana. El modelo de la Fundaci\u00f3n Ramon Mart\u00ed i Bonet combina intervenci\u00f3n directa, formaci\u00f3n y sensibilizaci\u00f3n con una visi\u00f3n clara: asegurar que ning\u00fan ni\u00f1o\/a quede atr\u00e1s por falta de un diagn\u00f3stico visual a tiempo.<\/p>\n\n\n\n<div class=\"wp-block-buttons is-content-justification-center is-layout-flex wp-container-core-buttons-is-layout-1 wp-block-buttons-is-layout-flex\">\n<div class=\"wp-block-button\"><a class=\"wp-block-button__link has-main-background-color has-background wp-element-button\" href=\"https:\/\/www.facebook.com\/watch\/live\/?ref=watch_permalink&amp;v=1962414337839930&amp;rdid=cNpQJFQ7lLzZgOGd\">Entrevista completa<\/a><\/div>\n<\/div>\n","protected":false},"excerpt":{"rendered":"<p>La Fundaci\u00f3n Ramon Mart\u00ed i Bonet ha viajado a Tacna para mejorar la detecci\u00f3n precoz de trastornos infantiles, destacando la importancia de la salud visual para evitar diagn\u00f3sticos err\u00f3neos como el autismo.<\/p>\n","protected":false},"featured_media":4001,"template":"","iuttu_project_type":[36],"acf":[],"yoast_head":"<!-- This site is optimized with the Yoast SEO plugin v22.5 - https:\/\/yoast.com\/wordpress\/plugins\/seo\/ -->\n<title>La importancia de la atenci\u00f3n temprana en infantes, en pa\u00edses con pocos recursos - Fundaci\u00f3 Ram\u00f3n Mart\u00ed i Bonet<\/title>\n<meta name=\"robots\" content=\"index, follow, max-snippet:-1, max-image-preview:large, max-video-preview:-1\" \/>\n<link rel=\"canonical\" href=\"https:\/\/fundacioramonmartibonet.org\/es\/proyecto\/la-importancia-de-latencio-precoc-en-infants-en-paisos-amb-pocs-recursos\/\" \/>\n<meta property=\"og:locale\" content=\"es_ES\" \/>\n<meta property=\"og:type\" content=\"article\" \/>\n<meta property=\"og:title\" content=\"La importancia de la atenci\u00f3n temprana en infantes, en pa\u00edses con pocos recursos - Fundaci\u00f3 Ram\u00f3n Mart\u00ed i Bonet\" \/>\n<meta property=\"og:description\" content=\"La Fundaci\u00f3n Ramon Mart\u00ed i Bonet ha viajado a Tacna para mejorar la detecci\u00f3n precoz de trastornos infantiles, destacando la importancia de la salud visual para evitar diagn\u00f3sticos err\u00f3neos como el autismo.\" \/>\n<meta property=\"og:url\" content=\"https:\/\/fundacioramonmartibonet.org\/es\/proyecto\/la-importancia-de-latencio-precoc-en-infants-en-paisos-amb-pocs-recursos\/\" \/>\n<meta property=\"og:site_name\" content=\"Fundaci\u00f3 Ram\u00f3n Mart\u00ed i Bonet\" \/>\n<meta property=\"article:publisher\" content=\"https:\/\/www.facebook.com\/FundacioRamonMartiBonet\" \/>\n<meta property=\"article:modified_time\" content=\"2025-07-23T08:25:47+00:00\" \/>\n<meta property=\"og:image\" content=\"https:\/\/fundacioramonmartibonet.org\/wp-content\/uploads\/2025\/07\/shared-image-2025-07-14T113641.795.jpeg\" \/>\n\t<meta property=\"og:image:width\" content=\"1536\" \/>\n\t<meta property=\"og:image:height\" content=\"1032\" \/>\n\t<meta property=\"og:image:type\" content=\"image\/jpeg\" \/>\n<meta name=\"twitter:card\" content=\"summary_large_image\" \/>\n<meta name=\"twitter:site\" content=\"@FundacioRMB\" \/>\n<script type=\"application\/ld+json\" class=\"yoast-schema-graph\">{\"@context\":\"https:\/\/schema.org\",\"@graph\":[{\"@type\":\"WebPage\",\"@id\":\"https:\/\/fundacioramonmartibonet.org\/es\/proyecto\/la-importancia-de-latencio-precoc-en-infants-en-paisos-amb-pocs-recursos\/\",\"url\":\"https:\/\/fundacioramonmartibonet.org\/es\/proyecto\/la-importancia-de-latencio-precoc-en-infants-en-paisos-amb-pocs-recursos\/\",\"name\":\"La importancia de la atenci\u00f3n temprana en infantes, en pa\u00edses con pocos recursos - Fundaci\u00f3 Ram\u00f3n Mart\u00ed i Bonet\",\"isPartOf\":{\"@id\":\"https:\/\/fundacioramonmartibonet.org\/es\/#website\"},\"primaryImageOfPage\":{\"@id\":\"https:\/\/fundacioramonmartibonet.org\/es\/proyecto\/la-importancia-de-latencio-precoc-en-infants-en-paisos-amb-pocs-recursos\/#primaryimage\"},\"image\":{\"@id\":\"https:\/\/fundacioramonmartibonet.org\/es\/proyecto\/la-importancia-de-latencio-precoc-en-infants-en-paisos-amb-pocs-recursos\/#primaryimage\"},\"thumbnailUrl\":\"https:\/\/fundacioramonmartibonet.org\/wp-content\/uploads\/2025\/07\/shared-image-2025-07-14T113641.795.jpeg\",\"datePublished\":\"2025-07-23T08:15:00+00:00\",\"dateModified\":\"2025-07-23T08:25:47+00:00\",\"breadcrumb\":{\"@id\":\"https:\/\/fundacioramonmartibonet.org\/es\/proyecto\/la-importancia-de-latencio-precoc-en-infants-en-paisos-amb-pocs-recursos\/#breadcrumb\"},\"inLanguage\":\"es\",\"potentialAction\":[{\"@type\":\"ReadAction\",\"target\":[\"https:\/\/fundacioramonmartibonet.org\/es\/proyecto\/la-importancia-de-latencio-precoc-en-infants-en-paisos-amb-pocs-recursos\/\"]}]},{\"@type\":\"ImageObject\",\"inLanguage\":\"es\",\"@id\":\"https:\/\/fundacioramonmartibonet.org\/es\/proyecto\/la-importancia-de-latencio-precoc-en-infants-en-paisos-amb-pocs-recursos\/#primaryimage\",\"url\":\"https:\/\/fundacioramonmartibonet.org\/wp-content\/uploads\/2025\/07\/shared-image-2025-07-14T113641.795.jpeg\",\"contentUrl\":\"https:\/\/fundacioramonmartibonet.org\/wp-content\/uploads\/2025\/07\/shared-image-2025-07-14T113641.795.jpeg\",\"width\":1536,\"height\":1032},{\"@type\":\"BreadcrumbList\",\"@id\":\"https:\/\/fundacioramonmartibonet.org\/es\/proyecto\/la-importancia-de-latencio-precoc-en-infants-en-paisos-amb-pocs-recursos\/#breadcrumb\",\"itemListElement\":[{\"@type\":\"ListItem\",\"position\":1,\"name\":\"Home\",\"item\":\"https:\/\/fundacioramonmartibonet.org\/es\/\"},{\"@type\":\"ListItem\",\"position\":2,\"name\":\"Project\",\"item\":\"https:\/\/fundacioramonmartibonet.org\/es\/true\/\"},{\"@type\":\"ListItem\",\"position\":3,\"name\":\"La importancia de la atenci\u00f3n temprana en infantes, en pa\u00edses con pocos recursos\"}]},{\"@type\":\"WebSite\",\"@id\":\"https:\/\/fundacioramonmartibonet.org\/es\/#website\",\"url\":\"https:\/\/fundacioramonmartibonet.org\/es\/\",\"name\":\"Fundaci\u00f3 Ramon Mart\u00ed i Bonet\",\"description\":\"Visi\u00f3 per a tothom\",\"publisher\":{\"@id\":\"https:\/\/fundacioramonmartibonet.org\/es\/#organization\"},\"alternateName\":\"FRMB\",\"potentialAction\":[{\"@type\":\"SearchAction\",\"target\":{\"@type\":\"EntryPoint\",\"urlTemplate\":\"https:\/\/fundacioramonmartibonet.org\/es\/?s={search_term_string}\"},\"query-input\":\"required name=search_term_string\"}],\"inLanguage\":\"es\"},{\"@type\":\"Organization\",\"@id\":\"https:\/\/fundacioramonmartibonet.org\/es\/#organization\",\"name\":\"Fundaci\u00f3 Ramon Mart\u00ed i Bonet\",\"alternateName\":\"FRMB\",\"url\":\"https:\/\/fundacioramonmartibonet.org\/es\/\",\"logo\":{\"@type\":\"ImageObject\",\"inLanguage\":\"es\",\"@id\":\"https:\/\/fundacioramonmartibonet.org\/es\/#\/schema\/logo\/image\/\",\"url\":\"https:\/\/fundacioramonmartibonet.org\/wp-content\/uploads\/2023\/06\/frmb.svg\",\"contentUrl\":\"https:\/\/fundacioramonmartibonet.org\/wp-content\/uploads\/2023\/06\/frmb.svg\",\"width\":900,\"height\":280,\"caption\":\"Fundaci\u00f3 Ramon Mart\u00ed i Bonet\"},\"image\":{\"@id\":\"https:\/\/fundacioramonmartibonet.org\/es\/#\/schema\/logo\/image\/\"},\"sameAs\":[\"https:\/\/www.facebook.com\/FundacioRamonMartiBonet\",\"https:\/\/x.com\/FundacioRMB\",\"https:\/\/www.youtube.com\/channel\/UCNyN8HH4tz3ybIBubLBiSog\",\"https:\/\/www.instagram.com\/fundaciormb\/\",\"https:\/\/www.linkedin.com\/company\/fundacio-ramon-marto-i-bonet-contra-la-ceguera\/\"]}]}<\/script>\n<!-- \/ Yoast SEO plugin. -->","yoast_head_json":{"title":"La importancia de la atenci\u00f3n temprana en infantes, en pa\u00edses con pocos recursos - Fundaci\u00f3 Ram\u00f3n Mart\u00ed i Bonet","robots":{"index":"index","follow":"follow","max-snippet":"max-snippet:-1","max-image-preview":"max-image-preview:large","max-video-preview":"max-video-preview:-1"},"canonical":"https:\/\/fundacioramonmartibonet.org\/es\/proyecto\/la-importancia-de-latencio-precoc-en-infants-en-paisos-amb-pocs-recursos\/","og_locale":"es_ES","og_type":"article","og_title":"La importancia de la atenci\u00f3n temprana en infantes, en pa\u00edses con pocos recursos - Fundaci\u00f3 Ram\u00f3n Mart\u00ed i Bonet","og_description":"La Fundaci\u00f3n Ramon Mart\u00ed i Bonet ha viajado a Tacna para mejorar la detecci\u00f3n precoz de trastornos infantiles, destacando la importancia de la salud visual para evitar diagn\u00f3sticos err\u00f3neos como el autismo.","og_url":"https:\/\/fundacioramonmartibonet.org\/es\/proyecto\/la-importancia-de-latencio-precoc-en-infants-en-paisos-amb-pocs-recursos\/","og_site_name":"Fundaci\u00f3 Ram\u00f3n Mart\u00ed i Bonet","article_publisher":"https:\/\/www.facebook.com\/FundacioRamonMartiBonet","article_modified_time":"2025-07-23T08:25:47+00:00","og_image":[{"width":1536,"height":1032,"url":"https:\/\/fundacioramonmartibonet.org\/wp-content\/uploads\/2025\/07\/shared-image-2025-07-14T113641.795.jpeg","type":"image\/jpeg"}],"twitter_card":"summary_large_image","twitter_site":"@FundacioRMB","schema":{"@context":"https:\/\/schema.org","@graph":[{"@type":"WebPage","@id":"https:\/\/fundacioramonmartibonet.org\/es\/proyecto\/la-importancia-de-latencio-precoc-en-infants-en-paisos-amb-pocs-recursos\/","url":"https:\/\/fundacioramonmartibonet.org\/es\/proyecto\/la-importancia-de-latencio-precoc-en-infants-en-paisos-amb-pocs-recursos\/","name":"La importancia de la atenci\u00f3n temprana en infantes, en pa\u00edses con pocos recursos - Fundaci\u00f3 Ram\u00f3n Mart\u00ed i Bonet","isPartOf":{"@id":"https:\/\/fundacioramonmartibonet.org\/es\/#website"},"primaryImageOfPage":{"@id":"https:\/\/fundacioramonmartibonet.org\/es\/proyecto\/la-importancia-de-latencio-precoc-en-infants-en-paisos-amb-pocs-recursos\/#primaryimage"},"image":{"@id":"https:\/\/fundacioramonmartibonet.org\/es\/proyecto\/la-importancia-de-latencio-precoc-en-infants-en-paisos-amb-pocs-recursos\/#primaryimage"},"thumbnailUrl":"https:\/\/fundacioramonmartibonet.org\/wp-content\/uploads\/2025\/07\/shared-image-2025-07-14T113641.795.jpeg","datePublished":"2025-07-23T08:15:00+00:00","dateModified":"2025-07-23T08:25:47+00:00","breadcrumb":{"@id":"https:\/\/fundacioramonmartibonet.org\/es\/proyecto\/la-importancia-de-latencio-precoc-en-infants-en-paisos-amb-pocs-recursos\/#breadcrumb"},"inLanguage":"es","potentialAction":[{"@type":"ReadAction","target":["https:\/\/fundacioramonmartibonet.org\/es\/proyecto\/la-importancia-de-latencio-precoc-en-infants-en-paisos-amb-pocs-recursos\/"]}]},{"@type":"ImageObject","inLanguage":"es","@id":"https:\/\/fundacioramonmartibonet.org\/es\/proyecto\/la-importancia-de-latencio-precoc-en-infants-en-paisos-amb-pocs-recursos\/#primaryimage","url":"https:\/\/fundacioramonmartibonet.org\/wp-content\/uploads\/2025\/07\/shared-image-2025-07-14T113641.795.jpeg","contentUrl":"https:\/\/fundacioramonmartibonet.org\/wp-content\/uploads\/2025\/07\/shared-image-2025-07-14T113641.795.jpeg","width":1536,"height":1032},{"@type":"BreadcrumbList","@id":"https:\/\/fundacioramonmartibonet.org\/es\/proyecto\/la-importancia-de-latencio-precoc-en-infants-en-paisos-amb-pocs-recursos\/#breadcrumb","itemListElement":[{"@type":"ListItem","position":1,"name":"Home","item":"https:\/\/fundacioramonmartibonet.org\/es\/"},{"@type":"ListItem","position":2,"name":"Project","item":"https:\/\/fundacioramonmartibonet.org\/es\/true\/"},{"@type":"ListItem","position":3,"name":"La importancia de la atenci\u00f3n temprana en infantes, en pa\u00edses con pocos recursos"}]},{"@type":"WebSite","@id":"https:\/\/fundacioramonmartibonet.org\/es\/#website","url":"https:\/\/fundacioramonmartibonet.org\/es\/","name":"Fundaci\u00f3 Ramon Mart\u00ed i Bonet","description":"Visi\u00f3 per a tothom","publisher":{"@id":"https:\/\/fundacioramonmartibonet.org\/es\/#organization"},"alternateName":"FRMB","potentialAction":[{"@type":"SearchAction","target":{"@type":"EntryPoint","urlTemplate":"https:\/\/fundacioramonmartibonet.org\/es\/?s={search_term_string}"},"query-input":"required name=search_term_string"}],"inLanguage":"es"},{"@type":"Organization","@id":"https:\/\/fundacioramonmartibonet.org\/es\/#organization","name":"Fundaci\u00f3 Ramon Mart\u00ed i Bonet","alternateName":"FRMB","url":"https:\/\/fundacioramonmartibonet.org\/es\/","logo":{"@type":"ImageObject","inLanguage":"es","@id":"https:\/\/fundacioramonmartibonet.org\/es\/#\/schema\/logo\/image\/","url":"https:\/\/fundacioramonmartibonet.org\/wp-content\/uploads\/2023\/06\/frmb.svg","contentUrl":"https:\/\/fundacioramonmartibonet.org\/wp-content\/uploads\/2023\/06\/frmb.svg","width":900,"height":280,"caption":"Fundaci\u00f3 Ramon Mart\u00ed i Bonet"},"image":{"@id":"https:\/\/fundacioramonmartibonet.org\/es\/#\/schema\/logo\/image\/"},"sameAs":["https:\/\/www.facebook.com\/FundacioRamonMartiBonet","https:\/\/x.com\/FundacioRMB","https:\/\/www.youtube.com\/channel\/UCNyN8HH4tz3ybIBubLBiSog","https:\/\/www.instagram.com\/fundaciormb\/","https:\/\/www.linkedin.com\/company\/fundacio-ramon-marto-i-bonet-contra-la-ceguera\/"]}]}},"_links":{"self":[{"href":"https:\/\/fundacioramonmartibonet.org\/es\/wp-json\/wp\/v2\/iuttu_project\/4005"}],"collection":[{"href":"https:\/\/fundacioramonmartibonet.org\/es\/wp-json\/wp\/v2\/iuttu_project"}],"about":[{"href":"https:\/\/fundacioramonmartibonet.org\/es\/wp-json\/wp\/v2\/types\/iuttu_project"}],"wp:featuredmedia":[{"embeddable":true,"href":"https:\/\/fundacioramonmartibonet.org\/es\/wp-json\/wp\/v2\/media\/4001"}],"wp:attachment":[{"href":"https:\/\/fundacioramonmartibonet.org\/es\/wp-json\/wp\/v2\/media?parent=4005"}],"wp:term":[{"taxonomy":"iuttu_project_type","embeddable":true,"href":"https:\/\/fundacioramonmartibonet.org\/es\/wp-json\/wp\/v2\/iuttu_project_type?post=4005"}],"curies":[{"name":"wp","href":"https:\/\/api.w.org\/{rel}","templated":true}]}}