{"id":3927,"date":"2025-06-27T10:58:50","date_gmt":"2025-06-27T10:58:50","guid":{"rendered":"https:\/\/fundacioramonmartibonet.org\/?post_type=iuttu_project&#038;p=3927"},"modified":"2025-06-27T11:12:28","modified_gmt":"2025-06-27T11:12:28","slug":"les-politiques-de-drets-humans-del-txad-en-materia-de-salut-visual","status":"publish","type":"iuttu_project","link":"https:\/\/fundacioramonmartibonet.org\/es\/proyecto\/les-politiques-de-drets-humans-del-txad-en-materia-de-salut-visual\/","title":{"rendered":"Las pol\u00edticas de derechos humanos del Chad en materia de Salud Visual"},"content":{"rendered":"\n<p>El Sr. Attourmouzi, Jefe de Divisi\u00f3n de Seguimiento y Evaluaci\u00f3n de los Proyectos, del Ministerio de Finanzas y Cooperaci\u00f3n Internacional del Chad, nos concedi\u00f3 una entrevista para trasladarnos el <strong>enfoque y prioridades del gobierno del Chad en materia de derechos humanos, especialmente en relaci\u00f3n con la salud visual.<\/strong><strong><\/strong><\/p>\n\n\n\n<p>Adem\u00e1s, se le pregunt\u00f3 sobre la situaci\u00f3n y relaci\u00f3n con ONG \u2018s que trabajan en el \u00e1mbito de la salud, espec\u00edficamente en salud visual, y c\u00f3mo una ONG deber\u00eda contribuir a la salud visual del pa\u00eds, de manera alineada con las prioridades nacionales en derechos humanos, teniendo en cuenta que el Chad es un pa\u00eds donde la <strong>ceguera evitable<\/strong> es un desaf\u00edo sanitario cr\u00edtico.<\/p>\n\n\n\n<p>Durante la entrevista, el Sr. Attourmouzi subray\u00f3 que, aunque el Gobierno est\u00e1 comprometido con la protecci\u00f3n de los derechos humanos y de las personas con discapacidad visual y problemas oculares, se enfrentan con serias dificultades para aplicar las pol\u00edticas, por limitaciones presupuestarias. Esta situaci\u00f3n genera una brecha entre la legislaci\u00f3n existente y la realidad de muchas personas que viven con dificultades visuales, especialmente fuera de la capital.<\/p>\n\n\n\n<p>Nos confirm\u00f3 que uno de los mayores desaf\u00edos es la falta de oftalm\u00f3logos en un pa\u00eds que cuenta con gran extensi\u00f3n geogr\u00e1fica y una poblaci\u00f3n de m\u00e1s de 15 millones de habitantes. \u201cNuestro gran reto ahora es encontrar m\u00e9dicos y especialistas en oftalmolog\u00eda.\u201d Attourmouzi comparti\u00f3 una experiencia personal sobre un accidente que tuvo a tan solo tres kil\u00f3metros y medio de la capital y que le provoc\u00f3 un traumatismo en uno de los ojos:\u201d no fue un oftalm\u00f3logo, pero fue un m\u00e9dico que me dio los primeros auxilios. S\u00e9 que no sab\u00eda lo que hac\u00eda. Y cuando llegu\u00e9 a Yamena, visit\u00e9 dos o tres cl\u00ednicas, pero no pudieron detectar el problema de presi\u00f3n ocular del ojo impactado por el accidente. Es algo sencillo de detectar, pero nadie supo hacerlo en el Chad y tuve que viajar a Sud\u00e1n y Egipto.\u201d<\/p>\n\n\n\n<p class=\"has-text-align-center has-light-main-background-color has-background\" style=\"padding-top:var(--wp--preset--spacing--20);padding-right:0;padding-bottom:var(--wp--preset--spacing--20);padding-left:0\"><strong>La precariedad de la asistencia oftalmol\u00f3gica en el pa\u00eds se ve agravada por la paralizaci\u00f3n de proyectos como el centro oftalmol\u00f3gico de la capital que obliga a muchos pacientes a desplazarse<\/strong> <strong>a pa\u00edses vecinos para recibir un diagn\u00f3stico o tratamiento adecuados.<\/strong><\/p>\n\n\n\n<p>Por otro lado, destac\u00f3 la reciente creaci\u00f3n de la Agencia Nacional para la Promoci\u00f3n de las Personas con Discapacidad, aunque admiti\u00f3 que el seguimiento y evaluaci\u00f3n de sus pol\u00edticas a\u00fan no cuenta con personal suficiente. \u201cY no es solo en N&#8217;Djamena, hay que estar en el Chad m\u00e1s profundo para ver lo que ocurre realmente en cuanto sales de la capital\u201d. El Sr. Attourmouzi reconoci\u00f3 el impacto positivo de la Fundaci\u00f3n Ramon Mart\u00ed i Bonet, valorando especialmente su labor en N\u2019Djamena y su compromiso con la formaci\u00f3n de personal local, a\u00f1adiendo que, si la fundaci\u00f3n puede formar m\u00e9dicos chadianos en oftalmolog\u00eda, ser\u00e1 una gran ventaja para el pa\u00eds y para las personas que sufren problemas de salud visual.<br>La entrevista refleja con claridad que, aunque los marcos legales y la voluntad institucional existen, sin cooperaci\u00f3n internacional y apoyo sostenido, millones de personas seguir\u00e1n sin acceso a una salud visual b\u00e1sica.<\/p>\n\n\n\n<p>Para ver la entrevista completa, haz click en el enlace. <a href=\"https:\/\/www.youtube.com\/watch?v=EpVEzmUbLlA\">Entrevista completa<\/a><\/p>\n\n\n\n<p>La Fundaci\u00f3n Ramon Mart\u00ed i Bonet trabaja en el Chad desde 2017 y ha equipado <strong>una consulta de oftalmolog\u00eda, un quir\u00f3fano y una \u00f3ptica<\/strong>, en el Hospital Le Bon Samaritain, en Yamena. Contamos con dos <strong>profesionales locales<\/strong> de la enfermer\u00eda, as\u00ed como un oftalm\u00f3logo que nos permiten atender a m\u00e1s de <strong>3.200 pacientes<\/strong>, cada a\u00f1o.<\/p>\n\n\n\n<p>Desde la Fundaci\u00f3 Ramon Mart\u00ed i Bonet reafirmamos nuestro compromiso de seguir formando a profesionales que puedan ofrecer un servicio de oftalmolog\u00eda de calidad para la poblaci\u00f3n del Chad.<\/p>\n\n\n\n<figure class=\"wp-block-image size-full is-resized\"><img loading=\"lazy\" decoding=\"async\" width=\"2500\" height=\"426\" src=\"https:\/\/fundacioramonmartibonet.org\/wp-content\/uploads\/2025\/06\/MAEUEC-SEAEX-DG-NNUU-002.jpg\" alt=\"\" class=\"wp-image-3930\" style=\"width:678px;height:auto\" srcset=\"https:\/\/fundacioramonmartibonet.org\/wp-content\/uploads\/2025\/06\/MAEUEC-SEAEX-DG-NNUU-002.jpg 2500w, https:\/\/fundacioramonmartibonet.org\/wp-content\/uploads\/2025\/06\/MAEUEC-SEAEX-DG-NNUU-002-300x51.jpg 300w, https:\/\/fundacioramonmartibonet.org\/wp-content\/uploads\/2025\/06\/MAEUEC-SEAEX-DG-NNUU-002-1024x174.jpg 1024w, https:\/\/fundacioramonmartibonet.org\/wp-content\/uploads\/2025\/06\/MAEUEC-SEAEX-DG-NNUU-002-768x131.jpg 768w, https:\/\/fundacioramonmartibonet.org\/wp-content\/uploads\/2025\/06\/MAEUEC-SEAEX-DG-NNUU-002-1536x262.jpg 1536w, https:\/\/fundacioramonmartibonet.org\/wp-content\/uploads\/2025\/06\/MAEUEC-SEAEX-DG-NNUU-002-2048x349.jpg 2048w\" sizes=\"(max-width: 2500px) 100vw, 2500px\" \/><\/figure>\n","protected":false},"excerpt":{"rendered":"<p>Entrevista con Habib Ali Attourmouzi, de la Direcci\u00f3n General de ONG para el Desarrollo en el Chad y Marta Vila, Directora de la Fundaci\u00f3 Ramon Mart\u00ed i Bonet<\/p>\n","protected":false},"featured_media":3926,"template":"","iuttu_project_type":[36],"acf":[],"yoast_head":"<!-- This site is optimized with the Yoast SEO plugin v22.5 - https:\/\/yoast.com\/wordpress\/plugins\/seo\/ -->\n<title>Las pol\u00edticas de derechos humanos del Chad en materia de Salud Visual - Fundaci\u00f3 Ram\u00f3n Mart\u00ed i Bonet<\/title>\n<meta name=\"robots\" content=\"index, follow, max-snippet:-1, max-image-preview:large, max-video-preview:-1\" \/>\n<link rel=\"canonical\" href=\"https:\/\/fundacioramonmartibonet.org\/es\/proyecto\/les-politiques-de-drets-humans-del-txad-en-materia-de-salut-visual\/\" \/>\n<meta property=\"og:locale\" content=\"es_ES\" \/>\n<meta property=\"og:type\" content=\"article\" \/>\n<meta property=\"og:title\" content=\"Las pol\u00edticas de derechos humanos del Chad en materia de Salud Visual - Fundaci\u00f3 Ram\u00f3n Mart\u00ed i Bonet\" \/>\n<meta property=\"og:description\" content=\"Entrevista con Habib Ali Attourmouzi, de la Direcci\u00f3n General de ONG para el Desarrollo en el Chad y Marta Vila, Directora de la Fundaci\u00f3 Ramon Mart\u00ed i Bonet\" \/>\n<meta property=\"og:url\" content=\"https:\/\/fundacioramonmartibonet.org\/es\/proyecto\/les-politiques-de-drets-humans-del-txad-en-materia-de-salut-visual\/\" \/>\n<meta property=\"og:site_name\" content=\"Fundaci\u00f3 Ram\u00f3n Mart\u00ed i Bonet\" \/>\n<meta property=\"article:publisher\" content=\"https:\/\/www.facebook.com\/FundacioRamonMartiBonet\" \/>\n<meta property=\"article:modified_time\" content=\"2025-06-27T11:12:28+00:00\" \/>\n<meta property=\"og:image\" content=\"https:\/\/fundacioramonmartibonet.org\/wp-content\/uploads\/2025\/06\/IMG_7846-scaled.jpeg\" \/>\n\t<meta property=\"og:image:width\" content=\"2560\" \/>\n\t<meta property=\"og:image:height\" content=\"1920\" \/>\n\t<meta property=\"og:image:type\" content=\"image\/jpeg\" \/>\n<meta name=\"twitter:card\" content=\"summary_large_image\" \/>\n<meta name=\"twitter:site\" content=\"@FundacioRMB\" \/>\n<script type=\"application\/ld+json\" class=\"yoast-schema-graph\">{\"@context\":\"https:\/\/schema.org\",\"@graph\":[{\"@type\":\"WebPage\",\"@id\":\"https:\/\/fundacioramonmartibonet.org\/es\/proyecto\/les-politiques-de-drets-humans-del-txad-en-materia-de-salut-visual\/\",\"url\":\"https:\/\/fundacioramonmartibonet.org\/es\/proyecto\/les-politiques-de-drets-humans-del-txad-en-materia-de-salut-visual\/\",\"name\":\"Las pol\u00edticas de derechos humanos del Chad en materia de Salud Visual - Fundaci\u00f3 Ram\u00f3n Mart\u00ed i Bonet\",\"isPartOf\":{\"@id\":\"https:\/\/fundacioramonmartibonet.org\/es\/#website\"},\"primaryImageOfPage\":{\"@id\":\"https:\/\/fundacioramonmartibonet.org\/es\/proyecto\/les-politiques-de-drets-humans-del-txad-en-materia-de-salut-visual\/#primaryimage\"},\"image\":{\"@id\":\"https:\/\/fundacioramonmartibonet.org\/es\/proyecto\/les-politiques-de-drets-humans-del-txad-en-materia-de-salut-visual\/#primaryimage\"},\"thumbnailUrl\":\"https:\/\/fundacioramonmartibonet.org\/wp-content\/uploads\/2025\/06\/IMG_7846-scaled.jpeg\",\"datePublished\":\"2025-06-27T10:58:50+00:00\",\"dateModified\":\"2025-06-27T11:12:28+00:00\",\"breadcrumb\":{\"@id\":\"https:\/\/fundacioramonmartibonet.org\/es\/proyecto\/les-politiques-de-drets-humans-del-txad-en-materia-de-salut-visual\/#breadcrumb\"},\"inLanguage\":\"es\",\"potentialAction\":[{\"@type\":\"ReadAction\",\"target\":[\"https:\/\/fundacioramonmartibonet.org\/es\/proyecto\/les-politiques-de-drets-humans-del-txad-en-materia-de-salut-visual\/\"]}]},{\"@type\":\"ImageObject\",\"inLanguage\":\"es\",\"@id\":\"https:\/\/fundacioramonmartibonet.org\/es\/proyecto\/les-politiques-de-drets-humans-del-txad-en-materia-de-salut-visual\/#primaryimage\",\"url\":\"https:\/\/fundacioramonmartibonet.org\/wp-content\/uploads\/2025\/06\/IMG_7846-scaled.jpeg\",\"contentUrl\":\"https:\/\/fundacioramonmartibonet.org\/wp-content\/uploads\/2025\/06\/IMG_7846-scaled.jpeg\",\"width\":2560,\"height\":1920},{\"@type\":\"BreadcrumbList\",\"@id\":\"https:\/\/fundacioramonmartibonet.org\/es\/proyecto\/les-politiques-de-drets-humans-del-txad-en-materia-de-salut-visual\/#breadcrumb\",\"itemListElement\":[{\"@type\":\"ListItem\",\"position\":1,\"name\":\"Home\",\"item\":\"https:\/\/fundacioramonmartibonet.org\/es\/\"},{\"@type\":\"ListItem\",\"position\":2,\"name\":\"Project\",\"item\":\"https:\/\/fundacioramonmartibonet.org\/es\/true\/\"},{\"@type\":\"ListItem\",\"position\":3,\"name\":\"Las pol\u00edticas de derechos humanos del Chad en materia de Salud Visual\"}]},{\"@type\":\"WebSite\",\"@id\":\"https:\/\/fundacioramonmartibonet.org\/es\/#website\",\"url\":\"https:\/\/fundacioramonmartibonet.org\/es\/\",\"name\":\"Fundaci\u00f3 Ramon Mart\u00ed i Bonet\",\"description\":\"Visi\u00f3 per a tothom\",\"publisher\":{\"@id\":\"https:\/\/fundacioramonmartibonet.org\/es\/#organization\"},\"alternateName\":\"FRMB\",\"potentialAction\":[{\"@type\":\"SearchAction\",\"target\":{\"@type\":\"EntryPoint\",\"urlTemplate\":\"https:\/\/fundacioramonmartibonet.org\/es\/?s={search_term_string}\"},\"query-input\":\"required name=search_term_string\"}],\"inLanguage\":\"es\"},{\"@type\":\"Organization\",\"@id\":\"https:\/\/fundacioramonmartibonet.org\/es\/#organization\",\"name\":\"Fundaci\u00f3 Ramon Mart\u00ed i Bonet\",\"alternateName\":\"FRMB\",\"url\":\"https:\/\/fundacioramonmartibonet.org\/es\/\",\"logo\":{\"@type\":\"ImageObject\",\"inLanguage\":\"es\",\"@id\":\"https:\/\/fundacioramonmartibonet.org\/es\/#\/schema\/logo\/image\/\",\"url\":\"https:\/\/fundacioramonmartibonet.org\/wp-content\/uploads\/2023\/06\/frmb.svg\",\"contentUrl\":\"https:\/\/fundacioramonmartibonet.org\/wp-content\/uploads\/2023\/06\/frmb.svg\",\"width\":900,\"height\":280,\"caption\":\"Fundaci\u00f3 Ramon Mart\u00ed i Bonet\"},\"image\":{\"@id\":\"https:\/\/fundacioramonmartibonet.org\/es\/#\/schema\/logo\/image\/\"},\"sameAs\":[\"https:\/\/www.facebook.com\/FundacioRamonMartiBonet\",\"https:\/\/x.com\/FundacioRMB\",\"https:\/\/www.youtube.com\/channel\/UCNyN8HH4tz3ybIBubLBiSog\",\"https:\/\/www.instagram.com\/fundaciormb\/\",\"https:\/\/www.linkedin.com\/company\/fundacio-ramon-marto-i-bonet-contra-la-ceguera\/\"]}]}<\/script>\n<!-- \/ Yoast SEO plugin. -->","yoast_head_json":{"title":"Las pol\u00edticas de derechos humanos del Chad en materia de Salud Visual - Fundaci\u00f3 Ram\u00f3n Mart\u00ed i Bonet","robots":{"index":"index","follow":"follow","max-snippet":"max-snippet:-1","max-image-preview":"max-image-preview:large","max-video-preview":"max-video-preview:-1"},"canonical":"https:\/\/fundacioramonmartibonet.org\/es\/proyecto\/les-politiques-de-drets-humans-del-txad-en-materia-de-salut-visual\/","og_locale":"es_ES","og_type":"article","og_title":"Las pol\u00edticas de derechos humanos del Chad en materia de Salud Visual - Fundaci\u00f3 Ram\u00f3n Mart\u00ed i Bonet","og_description":"Entrevista con Habib Ali Attourmouzi, de la Direcci\u00f3n General de ONG para el Desarrollo en el Chad y Marta Vila, Directora de la Fundaci\u00f3 Ramon Mart\u00ed i Bonet","og_url":"https:\/\/fundacioramonmartibonet.org\/es\/proyecto\/les-politiques-de-drets-humans-del-txad-en-materia-de-salut-visual\/","og_site_name":"Fundaci\u00f3 Ram\u00f3n Mart\u00ed i Bonet","article_publisher":"https:\/\/www.facebook.com\/FundacioRamonMartiBonet","article_modified_time":"2025-06-27T11:12:28+00:00","og_image":[{"width":2560,"height":1920,"url":"https:\/\/fundacioramonmartibonet.org\/wp-content\/uploads\/2025\/06\/IMG_7846-scaled.jpeg","type":"image\/jpeg"}],"twitter_card":"summary_large_image","twitter_site":"@FundacioRMB","schema":{"@context":"https:\/\/schema.org","@graph":[{"@type":"WebPage","@id":"https:\/\/fundacioramonmartibonet.org\/es\/proyecto\/les-politiques-de-drets-humans-del-txad-en-materia-de-salut-visual\/","url":"https:\/\/fundacioramonmartibonet.org\/es\/proyecto\/les-politiques-de-drets-humans-del-txad-en-materia-de-salut-visual\/","name":"Las pol\u00edticas de derechos humanos del Chad en materia de Salud Visual - Fundaci\u00f3 Ram\u00f3n Mart\u00ed i Bonet","isPartOf":{"@id":"https:\/\/fundacioramonmartibonet.org\/es\/#website"},"primaryImageOfPage":{"@id":"https:\/\/fundacioramonmartibonet.org\/es\/proyecto\/les-politiques-de-drets-humans-del-txad-en-materia-de-salut-visual\/#primaryimage"},"image":{"@id":"https:\/\/fundacioramonmartibonet.org\/es\/proyecto\/les-politiques-de-drets-humans-del-txad-en-materia-de-salut-visual\/#primaryimage"},"thumbnailUrl":"https:\/\/fundacioramonmartibonet.org\/wp-content\/uploads\/2025\/06\/IMG_7846-scaled.jpeg","datePublished":"2025-06-27T10:58:50+00:00","dateModified":"2025-06-27T11:12:28+00:00","breadcrumb":{"@id":"https:\/\/fundacioramonmartibonet.org\/es\/proyecto\/les-politiques-de-drets-humans-del-txad-en-materia-de-salut-visual\/#breadcrumb"},"inLanguage":"es","potentialAction":[{"@type":"ReadAction","target":["https:\/\/fundacioramonmartibonet.org\/es\/proyecto\/les-politiques-de-drets-humans-del-txad-en-materia-de-salut-visual\/"]}]},{"@type":"ImageObject","inLanguage":"es","@id":"https:\/\/fundacioramonmartibonet.org\/es\/proyecto\/les-politiques-de-drets-humans-del-txad-en-materia-de-salut-visual\/#primaryimage","url":"https:\/\/fundacioramonmartibonet.org\/wp-content\/uploads\/2025\/06\/IMG_7846-scaled.jpeg","contentUrl":"https:\/\/fundacioramonmartibonet.org\/wp-content\/uploads\/2025\/06\/IMG_7846-scaled.jpeg","width":2560,"height":1920},{"@type":"BreadcrumbList","@id":"https:\/\/fundacioramonmartibonet.org\/es\/proyecto\/les-politiques-de-drets-humans-del-txad-en-materia-de-salut-visual\/#breadcrumb","itemListElement":[{"@type":"ListItem","position":1,"name":"Home","item":"https:\/\/fundacioramonmartibonet.org\/es\/"},{"@type":"ListItem","position":2,"name":"Project","item":"https:\/\/fundacioramonmartibonet.org\/es\/true\/"},{"@type":"ListItem","position":3,"name":"Las pol\u00edticas de derechos humanos del Chad en materia de Salud Visual"}]},{"@type":"WebSite","@id":"https:\/\/fundacioramonmartibonet.org\/es\/#website","url":"https:\/\/fundacioramonmartibonet.org\/es\/","name":"Fundaci\u00f3 Ramon Mart\u00ed i Bonet","description":"Visi\u00f3 per a tothom","publisher":{"@id":"https:\/\/fundacioramonmartibonet.org\/es\/#organization"},"alternateName":"FRMB","potentialAction":[{"@type":"SearchAction","target":{"@type":"EntryPoint","urlTemplate":"https:\/\/fundacioramonmartibonet.org\/es\/?s={search_term_string}"},"query-input":"required name=search_term_string"}],"inLanguage":"es"},{"@type":"Organization","@id":"https:\/\/fundacioramonmartibonet.org\/es\/#organization","name":"Fundaci\u00f3 Ramon Mart\u00ed i Bonet","alternateName":"FRMB","url":"https:\/\/fundacioramonmartibonet.org\/es\/","logo":{"@type":"ImageObject","inLanguage":"es","@id":"https:\/\/fundacioramonmartibonet.org\/es\/#\/schema\/logo\/image\/","url":"https:\/\/fundacioramonmartibonet.org\/wp-content\/uploads\/2023\/06\/frmb.svg","contentUrl":"https:\/\/fundacioramonmartibonet.org\/wp-content\/uploads\/2023\/06\/frmb.svg","width":900,"height":280,"caption":"Fundaci\u00f3 Ramon Mart\u00ed i Bonet"},"image":{"@id":"https:\/\/fundacioramonmartibonet.org\/es\/#\/schema\/logo\/image\/"},"sameAs":["https:\/\/www.facebook.com\/FundacioRamonMartiBonet","https:\/\/x.com\/FundacioRMB","https:\/\/www.youtube.com\/channel\/UCNyN8HH4tz3ybIBubLBiSog","https:\/\/www.instagram.com\/fundaciormb\/","https:\/\/www.linkedin.com\/company\/fundacio-ramon-marto-i-bonet-contra-la-ceguera\/"]}]}},"_links":{"self":[{"href":"https:\/\/fundacioramonmartibonet.org\/es\/wp-json\/wp\/v2\/iuttu_project\/3927"}],"collection":[{"href":"https:\/\/fundacioramonmartibonet.org\/es\/wp-json\/wp\/v2\/iuttu_project"}],"about":[{"href":"https:\/\/fundacioramonmartibonet.org\/es\/wp-json\/wp\/v2\/types\/iuttu_project"}],"wp:featuredmedia":[{"embeddable":true,"href":"https:\/\/fundacioramonmartibonet.org\/es\/wp-json\/wp\/v2\/media\/3926"}],"wp:attachment":[{"href":"https:\/\/fundacioramonmartibonet.org\/es\/wp-json\/wp\/v2\/media?parent=3927"}],"wp:term":[{"taxonomy":"iuttu_project_type","embeddable":true,"href":"https:\/\/fundacioramonmartibonet.org\/es\/wp-json\/wp\/v2\/iuttu_project_type?post=3927"}],"curies":[{"name":"wp","href":"https:\/\/api.w.org\/{rel}","templated":true}]}}