{"id":3695,"date":"2025-05-08T17:01:25","date_gmt":"2025-05-08T17:01:25","guid":{"rendered":"https:\/\/fundacioramonmartibonet.org\/?post_type=iuttu_project&#038;p=3695"},"modified":"2025-06-27T06:38:52","modified_gmt":"2025-06-27T06:38:52","slug":"salud-visual-y-rendimiento-academico","status":"publish","type":"iuttu_project","link":"https:\/\/fundacioramonmartibonet.org\/es\/proyecto\/salud-visual-y-rendimiento-academico\/","title":{"rendered":"\u00bfTienen relaci\u00f3n la salud visual y el rendimiento acad\u00e9mico de un ni\u00f1o?"},"content":{"rendered":"\n<div class=\"wp-block-media-text is-stacked-on-mobile is-image-fill\"><figure class=\"wp-block-media-text__media\" style=\"background-image:url(https:\/\/fundacioramonmartibonet.org\/wp-content\/uploads\/2025\/05\/Imagen1-1.jpg);background-position:50% 50%\"><img loading=\"lazy\" decoding=\"async\" width=\"958\" height=\"638\" src=\"https:\/\/fundacioramonmartibonet.org\/wp-content\/uploads\/2025\/05\/Imagen1-1.jpg\" alt=\"\" class=\"wp-image-3696 size-full\" srcset=\"https:\/\/fundacioramonmartibonet.org\/wp-content\/uploads\/2025\/05\/Imagen1-1.jpg 958w, https:\/\/fundacioramonmartibonet.org\/wp-content\/uploads\/2025\/05\/Imagen1-1-300x200.jpg 300w, https:\/\/fundacioramonmartibonet.org\/wp-content\/uploads\/2025\/05\/Imagen1-1-768x511.jpg 768w\" sizes=\"(max-width: 958px) 100vw, 958px\" \/><\/figure><div class=\"wp-block-media-text__content\">\n<p>La capacidad de aprender est\u00e1 \u00edntimamente ligada a la manera como percibimos el mundo. Y en este proceso, la vista es un sentido clave. Desgraciadamente, problemas visuales como la miop\u00eda, la hipermetrop\u00eda o el astigmatismo. Act\u00faan como obst\u00e1culos invisibles para miles de estudiantes, seg\u00fan alerta\u00a0(<a href=\"https:\/\/www.emporda.info\/salut\/2023\/10\/18\/optipunt-salut-visual-factor-important-93409307.html\">Optipunt<\/a>)\u00a0en una reciente publicaci\u00f3n en el diario\u00a0\u00ab<em>\u00c9mporda<\/em>\u00ab. Estas alteraciones, a menudo no diagnosticadas, interfieren en actividades b\u00e1sicas como leer, escribir o seguir una explicaci\u00f3n a la pizarra. Y pueden marcar la diferencia entre el \u00e9xito y el fracaso acad\u00e9mico.<\/p>\n\n\n\n<p>Los datos son contundentes:&nbsp;el 25% de los escolares sufren problemas de visi\u00f3n sin diagnosticar. Una cifra que pone de relieve la urgencia de tomar conciencia sobre la importancia de la prevenci\u00f3n. Los expertos insisten que muchos de estos casos se resolver\u00edan con soluciones sencillas. Como el uso de ojeras, pero la carencia de detecci\u00f3n condena muchos ni\u00f1os a una carrera acad\u00e9mica llena de barreras evitables.<\/p>\n\n\n\n<h1 class=\"wp-block-heading has-medium-font-size\"><strong>C\u00f3mo afectan los trastornos visuales al aprendizaje?<\/strong><\/h1>\n\n\n\n<p>Los trastornos visuales no solo provocan una visi\u00f3n borrosa: generan un c\u00famulo de dificultades que pasan factura acad\u00e9mica y emocional. Un ni\u00f1o con miop\u00eda no diagnosticada, por ejemplo, puede ver difundida la pizarra. Para compensarlo, adoptar posturas inapropiadas o perder detalles clave de las explicaciones. La hipermetrop\u00eda, por su parte, dificulta tareas pr\u00f3ximas como leer un libro o escribir, provocando fatiga ocular y frustraci\u00f3n. El astigmatismo, que distorsiona la visi\u00f3n a todas las distancias, puede confundir letras similares (como la \u00abb\u00bb y la \u00abd\u00bb) y retardar la comprensi\u00f3n lectora.<\/p>\n\n\n\n<p>Estos problemas no solo afectan el rendimiento, sino que tambi\u00e9n dejan huellas psicol\u00f3gicas. Un estudiante que comete errores recurrentes por dificultades visuales puede ser etiquetado err\u00f3neamente como \u00abdesatento\u00bb o \u00abpoco esforzado\u00bb, minando su autoestima y motivaci\u00f3n. La fatiga constante derivada del esfuerzo visual, adem\u00e1s, reduce la capacidad de concentraci\u00f3n, un factor cr\u00edtico en el entorno acad\u00e9mico.<\/p>\n\n\n\n<h1 class=\"wp-block-heading has-medium-font-size\">\u00bfComo afecta tener una buena salud visual?<\/h1>\n\n\n\n<p>Una buena salud visual puede llegar a reducir hasta un 15% los casos de fracaso escolar. Por este motivo, la prevenci\u00f3n juega un papel clave y es esencial hacer revisiones oculares peri\u00f3dicas para detectar y tratar a tiempo las dificultades<\/p>\n\n\n\n<p><\/p>\n\n\n\n<p><\/p>\n<\/div><\/div>\n","protected":false},"excerpt":{"rendered":"<p>La salud visual tiene un papel fundamental en el rendimiento escolar y en la capacidad de aprendizaje. <\/p>\n","protected":false},"featured_media":3742,"template":"","iuttu_project_type":[36],"acf":[],"yoast_head":"<!-- This site is optimized with the Yoast SEO plugin v22.5 - https:\/\/yoast.com\/wordpress\/plugins\/seo\/ -->\n<title>Tienen relaci\u00f3n la salud visual y el rendimiento acad\u00e9mico?<\/title>\n<meta name=\"description\" content=\"Una mala salud visual puede reducir la concentraci\u00f3n y, en consecuencia, afectar negativamente el rendimiento acad\u00e9mico.\" \/>\n<meta name=\"robots\" content=\"index, follow, max-snippet:-1, max-image-preview:large, max-video-preview:-1\" \/>\n<link rel=\"canonical\" href=\"https:\/\/fundacioramonmartibonet.org\/es\/proyecto\/salud-visual-y-rendimiento-academico\/\" \/>\n<meta property=\"og:locale\" content=\"es_ES\" \/>\n<meta property=\"og:type\" content=\"article\" \/>\n<meta property=\"og:title\" content=\"Tienen relaci\u00f3n la salud visual y el rendimiento acad\u00e9mico?\" \/>\n<meta property=\"og:description\" content=\"Una mala salud visual puede reducir la concentraci\u00f3n y, en consecuencia, afectar negativamente el rendimiento acad\u00e9mico.\" \/>\n<meta property=\"og:url\" content=\"https:\/\/fundacioramonmartibonet.org\/es\/proyecto\/salud-visual-y-rendimiento-academico\/\" \/>\n<meta property=\"og:site_name\" content=\"Fundaci\u00f3 Ram\u00f3n Mart\u00ed i Bonet\" \/>\n<meta property=\"article:publisher\" content=\"https:\/\/www.facebook.com\/FundacioRamonMartiBonet\" \/>\n<meta property=\"article:modified_time\" content=\"2025-06-27T06:38:52+00:00\" \/>\n<meta property=\"og:image\" content=\"https:\/\/fundacioramonmartibonet.org\/wp-content\/uploads\/2025\/05\/IMG_7389-scaled.jpg\" \/>\n\t<meta property=\"og:image:width\" content=\"2560\" \/>\n\t<meta property=\"og:image:height\" content=\"1707\" \/>\n\t<meta property=\"og:image:type\" content=\"image\/jpeg\" \/>\n<meta name=\"twitter:card\" content=\"summary_large_image\" \/>\n<meta name=\"twitter:site\" content=\"@FundacioRMB\" \/>\n<script type=\"application\/ld+json\" class=\"yoast-schema-graph\">{\"@context\":\"https:\/\/schema.org\",\"@graph\":[{\"@type\":\"WebPage\",\"@id\":\"https:\/\/fundacioramonmartibonet.org\/es\/proyecto\/salud-visual-y-rendimiento-academico\/\",\"url\":\"https:\/\/fundacioramonmartibonet.org\/es\/proyecto\/salud-visual-y-rendimiento-academico\/\",\"name\":\"Tienen relaci\u00f3n la salud visual y el rendimiento acad\u00e9mico?\",\"isPartOf\":{\"@id\":\"https:\/\/fundacioramonmartibonet.org\/es\/#website\"},\"primaryImageOfPage\":{\"@id\":\"https:\/\/fundacioramonmartibonet.org\/es\/proyecto\/salud-visual-y-rendimiento-academico\/#primaryimage\"},\"image\":{\"@id\":\"https:\/\/fundacioramonmartibonet.org\/es\/proyecto\/salud-visual-y-rendimiento-academico\/#primaryimage\"},\"thumbnailUrl\":\"https:\/\/fundacioramonmartibonet.org\/wp-content\/uploads\/2025\/05\/IMG_7389-scaled.jpg\",\"datePublished\":\"2025-05-08T17:01:25+00:00\",\"dateModified\":\"2025-06-27T06:38:52+00:00\",\"description\":\"Una mala salud visual puede reducir la concentraci\u00f3n y, en consecuencia, afectar negativamente el rendimiento acad\u00e9mico.\",\"breadcrumb\":{\"@id\":\"https:\/\/fundacioramonmartibonet.org\/es\/proyecto\/salud-visual-y-rendimiento-academico\/#breadcrumb\"},\"inLanguage\":\"es\",\"potentialAction\":[{\"@type\":\"ReadAction\",\"target\":[\"https:\/\/fundacioramonmartibonet.org\/es\/proyecto\/salud-visual-y-rendimiento-academico\/\"]}]},{\"@type\":\"ImageObject\",\"inLanguage\":\"es\",\"@id\":\"https:\/\/fundacioramonmartibonet.org\/es\/proyecto\/salud-visual-y-rendimiento-academico\/#primaryimage\",\"url\":\"https:\/\/fundacioramonmartibonet.org\/wp-content\/uploads\/2025\/05\/IMG_7389-scaled.jpg\",\"contentUrl\":\"https:\/\/fundacioramonmartibonet.org\/wp-content\/uploads\/2025\/05\/IMG_7389-scaled.jpg\",\"width\":2560,\"height\":1707,\"caption\":\"salut visual\"},{\"@type\":\"BreadcrumbList\",\"@id\":\"https:\/\/fundacioramonmartibonet.org\/es\/proyecto\/salud-visual-y-rendimiento-academico\/#breadcrumb\",\"itemListElement\":[{\"@type\":\"ListItem\",\"position\":1,\"name\":\"Home\",\"item\":\"https:\/\/fundacioramonmartibonet.org\/es\/\"},{\"@type\":\"ListItem\",\"position\":2,\"name\":\"Project\",\"item\":\"https:\/\/fundacioramonmartibonet.org\/es\/true\/\"},{\"@type\":\"ListItem\",\"position\":3,\"name\":\"\u00bfTienen relaci\u00f3n la salud visual y el rendimiento acad\u00e9mico de un ni\u00f1o?\"}]},{\"@type\":\"WebSite\",\"@id\":\"https:\/\/fundacioramonmartibonet.org\/es\/#website\",\"url\":\"https:\/\/fundacioramonmartibonet.org\/es\/\",\"name\":\"Fundaci\u00f3 Ramon Mart\u00ed i Bonet\",\"description\":\"Visi\u00f3 per a tothom\",\"publisher\":{\"@id\":\"https:\/\/fundacioramonmartibonet.org\/es\/#organization\"},\"alternateName\":\"FRMB\",\"potentialAction\":[{\"@type\":\"SearchAction\",\"target\":{\"@type\":\"EntryPoint\",\"urlTemplate\":\"https:\/\/fundacioramonmartibonet.org\/es\/?s={search_term_string}\"},\"query-input\":\"required name=search_term_string\"}],\"inLanguage\":\"es\"},{\"@type\":\"Organization\",\"@id\":\"https:\/\/fundacioramonmartibonet.org\/es\/#organization\",\"name\":\"Fundaci\u00f3 Ramon Mart\u00ed i Bonet\",\"alternateName\":\"FRMB\",\"url\":\"https:\/\/fundacioramonmartibonet.org\/es\/\",\"logo\":{\"@type\":\"ImageObject\",\"inLanguage\":\"es\",\"@id\":\"https:\/\/fundacioramonmartibonet.org\/es\/#\/schema\/logo\/image\/\",\"url\":\"https:\/\/fundacioramonmartibonet.org\/wp-content\/uploads\/2023\/06\/frmb.svg\",\"contentUrl\":\"https:\/\/fundacioramonmartibonet.org\/wp-content\/uploads\/2023\/06\/frmb.svg\",\"width\":900,\"height\":280,\"caption\":\"Fundaci\u00f3 Ramon Mart\u00ed i Bonet\"},\"image\":{\"@id\":\"https:\/\/fundacioramonmartibonet.org\/es\/#\/schema\/logo\/image\/\"},\"sameAs\":[\"https:\/\/www.facebook.com\/FundacioRamonMartiBonet\",\"https:\/\/x.com\/FundacioRMB\",\"https:\/\/www.youtube.com\/channel\/UCNyN8HH4tz3ybIBubLBiSog\",\"https:\/\/www.instagram.com\/fundaciormb\/\",\"https:\/\/www.linkedin.com\/company\/fundacio-ramon-marto-i-bonet-contra-la-ceguera\/\"]}]}<\/script>\n<!-- \/ Yoast SEO plugin. -->","yoast_head_json":{"title":"Tienen relaci\u00f3n la salud visual y el rendimiento acad\u00e9mico?","description":"Una mala salud visual puede reducir la concentraci\u00f3n y, en consecuencia, afectar negativamente el rendimiento acad\u00e9mico.","robots":{"index":"index","follow":"follow","max-snippet":"max-snippet:-1","max-image-preview":"max-image-preview:large","max-video-preview":"max-video-preview:-1"},"canonical":"https:\/\/fundacioramonmartibonet.org\/es\/proyecto\/salud-visual-y-rendimiento-academico\/","og_locale":"es_ES","og_type":"article","og_title":"Tienen relaci\u00f3n la salud visual y el rendimiento acad\u00e9mico?","og_description":"Una mala salud visual puede reducir la concentraci\u00f3n y, en consecuencia, afectar negativamente el rendimiento acad\u00e9mico.","og_url":"https:\/\/fundacioramonmartibonet.org\/es\/proyecto\/salud-visual-y-rendimiento-academico\/","og_site_name":"Fundaci\u00f3 Ram\u00f3n Mart\u00ed i Bonet","article_publisher":"https:\/\/www.facebook.com\/FundacioRamonMartiBonet","article_modified_time":"2025-06-27T06:38:52+00:00","og_image":[{"width":2560,"height":1707,"url":"https:\/\/fundacioramonmartibonet.org\/wp-content\/uploads\/2025\/05\/IMG_7389-scaled.jpg","type":"image\/jpeg"}],"twitter_card":"summary_large_image","twitter_site":"@FundacioRMB","schema":{"@context":"https:\/\/schema.org","@graph":[{"@type":"WebPage","@id":"https:\/\/fundacioramonmartibonet.org\/es\/proyecto\/salud-visual-y-rendimiento-academico\/","url":"https:\/\/fundacioramonmartibonet.org\/es\/proyecto\/salud-visual-y-rendimiento-academico\/","name":"Tienen relaci\u00f3n la salud visual y el rendimiento acad\u00e9mico?","isPartOf":{"@id":"https:\/\/fundacioramonmartibonet.org\/es\/#website"},"primaryImageOfPage":{"@id":"https:\/\/fundacioramonmartibonet.org\/es\/proyecto\/salud-visual-y-rendimiento-academico\/#primaryimage"},"image":{"@id":"https:\/\/fundacioramonmartibonet.org\/es\/proyecto\/salud-visual-y-rendimiento-academico\/#primaryimage"},"thumbnailUrl":"https:\/\/fundacioramonmartibonet.org\/wp-content\/uploads\/2025\/05\/IMG_7389-scaled.jpg","datePublished":"2025-05-08T17:01:25+00:00","dateModified":"2025-06-27T06:38:52+00:00","description":"Una mala salud visual puede reducir la concentraci\u00f3n y, en consecuencia, afectar negativamente el rendimiento acad\u00e9mico.","breadcrumb":{"@id":"https:\/\/fundacioramonmartibonet.org\/es\/proyecto\/salud-visual-y-rendimiento-academico\/#breadcrumb"},"inLanguage":"es","potentialAction":[{"@type":"ReadAction","target":["https:\/\/fundacioramonmartibonet.org\/es\/proyecto\/salud-visual-y-rendimiento-academico\/"]}]},{"@type":"ImageObject","inLanguage":"es","@id":"https:\/\/fundacioramonmartibonet.org\/es\/proyecto\/salud-visual-y-rendimiento-academico\/#primaryimage","url":"https:\/\/fundacioramonmartibonet.org\/wp-content\/uploads\/2025\/05\/IMG_7389-scaled.jpg","contentUrl":"https:\/\/fundacioramonmartibonet.org\/wp-content\/uploads\/2025\/05\/IMG_7389-scaled.jpg","width":2560,"height":1707,"caption":"salut visual"},{"@type":"BreadcrumbList","@id":"https:\/\/fundacioramonmartibonet.org\/es\/proyecto\/salud-visual-y-rendimiento-academico\/#breadcrumb","itemListElement":[{"@type":"ListItem","position":1,"name":"Home","item":"https:\/\/fundacioramonmartibonet.org\/es\/"},{"@type":"ListItem","position":2,"name":"Project","item":"https:\/\/fundacioramonmartibonet.org\/es\/true\/"},{"@type":"ListItem","position":3,"name":"\u00bfTienen relaci\u00f3n la salud visual y el rendimiento acad\u00e9mico de un ni\u00f1o?"}]},{"@type":"WebSite","@id":"https:\/\/fundacioramonmartibonet.org\/es\/#website","url":"https:\/\/fundacioramonmartibonet.org\/es\/","name":"Fundaci\u00f3 Ramon Mart\u00ed i Bonet","description":"Visi\u00f3 per a tothom","publisher":{"@id":"https:\/\/fundacioramonmartibonet.org\/es\/#organization"},"alternateName":"FRMB","potentialAction":[{"@type":"SearchAction","target":{"@type":"EntryPoint","urlTemplate":"https:\/\/fundacioramonmartibonet.org\/es\/?s={search_term_string}"},"query-input":"required name=search_term_string"}],"inLanguage":"es"},{"@type":"Organization","@id":"https:\/\/fundacioramonmartibonet.org\/es\/#organization","name":"Fundaci\u00f3 Ramon Mart\u00ed i Bonet","alternateName":"FRMB","url":"https:\/\/fundacioramonmartibonet.org\/es\/","logo":{"@type":"ImageObject","inLanguage":"es","@id":"https:\/\/fundacioramonmartibonet.org\/es\/#\/schema\/logo\/image\/","url":"https:\/\/fundacioramonmartibonet.org\/wp-content\/uploads\/2023\/06\/frmb.svg","contentUrl":"https:\/\/fundacioramonmartibonet.org\/wp-content\/uploads\/2023\/06\/frmb.svg","width":900,"height":280,"caption":"Fundaci\u00f3 Ramon Mart\u00ed i Bonet"},"image":{"@id":"https:\/\/fundacioramonmartibonet.org\/es\/#\/schema\/logo\/image\/"},"sameAs":["https:\/\/www.facebook.com\/FundacioRamonMartiBonet","https:\/\/x.com\/FundacioRMB","https:\/\/www.youtube.com\/channel\/UCNyN8HH4tz3ybIBubLBiSog","https:\/\/www.instagram.com\/fundaciormb\/","https:\/\/www.linkedin.com\/company\/fundacio-ramon-marto-i-bonet-contra-la-ceguera\/"]}]}},"_links":{"self":[{"href":"https:\/\/fundacioramonmartibonet.org\/es\/wp-json\/wp\/v2\/iuttu_project\/3695"}],"collection":[{"href":"https:\/\/fundacioramonmartibonet.org\/es\/wp-json\/wp\/v2\/iuttu_project"}],"about":[{"href":"https:\/\/fundacioramonmartibonet.org\/es\/wp-json\/wp\/v2\/types\/iuttu_project"}],"wp:featuredmedia":[{"embeddable":true,"href":"https:\/\/fundacioramonmartibonet.org\/es\/wp-json\/wp\/v2\/media\/3742"}],"wp:attachment":[{"href":"https:\/\/fundacioramonmartibonet.org\/es\/wp-json\/wp\/v2\/media?parent=3695"}],"wp:term":[{"taxonomy":"iuttu_project_type","embeddable":true,"href":"https:\/\/fundacioramonmartibonet.org\/es\/wp-json\/wp\/v2\/iuttu_project_type?post=3695"}],"curies":[{"name":"wp","href":"https:\/\/api.w.org\/{rel}","templated":true}]}}