{"id":2722,"date":"2024-07-09T12:45:55","date_gmt":"2024-07-09T12:45:55","guid":{"rendered":"https:\/\/fundacioramonmartibonet.org\/?post_type=iuttu_project&#038;p=2722"},"modified":"2025-05-26T15:23:13","modified_gmt":"2025-05-26T15:23:13","slug":"mirant-cap-al-futur","status":"publish","type":"iuttu_project","link":"https:\/\/fundacioramonmartibonet.org\/es\/proyecto\/mirant-cap-al-futur\/","title":{"rendered":"La pobreza, causa y consecuencia de una mala salud ocular."},"content":{"rendered":"\n<p class=\"has-text-align-center has-medium-background-color has-background\">Fuente: IAPB, 2021. Acabar con la p\u00e9rdida de visi\u00f3n evitable.<\/p>\n\n\n\n<div class=\"wp-block-cover is-light has-default-color has-text-color has-link-color wp-elements-0eff0e8bcf6335ac2c95aa5c905a83d4\"><span aria-hidden=\"true\" class=\"wp-block-cover__background has-medium-background-color has-background-dim-60 has-background-dim\"><\/span><div class=\"wp-block-cover__inner-container is-layout-flow wp-block-cover-is-layout-flow\">\n<div class=\"wp-block-media-text is-stacked-on-mobile\"><figure class=\"wp-block-media-text__media\"><img loading=\"lazy\" decoding=\"async\" width=\"580\" height=\"388\" src=\"https:\/\/fundacioramonmartibonet.org\/wp-content\/uploads\/2025\/05\/Captura-de-pantalla-2025-05-13-162551.png\" alt=\"\" class=\"wp-image-3746 size-full\" srcset=\"https:\/\/fundacioramonmartibonet.org\/wp-content\/uploads\/2025\/05\/Captura-de-pantalla-2025-05-13-162551.png 580w, https:\/\/fundacioramonmartibonet.org\/wp-content\/uploads\/2025\/05\/Captura-de-pantalla-2025-05-13-162551-300x201.png 300w\" sizes=\"(max-width: 580px) 100vw, 580px\" \/><\/figure><div class=\"wp-block-media-text__content\">\n<p>Seg\u00fan la&nbsp;<a href=\"https:\/\/www.bing.com\/search?pglt=2083&amp;q=IAPB&amp;cvid=41150af0c8034a2281cd9bd647766ab8&amp;gs_lcrp=EgRlZGdlKgYIABBFGDkyBggAEEUYOTIGCAEQABhAMgYIAhAAGEAyBggDEAAYQDIGCAQQABhAMgYIBRAAGEAyBggGEAAYQDIGCAcQABhAMgYICBAAGEAyCAgJEOkHGPxV0gEINDExMGowajGoAgCwAgA&amp;FORM=ANNAB1&amp;PC=DCTS\">IAPB<\/a>&nbsp;(Agencia Internacional para la Prevenci\u00f3n de la Ceguera), la pobreza es causa y consecuencia de una mala salud ocular. El 90% de las p\u00e9rdidas de visi\u00f3n evitables las sufren personas en pa\u00edses de bajos y medios ingresos, lo cual impide la capacidad para erradicar la pobreza y reducir las desigualdades y vulnerabilidades que dejan atr\u00e1s a las personas.<\/p>\n\n\n\n<p>Las tasas de\u00a0ceguera\u00a0en el \u00c1frica subsahariana son hasta nueve veces m\u00e1s altas que en Norteam\u00e9rica. Y se une a una realidad en la cual colectivos como el de mujeres, agricultores y personas con discapacidades son los m\u00e1s propensos a sufrir la p\u00e9rdida de visi\u00f3n y las graves consecuencias que esta provoca.<\/p>\n\n\n\n<p>Concretamente en el Chad, pa\u00eds de la \u00c1frica subsahariana y uno de los pa\u00edses m\u00e1s pobres del mundo, el acceso a la sanidad est\u00e1 muy limitado y la atenci\u00f3n oftalmol\u00f3gica es muy precaria. Una de las principales problem\u00e1ticas es la falta de profesionales de salud ocular &#8211; solo hay 1 oftalm\u00f3logo por mill\u00f3n de habitantes &#8211; y, adem\u00e1s, patolog\u00edas como las cataratas y el glaucoma son de elevada incidencia en la regi\u00f3n, y si no son detectadas y tratadas a tiempo, conducen a la&nbsp;ceguera.<\/p>\n<\/div><\/div>\n<\/div><\/div>\n","protected":false},"excerpt":{"rendered":"<p>Seg\u00fan la\u00a0IAPB\u00a0(Agencia Internacional para la Prevenci\u00f3n de la Ceguera), la pobreza es causa y consecuencia de una mala salud ocular.<\/p>\n","protected":false},"featured_media":3707,"template":"","iuttu_project_type":[36],"acf":[],"yoast_head":"<!-- This site is optimized with the Yoast SEO plugin v22.5 - https:\/\/yoast.com\/wordpress\/plugins\/seo\/ -->\n<title>La pobreza, causa y consecuencia de una mala salud ocular. - Fundaci\u00f3 Ram\u00f3n Mart\u00ed i Bonet<\/title>\n<meta name=\"description\" content=\"Seg\u00fan la\u00a0IAPB\u00a0(Agencia Internacional para la Prevenci\u00f3n de la Ceguera), la pobreza es causa y consecuencia de una mala salud ocular.\" \/>\n<meta name=\"robots\" content=\"index, follow, max-snippet:-1, max-image-preview:large, max-video-preview:-1\" \/>\n<link rel=\"canonical\" href=\"https:\/\/fundacioramonmartibonet.org\/es\/proyecto\/mirant-cap-al-futur\/\" \/>\n<meta property=\"og:locale\" content=\"es_ES\" \/>\n<meta property=\"og:type\" content=\"article\" \/>\n<meta property=\"og:title\" content=\"La pobreza, causa y consecuencia de una mala salud ocular. - Fundaci\u00f3 Ram\u00f3n Mart\u00ed i Bonet\" \/>\n<meta property=\"og:description\" content=\"Seg\u00fan la\u00a0IAPB\u00a0(Agencia Internacional para la Prevenci\u00f3n de la Ceguera), la pobreza es causa y consecuencia de una mala salud ocular.\" \/>\n<meta property=\"og:url\" content=\"https:\/\/fundacioramonmartibonet.org\/es\/proyecto\/mirant-cap-al-futur\/\" \/>\n<meta property=\"og:site_name\" content=\"Fundaci\u00f3 Ram\u00f3n Mart\u00ed i Bonet\" \/>\n<meta property=\"article:publisher\" content=\"https:\/\/www.facebook.com\/FundacioRamonMartiBonet\" \/>\n<meta property=\"article:modified_time\" content=\"2025-05-26T15:23:13+00:00\" \/>\n<meta property=\"og:image\" content=\"https:\/\/fundacioramonmartibonet.org\/wp-content\/uploads\/2024\/07\/IMG_4470-scaled-e1736765173187-1-e1746780624503.jpg\" \/>\n\t<meta property=\"og:image:width\" content=\"2500\" \/>\n\t<meta property=\"og:image:height\" content=\"1667\" \/>\n\t<meta property=\"og:image:type\" content=\"image\/jpeg\" \/>\n<meta name=\"twitter:card\" content=\"summary_large_image\" \/>\n<meta name=\"twitter:site\" content=\"@FundacioRMB\" \/>\n<script type=\"application\/ld+json\" class=\"yoast-schema-graph\">{\"@context\":\"https:\/\/schema.org\",\"@graph\":[{\"@type\":\"WebPage\",\"@id\":\"https:\/\/fundacioramonmartibonet.org\/es\/proyecto\/mirant-cap-al-futur\/\",\"url\":\"https:\/\/fundacioramonmartibonet.org\/es\/proyecto\/mirant-cap-al-futur\/\",\"name\":\"La pobreza, causa y consecuencia de una mala salud ocular. - Fundaci\u00f3 Ram\u00f3n Mart\u00ed i Bonet\",\"isPartOf\":{\"@id\":\"https:\/\/fundacioramonmartibonet.org\/es\/#website\"},\"primaryImageOfPage\":{\"@id\":\"https:\/\/fundacioramonmartibonet.org\/es\/proyecto\/mirant-cap-al-futur\/#primaryimage\"},\"image\":{\"@id\":\"https:\/\/fundacioramonmartibonet.org\/es\/proyecto\/mirant-cap-al-futur\/#primaryimage\"},\"thumbnailUrl\":\"https:\/\/fundacioramonmartibonet.org\/wp-content\/uploads\/2024\/07\/IMG_4470-scaled-e1736765173187-1-e1746780624503.jpg\",\"datePublished\":\"2024-07-09T12:45:55+00:00\",\"dateModified\":\"2025-05-26T15:23:13+00:00\",\"description\":\"Seg\u00fan la\u00a0IAPB\u00a0(Agencia Internacional para la Prevenci\u00f3n de la Ceguera), la pobreza es causa y consecuencia de una mala salud ocular.\",\"breadcrumb\":{\"@id\":\"https:\/\/fundacioramonmartibonet.org\/es\/proyecto\/mirant-cap-al-futur\/#breadcrumb\"},\"inLanguage\":\"es\",\"potentialAction\":[{\"@type\":\"ReadAction\",\"target\":[\"https:\/\/fundacioramonmartibonet.org\/es\/proyecto\/mirant-cap-al-futur\/\"]}]},{\"@type\":\"ImageObject\",\"inLanguage\":\"es\",\"@id\":\"https:\/\/fundacioramonmartibonet.org\/es\/proyecto\/mirant-cap-al-futur\/#primaryimage\",\"url\":\"https:\/\/fundacioramonmartibonet.org\/wp-content\/uploads\/2024\/07\/IMG_4470-scaled-e1736765173187-1-e1746780624503.jpg\",\"contentUrl\":\"https:\/\/fundacioramonmartibonet.org\/wp-content\/uploads\/2024\/07\/IMG_4470-scaled-e1736765173187-1-e1746780624503.jpg\",\"width\":2500,\"height\":1667,\"caption\":\"Salud visual\"},{\"@type\":\"BreadcrumbList\",\"@id\":\"https:\/\/fundacioramonmartibonet.org\/es\/proyecto\/mirant-cap-al-futur\/#breadcrumb\",\"itemListElement\":[{\"@type\":\"ListItem\",\"position\":1,\"name\":\"Home\",\"item\":\"https:\/\/fundacioramonmartibonet.org\/es\/\"},{\"@type\":\"ListItem\",\"position\":2,\"name\":\"Project\",\"item\":\"https:\/\/fundacioramonmartibonet.org\/es\/true\/\"},{\"@type\":\"ListItem\",\"position\":3,\"name\":\"La pobreza, causa y consecuencia de una mala salud ocular.\"}]},{\"@type\":\"WebSite\",\"@id\":\"https:\/\/fundacioramonmartibonet.org\/es\/#website\",\"url\":\"https:\/\/fundacioramonmartibonet.org\/es\/\",\"name\":\"Fundaci\u00f3 Ramon Mart\u00ed i Bonet\",\"description\":\"Visi\u00f3 per a tothom\",\"publisher\":{\"@id\":\"https:\/\/fundacioramonmartibonet.org\/es\/#organization\"},\"alternateName\":\"FRMB\",\"potentialAction\":[{\"@type\":\"SearchAction\",\"target\":{\"@type\":\"EntryPoint\",\"urlTemplate\":\"https:\/\/fundacioramonmartibonet.org\/es\/?s={search_term_string}\"},\"query-input\":\"required name=search_term_string\"}],\"inLanguage\":\"es\"},{\"@type\":\"Organization\",\"@id\":\"https:\/\/fundacioramonmartibonet.org\/es\/#organization\",\"name\":\"Fundaci\u00f3 Ramon Mart\u00ed i Bonet\",\"alternateName\":\"FRMB\",\"url\":\"https:\/\/fundacioramonmartibonet.org\/es\/\",\"logo\":{\"@type\":\"ImageObject\",\"inLanguage\":\"es\",\"@id\":\"https:\/\/fundacioramonmartibonet.org\/es\/#\/schema\/logo\/image\/\",\"url\":\"https:\/\/fundacioramonmartibonet.org\/wp-content\/uploads\/2023\/06\/frmb.svg\",\"contentUrl\":\"https:\/\/fundacioramonmartibonet.org\/wp-content\/uploads\/2023\/06\/frmb.svg\",\"width\":900,\"height\":280,\"caption\":\"Fundaci\u00f3 Ramon Mart\u00ed i Bonet\"},\"image\":{\"@id\":\"https:\/\/fundacioramonmartibonet.org\/es\/#\/schema\/logo\/image\/\"},\"sameAs\":[\"https:\/\/www.facebook.com\/FundacioRamonMartiBonet\",\"https:\/\/x.com\/FundacioRMB\",\"https:\/\/www.youtube.com\/channel\/UCNyN8HH4tz3ybIBubLBiSog\",\"https:\/\/www.instagram.com\/fundaciormb\/\",\"https:\/\/www.linkedin.com\/company\/fundacio-ramon-marto-i-bonet-contra-la-ceguera\/\"]}]}<\/script>\n<!-- \/ Yoast SEO plugin. -->","yoast_head_json":{"title":"La pobreza, causa y consecuencia de una mala salud ocular. - Fundaci\u00f3 Ram\u00f3n Mart\u00ed i Bonet","description":"Seg\u00fan la\u00a0IAPB\u00a0(Agencia Internacional para la Prevenci\u00f3n de la Ceguera), la pobreza es causa y consecuencia de una mala salud ocular.","robots":{"index":"index","follow":"follow","max-snippet":"max-snippet:-1","max-image-preview":"max-image-preview:large","max-video-preview":"max-video-preview:-1"},"canonical":"https:\/\/fundacioramonmartibonet.org\/es\/proyecto\/mirant-cap-al-futur\/","og_locale":"es_ES","og_type":"article","og_title":"La pobreza, causa y consecuencia de una mala salud ocular. - Fundaci\u00f3 Ram\u00f3n Mart\u00ed i Bonet","og_description":"Seg\u00fan la\u00a0IAPB\u00a0(Agencia Internacional para la Prevenci\u00f3n de la Ceguera), la pobreza es causa y consecuencia de una mala salud ocular.","og_url":"https:\/\/fundacioramonmartibonet.org\/es\/proyecto\/mirant-cap-al-futur\/","og_site_name":"Fundaci\u00f3 Ram\u00f3n Mart\u00ed i Bonet","article_publisher":"https:\/\/www.facebook.com\/FundacioRamonMartiBonet","article_modified_time":"2025-05-26T15:23:13+00:00","og_image":[{"width":2500,"height":1667,"url":"https:\/\/fundacioramonmartibonet.org\/wp-content\/uploads\/2024\/07\/IMG_4470-scaled-e1736765173187-1-e1746780624503.jpg","type":"image\/jpeg"}],"twitter_card":"summary_large_image","twitter_site":"@FundacioRMB","schema":{"@context":"https:\/\/schema.org","@graph":[{"@type":"WebPage","@id":"https:\/\/fundacioramonmartibonet.org\/es\/proyecto\/mirant-cap-al-futur\/","url":"https:\/\/fundacioramonmartibonet.org\/es\/proyecto\/mirant-cap-al-futur\/","name":"La pobreza, causa y consecuencia de una mala salud ocular. - Fundaci\u00f3 Ram\u00f3n Mart\u00ed i Bonet","isPartOf":{"@id":"https:\/\/fundacioramonmartibonet.org\/es\/#website"},"primaryImageOfPage":{"@id":"https:\/\/fundacioramonmartibonet.org\/es\/proyecto\/mirant-cap-al-futur\/#primaryimage"},"image":{"@id":"https:\/\/fundacioramonmartibonet.org\/es\/proyecto\/mirant-cap-al-futur\/#primaryimage"},"thumbnailUrl":"https:\/\/fundacioramonmartibonet.org\/wp-content\/uploads\/2024\/07\/IMG_4470-scaled-e1736765173187-1-e1746780624503.jpg","datePublished":"2024-07-09T12:45:55+00:00","dateModified":"2025-05-26T15:23:13+00:00","description":"Seg\u00fan la\u00a0IAPB\u00a0(Agencia Internacional para la Prevenci\u00f3n de la Ceguera), la pobreza es causa y consecuencia de una mala salud ocular.","breadcrumb":{"@id":"https:\/\/fundacioramonmartibonet.org\/es\/proyecto\/mirant-cap-al-futur\/#breadcrumb"},"inLanguage":"es","potentialAction":[{"@type":"ReadAction","target":["https:\/\/fundacioramonmartibonet.org\/es\/proyecto\/mirant-cap-al-futur\/"]}]},{"@type":"ImageObject","inLanguage":"es","@id":"https:\/\/fundacioramonmartibonet.org\/es\/proyecto\/mirant-cap-al-futur\/#primaryimage","url":"https:\/\/fundacioramonmartibonet.org\/wp-content\/uploads\/2024\/07\/IMG_4470-scaled-e1736765173187-1-e1746780624503.jpg","contentUrl":"https:\/\/fundacioramonmartibonet.org\/wp-content\/uploads\/2024\/07\/IMG_4470-scaled-e1736765173187-1-e1746780624503.jpg","width":2500,"height":1667,"caption":"Salud visual"},{"@type":"BreadcrumbList","@id":"https:\/\/fundacioramonmartibonet.org\/es\/proyecto\/mirant-cap-al-futur\/#breadcrumb","itemListElement":[{"@type":"ListItem","position":1,"name":"Home","item":"https:\/\/fundacioramonmartibonet.org\/es\/"},{"@type":"ListItem","position":2,"name":"Project","item":"https:\/\/fundacioramonmartibonet.org\/es\/true\/"},{"@type":"ListItem","position":3,"name":"La pobreza, causa y consecuencia de una mala salud ocular."}]},{"@type":"WebSite","@id":"https:\/\/fundacioramonmartibonet.org\/es\/#website","url":"https:\/\/fundacioramonmartibonet.org\/es\/","name":"Fundaci\u00f3 Ramon Mart\u00ed i Bonet","description":"Visi\u00f3 per a tothom","publisher":{"@id":"https:\/\/fundacioramonmartibonet.org\/es\/#organization"},"alternateName":"FRMB","potentialAction":[{"@type":"SearchAction","target":{"@type":"EntryPoint","urlTemplate":"https:\/\/fundacioramonmartibonet.org\/es\/?s={search_term_string}"},"query-input":"required name=search_term_string"}],"inLanguage":"es"},{"@type":"Organization","@id":"https:\/\/fundacioramonmartibonet.org\/es\/#organization","name":"Fundaci\u00f3 Ramon Mart\u00ed i Bonet","alternateName":"FRMB","url":"https:\/\/fundacioramonmartibonet.org\/es\/","logo":{"@type":"ImageObject","inLanguage":"es","@id":"https:\/\/fundacioramonmartibonet.org\/es\/#\/schema\/logo\/image\/","url":"https:\/\/fundacioramonmartibonet.org\/wp-content\/uploads\/2023\/06\/frmb.svg","contentUrl":"https:\/\/fundacioramonmartibonet.org\/wp-content\/uploads\/2023\/06\/frmb.svg","width":900,"height":280,"caption":"Fundaci\u00f3 Ramon Mart\u00ed i Bonet"},"image":{"@id":"https:\/\/fundacioramonmartibonet.org\/es\/#\/schema\/logo\/image\/"},"sameAs":["https:\/\/www.facebook.com\/FundacioRamonMartiBonet","https:\/\/x.com\/FundacioRMB","https:\/\/www.youtube.com\/channel\/UCNyN8HH4tz3ybIBubLBiSog","https:\/\/www.instagram.com\/fundaciormb\/","https:\/\/www.linkedin.com\/company\/fundacio-ramon-marto-i-bonet-contra-la-ceguera\/"]}]}},"_links":{"self":[{"href":"https:\/\/fundacioramonmartibonet.org\/es\/wp-json\/wp\/v2\/iuttu_project\/2722"}],"collection":[{"href":"https:\/\/fundacioramonmartibonet.org\/es\/wp-json\/wp\/v2\/iuttu_project"}],"about":[{"href":"https:\/\/fundacioramonmartibonet.org\/es\/wp-json\/wp\/v2\/types\/iuttu_project"}],"wp:featuredmedia":[{"embeddable":true,"href":"https:\/\/fundacioramonmartibonet.org\/es\/wp-json\/wp\/v2\/media\/3707"}],"wp:attachment":[{"href":"https:\/\/fundacioramonmartibonet.org\/es\/wp-json\/wp\/v2\/media?parent=2722"}],"wp:term":[{"taxonomy":"iuttu_project_type","embeddable":true,"href":"https:\/\/fundacioramonmartibonet.org\/es\/wp-json\/wp\/v2\/iuttu_project_type?post=2722"}],"curies":[{"name":"wp","href":"https:\/\/api.w.org\/{rel}","templated":true}]}}