{"id":2485,"date":"2021-03-09T08:51:00","date_gmt":"2021-03-09T08:51:00","guid":{"rendered":"https:\/\/fundacioramonmartibonet.org\/proyecto\/visio-per-a-tothom-a-centres-oberts\/"},"modified":"2025-07-23T09:09:54","modified_gmt":"2025-07-23T09:09:54","slug":"visio-per-a-tothom-a-centres-oberts","status":"publish","type":"iuttu_project","link":"https:\/\/fundacioramonmartibonet.org\/es\/proyecto\/visio-per-a-tothom-a-centres-oberts\/","title":{"rendered":"Visi\u00f3n para todo el mundo en Centros Abiertos"},"content":{"rendered":"\n<p>La Fundaci\u00f3n Ramon Mart\u00ed i Bonet y lo programa Caja proinfancia de la Obra Social de La Caixa firmaron un convenio de colaboraci\u00f3n, el julio de 2023, con el fin de identificar y reducir la influencia de las patolog\u00edas oftalmol\u00f3gicas en la poblaci\u00f3n pedi\u00e1trica de zonas desfavorecidas de l&#8217;Hospitalet de Llobregat, en concreto, entre ni\u00f1os\/as y j\u00f3venes de los Centros Abiertos del programa CaixaProinfancia, a la Hospitalet.<\/p>\n\n\n\n<p>Las actividades realizadas se detallan a continuaci\u00f3n:<\/p>\n\n\n\n<ul>\n<li style=\"padding-top:var(--wp--preset--spacing--20);padding-bottom:var(--wp--preset--spacing--20)\"><strong>Sensibilizaci\u00f3n y formaci\u00f3n de educadores\/as<\/strong>: Los profesionales del equipo t\u00e9cnico y asistencial de la Fundaci\u00f3n Ramon Mart\u00ed i Bonet llevaron a cabo actividades de sensibilizaci\u00f3n sobre la importancia de la salud visual. Aun as\u00ed, se form\u00f3 a los referentes sociales de las entidades en el manejo de un optotipo de agudeza visual, para que puedan identificar situaciones de dificultad visual.<\/li>\n\n\n\n<li style=\"padding-top:var(--wp--preset--spacing--20);padding-bottom:var(--wp--preset--spacing--20)\"><strong>Rastreos visuales<\/strong>: la actividad consiste en una valoraci\u00f3n de la agudeza visual de los ni\u00f1os\/as y j\u00f3venes, tanto de la visi\u00f3n de cerca como la visi\u00f3n lejana, mediante un p\u00f3ster de creaci\u00f3n propia y un optotipo. Los rastreos visuales son realizados por el optometrista de la Fundaci\u00f3n y personas voluntarias previamente formadas.<\/li>\n\n\n\n<li style=\"padding-top:var(--wp--preset--spacing--20);padding-bottom:var(--wp--preset--spacing--20)\"><strong>Derivaci\u00f3n<\/strong> de los ni\u00f1os que presentan dificultades visuales para ser visitados en la sede de la Fundaci\u00f3n, por parte del optometrista y oftalm\u00f3loga, si se requiere.<\/li>\n\n\n\n<li style=\"padding-top:var(--wp--preset--spacing--20);padding-bottom:var(--wp--preset--spacing--20)\"><strong>Prescripci\u00f3n, pedido, montaje y entrega de gafas<\/strong>: una vez confirmada la necesidad, el optometrista de la Fundaci\u00f3n procede a hacer el pedido. El equipo asistencial de la Fundaci\u00f3n es el encargado de montar, avisar y entregar las gafas a los ni\u00f1os y ni\u00f1as.<\/li>\n<\/ul>\n\n\n\n<p>Gracias a esta colaboraci\u00f3n con la CaixaProinf\u00e0ncia, iniciada hace unos a\u00f1os en el barrio de Horta, nos permite llegar a los ni\u00f1os\/as y j\u00f3venes de centros abiertos de diferentes zonas de Barcelona, para promover la salud visual entre una poblaci\u00f3n en situaci\u00f3n de vulnerabilidad y mejorar sus perspectivas de futuro.<\/p>\n\n\n\n<p class=\"has-main-color has-light-main-background-color has-text-color has-background has-link-color wp-elements-0874db50e16323bd7e66be900c9fc812\">\u00bfEres un centro abierto o trabajas con ni\u00f1os\/as y j\u00f3venes en situaci\u00f3n de vulnerabilidad social y econ\u00f3mica y quieres contribuir a garantizar una buena salud visual que favorezca la igualdad de oportunidades?<strong> <a href=\"https:\/\/fundacioramonmartibonet.org\/es\/contacte\/\">Rellena el formulario<\/a><\/strong><\/p>\n\n\n\n<figure class=\"wp-block-image size-large\"><img loading=\"lazy\" decoding=\"async\" width=\"1152\" height=\"1152\" src=\"https:\/\/fundacioramonmartibonet.org\/wp-content\/uploads\/2024\/07\/IMG-20231103-WA0008-edited-3.jpg\" alt=\"\" class=\"wp-image-2778\" srcset=\"https:\/\/fundacioramonmartibonet.org\/wp-content\/uploads\/2024\/07\/IMG-20231103-WA0008-edited-3.jpg 1152w, https:\/\/fundacioramonmartibonet.org\/wp-content\/uploads\/2024\/07\/IMG-20231103-WA0008-edited-3-300x300.jpg 300w, https:\/\/fundacioramonmartibonet.org\/wp-content\/uploads\/2024\/07\/IMG-20231103-WA0008-edited-3-1024x1024.jpg 1024w, https:\/\/fundacioramonmartibonet.org\/wp-content\/uploads\/2024\/07\/IMG-20231103-WA0008-edited-3-150x150.jpg 150w, https:\/\/fundacioramonmartibonet.org\/wp-content\/uploads\/2024\/07\/IMG-20231103-WA0008-edited-3-768x768.jpg 768w\" sizes=\"(max-width: 1152px) 100vw, 1152px\" \/><\/figure>\n","protected":false},"excerpt":{"rendered":"<p>La Fundaci\u00f3 Ramon Mart\u00ed i Bonet  vuelve a retomar el proyecto Visi\u00f3n para todo el mundo en los Centros Abiertos<\/p>\n","protected":false},"featured_media":2114,"template":"","iuttu_project_type":[30],"acf":[],"yoast_head":"<!-- This site is optimized with the Yoast SEO plugin v22.5 - https:\/\/yoast.com\/wordpress\/plugins\/seo\/ -->\n<title>Visi\u00f3n para todo el mundo en Centros Abiertos - Fundaci\u00f3 Ram\u00f3n Mart\u00ed i Bonet<\/title>\n<meta name=\"robots\" content=\"index, follow, max-snippet:-1, max-image-preview:large, max-video-preview:-1\" \/>\n<link rel=\"canonical\" href=\"https:\/\/fundacioramonmartibonet.org\/es\/proyecto\/visio-per-a-tothom-a-centres-oberts\/\" \/>\n<meta property=\"og:locale\" content=\"es_ES\" \/>\n<meta property=\"og:type\" content=\"article\" \/>\n<meta property=\"og:title\" content=\"Visi\u00f3n para todo el mundo en Centros Abiertos - Fundaci\u00f3 Ram\u00f3n Mart\u00ed i Bonet\" \/>\n<meta property=\"og:description\" content=\"La Fundaci\u00f3 Ramon Mart\u00ed i Bonet vuelve a retomar el proyecto Visi\u00f3n para todo el mundo en los Centros Abiertos\" \/>\n<meta property=\"og:url\" content=\"https:\/\/fundacioramonmartibonet.org\/es\/proyecto\/visio-per-a-tothom-a-centres-oberts\/\" \/>\n<meta property=\"og:site_name\" content=\"Fundaci\u00f3 Ram\u00f3n Mart\u00ed i Bonet\" \/>\n<meta property=\"article:publisher\" content=\"https:\/\/www.facebook.com\/FundacioRamonMartiBonet\" \/>\n<meta property=\"article:modified_time\" content=\"2025-07-23T09:09:54+00:00\" \/>\n<meta property=\"og:image\" content=\"https:\/\/fundacioramonmartibonet.org\/wp-content\/uploads\/2024\/06\/419236849_363535356319439_7811615201073973581_n.jpg\" \/>\n\t<meta property=\"og:image:width\" content=\"2048\" \/>\n\t<meta property=\"og:image:height\" content=\"1365\" \/>\n\t<meta property=\"og:image:type\" content=\"image\/jpeg\" \/>\n<meta name=\"twitter:card\" content=\"summary_large_image\" \/>\n<meta name=\"twitter:site\" content=\"@FundacioRMB\" \/>\n<script type=\"application\/ld+json\" class=\"yoast-schema-graph\">{\"@context\":\"https:\/\/schema.org\",\"@graph\":[{\"@type\":\"WebPage\",\"@id\":\"https:\/\/fundacioramonmartibonet.org\/es\/proyecto\/visio-per-a-tothom-a-centres-oberts\/\",\"url\":\"https:\/\/fundacioramonmartibonet.org\/es\/proyecto\/visio-per-a-tothom-a-centres-oberts\/\",\"name\":\"Visi\u00f3n para todo el mundo en Centros Abiertos - Fundaci\u00f3 Ram\u00f3n Mart\u00ed i Bonet\",\"isPartOf\":{\"@id\":\"https:\/\/fundacioramonmartibonet.org\/es\/#website\"},\"primaryImageOfPage\":{\"@id\":\"https:\/\/fundacioramonmartibonet.org\/es\/proyecto\/visio-per-a-tothom-a-centres-oberts\/#primaryimage\"},\"image\":{\"@id\":\"https:\/\/fundacioramonmartibonet.org\/es\/proyecto\/visio-per-a-tothom-a-centres-oberts\/#primaryimage\"},\"thumbnailUrl\":\"https:\/\/fundacioramonmartibonet.org\/wp-content\/uploads\/2024\/06\/419236849_363535356319439_7811615201073973581_n.jpg\",\"datePublished\":\"2021-03-09T08:51:00+00:00\",\"dateModified\":\"2025-07-23T09:09:54+00:00\",\"breadcrumb\":{\"@id\":\"https:\/\/fundacioramonmartibonet.org\/es\/proyecto\/visio-per-a-tothom-a-centres-oberts\/#breadcrumb\"},\"inLanguage\":\"es\",\"potentialAction\":[{\"@type\":\"ReadAction\",\"target\":[\"https:\/\/fundacioramonmartibonet.org\/es\/proyecto\/visio-per-a-tothom-a-centres-oberts\/\"]}]},{\"@type\":\"ImageObject\",\"inLanguage\":\"es\",\"@id\":\"https:\/\/fundacioramonmartibonet.org\/es\/proyecto\/visio-per-a-tothom-a-centres-oberts\/#primaryimage\",\"url\":\"https:\/\/fundacioramonmartibonet.org\/wp-content\/uploads\/2024\/06\/419236849_363535356319439_7811615201073973581_n.jpg\",\"contentUrl\":\"https:\/\/fundacioramonmartibonet.org\/wp-content\/uploads\/2024\/06\/419236849_363535356319439_7811615201073973581_n.jpg\",\"width\":2048,\"height\":1365},{\"@type\":\"BreadcrumbList\",\"@id\":\"https:\/\/fundacioramonmartibonet.org\/es\/proyecto\/visio-per-a-tothom-a-centres-oberts\/#breadcrumb\",\"itemListElement\":[{\"@type\":\"ListItem\",\"position\":1,\"name\":\"Home\",\"item\":\"https:\/\/fundacioramonmartibonet.org\/es\/\"},{\"@type\":\"ListItem\",\"position\":2,\"name\":\"Project\",\"item\":\"https:\/\/fundacioramonmartibonet.org\/es\/true\/\"},{\"@type\":\"ListItem\",\"position\":3,\"name\":\"Visi\u00f3n para todo el mundo en Centros Abiertos\"}]},{\"@type\":\"WebSite\",\"@id\":\"https:\/\/fundacioramonmartibonet.org\/es\/#website\",\"url\":\"https:\/\/fundacioramonmartibonet.org\/es\/\",\"name\":\"Fundaci\u00f3 Ramon Mart\u00ed i Bonet\",\"description\":\"Visi\u00f3 per a tothom\",\"publisher\":{\"@id\":\"https:\/\/fundacioramonmartibonet.org\/es\/#organization\"},\"alternateName\":\"FRMB\",\"potentialAction\":[{\"@type\":\"SearchAction\",\"target\":{\"@type\":\"EntryPoint\",\"urlTemplate\":\"https:\/\/fundacioramonmartibonet.org\/es\/?s={search_term_string}\"},\"query-input\":\"required name=search_term_string\"}],\"inLanguage\":\"es\"},{\"@type\":\"Organization\",\"@id\":\"https:\/\/fundacioramonmartibonet.org\/es\/#organization\",\"name\":\"Fundaci\u00f3 Ramon Mart\u00ed i Bonet\",\"alternateName\":\"FRMB\",\"url\":\"https:\/\/fundacioramonmartibonet.org\/es\/\",\"logo\":{\"@type\":\"ImageObject\",\"inLanguage\":\"es\",\"@id\":\"https:\/\/fundacioramonmartibonet.org\/es\/#\/schema\/logo\/image\/\",\"url\":\"https:\/\/fundacioramonmartibonet.org\/wp-content\/uploads\/2023\/06\/frmb.svg\",\"contentUrl\":\"https:\/\/fundacioramonmartibonet.org\/wp-content\/uploads\/2023\/06\/frmb.svg\",\"width\":900,\"height\":280,\"caption\":\"Fundaci\u00f3 Ramon Mart\u00ed i Bonet\"},\"image\":{\"@id\":\"https:\/\/fundacioramonmartibonet.org\/es\/#\/schema\/logo\/image\/\"},\"sameAs\":[\"https:\/\/www.facebook.com\/FundacioRamonMartiBonet\",\"https:\/\/x.com\/FundacioRMB\",\"https:\/\/www.youtube.com\/channel\/UCNyN8HH4tz3ybIBubLBiSog\",\"https:\/\/www.instagram.com\/fundaciormb\/\",\"https:\/\/www.linkedin.com\/company\/fundacio-ramon-marto-i-bonet-contra-la-ceguera\/\"]}]}<\/script>\n<!-- \/ Yoast SEO plugin. -->","yoast_head_json":{"title":"Visi\u00f3n para todo el mundo en Centros Abiertos - Fundaci\u00f3 Ram\u00f3n Mart\u00ed i Bonet","robots":{"index":"index","follow":"follow","max-snippet":"max-snippet:-1","max-image-preview":"max-image-preview:large","max-video-preview":"max-video-preview:-1"},"canonical":"https:\/\/fundacioramonmartibonet.org\/es\/proyecto\/visio-per-a-tothom-a-centres-oberts\/","og_locale":"es_ES","og_type":"article","og_title":"Visi\u00f3n para todo el mundo en Centros Abiertos - Fundaci\u00f3 Ram\u00f3n Mart\u00ed i Bonet","og_description":"La Fundaci\u00f3 Ramon Mart\u00ed i Bonet vuelve a retomar el proyecto Visi\u00f3n para todo el mundo en los Centros Abiertos","og_url":"https:\/\/fundacioramonmartibonet.org\/es\/proyecto\/visio-per-a-tothom-a-centres-oberts\/","og_site_name":"Fundaci\u00f3 Ram\u00f3n Mart\u00ed i Bonet","article_publisher":"https:\/\/www.facebook.com\/FundacioRamonMartiBonet","article_modified_time":"2025-07-23T09:09:54+00:00","og_image":[{"width":2048,"height":1365,"url":"https:\/\/fundacioramonmartibonet.org\/wp-content\/uploads\/2024\/06\/419236849_363535356319439_7811615201073973581_n.jpg","type":"image\/jpeg"}],"twitter_card":"summary_large_image","twitter_site":"@FundacioRMB","schema":{"@context":"https:\/\/schema.org","@graph":[{"@type":"WebPage","@id":"https:\/\/fundacioramonmartibonet.org\/es\/proyecto\/visio-per-a-tothom-a-centres-oberts\/","url":"https:\/\/fundacioramonmartibonet.org\/es\/proyecto\/visio-per-a-tothom-a-centres-oberts\/","name":"Visi\u00f3n para todo el mundo en Centros Abiertos - Fundaci\u00f3 Ram\u00f3n Mart\u00ed i Bonet","isPartOf":{"@id":"https:\/\/fundacioramonmartibonet.org\/es\/#website"},"primaryImageOfPage":{"@id":"https:\/\/fundacioramonmartibonet.org\/es\/proyecto\/visio-per-a-tothom-a-centres-oberts\/#primaryimage"},"image":{"@id":"https:\/\/fundacioramonmartibonet.org\/es\/proyecto\/visio-per-a-tothom-a-centres-oberts\/#primaryimage"},"thumbnailUrl":"https:\/\/fundacioramonmartibonet.org\/wp-content\/uploads\/2024\/06\/419236849_363535356319439_7811615201073973581_n.jpg","datePublished":"2021-03-09T08:51:00+00:00","dateModified":"2025-07-23T09:09:54+00:00","breadcrumb":{"@id":"https:\/\/fundacioramonmartibonet.org\/es\/proyecto\/visio-per-a-tothom-a-centres-oberts\/#breadcrumb"},"inLanguage":"es","potentialAction":[{"@type":"ReadAction","target":["https:\/\/fundacioramonmartibonet.org\/es\/proyecto\/visio-per-a-tothom-a-centres-oberts\/"]}]},{"@type":"ImageObject","inLanguage":"es","@id":"https:\/\/fundacioramonmartibonet.org\/es\/proyecto\/visio-per-a-tothom-a-centres-oberts\/#primaryimage","url":"https:\/\/fundacioramonmartibonet.org\/wp-content\/uploads\/2024\/06\/419236849_363535356319439_7811615201073973581_n.jpg","contentUrl":"https:\/\/fundacioramonmartibonet.org\/wp-content\/uploads\/2024\/06\/419236849_363535356319439_7811615201073973581_n.jpg","width":2048,"height":1365},{"@type":"BreadcrumbList","@id":"https:\/\/fundacioramonmartibonet.org\/es\/proyecto\/visio-per-a-tothom-a-centres-oberts\/#breadcrumb","itemListElement":[{"@type":"ListItem","position":1,"name":"Home","item":"https:\/\/fundacioramonmartibonet.org\/es\/"},{"@type":"ListItem","position":2,"name":"Project","item":"https:\/\/fundacioramonmartibonet.org\/es\/true\/"},{"@type":"ListItem","position":3,"name":"Visi\u00f3n para todo el mundo en Centros Abiertos"}]},{"@type":"WebSite","@id":"https:\/\/fundacioramonmartibonet.org\/es\/#website","url":"https:\/\/fundacioramonmartibonet.org\/es\/","name":"Fundaci\u00f3 Ramon Mart\u00ed i Bonet","description":"Visi\u00f3 per a tothom","publisher":{"@id":"https:\/\/fundacioramonmartibonet.org\/es\/#organization"},"alternateName":"FRMB","potentialAction":[{"@type":"SearchAction","target":{"@type":"EntryPoint","urlTemplate":"https:\/\/fundacioramonmartibonet.org\/es\/?s={search_term_string}"},"query-input":"required name=search_term_string"}],"inLanguage":"es"},{"@type":"Organization","@id":"https:\/\/fundacioramonmartibonet.org\/es\/#organization","name":"Fundaci\u00f3 Ramon Mart\u00ed i Bonet","alternateName":"FRMB","url":"https:\/\/fundacioramonmartibonet.org\/es\/","logo":{"@type":"ImageObject","inLanguage":"es","@id":"https:\/\/fundacioramonmartibonet.org\/es\/#\/schema\/logo\/image\/","url":"https:\/\/fundacioramonmartibonet.org\/wp-content\/uploads\/2023\/06\/frmb.svg","contentUrl":"https:\/\/fundacioramonmartibonet.org\/wp-content\/uploads\/2023\/06\/frmb.svg","width":900,"height":280,"caption":"Fundaci\u00f3 Ramon Mart\u00ed i Bonet"},"image":{"@id":"https:\/\/fundacioramonmartibonet.org\/es\/#\/schema\/logo\/image\/"},"sameAs":["https:\/\/www.facebook.com\/FundacioRamonMartiBonet","https:\/\/x.com\/FundacioRMB","https:\/\/www.youtube.com\/channel\/UCNyN8HH4tz3ybIBubLBiSog","https:\/\/www.instagram.com\/fundaciormb\/","https:\/\/www.linkedin.com\/company\/fundacio-ramon-marto-i-bonet-contra-la-ceguera\/"]}]}},"_links":{"self":[{"href":"https:\/\/fundacioramonmartibonet.org\/es\/wp-json\/wp\/v2\/iuttu_project\/2485"}],"collection":[{"href":"https:\/\/fundacioramonmartibonet.org\/es\/wp-json\/wp\/v2\/iuttu_project"}],"about":[{"href":"https:\/\/fundacioramonmartibonet.org\/es\/wp-json\/wp\/v2\/types\/iuttu_project"}],"wp:featuredmedia":[{"embeddable":true,"href":"https:\/\/fundacioramonmartibonet.org\/es\/wp-json\/wp\/v2\/media\/2114"}],"wp:attachment":[{"href":"https:\/\/fundacioramonmartibonet.org\/es\/wp-json\/wp\/v2\/media?parent=2485"}],"wp:term":[{"taxonomy":"iuttu_project_type","embeddable":true,"href":"https:\/\/fundacioramonmartibonet.org\/es\/wp-json\/wp\/v2\/iuttu_project_type?post=2485"}],"curies":[{"name":"wp","href":"https:\/\/api.w.org\/{rel}","templated":true}]}}