{"id":241,"date":"2024-05-27T10:34:00","date_gmt":"2024-05-27T10:34:00","guid":{"rendered":"https:\/\/fundacioramonmartibonet.org\/project\/vision-para-todos-en-el-chad-dra-vinas\/"},"modified":"2025-07-23T09:07:03","modified_gmt":"2025-07-23T09:07:03","slug":"vision-para-todos-en-el-chad-dra-vinas","status":"publish","type":"iuttu_project","link":"https:\/\/fundacioramonmartibonet.org\/es\/proyecto\/vision-para-todos-en-el-chad-dra-vinas\/","title":{"rendered":"Visi\u00f3n para todo el mundo en Chad"},"content":{"rendered":"\n<p>El Chad ocupa uno de los \u00faltimos lugares del mundo seg\u00fan el \u00cdndice de Desarrollo Humano de las Naciones Unidas. El acceso a la sanidad est\u00e1 muy limitado, la atenci\u00f3n oftalmol\u00f3gica est\u00e1 pr\u00e1cticamente restringida en la capital, Yamena, y las condiciones son muy precarias. Solo hay tres \u00f3pticas en todo el pa\u00eds, con precios muy elevados, a causa de la carencia de f\u00e1bricas de cristales y monturas.<\/p>\n\n\n\n<p>Es importante destacar que el n\u00famero de oftalm\u00f3logos en el Chad es de menos de uno por cada mill\u00f3n de habitantes, cifra que contrasta con el centenar que tenemos en Catalu\u00f1a para el mismo n\u00famero de personas. Adem\u00e1s, la asignatura de oftalmolog\u00eda y optometr\u00eda no figura en los itinerarios curriculares de las Universidades de Medicina o Enfermer\u00eda, hecho que favorece la perpetuaci\u00f3n de deficiencias visuales no atendidas.<\/p>\n\n\n\n<p>El proyecto \u201cVisi\u00f3n para todo el mundo en el Chad, Dra. Vi\u00f1as\u201d empez\u00f3 dotando de una consulta oftalmol\u00f3gica completa y un taller de \u00f3ptica en el Hospital Le Buen Samaritain.<\/p>\n\n\n\n<p>A la vez, se inici\u00f3 la formaci\u00f3n de dos enfermeros locales y en el 2018 se puso en marcha el quir\u00f3fano, con el \u00fanico facoemulsificador activo de todo el pa\u00eds.<\/p>\n\n\n\n<p>Actualmente, la consulta de oftalmolog\u00eda y el taller de \u00f3ptica son ya una realidad en el Hospital Le Buen Samaritain, gestionados por profesionales locales y apoyados por la Fundaci\u00f3n Ramon Mart\u00ed i Bonet, a trav\u00e9s de un sistema de telemedicina.<\/p>\n\n\n\n<p>La carencia de oftalm\u00f3logos y en general de m\u00e9dicos en todo el pa\u00eds, hace que la actividad quir\u00fargica todav\u00eda sea realizada \u00fanicamente por nuestros oftalm\u00f3logos voluntarios que se desplazan peri\u00f3dicamente en Yamena. En el \u00e1mbito formativo, desde el inicio de este proyecto, cooperantes franc\u00f3fonos han realizado varias formaciones a estudiantes de medicina y enfermer\u00eda. Recientemente, en enero de 2024, la Fundaci\u00f3n ha empezado a impartir la asignatura de Oftalmolog\u00eda en la Facultad de Medicina que se encuentra dentro del mismo Hospital y se est\u00e1 trabajando en una licencia en optometr\u00eda y enfermer\u00eda oftalmol\u00f3gica.<\/p>\n\n\n\n<figure class=\"wp-block-image size-large\"><img loading=\"lazy\" decoding=\"async\" width=\"1024\" height=\"756\" src=\"https:\/\/fundacioramonmartibonet.org\/wp-content\/uploads\/2024\/05\/Screenshot_2023-01-16-19-46-44-12_1c337646f29875672b5a61192b9010f9-1024x756.jpg\" alt=\"\" class=\"wp-image-1623\" srcset=\"https:\/\/fundacioramonmartibonet.org\/wp-content\/uploads\/2024\/05\/Screenshot_2023-01-16-19-46-44-12_1c337646f29875672b5a61192b9010f9-1024x756.jpg 1024w, https:\/\/fundacioramonmartibonet.org\/wp-content\/uploads\/2024\/05\/Screenshot_2023-01-16-19-46-44-12_1c337646f29875672b5a61192b9010f9-300x221.jpg 300w, https:\/\/fundacioramonmartibonet.org\/wp-content\/uploads\/2024\/05\/Screenshot_2023-01-16-19-46-44-12_1c337646f29875672b5a61192b9010f9-768x567.jpg 768w, https:\/\/fundacioramonmartibonet.org\/wp-content\/uploads\/2024\/05\/Screenshot_2023-01-16-19-46-44-12_1c337646f29875672b5a61192b9010f9.jpg 1080w\" sizes=\"(max-width: 1024px) 100vw, 1024px\" \/><\/figure>\n\n\n\n<figure class=\"wp-block-image size-large\"><img loading=\"lazy\" decoding=\"async\" width=\"768\" height=\"1024\" src=\"https:\/\/fundacioramonmartibonet.org\/wp-content\/uploads\/2023\/06\/IMG_4397-768x1024.jpeg\" alt=\"\" class=\"wp-image-1615\" srcset=\"https:\/\/fundacioramonmartibonet.org\/wp-content\/uploads\/2023\/06\/IMG_4397-768x1024.jpeg 768w, https:\/\/fundacioramonmartibonet.org\/wp-content\/uploads\/2023\/06\/IMG_4397-225x300.jpeg 225w, https:\/\/fundacioramonmartibonet.org\/wp-content\/uploads\/2023\/06\/IMG_4397-1152x1536.jpeg 1152w, https:\/\/fundacioramonmartibonet.org\/wp-content\/uploads\/2023\/06\/IMG_4397-1536x2048.jpeg 1536w, https:\/\/fundacioramonmartibonet.org\/wp-content\/uploads\/2023\/06\/IMG_4397-scaled.jpeg 1920w\" sizes=\"(max-width: 768px) 100vw, 768px\" \/><\/figure>\n\n\n\n<figure class=\"wp-block-image size-large\"><img loading=\"lazy\" decoding=\"async\" width=\"1024\" height=\"768\" src=\"https:\/\/fundacioramonmartibonet.org\/wp-content\/uploads\/2023\/06\/IMG_1449-1024x768.jpg\" alt=\"\" class=\"wp-image-1627\" srcset=\"https:\/\/fundacioramonmartibonet.org\/wp-content\/uploads\/2023\/06\/IMG_1449-1024x768.jpg 1024w, https:\/\/fundacioramonmartibonet.org\/wp-content\/uploads\/2023\/06\/IMG_1449-300x225.jpg 300w, https:\/\/fundacioramonmartibonet.org\/wp-content\/uploads\/2023\/06\/IMG_1449-768x576.jpg 768w, https:\/\/fundacioramonmartibonet.org\/wp-content\/uploads\/2023\/06\/IMG_1449-1536x1152.jpg 1536w, https:\/\/fundacioramonmartibonet.org\/wp-content\/uploads\/2023\/06\/IMG_1449-2048x1536.jpg 2048w\" sizes=\"(max-width: 1024px) 100vw, 1024px\" \/><\/figure>\n\n\n\n<figure class=\"wp-block-image size-large\"><img loading=\"lazy\" decoding=\"async\" width=\"1024\" height=\"768\" src=\"https:\/\/fundacioramonmartibonet.org\/wp-content\/uploads\/2023\/06\/IMG-20230117-WA0013-1024x768.jpg\" alt=\"\" class=\"wp-image-1619\" srcset=\"https:\/\/fundacioramonmartibonet.org\/wp-content\/uploads\/2023\/06\/IMG-20230117-WA0013-1024x768.jpg 1024w, https:\/\/fundacioramonmartibonet.org\/wp-content\/uploads\/2023\/06\/IMG-20230117-WA0013-300x225.jpg 300w, https:\/\/fundacioramonmartibonet.org\/wp-content\/uploads\/2023\/06\/IMG-20230117-WA0013-768x576.jpg 768w, https:\/\/fundacioramonmartibonet.org\/wp-content\/uploads\/2023\/06\/IMG-20230117-WA0013-1536x1152.jpg 1536w, https:\/\/fundacioramonmartibonet.org\/wp-content\/uploads\/2023\/06\/IMG-20230117-WA0013.jpg 1984w\" sizes=\"(max-width: 1024px) 100vw, 1024px\" \/><\/figure>\n\n\n\n<div class=\"wp-block-buttons is-layout-flex wp-block-buttons-is-layout-flex\">\n<div class=\"wp-block-button\"><a class=\"wp-block-button__link wp-element-button\" href=\"https:\/\/fundacioramonmartibonet.org\/es\/tipo-proyecto\/internacional\/\">Conoce m\u00e1s proyectos<\/a><\/div>\n<\/div>\n","protected":false},"excerpt":{"rendered":"<p>Se ha dotado de una consulta oftalmol\u00f3gica completa y un taller de \u00f3ptica. El quir\u00f3fano es ya una realidad donde se realizan cirug\u00edas para evitar la ceguera evitable. Continuamos con la formaci\u00f3n y el sistema de telemedicina.<\/p>\n","protected":false},"featured_media":242,"template":"","iuttu_project_type":[43],"acf":[],"yoast_head":"<!-- This site is optimized with the Yoast SEO plugin v22.5 - https:\/\/yoast.com\/wordpress\/plugins\/seo\/ -->\n<title>Visi\u00f3n para todo el mundo en Chad - Fundaci\u00f3 Ram\u00f3n Mart\u00ed i Bonet<\/title>\n<meta name=\"description\" content=\"Programa de cooperaci\u00f3n internacional en materia de atenci\u00f3n oftalmol\u00f3gica, que tiene como misi\u00f3n detectar, tratar y\/u operar todos los casos de ceguera evitables en el Chad\" \/>\n<meta name=\"robots\" content=\"index, follow, max-snippet:-1, max-image-preview:large, max-video-preview:-1\" \/>\n<link rel=\"canonical\" href=\"https:\/\/fundacioramonmartibonet.org\/es\/proyecto\/vision-para-todos-en-el-chad-dra-vinas\/\" \/>\n<meta property=\"og:locale\" content=\"es_ES\" \/>\n<meta property=\"og:type\" content=\"article\" \/>\n<meta property=\"og:title\" content=\"Visi\u00f3n para todo el mundo en Chad - Fundaci\u00f3 Ram\u00f3n Mart\u00ed i Bonet\" \/>\n<meta property=\"og:description\" content=\"Programa de cooperaci\u00f3n internacional en materia de atenci\u00f3n oftalmol\u00f3gica, que tiene como misi\u00f3n detectar, tratar y\/u operar todos los casos de ceguera evitables en el Chad\" \/>\n<meta property=\"og:url\" content=\"https:\/\/fundacioramonmartibonet.org\/es\/proyecto\/vision-para-todos-en-el-chad-dra-vinas\/\" \/>\n<meta property=\"og:site_name\" content=\"Fundaci\u00f3 Ram\u00f3n Mart\u00ed i Bonet\" \/>\n<meta property=\"article:publisher\" content=\"https:\/\/www.facebook.com\/FundacioRamonMartiBonet\" \/>\n<meta property=\"article:modified_time\" content=\"2025-07-23T09:07:03+00:00\" \/>\n<meta property=\"og:image\" content=\"https:\/\/fundacioramonmartibonet.org\/wp-content\/uploads\/2023\/06\/Visio-per-a-tothom-al-Txad-6.jpg\" \/>\n\t<meta property=\"og:image:width\" content=\"1255\" \/>\n\t<meta property=\"og:image:height\" content=\"477\" \/>\n\t<meta property=\"og:image:type\" content=\"image\/jpeg\" \/>\n<meta name=\"twitter:card\" content=\"summary_large_image\" \/>\n<meta name=\"twitter:site\" content=\"@FundacioRMB\" \/>\n<script type=\"application\/ld+json\" class=\"yoast-schema-graph\">{\"@context\":\"https:\/\/schema.org\",\"@graph\":[{\"@type\":\"WebPage\",\"@id\":\"https:\/\/fundacioramonmartibonet.org\/es\/proyecto\/vision-para-todos-en-el-chad-dra-vinas\/\",\"url\":\"https:\/\/fundacioramonmartibonet.org\/es\/proyecto\/vision-para-todos-en-el-chad-dra-vinas\/\",\"name\":\"Visi\u00f3n para todo el mundo en Chad - Fundaci\u00f3 Ram\u00f3n Mart\u00ed i Bonet\",\"isPartOf\":{\"@id\":\"https:\/\/fundacioramonmartibonet.org\/es\/#website\"},\"primaryImageOfPage\":{\"@id\":\"https:\/\/fundacioramonmartibonet.org\/es\/proyecto\/vision-para-todos-en-el-chad-dra-vinas\/#primaryimage\"},\"image\":{\"@id\":\"https:\/\/fundacioramonmartibonet.org\/es\/proyecto\/vision-para-todos-en-el-chad-dra-vinas\/#primaryimage\"},\"thumbnailUrl\":\"https:\/\/fundacioramonmartibonet.org\/wp-content\/uploads\/2023\/06\/Visio-per-a-tothom-al-Txad-6.jpg\",\"datePublished\":\"2024-05-27T10:34:00+00:00\",\"dateModified\":\"2025-07-23T09:07:03+00:00\",\"description\":\"Programa de cooperaci\u00f3n internacional en materia de atenci\u00f3n oftalmol\u00f3gica, que tiene como misi\u00f3n detectar, tratar y\/u operar todos los casos de ceguera evitables en el Chad\",\"breadcrumb\":{\"@id\":\"https:\/\/fundacioramonmartibonet.org\/es\/proyecto\/vision-para-todos-en-el-chad-dra-vinas\/#breadcrumb\"},\"inLanguage\":\"es\",\"potentialAction\":[{\"@type\":\"ReadAction\",\"target\":[\"https:\/\/fundacioramonmartibonet.org\/es\/proyecto\/vision-para-todos-en-el-chad-dra-vinas\/\"]}]},{\"@type\":\"ImageObject\",\"inLanguage\":\"es\",\"@id\":\"https:\/\/fundacioramonmartibonet.org\/es\/proyecto\/vision-para-todos-en-el-chad-dra-vinas\/#primaryimage\",\"url\":\"https:\/\/fundacioramonmartibonet.org\/wp-content\/uploads\/2023\/06\/Visio-per-a-tothom-al-Txad-6.jpg\",\"contentUrl\":\"https:\/\/fundacioramonmartibonet.org\/wp-content\/uploads\/2023\/06\/Visio-per-a-tothom-al-Txad-6.jpg\",\"width\":1255,\"height\":477},{\"@type\":\"BreadcrumbList\",\"@id\":\"https:\/\/fundacioramonmartibonet.org\/es\/proyecto\/vision-para-todos-en-el-chad-dra-vinas\/#breadcrumb\",\"itemListElement\":[{\"@type\":\"ListItem\",\"position\":1,\"name\":\"Home\",\"item\":\"https:\/\/fundacioramonmartibonet.org\/es\/\"},{\"@type\":\"ListItem\",\"position\":2,\"name\":\"Project\",\"item\":\"https:\/\/fundacioramonmartibonet.org\/es\/true\/\"},{\"@type\":\"ListItem\",\"position\":3,\"name\":\"Visi\u00f3n para todo el mundo en Chad\"}]},{\"@type\":\"WebSite\",\"@id\":\"https:\/\/fundacioramonmartibonet.org\/es\/#website\",\"url\":\"https:\/\/fundacioramonmartibonet.org\/es\/\",\"name\":\"Fundaci\u00f3 Ramon Mart\u00ed i Bonet\",\"description\":\"Visi\u00f3 per a tothom\",\"publisher\":{\"@id\":\"https:\/\/fundacioramonmartibonet.org\/es\/#organization\"},\"alternateName\":\"FRMB\",\"potentialAction\":[{\"@type\":\"SearchAction\",\"target\":{\"@type\":\"EntryPoint\",\"urlTemplate\":\"https:\/\/fundacioramonmartibonet.org\/es\/?s={search_term_string}\"},\"query-input\":\"required name=search_term_string\"}],\"inLanguage\":\"es\"},{\"@type\":\"Organization\",\"@id\":\"https:\/\/fundacioramonmartibonet.org\/es\/#organization\",\"name\":\"Fundaci\u00f3 Ramon Mart\u00ed i Bonet\",\"alternateName\":\"FRMB\",\"url\":\"https:\/\/fundacioramonmartibonet.org\/es\/\",\"logo\":{\"@type\":\"ImageObject\",\"inLanguage\":\"es\",\"@id\":\"https:\/\/fundacioramonmartibonet.org\/es\/#\/schema\/logo\/image\/\",\"url\":\"https:\/\/fundacioramonmartibonet.org\/wp-content\/uploads\/2023\/06\/frmb.svg\",\"contentUrl\":\"https:\/\/fundacioramonmartibonet.org\/wp-content\/uploads\/2023\/06\/frmb.svg\",\"width\":900,\"height\":280,\"caption\":\"Fundaci\u00f3 Ramon Mart\u00ed i Bonet\"},\"image\":{\"@id\":\"https:\/\/fundacioramonmartibonet.org\/es\/#\/schema\/logo\/image\/\"},\"sameAs\":[\"https:\/\/www.facebook.com\/FundacioRamonMartiBonet\",\"https:\/\/x.com\/FundacioRMB\",\"https:\/\/www.youtube.com\/channel\/UCNyN8HH4tz3ybIBubLBiSog\",\"https:\/\/www.instagram.com\/fundaciormb\/\",\"https:\/\/www.linkedin.com\/company\/fundacio-ramon-marto-i-bonet-contra-la-ceguera\/\"]}]}<\/script>\n<!-- \/ Yoast SEO plugin. -->","yoast_head_json":{"title":"Visi\u00f3n para todo el mundo en Chad - Fundaci\u00f3 Ram\u00f3n Mart\u00ed i Bonet","description":"Programa de cooperaci\u00f3n internacional en materia de atenci\u00f3n oftalmol\u00f3gica, que tiene como misi\u00f3n detectar, tratar y\/u operar todos los casos de ceguera evitables en el Chad","robots":{"index":"index","follow":"follow","max-snippet":"max-snippet:-1","max-image-preview":"max-image-preview:large","max-video-preview":"max-video-preview:-1"},"canonical":"https:\/\/fundacioramonmartibonet.org\/es\/proyecto\/vision-para-todos-en-el-chad-dra-vinas\/","og_locale":"es_ES","og_type":"article","og_title":"Visi\u00f3n para todo el mundo en Chad - Fundaci\u00f3 Ram\u00f3n Mart\u00ed i Bonet","og_description":"Programa de cooperaci\u00f3n internacional en materia de atenci\u00f3n oftalmol\u00f3gica, que tiene como misi\u00f3n detectar, tratar y\/u operar todos los casos de ceguera evitables en el Chad","og_url":"https:\/\/fundacioramonmartibonet.org\/es\/proyecto\/vision-para-todos-en-el-chad-dra-vinas\/","og_site_name":"Fundaci\u00f3 Ram\u00f3n Mart\u00ed i Bonet","article_publisher":"https:\/\/www.facebook.com\/FundacioRamonMartiBonet","article_modified_time":"2025-07-23T09:07:03+00:00","og_image":[{"width":1255,"height":477,"url":"https:\/\/fundacioramonmartibonet.org\/wp-content\/uploads\/2023\/06\/Visio-per-a-tothom-al-Txad-6.jpg","type":"image\/jpeg"}],"twitter_card":"summary_large_image","twitter_site":"@FundacioRMB","schema":{"@context":"https:\/\/schema.org","@graph":[{"@type":"WebPage","@id":"https:\/\/fundacioramonmartibonet.org\/es\/proyecto\/vision-para-todos-en-el-chad-dra-vinas\/","url":"https:\/\/fundacioramonmartibonet.org\/es\/proyecto\/vision-para-todos-en-el-chad-dra-vinas\/","name":"Visi\u00f3n para todo el mundo en Chad - Fundaci\u00f3 Ram\u00f3n Mart\u00ed i Bonet","isPartOf":{"@id":"https:\/\/fundacioramonmartibonet.org\/es\/#website"},"primaryImageOfPage":{"@id":"https:\/\/fundacioramonmartibonet.org\/es\/proyecto\/vision-para-todos-en-el-chad-dra-vinas\/#primaryimage"},"image":{"@id":"https:\/\/fundacioramonmartibonet.org\/es\/proyecto\/vision-para-todos-en-el-chad-dra-vinas\/#primaryimage"},"thumbnailUrl":"https:\/\/fundacioramonmartibonet.org\/wp-content\/uploads\/2023\/06\/Visio-per-a-tothom-al-Txad-6.jpg","datePublished":"2024-05-27T10:34:00+00:00","dateModified":"2025-07-23T09:07:03+00:00","description":"Programa de cooperaci\u00f3n internacional en materia de atenci\u00f3n oftalmol\u00f3gica, que tiene como misi\u00f3n detectar, tratar y\/u operar todos los casos de ceguera evitables en el Chad","breadcrumb":{"@id":"https:\/\/fundacioramonmartibonet.org\/es\/proyecto\/vision-para-todos-en-el-chad-dra-vinas\/#breadcrumb"},"inLanguage":"es","potentialAction":[{"@type":"ReadAction","target":["https:\/\/fundacioramonmartibonet.org\/es\/proyecto\/vision-para-todos-en-el-chad-dra-vinas\/"]}]},{"@type":"ImageObject","inLanguage":"es","@id":"https:\/\/fundacioramonmartibonet.org\/es\/proyecto\/vision-para-todos-en-el-chad-dra-vinas\/#primaryimage","url":"https:\/\/fundacioramonmartibonet.org\/wp-content\/uploads\/2023\/06\/Visio-per-a-tothom-al-Txad-6.jpg","contentUrl":"https:\/\/fundacioramonmartibonet.org\/wp-content\/uploads\/2023\/06\/Visio-per-a-tothom-al-Txad-6.jpg","width":1255,"height":477},{"@type":"BreadcrumbList","@id":"https:\/\/fundacioramonmartibonet.org\/es\/proyecto\/vision-para-todos-en-el-chad-dra-vinas\/#breadcrumb","itemListElement":[{"@type":"ListItem","position":1,"name":"Home","item":"https:\/\/fundacioramonmartibonet.org\/es\/"},{"@type":"ListItem","position":2,"name":"Project","item":"https:\/\/fundacioramonmartibonet.org\/es\/true\/"},{"@type":"ListItem","position":3,"name":"Visi\u00f3n para todo el mundo en Chad"}]},{"@type":"WebSite","@id":"https:\/\/fundacioramonmartibonet.org\/es\/#website","url":"https:\/\/fundacioramonmartibonet.org\/es\/","name":"Fundaci\u00f3 Ramon Mart\u00ed i Bonet","description":"Visi\u00f3 per a tothom","publisher":{"@id":"https:\/\/fundacioramonmartibonet.org\/es\/#organization"},"alternateName":"FRMB","potentialAction":[{"@type":"SearchAction","target":{"@type":"EntryPoint","urlTemplate":"https:\/\/fundacioramonmartibonet.org\/es\/?s={search_term_string}"},"query-input":"required name=search_term_string"}],"inLanguage":"es"},{"@type":"Organization","@id":"https:\/\/fundacioramonmartibonet.org\/es\/#organization","name":"Fundaci\u00f3 Ramon Mart\u00ed i Bonet","alternateName":"FRMB","url":"https:\/\/fundacioramonmartibonet.org\/es\/","logo":{"@type":"ImageObject","inLanguage":"es","@id":"https:\/\/fundacioramonmartibonet.org\/es\/#\/schema\/logo\/image\/","url":"https:\/\/fundacioramonmartibonet.org\/wp-content\/uploads\/2023\/06\/frmb.svg","contentUrl":"https:\/\/fundacioramonmartibonet.org\/wp-content\/uploads\/2023\/06\/frmb.svg","width":900,"height":280,"caption":"Fundaci\u00f3 Ramon Mart\u00ed i Bonet"},"image":{"@id":"https:\/\/fundacioramonmartibonet.org\/es\/#\/schema\/logo\/image\/"},"sameAs":["https:\/\/www.facebook.com\/FundacioRamonMartiBonet","https:\/\/x.com\/FundacioRMB","https:\/\/www.youtube.com\/channel\/UCNyN8HH4tz3ybIBubLBiSog","https:\/\/www.instagram.com\/fundaciormb\/","https:\/\/www.linkedin.com\/company\/fundacio-ramon-marto-i-bonet-contra-la-ceguera\/"]}]}},"_links":{"self":[{"href":"https:\/\/fundacioramonmartibonet.org\/es\/wp-json\/wp\/v2\/iuttu_project\/241"}],"collection":[{"href":"https:\/\/fundacioramonmartibonet.org\/es\/wp-json\/wp\/v2\/iuttu_project"}],"about":[{"href":"https:\/\/fundacioramonmartibonet.org\/es\/wp-json\/wp\/v2\/types\/iuttu_project"}],"wp:featuredmedia":[{"embeddable":true,"href":"https:\/\/fundacioramonmartibonet.org\/es\/wp-json\/wp\/v2\/media\/242"}],"wp:attachment":[{"href":"https:\/\/fundacioramonmartibonet.org\/es\/wp-json\/wp\/v2\/media?parent=241"}],"wp:term":[{"taxonomy":"iuttu_project_type","embeddable":true,"href":"https:\/\/fundacioramonmartibonet.org\/es\/wp-json\/wp\/v2\/iuttu_project_type?post=241"}],"curies":[{"name":"wp","href":"https:\/\/api.w.org\/{rel}","templated":true}]}}