{"id":239,"date":"2020-05-25T09:33:00","date_gmt":"2020-05-25T09:33:00","guid":{"rendered":"https:\/\/fundacioramonmartibonet.org\/project\/peru-huamachuco\/"},"modified":"2025-07-28T15:53:38","modified_gmt":"2025-07-28T15:53:38","slug":"peru-huamachuco","status":"publish","type":"iuttu_project","link":"https:\/\/fundacioramonmartibonet.org\/es\/proyecto\/peru-huamachuco\/","title":{"rendered":"Visi\u00f3n para todo el mundo en Per\u00fa"},"content":{"rendered":"\n<p>El 2012, la Fundaci\u00f3n inici\u00f3 el proyecto de cooperaci\u00f3n Visi\u00f3n para Todo el mundo en el Per\u00fa, Huamachuco, en colaboraci\u00f3n con la contraparte local, la Asociaci\u00f3n Alegr\u00eda y Esperanza para los ni\u00f1os, de la orden franciscana de la Tercera Orden Regular.<\/p>\n\n\n\n<p>El objetivo del proyecto siempre fue acompa\u00f1arlos en la detecci\u00f3n y tratamiento de dificultades visuales entre las personas m\u00e1s vulnerables de la zona, hasta que pudieran ser aut\u00f3nomos en la prestaci\u00f3n del servicio de oftalmolog\u00eda.<\/p>\n\n\n\n<p>La actividad a Huamachuco se ha ido desarrollando gracias al trabajo conjunto de los profesionales locales y de los cooperantes, la formaci\u00f3n del personal local y la donaci\u00f3n de equipos.<\/p>\n\n\n\n<ul>\n<li>El 2013 se inaugur\u00f3 el servicio de oftalmolog\u00eda del Hospital de Huamachuco y se iniciaron los tr\u00e1mites para la consolidaci\u00f3n de un quir\u00f3fano.<\/li>\n\n\n\n<li>Anualmente, se ha realizado una comisi\u00f3n en el pa\u00eds para llevar a cabo formaciones a los residentes de la Universidad de Oftalmolog\u00eda de Trujillo.<\/li>\n\n\n\n<li>Se ha formado y contratado a dos oftalm\u00f3logos residentes para pasar consulta en el hospital.<\/li>\n\n\n\n<li>Se estableci\u00f3 una colaboraci\u00f3n continuada con \u00d3ptica Rojas de Huamachuco para poder proporcionar gafas correctoras en los pacientes&nbsp;<\/li>\n\n\n\n<li>Se ha contado con el apoyo de instituciones relevantes del pa\u00eds, como el Ministerio de Sanidad, varias universidades y organismos p\u00fablicos. <\/li>\n<\/ul>\n\n\n\n<p>Finalmente, el 2024 se lleg\u00f3 al objetivo de autonom\u00eda, en este caso, integrando el servicio de oftalmolog\u00eda creado por la Fundaci\u00f3n al servicio nacional de salud p\u00fablica.<\/p>\n\n\n\n<figure class=\"wp-block-image size-full\"><img loading=\"lazy\" decoding=\"async\" width=\"2560\" height=\"1706\" src=\"https:\/\/fundacioramonmartibonet.org\/wp-content\/uploads\/2024\/09\/1L0A9766-scaled.jpg\" alt=\"\" class=\"wp-image-3182\" srcset=\"https:\/\/fundacioramonmartibonet.org\/wp-content\/uploads\/2024\/09\/1L0A9766-scaled.jpg 2560w, https:\/\/fundacioramonmartibonet.org\/wp-content\/uploads\/2024\/09\/1L0A9766-300x200.jpg 300w, https:\/\/fundacioramonmartibonet.org\/wp-content\/uploads\/2024\/09\/1L0A9766-1024x683.jpg 1024w, https:\/\/fundacioramonmartibonet.org\/wp-content\/uploads\/2024\/09\/1L0A9766-768x512.jpg 768w, https:\/\/fundacioramonmartibonet.org\/wp-content\/uploads\/2024\/09\/1L0A9766-1536x1024.jpg 1536w, https:\/\/fundacioramonmartibonet.org\/wp-content\/uploads\/2024\/09\/1L0A9766-2048x1365.jpg 2048w\" sizes=\"(max-width: 2560px) 100vw, 2560px\" \/><\/figure>\n","protected":false},"excerpt":{"rendered":"<p>Proyecto de salud visual desarrollado gracias al trabajo conjunto de los profesionales locales y de los cooperantes, la formaci\u00f3n del personal local y la donaci\u00f3n de equipos.<\/p>\n","protected":false},"featured_media":213,"template":"","iuttu_project_type":[43],"acf":[],"yoast_head":"<!-- This site is optimized with the Yoast SEO plugin v22.5 - https:\/\/yoast.com\/wordpress\/plugins\/seo\/ -->\n<title>Visi\u00f3n para todo el mundo en Per\u00fa - Fundaci\u00f3 Ram\u00f3n Mart\u00ed i Bonet<\/title>\n<meta name=\"robots\" content=\"index, follow, max-snippet:-1, max-image-preview:large, max-video-preview:-1\" \/>\n<link rel=\"canonical\" href=\"https:\/\/fundacioramonmartibonet.org\/es\/proyecto\/peru-huamachuco\/\" \/>\n<meta property=\"og:locale\" content=\"es_ES\" \/>\n<meta property=\"og:type\" content=\"article\" \/>\n<meta property=\"og:title\" content=\"Visi\u00f3n para todo el mundo en Per\u00fa - Fundaci\u00f3 Ram\u00f3n Mart\u00ed i Bonet\" \/>\n<meta property=\"og:description\" content=\"Proyecto de salud visual desarrollado gracias al trabajo conjunto de los profesionales locales y de los cooperantes, la formaci\u00f3n del personal local y la donaci\u00f3n de equipos.\" \/>\n<meta property=\"og:url\" content=\"https:\/\/fundacioramonmartibonet.org\/es\/proyecto\/peru-huamachuco\/\" \/>\n<meta property=\"og:site_name\" content=\"Fundaci\u00f3 Ram\u00f3n Mart\u00ed i Bonet\" \/>\n<meta property=\"article:publisher\" content=\"https:\/\/www.facebook.com\/FundacioRamonMartiBonet\" \/>\n<meta property=\"article:modified_time\" content=\"2025-07-28T15:53:38+00:00\" \/>\n<meta property=\"og:image\" content=\"https:\/\/fundacioramonmartibonet.org\/wp-content\/uploads\/2023\/06\/visio-per-a-tothom-a-peru-01.jpg\" \/>\n\t<meta property=\"og:image:width\" content=\"1200\" \/>\n\t<meta property=\"og:image:height\" content=\"420\" \/>\n\t<meta property=\"og:image:type\" content=\"image\/jpeg\" \/>\n<meta name=\"twitter:card\" content=\"summary_large_image\" \/>\n<meta name=\"twitter:site\" content=\"@FundacioRMB\" \/>\n<script type=\"application\/ld+json\" class=\"yoast-schema-graph\">{\"@context\":\"https:\/\/schema.org\",\"@graph\":[{\"@type\":\"WebPage\",\"@id\":\"https:\/\/fundacioramonmartibonet.org\/es\/proyecto\/peru-huamachuco\/\",\"url\":\"https:\/\/fundacioramonmartibonet.org\/es\/proyecto\/peru-huamachuco\/\",\"name\":\"Visi\u00f3n para todo el mundo en Per\u00fa - Fundaci\u00f3 Ram\u00f3n Mart\u00ed i Bonet\",\"isPartOf\":{\"@id\":\"https:\/\/fundacioramonmartibonet.org\/es\/#website\"},\"primaryImageOfPage\":{\"@id\":\"https:\/\/fundacioramonmartibonet.org\/es\/proyecto\/peru-huamachuco\/#primaryimage\"},\"image\":{\"@id\":\"https:\/\/fundacioramonmartibonet.org\/es\/proyecto\/peru-huamachuco\/#primaryimage\"},\"thumbnailUrl\":\"https:\/\/fundacioramonmartibonet.org\/wp-content\/uploads\/2023\/06\/visio-per-a-tothom-a-peru-01.jpg\",\"datePublished\":\"2020-05-25T09:33:00+00:00\",\"dateModified\":\"2025-07-28T15:53:38+00:00\",\"breadcrumb\":{\"@id\":\"https:\/\/fundacioramonmartibonet.org\/es\/proyecto\/peru-huamachuco\/#breadcrumb\"},\"inLanguage\":\"es\",\"potentialAction\":[{\"@type\":\"ReadAction\",\"target\":[\"https:\/\/fundacioramonmartibonet.org\/es\/proyecto\/peru-huamachuco\/\"]}]},{\"@type\":\"ImageObject\",\"inLanguage\":\"es\",\"@id\":\"https:\/\/fundacioramonmartibonet.org\/es\/proyecto\/peru-huamachuco\/#primaryimage\",\"url\":\"https:\/\/fundacioramonmartibonet.org\/wp-content\/uploads\/2023\/06\/visio-per-a-tothom-a-peru-01.jpg\",\"contentUrl\":\"https:\/\/fundacioramonmartibonet.org\/wp-content\/uploads\/2023\/06\/visio-per-a-tothom-a-peru-01.jpg\",\"width\":1200,\"height\":420},{\"@type\":\"BreadcrumbList\",\"@id\":\"https:\/\/fundacioramonmartibonet.org\/es\/proyecto\/peru-huamachuco\/#breadcrumb\",\"itemListElement\":[{\"@type\":\"ListItem\",\"position\":1,\"name\":\"Home\",\"item\":\"https:\/\/fundacioramonmartibonet.org\/es\/\"},{\"@type\":\"ListItem\",\"position\":2,\"name\":\"Project\",\"item\":\"https:\/\/fundacioramonmartibonet.org\/es\/true\/\"},{\"@type\":\"ListItem\",\"position\":3,\"name\":\"Visi\u00f3n para todo el mundo en Per\u00fa\"}]},{\"@type\":\"WebSite\",\"@id\":\"https:\/\/fundacioramonmartibonet.org\/es\/#website\",\"url\":\"https:\/\/fundacioramonmartibonet.org\/es\/\",\"name\":\"Fundaci\u00f3 Ramon Mart\u00ed i Bonet\",\"description\":\"Visi\u00f3 per a tothom\",\"publisher\":{\"@id\":\"https:\/\/fundacioramonmartibonet.org\/es\/#organization\"},\"alternateName\":\"FRMB\",\"potentialAction\":[{\"@type\":\"SearchAction\",\"target\":{\"@type\":\"EntryPoint\",\"urlTemplate\":\"https:\/\/fundacioramonmartibonet.org\/es\/?s={search_term_string}\"},\"query-input\":\"required name=search_term_string\"}],\"inLanguage\":\"es\"},{\"@type\":\"Organization\",\"@id\":\"https:\/\/fundacioramonmartibonet.org\/es\/#organization\",\"name\":\"Fundaci\u00f3 Ramon Mart\u00ed i Bonet\",\"alternateName\":\"FRMB\",\"url\":\"https:\/\/fundacioramonmartibonet.org\/es\/\",\"logo\":{\"@type\":\"ImageObject\",\"inLanguage\":\"es\",\"@id\":\"https:\/\/fundacioramonmartibonet.org\/es\/#\/schema\/logo\/image\/\",\"url\":\"https:\/\/fundacioramonmartibonet.org\/wp-content\/uploads\/2023\/06\/frmb.svg\",\"contentUrl\":\"https:\/\/fundacioramonmartibonet.org\/wp-content\/uploads\/2023\/06\/frmb.svg\",\"width\":900,\"height\":280,\"caption\":\"Fundaci\u00f3 Ramon Mart\u00ed i Bonet\"},\"image\":{\"@id\":\"https:\/\/fundacioramonmartibonet.org\/es\/#\/schema\/logo\/image\/\"},\"sameAs\":[\"https:\/\/www.facebook.com\/FundacioRamonMartiBonet\",\"https:\/\/x.com\/FundacioRMB\",\"https:\/\/www.youtube.com\/channel\/UCNyN8HH4tz3ybIBubLBiSog\",\"https:\/\/www.instagram.com\/fundaciormb\/\",\"https:\/\/www.linkedin.com\/company\/fundacio-ramon-marto-i-bonet-contra-la-ceguera\/\"]}]}<\/script>\n<!-- \/ Yoast SEO plugin. -->","yoast_head_json":{"title":"Visi\u00f3n para todo el mundo en Per\u00fa - Fundaci\u00f3 Ram\u00f3n Mart\u00ed i Bonet","robots":{"index":"index","follow":"follow","max-snippet":"max-snippet:-1","max-image-preview":"max-image-preview:large","max-video-preview":"max-video-preview:-1"},"canonical":"https:\/\/fundacioramonmartibonet.org\/es\/proyecto\/peru-huamachuco\/","og_locale":"es_ES","og_type":"article","og_title":"Visi\u00f3n para todo el mundo en Per\u00fa - Fundaci\u00f3 Ram\u00f3n Mart\u00ed i Bonet","og_description":"Proyecto de salud visual desarrollado gracias al trabajo conjunto de los profesionales locales y de los cooperantes, la formaci\u00f3n del personal local y la donaci\u00f3n de equipos.","og_url":"https:\/\/fundacioramonmartibonet.org\/es\/proyecto\/peru-huamachuco\/","og_site_name":"Fundaci\u00f3 Ram\u00f3n Mart\u00ed i Bonet","article_publisher":"https:\/\/www.facebook.com\/FundacioRamonMartiBonet","article_modified_time":"2025-07-28T15:53:38+00:00","og_image":[{"width":1200,"height":420,"url":"https:\/\/fundacioramonmartibonet.org\/wp-content\/uploads\/2023\/06\/visio-per-a-tothom-a-peru-01.jpg","type":"image\/jpeg"}],"twitter_card":"summary_large_image","twitter_site":"@FundacioRMB","schema":{"@context":"https:\/\/schema.org","@graph":[{"@type":"WebPage","@id":"https:\/\/fundacioramonmartibonet.org\/es\/proyecto\/peru-huamachuco\/","url":"https:\/\/fundacioramonmartibonet.org\/es\/proyecto\/peru-huamachuco\/","name":"Visi\u00f3n para todo el mundo en Per\u00fa - Fundaci\u00f3 Ram\u00f3n Mart\u00ed i Bonet","isPartOf":{"@id":"https:\/\/fundacioramonmartibonet.org\/es\/#website"},"primaryImageOfPage":{"@id":"https:\/\/fundacioramonmartibonet.org\/es\/proyecto\/peru-huamachuco\/#primaryimage"},"image":{"@id":"https:\/\/fundacioramonmartibonet.org\/es\/proyecto\/peru-huamachuco\/#primaryimage"},"thumbnailUrl":"https:\/\/fundacioramonmartibonet.org\/wp-content\/uploads\/2023\/06\/visio-per-a-tothom-a-peru-01.jpg","datePublished":"2020-05-25T09:33:00+00:00","dateModified":"2025-07-28T15:53:38+00:00","breadcrumb":{"@id":"https:\/\/fundacioramonmartibonet.org\/es\/proyecto\/peru-huamachuco\/#breadcrumb"},"inLanguage":"es","potentialAction":[{"@type":"ReadAction","target":["https:\/\/fundacioramonmartibonet.org\/es\/proyecto\/peru-huamachuco\/"]}]},{"@type":"ImageObject","inLanguage":"es","@id":"https:\/\/fundacioramonmartibonet.org\/es\/proyecto\/peru-huamachuco\/#primaryimage","url":"https:\/\/fundacioramonmartibonet.org\/wp-content\/uploads\/2023\/06\/visio-per-a-tothom-a-peru-01.jpg","contentUrl":"https:\/\/fundacioramonmartibonet.org\/wp-content\/uploads\/2023\/06\/visio-per-a-tothom-a-peru-01.jpg","width":1200,"height":420},{"@type":"BreadcrumbList","@id":"https:\/\/fundacioramonmartibonet.org\/es\/proyecto\/peru-huamachuco\/#breadcrumb","itemListElement":[{"@type":"ListItem","position":1,"name":"Home","item":"https:\/\/fundacioramonmartibonet.org\/es\/"},{"@type":"ListItem","position":2,"name":"Project","item":"https:\/\/fundacioramonmartibonet.org\/es\/true\/"},{"@type":"ListItem","position":3,"name":"Visi\u00f3n para todo el mundo en Per\u00fa"}]},{"@type":"WebSite","@id":"https:\/\/fundacioramonmartibonet.org\/es\/#website","url":"https:\/\/fundacioramonmartibonet.org\/es\/","name":"Fundaci\u00f3 Ramon Mart\u00ed i Bonet","description":"Visi\u00f3 per a tothom","publisher":{"@id":"https:\/\/fundacioramonmartibonet.org\/es\/#organization"},"alternateName":"FRMB","potentialAction":[{"@type":"SearchAction","target":{"@type":"EntryPoint","urlTemplate":"https:\/\/fundacioramonmartibonet.org\/es\/?s={search_term_string}"},"query-input":"required name=search_term_string"}],"inLanguage":"es"},{"@type":"Organization","@id":"https:\/\/fundacioramonmartibonet.org\/es\/#organization","name":"Fundaci\u00f3 Ramon Mart\u00ed i Bonet","alternateName":"FRMB","url":"https:\/\/fundacioramonmartibonet.org\/es\/","logo":{"@type":"ImageObject","inLanguage":"es","@id":"https:\/\/fundacioramonmartibonet.org\/es\/#\/schema\/logo\/image\/","url":"https:\/\/fundacioramonmartibonet.org\/wp-content\/uploads\/2023\/06\/frmb.svg","contentUrl":"https:\/\/fundacioramonmartibonet.org\/wp-content\/uploads\/2023\/06\/frmb.svg","width":900,"height":280,"caption":"Fundaci\u00f3 Ramon Mart\u00ed i Bonet"},"image":{"@id":"https:\/\/fundacioramonmartibonet.org\/es\/#\/schema\/logo\/image\/"},"sameAs":["https:\/\/www.facebook.com\/FundacioRamonMartiBonet","https:\/\/x.com\/FundacioRMB","https:\/\/www.youtube.com\/channel\/UCNyN8HH4tz3ybIBubLBiSog","https:\/\/www.instagram.com\/fundaciormb\/","https:\/\/www.linkedin.com\/company\/fundacio-ramon-marto-i-bonet-contra-la-ceguera\/"]}]}},"_links":{"self":[{"href":"https:\/\/fundacioramonmartibonet.org\/es\/wp-json\/wp\/v2\/iuttu_project\/239"}],"collection":[{"href":"https:\/\/fundacioramonmartibonet.org\/es\/wp-json\/wp\/v2\/iuttu_project"}],"about":[{"href":"https:\/\/fundacioramonmartibonet.org\/es\/wp-json\/wp\/v2\/types\/iuttu_project"}],"wp:featuredmedia":[{"embeddable":true,"href":"https:\/\/fundacioramonmartibonet.org\/es\/wp-json\/wp\/v2\/media\/213"}],"wp:attachment":[{"href":"https:\/\/fundacioramonmartibonet.org\/es\/wp-json\/wp\/v2\/media?parent=239"}],"wp:term":[{"taxonomy":"iuttu_project_type","embeddable":true,"href":"https:\/\/fundacioramonmartibonet.org\/es\/wp-json\/wp\/v2\/iuttu_project_type?post=239"}],"curies":[{"name":"wp","href":"https:\/\/api.w.org\/{rel}","templated":true}]}}