{"id":238,"date":"2024-05-23T17:18:00","date_gmt":"2024-05-23T17:18:00","guid":{"rendered":"https:\/\/fundacioramonmartibonet.org\/project\/inida-early-intervention\/"},"modified":"2025-07-28T15:54:33","modified_gmt":"2025-07-28T15:54:33","slug":"inida-early-intervention","status":"publish","type":"iuttu_project","link":"https:\/\/fundacioramonmartibonet.org\/es\/proyecto\/inida-early-intervention\/","title":{"rendered":"Early Intervention. India"},"content":{"rendered":"\n<p>Early intervention\u00a0<strong>es un proyecto de formaci\u00f3n para la\u00a0detecci\u00f3n de patolog\u00edas visuales en beb\u00e9s y ni\u00f1os menores de 3 a\u00f1os que necesitan tratamiento y estimulaci\u00f3n f\u00edsica o neurol\u00f3gica.<\/strong><\/p>\n\n\n\n<p>Las actividades de formaci\u00f3n se imparten, tanto a profesionales m\u00e9dicos de hospitales y centros de atenci\u00f3n temprana, como padres y madres, proporcion\u00e1ndolos herramientas para detectar y tratar a ni\u00f1os de 0 a 3 a\u00f1os con diversidad funcional.<\/p>\n\n\n\n<p>Adem\u00e1s, se realiza el seguimiento de los casos y diagn\u00f3sticos orientativos, y recientemente, se ha implementado el servicio de telemedicina&nbsp;LV Prassat Foundation.<\/p>\n\n\n\n<p>La comisi\u00f3n de profesionales de este proyecto est\u00e1 formada por un equipo multidisciplinario de expertos en la detecci\u00f3n de patolog\u00edas prematuras visuales, entre otras: neur\u00f3logos pedi\u00e1tricos, fisioterapeutas, oftalm\u00f3logos, terapeutas del lenguaje, de alimentaci\u00f3n y logistas.<\/p>\n\n\n\n<p>A lo largo de estos a\u00f1os, s<strong>e han creado\u00a045 campus de atenci\u00f3n temprana con 15 equipos de profesionales locales.\u00a0Se ha concienciado a profesores, equipos sanitarios y familias locales sobre la importancia de cuidarse durante el embarazo y de los partos hospitalarios y se han realizado programas de nutrici\u00f3n e higiene para embarazadas,<\/strong> entre otras.<\/p>\n\n\n\n<p>El equipo de atenci\u00f3n temprana de la Fundaci\u00f3n particip\u00f3 en unreportatge de la OMS (Organizaci\u00f3n Mundial de la Salud) para concienciar en la poblaci\u00f3n de la necesidad de prevenir casos de discapacidad infantil.&nbsp;<\/p>\n\n\n\n<p>Constatamos que se han consolidado las actividades de detecci\u00f3n temprana en neonatos y prematuros&nbsp;en los hospitales de Bathalapalli y Kalyandurg. Se han&nbsp;implementado las unidades infantiles de prematuros y se han aplicado a tiempo tratamientos correctivos por los m\u00e1s peque\u00f1os.&nbsp;La detecci\u00f3n temprana es de gran importancia en la hora de derivar al ni\u00f1o al especialista correspondiente. Por eso se contrat\u00f3 un oftalm\u00f3logo pedi\u00e1trico (era un perfil que no exist\u00eda hasta entonces en los hospitales) y&nbsp;se form\u00f3 a 15 equipos locales estables&nbsp;que proporcionan diariamente atenci\u00f3n a ni\u00f1os con discapacidades y a sus familias.<\/p>\n\n\n\n<p>El proyecto\u00a0Early Intervention\u00a0de la Fundaci\u00f3n Ramon Mart\u00ed i Bonet, en colaboraci\u00f3n con la Fundaci\u00f3n Vicente Ferrer, ha permitido crear diferentes campus de atenci\u00f3n temprana, aportar conocimiento y material, as\u00ed como crear un sistema para el seguimiento continuado de los casos.<\/p>\n\n\n\n<p><\/p>\n\n\n\n<figure class=\"wp-block-image size-large\"><img loading=\"lazy\" decoding=\"async\" width=\"1024\" height=\"768\" src=\"https:\/\/fundacioramonmartibonet.org\/wp-content\/uploads\/2022\/06\/Curs-nurses-Bathalap-1024x768.jpg\" alt=\"Curs Bathalapali\" class=\"wp-image-1665\" srcset=\"https:\/\/fundacioramonmartibonet.org\/wp-content\/uploads\/2022\/06\/Curs-nurses-Bathalap-1024x768.jpg 1024w, https:\/\/fundacioramonmartibonet.org\/wp-content\/uploads\/2022\/06\/Curs-nurses-Bathalap-300x225.jpg 300w, https:\/\/fundacioramonmartibonet.org\/wp-content\/uploads\/2022\/06\/Curs-nurses-Bathalap-768x576.jpg 768w, https:\/\/fundacioramonmartibonet.org\/wp-content\/uploads\/2022\/06\/Curs-nurses-Bathalap-1536x1152.jpg 1536w, https:\/\/fundacioramonmartibonet.org\/wp-content\/uploads\/2022\/06\/Curs-nurses-Bathalap-2048x1536.jpg 2048w\" sizes=\"(max-width: 1024px) 100vw, 1024px\" \/><\/figure>\n\n\n\n<figure class=\"wp-block-image size-large\"><img loading=\"lazy\" decoding=\"async\" width=\"1024\" height=\"1024\" src=\"https:\/\/fundacioramonmartibonet.org\/wp-content\/uploads\/2024\/05\/IMG-20230521-WA0004-1024x1024.jpg\" alt=\"\" class=\"wp-image-1669\" srcset=\"https:\/\/fundacioramonmartibonet.org\/wp-content\/uploads\/2024\/05\/IMG-20230521-WA0004-1024x1024.jpg 1024w, https:\/\/fundacioramonmartibonet.org\/wp-content\/uploads\/2024\/05\/IMG-20230521-WA0004-300x300.jpg 300w, https:\/\/fundacioramonmartibonet.org\/wp-content\/uploads\/2024\/05\/IMG-20230521-WA0004-150x150.jpg 150w, https:\/\/fundacioramonmartibonet.org\/wp-content\/uploads\/2024\/05\/IMG-20230521-WA0004-768x768.jpg 768w, https:\/\/fundacioramonmartibonet.org\/wp-content\/uploads\/2024\/05\/IMG-20230521-WA0004.jpg 1280w\" sizes=\"(max-width: 1024px) 100vw, 1024px\" \/><\/figure>\n\n\n\n<figure class=\"wp-block-image size-large\"><img loading=\"lazy\" decoding=\"async\" width=\"814\" height=\"1024\" src=\"https:\/\/fundacioramonmartibonet.org\/wp-content\/uploads\/2024\/05\/Jo-bebe-i-optop-ull-bou-814x1024.jpg\" alt=\"\" class=\"wp-image-1667\" srcset=\"https:\/\/fundacioramonmartibonet.org\/wp-content\/uploads\/2024\/05\/Jo-bebe-i-optop-ull-bou-814x1024.jpg 814w, https:\/\/fundacioramonmartibonet.org\/wp-content\/uploads\/2024\/05\/Jo-bebe-i-optop-ull-bou-239x300.jpg 239w, https:\/\/fundacioramonmartibonet.org\/wp-content\/uploads\/2024\/05\/Jo-bebe-i-optop-ull-bou-768x966.jpg 768w, https:\/\/fundacioramonmartibonet.org\/wp-content\/uploads\/2024\/05\/Jo-bebe-i-optop-ull-bou-1221x1536.jpg 1221w, https:\/\/fundacioramonmartibonet.org\/wp-content\/uploads\/2024\/05\/Jo-bebe-i-optop-ull-bou-1629x2048.jpg 1629w, https:\/\/fundacioramonmartibonet.org\/wp-content\/uploads\/2024\/05\/Jo-bebe-i-optop-ull-bou-scaled.jpg 2036w\" sizes=\"(max-width: 814px) 100vw, 814px\" \/><\/figure>\n","protected":false},"excerpt":{"rendered":"<p>Proyecto en colaboraci\u00f3n con la Fundaci\u00f3n Vicente Ferrer, para la formaci\u00f3n en la detecci\u00f3n de patolog\u00edas visuales en beb\u00e9s y ni\u00f1os que necesitan estimulaci\u00f3n f\u00edsica o neurol\u00f3gica.<\/p>\n","protected":false},"featured_media":219,"template":"","iuttu_project_type":[43],"acf":[],"yoast_head":"<!-- This site is optimized with the Yoast SEO plugin v22.5 - https:\/\/yoast.com\/wordpress\/plugins\/seo\/ -->\n<title>Early Intervention. India - Fundaci\u00f3 Ram\u00f3n Mart\u00ed i Bonet<\/title>\n<meta name=\"robots\" content=\"index, follow, max-snippet:-1, max-image-preview:large, max-video-preview:-1\" \/>\n<link rel=\"canonical\" href=\"https:\/\/fundacioramonmartibonet.org\/es\/proyecto\/inida-early-intervention\/\" \/>\n<meta property=\"og:locale\" content=\"es_ES\" \/>\n<meta property=\"og:type\" content=\"article\" \/>\n<meta property=\"og:title\" content=\"Early Intervention. India - Fundaci\u00f3 Ram\u00f3n Mart\u00ed i Bonet\" \/>\n<meta property=\"og:description\" content=\"Proyecto en colaboraci\u00f3n con la Fundaci\u00f3n Vicente Ferrer, para la formaci\u00f3n en la detecci\u00f3n de patolog\u00edas visuales en beb\u00e9s y ni\u00f1os que necesitan estimulaci\u00f3n f\u00edsica o neurol\u00f3gica.\" \/>\n<meta property=\"og:url\" content=\"https:\/\/fundacioramonmartibonet.org\/es\/proyecto\/inida-early-intervention\/\" \/>\n<meta property=\"og:site_name\" content=\"Fundaci\u00f3 Ram\u00f3n Mart\u00ed i Bonet\" \/>\n<meta property=\"article:publisher\" content=\"https:\/\/www.facebook.com\/FundacioRamonMartiBonet\" \/>\n<meta property=\"article:modified_time\" content=\"2025-07-28T15:54:33+00:00\" \/>\n<meta property=\"og:image\" content=\"https:\/\/fundacioramonmartibonet.org\/wp-content\/uploads\/2023\/06\/visio-per-a-tothom-a-india-02-1.jpg\" \/>\n\t<meta property=\"og:image:width\" content=\"1200\" \/>\n\t<meta property=\"og:image:height\" content=\"420\" \/>\n\t<meta property=\"og:image:type\" content=\"image\/jpeg\" \/>\n<meta name=\"twitter:card\" content=\"summary_large_image\" \/>\n<meta name=\"twitter:site\" content=\"@FundacioRMB\" \/>\n<script type=\"application\/ld+json\" class=\"yoast-schema-graph\">{\"@context\":\"https:\/\/schema.org\",\"@graph\":[{\"@type\":\"WebPage\",\"@id\":\"https:\/\/fundacioramonmartibonet.org\/es\/proyecto\/inida-early-intervention\/\",\"url\":\"https:\/\/fundacioramonmartibonet.org\/es\/proyecto\/inida-early-intervention\/\",\"name\":\"Early Intervention. India - Fundaci\u00f3 Ram\u00f3n Mart\u00ed i Bonet\",\"isPartOf\":{\"@id\":\"https:\/\/fundacioramonmartibonet.org\/es\/#website\"},\"primaryImageOfPage\":{\"@id\":\"https:\/\/fundacioramonmartibonet.org\/es\/proyecto\/inida-early-intervention\/#primaryimage\"},\"image\":{\"@id\":\"https:\/\/fundacioramonmartibonet.org\/es\/proyecto\/inida-early-intervention\/#primaryimage\"},\"thumbnailUrl\":\"https:\/\/fundacioramonmartibonet.org\/wp-content\/uploads\/2023\/06\/visio-per-a-tothom-a-india-02-1.jpg\",\"datePublished\":\"2024-05-23T17:18:00+00:00\",\"dateModified\":\"2025-07-28T15:54:33+00:00\",\"breadcrumb\":{\"@id\":\"https:\/\/fundacioramonmartibonet.org\/es\/proyecto\/inida-early-intervention\/#breadcrumb\"},\"inLanguage\":\"es\",\"potentialAction\":[{\"@type\":\"ReadAction\",\"target\":[\"https:\/\/fundacioramonmartibonet.org\/es\/proyecto\/inida-early-intervention\/\"]}]},{\"@type\":\"ImageObject\",\"inLanguage\":\"es\",\"@id\":\"https:\/\/fundacioramonmartibonet.org\/es\/proyecto\/inida-early-intervention\/#primaryimage\",\"url\":\"https:\/\/fundacioramonmartibonet.org\/wp-content\/uploads\/2023\/06\/visio-per-a-tothom-a-india-02-1.jpg\",\"contentUrl\":\"https:\/\/fundacioramonmartibonet.org\/wp-content\/uploads\/2023\/06\/visio-per-a-tothom-a-india-02-1.jpg\",\"width\":1200,\"height\":420},{\"@type\":\"BreadcrumbList\",\"@id\":\"https:\/\/fundacioramonmartibonet.org\/es\/proyecto\/inida-early-intervention\/#breadcrumb\",\"itemListElement\":[{\"@type\":\"ListItem\",\"position\":1,\"name\":\"Home\",\"item\":\"https:\/\/fundacioramonmartibonet.org\/es\/\"},{\"@type\":\"ListItem\",\"position\":2,\"name\":\"Project\",\"item\":\"https:\/\/fundacioramonmartibonet.org\/es\/true\/\"},{\"@type\":\"ListItem\",\"position\":3,\"name\":\"Early Intervention. India\"}]},{\"@type\":\"WebSite\",\"@id\":\"https:\/\/fundacioramonmartibonet.org\/es\/#website\",\"url\":\"https:\/\/fundacioramonmartibonet.org\/es\/\",\"name\":\"Fundaci\u00f3 Ramon Mart\u00ed i Bonet\",\"description\":\"Visi\u00f3 per a tothom\",\"publisher\":{\"@id\":\"https:\/\/fundacioramonmartibonet.org\/es\/#organization\"},\"alternateName\":\"FRMB\",\"potentialAction\":[{\"@type\":\"SearchAction\",\"target\":{\"@type\":\"EntryPoint\",\"urlTemplate\":\"https:\/\/fundacioramonmartibonet.org\/es\/?s={search_term_string}\"},\"query-input\":\"required name=search_term_string\"}],\"inLanguage\":\"es\"},{\"@type\":\"Organization\",\"@id\":\"https:\/\/fundacioramonmartibonet.org\/es\/#organization\",\"name\":\"Fundaci\u00f3 Ramon Mart\u00ed i Bonet\",\"alternateName\":\"FRMB\",\"url\":\"https:\/\/fundacioramonmartibonet.org\/es\/\",\"logo\":{\"@type\":\"ImageObject\",\"inLanguage\":\"es\",\"@id\":\"https:\/\/fundacioramonmartibonet.org\/es\/#\/schema\/logo\/image\/\",\"url\":\"https:\/\/fundacioramonmartibonet.org\/wp-content\/uploads\/2023\/06\/frmb.svg\",\"contentUrl\":\"https:\/\/fundacioramonmartibonet.org\/wp-content\/uploads\/2023\/06\/frmb.svg\",\"width\":900,\"height\":280,\"caption\":\"Fundaci\u00f3 Ramon Mart\u00ed i Bonet\"},\"image\":{\"@id\":\"https:\/\/fundacioramonmartibonet.org\/es\/#\/schema\/logo\/image\/\"},\"sameAs\":[\"https:\/\/www.facebook.com\/FundacioRamonMartiBonet\",\"https:\/\/x.com\/FundacioRMB\",\"https:\/\/www.youtube.com\/channel\/UCNyN8HH4tz3ybIBubLBiSog\",\"https:\/\/www.instagram.com\/fundaciormb\/\",\"https:\/\/www.linkedin.com\/company\/fundacio-ramon-marto-i-bonet-contra-la-ceguera\/\"]}]}<\/script>\n<!-- \/ Yoast SEO plugin. -->","yoast_head_json":{"title":"Early Intervention. India - Fundaci\u00f3 Ram\u00f3n Mart\u00ed i Bonet","robots":{"index":"index","follow":"follow","max-snippet":"max-snippet:-1","max-image-preview":"max-image-preview:large","max-video-preview":"max-video-preview:-1"},"canonical":"https:\/\/fundacioramonmartibonet.org\/es\/proyecto\/inida-early-intervention\/","og_locale":"es_ES","og_type":"article","og_title":"Early Intervention. India - Fundaci\u00f3 Ram\u00f3n Mart\u00ed i Bonet","og_description":"Proyecto en colaboraci\u00f3n con la Fundaci\u00f3n Vicente Ferrer, para la formaci\u00f3n en la detecci\u00f3n de patolog\u00edas visuales en beb\u00e9s y ni\u00f1os que necesitan estimulaci\u00f3n f\u00edsica o neurol\u00f3gica.","og_url":"https:\/\/fundacioramonmartibonet.org\/es\/proyecto\/inida-early-intervention\/","og_site_name":"Fundaci\u00f3 Ram\u00f3n Mart\u00ed i Bonet","article_publisher":"https:\/\/www.facebook.com\/FundacioRamonMartiBonet","article_modified_time":"2025-07-28T15:54:33+00:00","og_image":[{"width":1200,"height":420,"url":"https:\/\/fundacioramonmartibonet.org\/wp-content\/uploads\/2023\/06\/visio-per-a-tothom-a-india-02-1.jpg","type":"image\/jpeg"}],"twitter_card":"summary_large_image","twitter_site":"@FundacioRMB","schema":{"@context":"https:\/\/schema.org","@graph":[{"@type":"WebPage","@id":"https:\/\/fundacioramonmartibonet.org\/es\/proyecto\/inida-early-intervention\/","url":"https:\/\/fundacioramonmartibonet.org\/es\/proyecto\/inida-early-intervention\/","name":"Early Intervention. India - Fundaci\u00f3 Ram\u00f3n Mart\u00ed i Bonet","isPartOf":{"@id":"https:\/\/fundacioramonmartibonet.org\/es\/#website"},"primaryImageOfPage":{"@id":"https:\/\/fundacioramonmartibonet.org\/es\/proyecto\/inida-early-intervention\/#primaryimage"},"image":{"@id":"https:\/\/fundacioramonmartibonet.org\/es\/proyecto\/inida-early-intervention\/#primaryimage"},"thumbnailUrl":"https:\/\/fundacioramonmartibonet.org\/wp-content\/uploads\/2023\/06\/visio-per-a-tothom-a-india-02-1.jpg","datePublished":"2024-05-23T17:18:00+00:00","dateModified":"2025-07-28T15:54:33+00:00","breadcrumb":{"@id":"https:\/\/fundacioramonmartibonet.org\/es\/proyecto\/inida-early-intervention\/#breadcrumb"},"inLanguage":"es","potentialAction":[{"@type":"ReadAction","target":["https:\/\/fundacioramonmartibonet.org\/es\/proyecto\/inida-early-intervention\/"]}]},{"@type":"ImageObject","inLanguage":"es","@id":"https:\/\/fundacioramonmartibonet.org\/es\/proyecto\/inida-early-intervention\/#primaryimage","url":"https:\/\/fundacioramonmartibonet.org\/wp-content\/uploads\/2023\/06\/visio-per-a-tothom-a-india-02-1.jpg","contentUrl":"https:\/\/fundacioramonmartibonet.org\/wp-content\/uploads\/2023\/06\/visio-per-a-tothom-a-india-02-1.jpg","width":1200,"height":420},{"@type":"BreadcrumbList","@id":"https:\/\/fundacioramonmartibonet.org\/es\/proyecto\/inida-early-intervention\/#breadcrumb","itemListElement":[{"@type":"ListItem","position":1,"name":"Home","item":"https:\/\/fundacioramonmartibonet.org\/es\/"},{"@type":"ListItem","position":2,"name":"Project","item":"https:\/\/fundacioramonmartibonet.org\/es\/true\/"},{"@type":"ListItem","position":3,"name":"Early Intervention. India"}]},{"@type":"WebSite","@id":"https:\/\/fundacioramonmartibonet.org\/es\/#website","url":"https:\/\/fundacioramonmartibonet.org\/es\/","name":"Fundaci\u00f3 Ramon Mart\u00ed i Bonet","description":"Visi\u00f3 per a tothom","publisher":{"@id":"https:\/\/fundacioramonmartibonet.org\/es\/#organization"},"alternateName":"FRMB","potentialAction":[{"@type":"SearchAction","target":{"@type":"EntryPoint","urlTemplate":"https:\/\/fundacioramonmartibonet.org\/es\/?s={search_term_string}"},"query-input":"required name=search_term_string"}],"inLanguage":"es"},{"@type":"Organization","@id":"https:\/\/fundacioramonmartibonet.org\/es\/#organization","name":"Fundaci\u00f3 Ramon Mart\u00ed i Bonet","alternateName":"FRMB","url":"https:\/\/fundacioramonmartibonet.org\/es\/","logo":{"@type":"ImageObject","inLanguage":"es","@id":"https:\/\/fundacioramonmartibonet.org\/es\/#\/schema\/logo\/image\/","url":"https:\/\/fundacioramonmartibonet.org\/wp-content\/uploads\/2023\/06\/frmb.svg","contentUrl":"https:\/\/fundacioramonmartibonet.org\/wp-content\/uploads\/2023\/06\/frmb.svg","width":900,"height":280,"caption":"Fundaci\u00f3 Ramon Mart\u00ed i Bonet"},"image":{"@id":"https:\/\/fundacioramonmartibonet.org\/es\/#\/schema\/logo\/image\/"},"sameAs":["https:\/\/www.facebook.com\/FundacioRamonMartiBonet","https:\/\/x.com\/FundacioRMB","https:\/\/www.youtube.com\/channel\/UCNyN8HH4tz3ybIBubLBiSog","https:\/\/www.instagram.com\/fundaciormb\/","https:\/\/www.linkedin.com\/company\/fundacio-ramon-marto-i-bonet-contra-la-ceguera\/"]}]}},"_links":{"self":[{"href":"https:\/\/fundacioramonmartibonet.org\/es\/wp-json\/wp\/v2\/iuttu_project\/238"}],"collection":[{"href":"https:\/\/fundacioramonmartibonet.org\/es\/wp-json\/wp\/v2\/iuttu_project"}],"about":[{"href":"https:\/\/fundacioramonmartibonet.org\/es\/wp-json\/wp\/v2\/types\/iuttu_project"}],"wp:featuredmedia":[{"embeddable":true,"href":"https:\/\/fundacioramonmartibonet.org\/es\/wp-json\/wp\/v2\/media\/219"}],"wp:attachment":[{"href":"https:\/\/fundacioramonmartibonet.org\/es\/wp-json\/wp\/v2\/media?parent=238"}],"wp:term":[{"taxonomy":"iuttu_project_type","embeddable":true,"href":"https:\/\/fundacioramonmartibonet.org\/es\/wp-json\/wp\/v2\/iuttu_project_type?post=238"}],"curies":[{"name":"wp","href":"https:\/\/api.w.org\/{rel}","templated":true}]}}