{"id":235,"date":"2017-06-26T17:18:00","date_gmt":"2017-06-26T17:18:00","guid":{"rendered":"https:\/\/fundacioramonmartibonet.org\/project\/nicaragua-camoapa\/"},"modified":"2025-05-29T15:58:42","modified_gmt":"2025-05-29T15:58:42","slug":"nicaragua-camoapa","status":"publish","type":"iuttu_project","link":"https:\/\/fundacioramonmartibonet.org\/es\/proyecto\/nicaragua-camoapa\/","title":{"rendered":"Visi\u00f3n para todo el mundo. Nicaragua"},"content":{"rendered":"\n<p>El a\u00f1o 2012 se inici\u00f3 un proyecto de cooperaci\u00f3n internacional en materia de oftalmolog\u00eda en la poblaci\u00f3n de Camoapa, en Nicaragua, en colaboraci\u00f3n con la asociaci\u00f3n \u201cSanto Just Solidari\u201d&nbsp;y su contraparte a terreno, la Asociaci\u00f3n de Hermanamiento Municipal.<\/p>\n\n\n\n<p>El objetivo de este proyecto era ofrecer atenci\u00f3n oftalmol\u00f3gica gratuita a personas sin recursos y en riesgo de exclusi\u00f3n en la poblaci\u00f3n de Camoapa, una zona rural sin acceso al servicio de oftalmolog\u00eda. Los habitantes de esta regi\u00f3n que requer\u00edan de este servicio ten\u00edan que desplazarse durante horas, adem\u00e1s de pagar un precio elevado por la visita m\u00e9dica. Con este objetivo, se incorpor\u00f3 un oftalm\u00f3logo local para visitar los vecinos de Camoapa al nuevo Servicio de Oftalmolog\u00eda y Telemedicina, inaugurado por una comisi\u00f3n de cooperantes en el Hospital de San Francisco de As\u00eds de Camoapa.<\/p>\n\n\n\n<p>Un aspecto relevante del proyecto ha sido la formaci\u00f3n continuada de los profesionales del hospital para atender de manera m\u00e1s exhaustiva a las personas que reciben.<\/p>\n\n\n\n<p>Paralelamente, tambi\u00e9n se llev\u00f3 a cabo un proyecto con la ONG\u00a0\u201c\u00d3pticos por el Mundo\u201d, para crear una \u00f3ptica solidaria que pudiera proporcionar gafas a los pacientes que lo necesitaran. Desde la \u00f3ptica, se encargan de realizar las medidas de las graduaciones, de pedir los vidrios y de organizar los env\u00edos porque los habitantes de Camoapa no tengan que desplazarse.<\/p>\n\n\n\n<p>Adem\u00e1s, se consigui\u00f3 un acuerdo de colaboraci\u00f3n con el&nbsp;Ministerio de Salud de Nicaragua, que apoyaba al proyecto y a su coordinaci\u00f3n.<\/p>\n\n\n\n<p>Finalmente, el 2014 se consigui\u00f3 integrar el servicio de oftalmolog\u00eda que hab\u00eda dotado la Fundaci\u00f3n dentro del hospital p\u00fablico, creando as\u00ed el segundo servicio de oftalmolog\u00eda p\u00fablico de todo Nicaragua.<\/p>\n","protected":false},"excerpt":{"rendered":"<p>Proyecto de cooperaci\u00f3n internacional en materia de oftalmolog\u00eda en la poblaci\u00f3n de Camoapa, en Nicaragua, en colaboraci\u00f3n con la asociaci\u00f3n \u201cSanto Just Solidari\u201d<\/p>\n","protected":false},"featured_media":232,"template":"","iuttu_project_type":[43],"acf":[],"yoast_head":"<!-- This site is optimized with the Yoast SEO plugin v22.5 - https:\/\/yoast.com\/wordpress\/plugins\/seo\/ -->\n<title>Visi\u00f3n para todo el mundo. Nicaragua - Fundaci\u00f3 Ram\u00f3n Mart\u00ed i Bonet<\/title>\n<meta name=\"robots\" content=\"index, follow, max-snippet:-1, max-image-preview:large, max-video-preview:-1\" \/>\n<link rel=\"canonical\" href=\"https:\/\/fundacioramonmartibonet.org\/es\/proyecto\/nicaragua-camoapa\/\" \/>\n<meta property=\"og:locale\" content=\"es_ES\" \/>\n<meta property=\"og:type\" content=\"article\" \/>\n<meta property=\"og:title\" content=\"Visi\u00f3n para todo el mundo. Nicaragua - Fundaci\u00f3 Ram\u00f3n Mart\u00ed i Bonet\" \/>\n<meta property=\"og:description\" content=\"Proyecto de cooperaci\u00f3n internacional en materia de oftalmolog\u00eda en la poblaci\u00f3n de Camoapa, en Nicaragua, en colaboraci\u00f3n con la asociaci\u00f3n \u201cSanto Just Solidari\u201d\" \/>\n<meta property=\"og:url\" content=\"https:\/\/fundacioramonmartibonet.org\/es\/proyecto\/nicaragua-camoapa\/\" \/>\n<meta property=\"og:site_name\" content=\"Fundaci\u00f3 Ram\u00f3n Mart\u00ed i Bonet\" \/>\n<meta property=\"article:publisher\" content=\"https:\/\/www.facebook.com\/FundacioRamonMartiBonet\" \/>\n<meta property=\"article:modified_time\" content=\"2025-05-29T15:58:42+00:00\" \/>\n<meta property=\"og:image\" content=\"https:\/\/fundacioramonmartibonet.org\/wp-content\/uploads\/2023\/06\/visio-per-a-tothom-a-nicaragua-01.jpg\" \/>\n\t<meta property=\"og:image:width\" content=\"1200\" \/>\n\t<meta property=\"og:image:height\" content=\"420\" \/>\n\t<meta property=\"og:image:type\" content=\"image\/jpeg\" \/>\n<meta name=\"twitter:card\" content=\"summary_large_image\" \/>\n<meta name=\"twitter:site\" content=\"@FundacioRMB\" \/>\n<script type=\"application\/ld+json\" class=\"yoast-schema-graph\">{\"@context\":\"https:\/\/schema.org\",\"@graph\":[{\"@type\":\"WebPage\",\"@id\":\"https:\/\/fundacioramonmartibonet.org\/es\/proyecto\/nicaragua-camoapa\/\",\"url\":\"https:\/\/fundacioramonmartibonet.org\/es\/proyecto\/nicaragua-camoapa\/\",\"name\":\"Visi\u00f3n para todo el mundo. Nicaragua - Fundaci\u00f3 Ram\u00f3n Mart\u00ed i Bonet\",\"isPartOf\":{\"@id\":\"https:\/\/fundacioramonmartibonet.org\/es\/#website\"},\"primaryImageOfPage\":{\"@id\":\"https:\/\/fundacioramonmartibonet.org\/es\/proyecto\/nicaragua-camoapa\/#primaryimage\"},\"image\":{\"@id\":\"https:\/\/fundacioramonmartibonet.org\/es\/proyecto\/nicaragua-camoapa\/#primaryimage\"},\"thumbnailUrl\":\"https:\/\/fundacioramonmartibonet.org\/wp-content\/uploads\/2023\/06\/visio-per-a-tothom-a-nicaragua-01.jpg\",\"datePublished\":\"2017-06-26T17:18:00+00:00\",\"dateModified\":\"2025-05-29T15:58:42+00:00\",\"breadcrumb\":{\"@id\":\"https:\/\/fundacioramonmartibonet.org\/es\/proyecto\/nicaragua-camoapa\/#breadcrumb\"},\"inLanguage\":\"es\",\"potentialAction\":[{\"@type\":\"ReadAction\",\"target\":[\"https:\/\/fundacioramonmartibonet.org\/es\/proyecto\/nicaragua-camoapa\/\"]}]},{\"@type\":\"ImageObject\",\"inLanguage\":\"es\",\"@id\":\"https:\/\/fundacioramonmartibonet.org\/es\/proyecto\/nicaragua-camoapa\/#primaryimage\",\"url\":\"https:\/\/fundacioramonmartibonet.org\/wp-content\/uploads\/2023\/06\/visio-per-a-tothom-a-nicaragua-01.jpg\",\"contentUrl\":\"https:\/\/fundacioramonmartibonet.org\/wp-content\/uploads\/2023\/06\/visio-per-a-tothom-a-nicaragua-01.jpg\",\"width\":1200,\"height\":420},{\"@type\":\"BreadcrumbList\",\"@id\":\"https:\/\/fundacioramonmartibonet.org\/es\/proyecto\/nicaragua-camoapa\/#breadcrumb\",\"itemListElement\":[{\"@type\":\"ListItem\",\"position\":1,\"name\":\"Home\",\"item\":\"https:\/\/fundacioramonmartibonet.org\/es\/\"},{\"@type\":\"ListItem\",\"position\":2,\"name\":\"Project\",\"item\":\"https:\/\/fundacioramonmartibonet.org\/es\/true\/\"},{\"@type\":\"ListItem\",\"position\":3,\"name\":\"Visi\u00f3n para todo el mundo. Nicaragua\"}]},{\"@type\":\"WebSite\",\"@id\":\"https:\/\/fundacioramonmartibonet.org\/es\/#website\",\"url\":\"https:\/\/fundacioramonmartibonet.org\/es\/\",\"name\":\"Fundaci\u00f3 Ramon Mart\u00ed i Bonet\",\"description\":\"Visi\u00f3 per a tothom\",\"publisher\":{\"@id\":\"https:\/\/fundacioramonmartibonet.org\/es\/#organization\"},\"alternateName\":\"FRMB\",\"potentialAction\":[{\"@type\":\"SearchAction\",\"target\":{\"@type\":\"EntryPoint\",\"urlTemplate\":\"https:\/\/fundacioramonmartibonet.org\/es\/?s={search_term_string}\"},\"query-input\":\"required name=search_term_string\"}],\"inLanguage\":\"es\"},{\"@type\":\"Organization\",\"@id\":\"https:\/\/fundacioramonmartibonet.org\/es\/#organization\",\"name\":\"Fundaci\u00f3 Ramon Mart\u00ed i Bonet\",\"alternateName\":\"FRMB\",\"url\":\"https:\/\/fundacioramonmartibonet.org\/es\/\",\"logo\":{\"@type\":\"ImageObject\",\"inLanguage\":\"es\",\"@id\":\"https:\/\/fundacioramonmartibonet.org\/es\/#\/schema\/logo\/image\/\",\"url\":\"https:\/\/fundacioramonmartibonet.org\/wp-content\/uploads\/2023\/06\/frmb.svg\",\"contentUrl\":\"https:\/\/fundacioramonmartibonet.org\/wp-content\/uploads\/2023\/06\/frmb.svg\",\"width\":900,\"height\":280,\"caption\":\"Fundaci\u00f3 Ramon Mart\u00ed i Bonet\"},\"image\":{\"@id\":\"https:\/\/fundacioramonmartibonet.org\/es\/#\/schema\/logo\/image\/\"},\"sameAs\":[\"https:\/\/www.facebook.com\/FundacioRamonMartiBonet\",\"https:\/\/x.com\/FundacioRMB\",\"https:\/\/www.youtube.com\/channel\/UCNyN8HH4tz3ybIBubLBiSog\",\"https:\/\/www.instagram.com\/fundaciormb\/\",\"https:\/\/www.linkedin.com\/company\/fundacio-ramon-marto-i-bonet-contra-la-ceguera\/\"]}]}<\/script>\n<!-- \/ Yoast SEO plugin. -->","yoast_head_json":{"title":"Visi\u00f3n para todo el mundo. Nicaragua - Fundaci\u00f3 Ram\u00f3n Mart\u00ed i Bonet","robots":{"index":"index","follow":"follow","max-snippet":"max-snippet:-1","max-image-preview":"max-image-preview:large","max-video-preview":"max-video-preview:-1"},"canonical":"https:\/\/fundacioramonmartibonet.org\/es\/proyecto\/nicaragua-camoapa\/","og_locale":"es_ES","og_type":"article","og_title":"Visi\u00f3n para todo el mundo. Nicaragua - Fundaci\u00f3 Ram\u00f3n Mart\u00ed i Bonet","og_description":"Proyecto de cooperaci\u00f3n internacional en materia de oftalmolog\u00eda en la poblaci\u00f3n de Camoapa, en Nicaragua, en colaboraci\u00f3n con la asociaci\u00f3n \u201cSanto Just Solidari\u201d","og_url":"https:\/\/fundacioramonmartibonet.org\/es\/proyecto\/nicaragua-camoapa\/","og_site_name":"Fundaci\u00f3 Ram\u00f3n Mart\u00ed i Bonet","article_publisher":"https:\/\/www.facebook.com\/FundacioRamonMartiBonet","article_modified_time":"2025-05-29T15:58:42+00:00","og_image":[{"width":1200,"height":420,"url":"https:\/\/fundacioramonmartibonet.org\/wp-content\/uploads\/2023\/06\/visio-per-a-tothom-a-nicaragua-01.jpg","type":"image\/jpeg"}],"twitter_card":"summary_large_image","twitter_site":"@FundacioRMB","schema":{"@context":"https:\/\/schema.org","@graph":[{"@type":"WebPage","@id":"https:\/\/fundacioramonmartibonet.org\/es\/proyecto\/nicaragua-camoapa\/","url":"https:\/\/fundacioramonmartibonet.org\/es\/proyecto\/nicaragua-camoapa\/","name":"Visi\u00f3n para todo el mundo. Nicaragua - Fundaci\u00f3 Ram\u00f3n Mart\u00ed i Bonet","isPartOf":{"@id":"https:\/\/fundacioramonmartibonet.org\/es\/#website"},"primaryImageOfPage":{"@id":"https:\/\/fundacioramonmartibonet.org\/es\/proyecto\/nicaragua-camoapa\/#primaryimage"},"image":{"@id":"https:\/\/fundacioramonmartibonet.org\/es\/proyecto\/nicaragua-camoapa\/#primaryimage"},"thumbnailUrl":"https:\/\/fundacioramonmartibonet.org\/wp-content\/uploads\/2023\/06\/visio-per-a-tothom-a-nicaragua-01.jpg","datePublished":"2017-06-26T17:18:00+00:00","dateModified":"2025-05-29T15:58:42+00:00","breadcrumb":{"@id":"https:\/\/fundacioramonmartibonet.org\/es\/proyecto\/nicaragua-camoapa\/#breadcrumb"},"inLanguage":"es","potentialAction":[{"@type":"ReadAction","target":["https:\/\/fundacioramonmartibonet.org\/es\/proyecto\/nicaragua-camoapa\/"]}]},{"@type":"ImageObject","inLanguage":"es","@id":"https:\/\/fundacioramonmartibonet.org\/es\/proyecto\/nicaragua-camoapa\/#primaryimage","url":"https:\/\/fundacioramonmartibonet.org\/wp-content\/uploads\/2023\/06\/visio-per-a-tothom-a-nicaragua-01.jpg","contentUrl":"https:\/\/fundacioramonmartibonet.org\/wp-content\/uploads\/2023\/06\/visio-per-a-tothom-a-nicaragua-01.jpg","width":1200,"height":420},{"@type":"BreadcrumbList","@id":"https:\/\/fundacioramonmartibonet.org\/es\/proyecto\/nicaragua-camoapa\/#breadcrumb","itemListElement":[{"@type":"ListItem","position":1,"name":"Home","item":"https:\/\/fundacioramonmartibonet.org\/es\/"},{"@type":"ListItem","position":2,"name":"Project","item":"https:\/\/fundacioramonmartibonet.org\/es\/true\/"},{"@type":"ListItem","position":3,"name":"Visi\u00f3n para todo el mundo. Nicaragua"}]},{"@type":"WebSite","@id":"https:\/\/fundacioramonmartibonet.org\/es\/#website","url":"https:\/\/fundacioramonmartibonet.org\/es\/","name":"Fundaci\u00f3 Ramon Mart\u00ed i Bonet","description":"Visi\u00f3 per a tothom","publisher":{"@id":"https:\/\/fundacioramonmartibonet.org\/es\/#organization"},"alternateName":"FRMB","potentialAction":[{"@type":"SearchAction","target":{"@type":"EntryPoint","urlTemplate":"https:\/\/fundacioramonmartibonet.org\/es\/?s={search_term_string}"},"query-input":"required name=search_term_string"}],"inLanguage":"es"},{"@type":"Organization","@id":"https:\/\/fundacioramonmartibonet.org\/es\/#organization","name":"Fundaci\u00f3 Ramon Mart\u00ed i Bonet","alternateName":"FRMB","url":"https:\/\/fundacioramonmartibonet.org\/es\/","logo":{"@type":"ImageObject","inLanguage":"es","@id":"https:\/\/fundacioramonmartibonet.org\/es\/#\/schema\/logo\/image\/","url":"https:\/\/fundacioramonmartibonet.org\/wp-content\/uploads\/2023\/06\/frmb.svg","contentUrl":"https:\/\/fundacioramonmartibonet.org\/wp-content\/uploads\/2023\/06\/frmb.svg","width":900,"height":280,"caption":"Fundaci\u00f3 Ramon Mart\u00ed i Bonet"},"image":{"@id":"https:\/\/fundacioramonmartibonet.org\/es\/#\/schema\/logo\/image\/"},"sameAs":["https:\/\/www.facebook.com\/FundacioRamonMartiBonet","https:\/\/x.com\/FundacioRMB","https:\/\/www.youtube.com\/channel\/UCNyN8HH4tz3ybIBubLBiSog","https:\/\/www.instagram.com\/fundaciormb\/","https:\/\/www.linkedin.com\/company\/fundacio-ramon-marto-i-bonet-contra-la-ceguera\/"]}]}},"_links":{"self":[{"href":"https:\/\/fundacioramonmartibonet.org\/es\/wp-json\/wp\/v2\/iuttu_project\/235"}],"collection":[{"href":"https:\/\/fundacioramonmartibonet.org\/es\/wp-json\/wp\/v2\/iuttu_project"}],"about":[{"href":"https:\/\/fundacioramonmartibonet.org\/es\/wp-json\/wp\/v2\/types\/iuttu_project"}],"wp:featuredmedia":[{"embeddable":true,"href":"https:\/\/fundacioramonmartibonet.org\/es\/wp-json\/wp\/v2\/media\/232"}],"wp:attachment":[{"href":"https:\/\/fundacioramonmartibonet.org\/es\/wp-json\/wp\/v2\/media?parent=235"}],"wp:term":[{"taxonomy":"iuttu_project_type","embeddable":true,"href":"https:\/\/fundacioramonmartibonet.org\/es\/wp-json\/wp\/v2\/iuttu_project_type?post=235"}],"curies":[{"name":"wp","href":"https:\/\/api.w.org\/{rel}","templated":true}]}}