{"id":1660,"date":"2018-04-25T11:50:00","date_gmt":"2018-04-25T11:50:00","guid":{"rendered":"https:\/\/fundacioramonmartibonet.org\/proyecto\/visio-per-a-tothom-a-catalunya-2\/"},"modified":"2025-07-23T09:12:37","modified_gmt":"2025-07-23T09:12:37","slug":"visio-per-a-tothom-a-catalunya-2","status":"publish","type":"iuttu_project","link":"https:\/\/fundacioramonmartibonet.org\/es\/proyecto\/visio-per-a-tothom-a-catalunya-2\/","title":{"rendered":"Visi\u00f3n para todo el mundo"},"content":{"rendered":"\n<p>Desde la Fundaci\u00f3n Ramon Mart\u00ed i Bonet, atendemos&nbsp;a&nbsp;ni\u00f1os\/as, j\u00f3venes y adultos de toda Catalu\u00f1a que se encuentran en situaci\u00f3n de vulnerabilidad econ\u00f3mica.<\/p>\n\n\n\n<p>Actualmente trabajamos con 59 Centros de Servicios Sociales del Ayuntamiento de Barcelona, 20 Ayuntamientos de Catalu\u00f1a, 119 entidades sociales, y 73 centros sanitarios de la Generalitat de Catalu\u00f1a.&nbsp;<\/p>\n\n\n\n<p>La actividad asistencial consiste en una revisi\u00f3n ocular completa a las consultas de la Fundaci\u00f3n, el diagn\u00f3stico y, en caso de ser necesario, la prescripci\u00f3n y entrega de unas gafas correctoras.<\/p>\n\n\n\n<p>Para ofrecer un servicio de calidad, contamos con auxiliares de cl\u00ednica y profesionales de la optometr\u00eda, as\u00ed como oftalm\u00f3logos\/logues del Instituto Catal\u00e1n de Retina que prestan sus servicios.<\/p>\n\n\n\n<p>Disponemos de consultas totalmente equipadas, sala de espera y taller de gafas con un muestrario de una amplia gama de monturas as\u00ed como los equipos para realizar el montaje de estas.<\/p>\n\n\n\n<p>Este 2024 hemos contado con el apoyo del Departament de Drets Socials i Inclusi\u00f3<\/p>\n\n\n\n<figure class=\"wp-block-image size-full is-resized\"><img loading=\"lazy\" decoding=\"async\" width=\"575\" height=\"99\" src=\"https:\/\/fundacioramonmartibonet.org\/wp-content\/uploads\/2018\/04\/Dep-Drets-Socials-1.png\" alt=\"\" class=\"wp-image-3568\" style=\"width:372px;height:auto\" srcset=\"https:\/\/fundacioramonmartibonet.org\/wp-content\/uploads\/2018\/04\/Dep-Drets-Socials-1.png 575w, https:\/\/fundacioramonmartibonet.org\/wp-content\/uploads\/2018\/04\/Dep-Drets-Socials-1-300x52.png 300w\" sizes=\"(max-width: 575px) 100vw, 575px\" \/><\/figure>\n\n\n\n<figure class=\"wp-block-gallery has-nested-images columns-default is-cropped wp-block-gallery-1 is-layout-flex wp-block-gallery-is-layout-flex\" style=\"padding-top:var(--wp--preset--spacing--40)\">\n<figure class=\"wp-block-image size-large\"><img loading=\"lazy\" decoding=\"async\" width=\"1024\" height=\"683\" data-id=\"984\" src=\"https:\/\/fundacioramonmartibonet.org\/wp-content\/uploads\/2023\/06\/IMG_3067-1024x683.jpg\" alt=\"\" class=\"wp-image-984\" srcset=\"https:\/\/fundacioramonmartibonet.org\/wp-content\/uploads\/2023\/06\/IMG_3067-1024x683.jpg 1024w, https:\/\/fundacioramonmartibonet.org\/wp-content\/uploads\/2023\/06\/IMG_3067-300x200.jpg 300w, https:\/\/fundacioramonmartibonet.org\/wp-content\/uploads\/2023\/06\/IMG_3067-768x512.jpg 768w, https:\/\/fundacioramonmartibonet.org\/wp-content\/uploads\/2023\/06\/IMG_3067-1536x1024.jpg 1536w, https:\/\/fundacioramonmartibonet.org\/wp-content\/uploads\/2023\/06\/IMG_3067-2048x1365.jpg 2048w\" sizes=\"(max-width: 1024px) 100vw, 1024px\" \/><\/figure>\n<\/figure>\n\n\n\n<figure class=\"wp-block-image size-large\"><img loading=\"lazy\" decoding=\"async\" width=\"1024\" height=\"683\" src=\"https:\/\/fundacioramonmartibonet.org\/wp-content\/uploads\/2024\/05\/IMG_3098-1024x683.jpg\" alt=\"\" class=\"wp-image-1494\" srcset=\"https:\/\/fundacioramonmartibonet.org\/wp-content\/uploads\/2024\/05\/IMG_3098-1024x683.jpg 1024w, https:\/\/fundacioramonmartibonet.org\/wp-content\/uploads\/2024\/05\/IMG_3098-300x200.jpg 300w, https:\/\/fundacioramonmartibonet.org\/wp-content\/uploads\/2024\/05\/IMG_3098-768x512.jpg 768w, https:\/\/fundacioramonmartibonet.org\/wp-content\/uploads\/2024\/05\/IMG_3098-1536x1024.jpg 1536w, https:\/\/fundacioramonmartibonet.org\/wp-content\/uploads\/2024\/05\/IMG_3098-2048x1365.jpg 2048w\" sizes=\"(max-width: 1024px) 100vw, 1024px\" \/><\/figure>\n\n\n\n<figure class=\"wp-block-image size-large\"><img loading=\"lazy\" decoding=\"async\" width=\"1024\" height=\"683\" src=\"https:\/\/fundacioramonmartibonet.org\/wp-content\/uploads\/2024\/05\/IMG_0007-1024x683.jpg\" alt=\"\" class=\"wp-image-1517\" srcset=\"https:\/\/fundacioramonmartibonet.org\/wp-content\/uploads\/2024\/05\/IMG_0007-1024x683.jpg 1024w, https:\/\/fundacioramonmartibonet.org\/wp-content\/uploads\/2024\/05\/IMG_0007-300x200.jpg 300w, https:\/\/fundacioramonmartibonet.org\/wp-content\/uploads\/2024\/05\/IMG_0007-768x512.jpg 768w, https:\/\/fundacioramonmartibonet.org\/wp-content\/uploads\/2024\/05\/IMG_0007-1536x1024.jpg 1536w, https:\/\/fundacioramonmartibonet.org\/wp-content\/uploads\/2024\/05\/IMG_0007-2048x1365.jpg 2048w\" sizes=\"(max-width: 1024px) 100vw, 1024px\" \/><\/figure>\n","protected":false},"excerpt":{"rendered":"<p>Promovemos la salud visual para mejorar la calidad de vida y las oportunidades de futuro de personas en situaci\u00f3n de vulnerabilidad, y favorecer la igualdad de oportunidades.<\/p>\n","protected":false},"featured_media":3629,"template":"","iuttu_project_type":[30],"acf":[],"yoast_head":"<!-- This site is optimized with the Yoast SEO plugin v22.5 - https:\/\/yoast.com\/wordpress\/plugins\/seo\/ -->\n<title>Visi\u00f3n para todo el mundo - Fundaci\u00f3 Ram\u00f3n Mart\u00ed i Bonet<\/title>\n<meta name=\"description\" content=\"La Fundaci\u00f3 Ramon Mart\u00ed i Bonet promou la salut visual i treballa per millorar la qualitat de vida i les oportunitats de futur.\" \/>\n<meta name=\"robots\" content=\"index, follow, max-snippet:-1, max-image-preview:large, max-video-preview:-1\" \/>\n<link rel=\"canonical\" href=\"https:\/\/fundacioramonmartibonet.org\/es\/proyecto\/visio-per-a-tothom-a-catalunya-2\/\" \/>\n<meta property=\"og:locale\" content=\"es_ES\" \/>\n<meta property=\"og:type\" content=\"article\" \/>\n<meta property=\"og:title\" content=\"Visi\u00f3n para todo el mundo - Fundaci\u00f3 Ram\u00f3n Mart\u00ed i Bonet\" \/>\n<meta property=\"og:description\" content=\"La Fundaci\u00f3 Ramon Mart\u00ed i Bonet promou la salut visual i treballa per millorar la qualitat de vida i les oportunitats de futur.\" \/>\n<meta property=\"og:url\" content=\"https:\/\/fundacioramonmartibonet.org\/es\/proyecto\/visio-per-a-tothom-a-catalunya-2\/\" \/>\n<meta property=\"og:site_name\" content=\"Fundaci\u00f3 Ram\u00f3n Mart\u00ed i Bonet\" \/>\n<meta property=\"article:publisher\" content=\"https:\/\/www.facebook.com\/FundacioRamonMartiBonet\" \/>\n<meta property=\"article:modified_time\" content=\"2025-07-23T09:12:37+00:00\" \/>\n<meta property=\"og:image\" content=\"https:\/\/fundacioramonmartibonet.org\/wp-content\/uploads\/2018\/04\/20121469_10155430970672159_7675673463977611248_o.jpg\" \/>\n\t<meta property=\"og:image:width\" content=\"1600\" \/>\n\t<meta property=\"og:image:height\" content=\"1200\" \/>\n\t<meta property=\"og:image:type\" content=\"image\/jpeg\" \/>\n<meta name=\"twitter:card\" content=\"summary_large_image\" \/>\n<meta name=\"twitter:site\" content=\"@FundacioRMB\" \/>\n<script type=\"application\/ld+json\" class=\"yoast-schema-graph\">{\"@context\":\"https:\/\/schema.org\",\"@graph\":[{\"@type\":\"WebPage\",\"@id\":\"https:\/\/fundacioramonmartibonet.org\/es\/proyecto\/visio-per-a-tothom-a-catalunya-2\/\",\"url\":\"https:\/\/fundacioramonmartibonet.org\/es\/proyecto\/visio-per-a-tothom-a-catalunya-2\/\",\"name\":\"Visi\u00f3n para todo el mundo - Fundaci\u00f3 Ram\u00f3n Mart\u00ed i Bonet\",\"isPartOf\":{\"@id\":\"https:\/\/fundacioramonmartibonet.org\/es\/#website\"},\"primaryImageOfPage\":{\"@id\":\"https:\/\/fundacioramonmartibonet.org\/es\/proyecto\/visio-per-a-tothom-a-catalunya-2\/#primaryimage\"},\"image\":{\"@id\":\"https:\/\/fundacioramonmartibonet.org\/es\/proyecto\/visio-per-a-tothom-a-catalunya-2\/#primaryimage\"},\"thumbnailUrl\":\"https:\/\/fundacioramonmartibonet.org\/wp-content\/uploads\/2018\/04\/20121469_10155430970672159_7675673463977611248_o.jpg\",\"datePublished\":\"2018-04-25T11:50:00+00:00\",\"dateModified\":\"2025-07-23T09:12:37+00:00\",\"description\":\"La Fundaci\u00f3 Ramon Mart\u00ed i Bonet promou la salut visual i treballa per millorar la qualitat de vida i les oportunitats de futur.\",\"breadcrumb\":{\"@id\":\"https:\/\/fundacioramonmartibonet.org\/es\/proyecto\/visio-per-a-tothom-a-catalunya-2\/#breadcrumb\"},\"inLanguage\":\"es\",\"potentialAction\":[{\"@type\":\"ReadAction\",\"target\":[\"https:\/\/fundacioramonmartibonet.org\/es\/proyecto\/visio-per-a-tothom-a-catalunya-2\/\"]}]},{\"@type\":\"ImageObject\",\"inLanguage\":\"es\",\"@id\":\"https:\/\/fundacioramonmartibonet.org\/es\/proyecto\/visio-per-a-tothom-a-catalunya-2\/#primaryimage\",\"url\":\"https:\/\/fundacioramonmartibonet.org\/wp-content\/uploads\/2018\/04\/20121469_10155430970672159_7675673463977611248_o.jpg\",\"contentUrl\":\"https:\/\/fundacioramonmartibonet.org\/wp-content\/uploads\/2018\/04\/20121469_10155430970672159_7675673463977611248_o.jpg\",\"width\":1600,\"height\":1200},{\"@type\":\"BreadcrumbList\",\"@id\":\"https:\/\/fundacioramonmartibonet.org\/es\/proyecto\/visio-per-a-tothom-a-catalunya-2\/#breadcrumb\",\"itemListElement\":[{\"@type\":\"ListItem\",\"position\":1,\"name\":\"Home\",\"item\":\"https:\/\/fundacioramonmartibonet.org\/es\/\"},{\"@type\":\"ListItem\",\"position\":2,\"name\":\"Project\",\"item\":\"https:\/\/fundacioramonmartibonet.org\/es\/true\/\"},{\"@type\":\"ListItem\",\"position\":3,\"name\":\"Visi\u00f3n para todo el mundo\"}]},{\"@type\":\"WebSite\",\"@id\":\"https:\/\/fundacioramonmartibonet.org\/es\/#website\",\"url\":\"https:\/\/fundacioramonmartibonet.org\/es\/\",\"name\":\"Fundaci\u00f3 Ramon Mart\u00ed i Bonet\",\"description\":\"Visi\u00f3 per a tothom\",\"publisher\":{\"@id\":\"https:\/\/fundacioramonmartibonet.org\/es\/#organization\"},\"alternateName\":\"FRMB\",\"potentialAction\":[{\"@type\":\"SearchAction\",\"target\":{\"@type\":\"EntryPoint\",\"urlTemplate\":\"https:\/\/fundacioramonmartibonet.org\/es\/?s={search_term_string}\"},\"query-input\":\"required name=search_term_string\"}],\"inLanguage\":\"es\"},{\"@type\":\"Organization\",\"@id\":\"https:\/\/fundacioramonmartibonet.org\/es\/#organization\",\"name\":\"Fundaci\u00f3 Ramon Mart\u00ed i Bonet\",\"alternateName\":\"FRMB\",\"url\":\"https:\/\/fundacioramonmartibonet.org\/es\/\",\"logo\":{\"@type\":\"ImageObject\",\"inLanguage\":\"es\",\"@id\":\"https:\/\/fundacioramonmartibonet.org\/es\/#\/schema\/logo\/image\/\",\"url\":\"https:\/\/fundacioramonmartibonet.org\/wp-content\/uploads\/2023\/06\/frmb.svg\",\"contentUrl\":\"https:\/\/fundacioramonmartibonet.org\/wp-content\/uploads\/2023\/06\/frmb.svg\",\"width\":900,\"height\":280,\"caption\":\"Fundaci\u00f3 Ramon Mart\u00ed i Bonet\"},\"image\":{\"@id\":\"https:\/\/fundacioramonmartibonet.org\/es\/#\/schema\/logo\/image\/\"},\"sameAs\":[\"https:\/\/www.facebook.com\/FundacioRamonMartiBonet\",\"https:\/\/x.com\/FundacioRMB\",\"https:\/\/www.youtube.com\/channel\/UCNyN8HH4tz3ybIBubLBiSog\",\"https:\/\/www.instagram.com\/fundaciormb\/\",\"https:\/\/www.linkedin.com\/company\/fundacio-ramon-marto-i-bonet-contra-la-ceguera\/\"]}]}<\/script>\n<!-- \/ Yoast SEO plugin. -->","yoast_head_json":{"title":"Visi\u00f3n para todo el mundo - Fundaci\u00f3 Ram\u00f3n Mart\u00ed i Bonet","description":"La Fundaci\u00f3 Ramon Mart\u00ed i Bonet promou la salut visual i treballa per millorar la qualitat de vida i les oportunitats de futur.","robots":{"index":"index","follow":"follow","max-snippet":"max-snippet:-1","max-image-preview":"max-image-preview:large","max-video-preview":"max-video-preview:-1"},"canonical":"https:\/\/fundacioramonmartibonet.org\/es\/proyecto\/visio-per-a-tothom-a-catalunya-2\/","og_locale":"es_ES","og_type":"article","og_title":"Visi\u00f3n para todo el mundo - Fundaci\u00f3 Ram\u00f3n Mart\u00ed i Bonet","og_description":"La Fundaci\u00f3 Ramon Mart\u00ed i Bonet promou la salut visual i treballa per millorar la qualitat de vida i les oportunitats de futur.","og_url":"https:\/\/fundacioramonmartibonet.org\/es\/proyecto\/visio-per-a-tothom-a-catalunya-2\/","og_site_name":"Fundaci\u00f3 Ram\u00f3n Mart\u00ed i Bonet","article_publisher":"https:\/\/www.facebook.com\/FundacioRamonMartiBonet","article_modified_time":"2025-07-23T09:12:37+00:00","og_image":[{"width":1600,"height":1200,"url":"https:\/\/fundacioramonmartibonet.org\/wp-content\/uploads\/2018\/04\/20121469_10155430970672159_7675673463977611248_o.jpg","type":"image\/jpeg"}],"twitter_card":"summary_large_image","twitter_site":"@FundacioRMB","schema":{"@context":"https:\/\/schema.org","@graph":[{"@type":"WebPage","@id":"https:\/\/fundacioramonmartibonet.org\/es\/proyecto\/visio-per-a-tothom-a-catalunya-2\/","url":"https:\/\/fundacioramonmartibonet.org\/es\/proyecto\/visio-per-a-tothom-a-catalunya-2\/","name":"Visi\u00f3n para todo el mundo - Fundaci\u00f3 Ram\u00f3n Mart\u00ed i Bonet","isPartOf":{"@id":"https:\/\/fundacioramonmartibonet.org\/es\/#website"},"primaryImageOfPage":{"@id":"https:\/\/fundacioramonmartibonet.org\/es\/proyecto\/visio-per-a-tothom-a-catalunya-2\/#primaryimage"},"image":{"@id":"https:\/\/fundacioramonmartibonet.org\/es\/proyecto\/visio-per-a-tothom-a-catalunya-2\/#primaryimage"},"thumbnailUrl":"https:\/\/fundacioramonmartibonet.org\/wp-content\/uploads\/2018\/04\/20121469_10155430970672159_7675673463977611248_o.jpg","datePublished":"2018-04-25T11:50:00+00:00","dateModified":"2025-07-23T09:12:37+00:00","description":"La Fundaci\u00f3 Ramon Mart\u00ed i Bonet promou la salut visual i treballa per millorar la qualitat de vida i les oportunitats de futur.","breadcrumb":{"@id":"https:\/\/fundacioramonmartibonet.org\/es\/proyecto\/visio-per-a-tothom-a-catalunya-2\/#breadcrumb"},"inLanguage":"es","potentialAction":[{"@type":"ReadAction","target":["https:\/\/fundacioramonmartibonet.org\/es\/proyecto\/visio-per-a-tothom-a-catalunya-2\/"]}]},{"@type":"ImageObject","inLanguage":"es","@id":"https:\/\/fundacioramonmartibonet.org\/es\/proyecto\/visio-per-a-tothom-a-catalunya-2\/#primaryimage","url":"https:\/\/fundacioramonmartibonet.org\/wp-content\/uploads\/2018\/04\/20121469_10155430970672159_7675673463977611248_o.jpg","contentUrl":"https:\/\/fundacioramonmartibonet.org\/wp-content\/uploads\/2018\/04\/20121469_10155430970672159_7675673463977611248_o.jpg","width":1600,"height":1200},{"@type":"BreadcrumbList","@id":"https:\/\/fundacioramonmartibonet.org\/es\/proyecto\/visio-per-a-tothom-a-catalunya-2\/#breadcrumb","itemListElement":[{"@type":"ListItem","position":1,"name":"Home","item":"https:\/\/fundacioramonmartibonet.org\/es\/"},{"@type":"ListItem","position":2,"name":"Project","item":"https:\/\/fundacioramonmartibonet.org\/es\/true\/"},{"@type":"ListItem","position":3,"name":"Visi\u00f3n para todo el mundo"}]},{"@type":"WebSite","@id":"https:\/\/fundacioramonmartibonet.org\/es\/#website","url":"https:\/\/fundacioramonmartibonet.org\/es\/","name":"Fundaci\u00f3 Ramon Mart\u00ed i Bonet","description":"Visi\u00f3 per a tothom","publisher":{"@id":"https:\/\/fundacioramonmartibonet.org\/es\/#organization"},"alternateName":"FRMB","potentialAction":[{"@type":"SearchAction","target":{"@type":"EntryPoint","urlTemplate":"https:\/\/fundacioramonmartibonet.org\/es\/?s={search_term_string}"},"query-input":"required name=search_term_string"}],"inLanguage":"es"},{"@type":"Organization","@id":"https:\/\/fundacioramonmartibonet.org\/es\/#organization","name":"Fundaci\u00f3 Ramon Mart\u00ed i Bonet","alternateName":"FRMB","url":"https:\/\/fundacioramonmartibonet.org\/es\/","logo":{"@type":"ImageObject","inLanguage":"es","@id":"https:\/\/fundacioramonmartibonet.org\/es\/#\/schema\/logo\/image\/","url":"https:\/\/fundacioramonmartibonet.org\/wp-content\/uploads\/2023\/06\/frmb.svg","contentUrl":"https:\/\/fundacioramonmartibonet.org\/wp-content\/uploads\/2023\/06\/frmb.svg","width":900,"height":280,"caption":"Fundaci\u00f3 Ramon Mart\u00ed i Bonet"},"image":{"@id":"https:\/\/fundacioramonmartibonet.org\/es\/#\/schema\/logo\/image\/"},"sameAs":["https:\/\/www.facebook.com\/FundacioRamonMartiBonet","https:\/\/x.com\/FundacioRMB","https:\/\/www.youtube.com\/channel\/UCNyN8HH4tz3ybIBubLBiSog","https:\/\/www.instagram.com\/fundaciormb\/","https:\/\/www.linkedin.com\/company\/fundacio-ramon-marto-i-bonet-contra-la-ceguera\/"]}]}},"_links":{"self":[{"href":"https:\/\/fundacioramonmartibonet.org\/es\/wp-json\/wp\/v2\/iuttu_project\/1660"}],"collection":[{"href":"https:\/\/fundacioramonmartibonet.org\/es\/wp-json\/wp\/v2\/iuttu_project"}],"about":[{"href":"https:\/\/fundacioramonmartibonet.org\/es\/wp-json\/wp\/v2\/types\/iuttu_project"}],"wp:featuredmedia":[{"embeddable":true,"href":"https:\/\/fundacioramonmartibonet.org\/es\/wp-json\/wp\/v2\/media\/3629"}],"wp:attachment":[{"href":"https:\/\/fundacioramonmartibonet.org\/es\/wp-json\/wp\/v2\/media?parent=1660"}],"wp:term":[{"taxonomy":"iuttu_project_type","embeddable":true,"href":"https:\/\/fundacioramonmartibonet.org\/es\/wp-json\/wp\/v2\/iuttu_project_type?post=1660"}],"curies":[{"name":"wp","href":"https:\/\/api.w.org\/{rel}","templated":true}]}}