{"id":1658,"date":"2017-07-24T13:25:00","date_gmt":"2017-07-24T13:25:00","guid":{"rendered":"https:\/\/fundacioramonmartibonet.org\/proyecto\/infants-amb-visio-adults-amb-futur\/"},"modified":"2025-07-23T09:08:34","modified_gmt":"2025-07-23T09:08:34","slug":"infants-amb-visio-adults-amb-futur","status":"publish","type":"iuttu_project","link":"https:\/\/fundacioramonmartibonet.org\/es\/proyecto\/infants-amb-visio-adults-amb-futur\/","title":{"rendered":"Ni\u00f1os y ni\u00f1as con visi\u00f3n, adultos con futuro"},"content":{"rendered":"\n<p style=\"padding-right:var(--wp--preset--spacing--80)\">Despu\u00e9s de una tarea de prospecci\u00f3n y sensibilizaci\u00f3n entre las escuelas de la zona, un equipo de personas voluntarias de la Fundaci\u00f3n se desplaza en los centros para llevar a cabo los rastreos visuales que nos permitir\u00e1n identificar aquellos ni\u00f1os con posibles deficiencias visuales.<br>Posteriormente, profesionales de la visi\u00f3n realizan la revisi\u00f3n \u00f3ptica y oftalmol\u00f3gica para confirmar la necesidad y prescribir el tratamiento necesario.<br>Gracias a la colaboraci\u00f3n de la empresa Hewlett Packard hemos podido ofrecer ojeras correctoras para garantizar una buena visi\u00f3n de ni\u00f1os y j\u00f3venes en situaci\u00f3n de vulnerabilidad y mejorar sus perspectivas de futuro.<\/p>\n\n\n\n<figure class=\"wp-block-image size-full\"><img loading=\"lazy\" decoding=\"async\" width=\"960\" height=\"711\" src=\"https:\/\/fundacioramonmartibonet.org\/wp-content\/uploads\/2024\/05\/12729266_1052751658096763_8539738145793687323_n.jpg\" alt=\"\" class=\"wp-image-1567\" srcset=\"https:\/\/fundacioramonmartibonet.org\/wp-content\/uploads\/2024\/05\/12729266_1052751658096763_8539738145793687323_n.jpg 960w, https:\/\/fundacioramonmartibonet.org\/wp-content\/uploads\/2024\/05\/12729266_1052751658096763_8539738145793687323_n-300x222.jpg 300w, https:\/\/fundacioramonmartibonet.org\/wp-content\/uploads\/2024\/05\/12729266_1052751658096763_8539738145793687323_n-768x569.jpg 768w\" sizes=\"(max-width: 960px) 100vw, 960px\" \/><\/figure>\n","protected":false},"excerpt":{"rendered":"<p>Proyecto dirigido a alumnos de escuelas de alta complejidad del Vall\u00e8s Occidental para garantizar una buena salud visual que permita mejorar sus perspectivas de futuro.<\/p>\n","protected":false},"featured_media":3161,"template":"","iuttu_project_type":[30],"acf":[],"yoast_head":"<!-- This site is optimized with the Yoast SEO plugin v22.5 - https:\/\/yoast.com\/wordpress\/plugins\/seo\/ -->\n<title>Ni\u00f1os y ni\u00f1as con visi\u00f3n, adultos con futuro - Fundaci\u00f3 Ram\u00f3n Mart\u00ed i Bonet<\/title>\n<meta name=\"description\" content=\"Preten millorar la salut visual d&#039;infants i joves en situaci\u00f3 de vulnerabilitat i les seves perspectives de futur\" \/>\n<meta name=\"robots\" content=\"index, follow, max-snippet:-1, max-image-preview:large, max-video-preview:-1\" \/>\n<link rel=\"canonical\" href=\"https:\/\/fundacioramonmartibonet.org\/es\/proyecto\/infants-amb-visio-adults-amb-futur\/\" \/>\n<meta property=\"og:locale\" content=\"es_ES\" \/>\n<meta property=\"og:type\" content=\"article\" \/>\n<meta property=\"og:title\" content=\"Ni\u00f1os y ni\u00f1as con visi\u00f3n, adultos con futuro - Fundaci\u00f3 Ram\u00f3n Mart\u00ed i Bonet\" \/>\n<meta property=\"og:description\" content=\"Preten millorar la salut visual d&#039;infants i joves en situaci\u00f3 de vulnerabilitat i les seves perspectives de futur\" \/>\n<meta property=\"og:url\" content=\"https:\/\/fundacioramonmartibonet.org\/es\/proyecto\/infants-amb-visio-adults-amb-futur\/\" \/>\n<meta property=\"og:site_name\" content=\"Fundaci\u00f3 Ram\u00f3n Mart\u00ed i Bonet\" \/>\n<meta property=\"article:publisher\" content=\"https:\/\/www.facebook.com\/FundacioRamonMartiBonet\" \/>\n<meta property=\"article:modified_time\" content=\"2025-07-23T09:08:34+00:00\" \/>\n<meta property=\"og:image\" content=\"https:\/\/fundacioramonmartibonet.org\/wp-content\/uploads\/2024\/05\/foto-infants-modificada-scaled.jpg\" \/>\n\t<meta property=\"og:image:width\" content=\"2560\" \/>\n\t<meta property=\"og:image:height\" content=\"1707\" \/>\n\t<meta property=\"og:image:type\" content=\"image\/jpeg\" \/>\n<meta name=\"twitter:card\" content=\"summary_large_image\" \/>\n<meta name=\"twitter:site\" content=\"@FundacioRMB\" \/>\n<script type=\"application\/ld+json\" class=\"yoast-schema-graph\">{\"@context\":\"https:\/\/schema.org\",\"@graph\":[{\"@type\":\"WebPage\",\"@id\":\"https:\/\/fundacioramonmartibonet.org\/es\/proyecto\/infants-amb-visio-adults-amb-futur\/\",\"url\":\"https:\/\/fundacioramonmartibonet.org\/es\/proyecto\/infants-amb-visio-adults-amb-futur\/\",\"name\":\"Ni\u00f1os y ni\u00f1as con visi\u00f3n, adultos con futuro - Fundaci\u00f3 Ram\u00f3n Mart\u00ed i Bonet\",\"isPartOf\":{\"@id\":\"https:\/\/fundacioramonmartibonet.org\/es\/#website\"},\"primaryImageOfPage\":{\"@id\":\"https:\/\/fundacioramonmartibonet.org\/es\/proyecto\/infants-amb-visio-adults-amb-futur\/#primaryimage\"},\"image\":{\"@id\":\"https:\/\/fundacioramonmartibonet.org\/es\/proyecto\/infants-amb-visio-adults-amb-futur\/#primaryimage\"},\"thumbnailUrl\":\"https:\/\/fundacioramonmartibonet.org\/wp-content\/uploads\/2024\/05\/foto-infants-modificada-scaled.jpg\",\"datePublished\":\"2017-07-24T13:25:00+00:00\",\"dateModified\":\"2025-07-23T09:08:34+00:00\",\"description\":\"Preten millorar la salut visual d'infants i joves en situaci\u00f3 de vulnerabilitat i les seves perspectives de futur\",\"breadcrumb\":{\"@id\":\"https:\/\/fundacioramonmartibonet.org\/es\/proyecto\/infants-amb-visio-adults-amb-futur\/#breadcrumb\"},\"inLanguage\":\"es\",\"potentialAction\":[{\"@type\":\"ReadAction\",\"target\":[\"https:\/\/fundacioramonmartibonet.org\/es\/proyecto\/infants-amb-visio-adults-amb-futur\/\"]}]},{\"@type\":\"ImageObject\",\"inLanguage\":\"es\",\"@id\":\"https:\/\/fundacioramonmartibonet.org\/es\/proyecto\/infants-amb-visio-adults-amb-futur\/#primaryimage\",\"url\":\"https:\/\/fundacioramonmartibonet.org\/wp-content\/uploads\/2024\/05\/foto-infants-modificada-scaled.jpg\",\"contentUrl\":\"https:\/\/fundacioramonmartibonet.org\/wp-content\/uploads\/2024\/05\/foto-infants-modificada-scaled.jpg\",\"width\":2560,\"height\":1707},{\"@type\":\"BreadcrumbList\",\"@id\":\"https:\/\/fundacioramonmartibonet.org\/es\/proyecto\/infants-amb-visio-adults-amb-futur\/#breadcrumb\",\"itemListElement\":[{\"@type\":\"ListItem\",\"position\":1,\"name\":\"Home\",\"item\":\"https:\/\/fundacioramonmartibonet.org\/es\/\"},{\"@type\":\"ListItem\",\"position\":2,\"name\":\"Project\",\"item\":\"https:\/\/fundacioramonmartibonet.org\/es\/true\/\"},{\"@type\":\"ListItem\",\"position\":3,\"name\":\"Ni\u00f1os y ni\u00f1as con visi\u00f3n, adultos con futuro\"}]},{\"@type\":\"WebSite\",\"@id\":\"https:\/\/fundacioramonmartibonet.org\/es\/#website\",\"url\":\"https:\/\/fundacioramonmartibonet.org\/es\/\",\"name\":\"Fundaci\u00f3 Ramon Mart\u00ed i Bonet\",\"description\":\"Visi\u00f3 per a tothom\",\"publisher\":{\"@id\":\"https:\/\/fundacioramonmartibonet.org\/es\/#organization\"},\"alternateName\":\"FRMB\",\"potentialAction\":[{\"@type\":\"SearchAction\",\"target\":{\"@type\":\"EntryPoint\",\"urlTemplate\":\"https:\/\/fundacioramonmartibonet.org\/es\/?s={search_term_string}\"},\"query-input\":\"required name=search_term_string\"}],\"inLanguage\":\"es\"},{\"@type\":\"Organization\",\"@id\":\"https:\/\/fundacioramonmartibonet.org\/es\/#organization\",\"name\":\"Fundaci\u00f3 Ramon Mart\u00ed i Bonet\",\"alternateName\":\"FRMB\",\"url\":\"https:\/\/fundacioramonmartibonet.org\/es\/\",\"logo\":{\"@type\":\"ImageObject\",\"inLanguage\":\"es\",\"@id\":\"https:\/\/fundacioramonmartibonet.org\/es\/#\/schema\/logo\/image\/\",\"url\":\"https:\/\/fundacioramonmartibonet.org\/wp-content\/uploads\/2023\/06\/frmb.svg\",\"contentUrl\":\"https:\/\/fundacioramonmartibonet.org\/wp-content\/uploads\/2023\/06\/frmb.svg\",\"width\":900,\"height\":280,\"caption\":\"Fundaci\u00f3 Ramon Mart\u00ed i Bonet\"},\"image\":{\"@id\":\"https:\/\/fundacioramonmartibonet.org\/es\/#\/schema\/logo\/image\/\"},\"sameAs\":[\"https:\/\/www.facebook.com\/FundacioRamonMartiBonet\",\"https:\/\/x.com\/FundacioRMB\",\"https:\/\/www.youtube.com\/channel\/UCNyN8HH4tz3ybIBubLBiSog\",\"https:\/\/www.instagram.com\/fundaciormb\/\",\"https:\/\/www.linkedin.com\/company\/fundacio-ramon-marto-i-bonet-contra-la-ceguera\/\"]}]}<\/script>\n<!-- \/ Yoast SEO plugin. -->","yoast_head_json":{"title":"Ni\u00f1os y ni\u00f1as con visi\u00f3n, adultos con futuro - Fundaci\u00f3 Ram\u00f3n Mart\u00ed i Bonet","description":"Preten millorar la salut visual d'infants i joves en situaci\u00f3 de vulnerabilitat i les seves perspectives de futur","robots":{"index":"index","follow":"follow","max-snippet":"max-snippet:-1","max-image-preview":"max-image-preview:large","max-video-preview":"max-video-preview:-1"},"canonical":"https:\/\/fundacioramonmartibonet.org\/es\/proyecto\/infants-amb-visio-adults-amb-futur\/","og_locale":"es_ES","og_type":"article","og_title":"Ni\u00f1os y ni\u00f1as con visi\u00f3n, adultos con futuro - Fundaci\u00f3 Ram\u00f3n Mart\u00ed i Bonet","og_description":"Preten millorar la salut visual d'infants i joves en situaci\u00f3 de vulnerabilitat i les seves perspectives de futur","og_url":"https:\/\/fundacioramonmartibonet.org\/es\/proyecto\/infants-amb-visio-adults-amb-futur\/","og_site_name":"Fundaci\u00f3 Ram\u00f3n Mart\u00ed i Bonet","article_publisher":"https:\/\/www.facebook.com\/FundacioRamonMartiBonet","article_modified_time":"2025-07-23T09:08:34+00:00","og_image":[{"width":2560,"height":1707,"url":"https:\/\/fundacioramonmartibonet.org\/wp-content\/uploads\/2024\/05\/foto-infants-modificada-scaled.jpg","type":"image\/jpeg"}],"twitter_card":"summary_large_image","twitter_site":"@FundacioRMB","schema":{"@context":"https:\/\/schema.org","@graph":[{"@type":"WebPage","@id":"https:\/\/fundacioramonmartibonet.org\/es\/proyecto\/infants-amb-visio-adults-amb-futur\/","url":"https:\/\/fundacioramonmartibonet.org\/es\/proyecto\/infants-amb-visio-adults-amb-futur\/","name":"Ni\u00f1os y ni\u00f1as con visi\u00f3n, adultos con futuro - Fundaci\u00f3 Ram\u00f3n Mart\u00ed i Bonet","isPartOf":{"@id":"https:\/\/fundacioramonmartibonet.org\/es\/#website"},"primaryImageOfPage":{"@id":"https:\/\/fundacioramonmartibonet.org\/es\/proyecto\/infants-amb-visio-adults-amb-futur\/#primaryimage"},"image":{"@id":"https:\/\/fundacioramonmartibonet.org\/es\/proyecto\/infants-amb-visio-adults-amb-futur\/#primaryimage"},"thumbnailUrl":"https:\/\/fundacioramonmartibonet.org\/wp-content\/uploads\/2024\/05\/foto-infants-modificada-scaled.jpg","datePublished":"2017-07-24T13:25:00+00:00","dateModified":"2025-07-23T09:08:34+00:00","description":"Preten millorar la salut visual d'infants i joves en situaci\u00f3 de vulnerabilitat i les seves perspectives de futur","breadcrumb":{"@id":"https:\/\/fundacioramonmartibonet.org\/es\/proyecto\/infants-amb-visio-adults-amb-futur\/#breadcrumb"},"inLanguage":"es","potentialAction":[{"@type":"ReadAction","target":["https:\/\/fundacioramonmartibonet.org\/es\/proyecto\/infants-amb-visio-adults-amb-futur\/"]}]},{"@type":"ImageObject","inLanguage":"es","@id":"https:\/\/fundacioramonmartibonet.org\/es\/proyecto\/infants-amb-visio-adults-amb-futur\/#primaryimage","url":"https:\/\/fundacioramonmartibonet.org\/wp-content\/uploads\/2024\/05\/foto-infants-modificada-scaled.jpg","contentUrl":"https:\/\/fundacioramonmartibonet.org\/wp-content\/uploads\/2024\/05\/foto-infants-modificada-scaled.jpg","width":2560,"height":1707},{"@type":"BreadcrumbList","@id":"https:\/\/fundacioramonmartibonet.org\/es\/proyecto\/infants-amb-visio-adults-amb-futur\/#breadcrumb","itemListElement":[{"@type":"ListItem","position":1,"name":"Home","item":"https:\/\/fundacioramonmartibonet.org\/es\/"},{"@type":"ListItem","position":2,"name":"Project","item":"https:\/\/fundacioramonmartibonet.org\/es\/true\/"},{"@type":"ListItem","position":3,"name":"Ni\u00f1os y ni\u00f1as con visi\u00f3n, adultos con futuro"}]},{"@type":"WebSite","@id":"https:\/\/fundacioramonmartibonet.org\/es\/#website","url":"https:\/\/fundacioramonmartibonet.org\/es\/","name":"Fundaci\u00f3 Ramon Mart\u00ed i Bonet","description":"Visi\u00f3 per a tothom","publisher":{"@id":"https:\/\/fundacioramonmartibonet.org\/es\/#organization"},"alternateName":"FRMB","potentialAction":[{"@type":"SearchAction","target":{"@type":"EntryPoint","urlTemplate":"https:\/\/fundacioramonmartibonet.org\/es\/?s={search_term_string}"},"query-input":"required name=search_term_string"}],"inLanguage":"es"},{"@type":"Organization","@id":"https:\/\/fundacioramonmartibonet.org\/es\/#organization","name":"Fundaci\u00f3 Ramon Mart\u00ed i Bonet","alternateName":"FRMB","url":"https:\/\/fundacioramonmartibonet.org\/es\/","logo":{"@type":"ImageObject","inLanguage":"es","@id":"https:\/\/fundacioramonmartibonet.org\/es\/#\/schema\/logo\/image\/","url":"https:\/\/fundacioramonmartibonet.org\/wp-content\/uploads\/2023\/06\/frmb.svg","contentUrl":"https:\/\/fundacioramonmartibonet.org\/wp-content\/uploads\/2023\/06\/frmb.svg","width":900,"height":280,"caption":"Fundaci\u00f3 Ramon Mart\u00ed i Bonet"},"image":{"@id":"https:\/\/fundacioramonmartibonet.org\/es\/#\/schema\/logo\/image\/"},"sameAs":["https:\/\/www.facebook.com\/FundacioRamonMartiBonet","https:\/\/x.com\/FundacioRMB","https:\/\/www.youtube.com\/channel\/UCNyN8HH4tz3ybIBubLBiSog","https:\/\/www.instagram.com\/fundaciormb\/","https:\/\/www.linkedin.com\/company\/fundacio-ramon-marto-i-bonet-contra-la-ceguera\/"]}]}},"_links":{"self":[{"href":"https:\/\/fundacioramonmartibonet.org\/es\/wp-json\/wp\/v2\/iuttu_project\/1658"}],"collection":[{"href":"https:\/\/fundacioramonmartibonet.org\/es\/wp-json\/wp\/v2\/iuttu_project"}],"about":[{"href":"https:\/\/fundacioramonmartibonet.org\/es\/wp-json\/wp\/v2\/types\/iuttu_project"}],"wp:featuredmedia":[{"embeddable":true,"href":"https:\/\/fundacioramonmartibonet.org\/es\/wp-json\/wp\/v2\/media\/3161"}],"wp:attachment":[{"href":"https:\/\/fundacioramonmartibonet.org\/es\/wp-json\/wp\/v2\/media?parent=1658"}],"wp:term":[{"taxonomy":"iuttu_project_type","embeddable":true,"href":"https:\/\/fundacioramonmartibonet.org\/es\/wp-json\/wp\/v2\/iuttu_project_type?post=1658"}],"curies":[{"name":"wp","href":"https:\/\/api.w.org\/{rel}","templated":true}]}}