{"id":1650,"date":"2019-04-06T09:09:00","date_gmt":"2019-04-06T09:09:00","guid":{"rendered":"https:\/\/fundacioramonmartibonet.org\/proyecto\/rastrejos-visuals\/"},"modified":"2025-07-23T09:10:32","modified_gmt":"2025-07-23T09:10:32","slug":"rastrejos-visuals","status":"publish","type":"iuttu_project","link":"https:\/\/fundacioramonmartibonet.org\/es\/proyecto\/rastrejos-visuals\/","title":{"rendered":"Visi\u00f3n para todo el mundo en las Escuelas"},"content":{"rendered":"\n<p>Este proyecto nace en 2015 a ra\u00edz de la demanda que hizo una escuela de m\u00e1xima complejidad de Terrassa. Al personal docente les sorprend\u00eda el bajo porcentaje de alumnos que llevaba gafas y cre\u00edan que esto podr\u00eda tener un impacto directo en el rendimiento acad\u00e9mico.<\/p>\n\n\n\n<p>La Fundaci\u00f3n Ramon Mart\u00ed i Bonet realiz\u00f3 un rastreo visual masivo al alumnado e identific\u00f3 que un 24% de los alumnos ten\u00eda deficiencias visuales no corregidas, de los cuales un 90% no hab\u00edan hecho nunca ninguna revisi\u00f3n ni oftalmol\u00f3gica ni optom\u00e9trica. La Fundaci\u00f3n quiso dar un paso m\u00e1s y les proporcion\u00f3 gafas correctoras para mejorar la visi\u00f3n de los ni\u00f1os.<\/p>\n\n\n\n<p>Cada vez son m\u00e1s las escuelas de alta complejidad comprometidas con la salud visual como herramienta para mejorar el rendimiento acad\u00e9mico y la inclusi\u00f3n social de su alumnado.<br>Dentro del proyecto Visi\u00f3n para todo el mundo en las Escuelas, contamos con un equipo que se desplaza a los centros escolares participantes para realizar un rastreo visual o revisi\u00f3n preliminar b\u00e1sica a los y las alumnas de infantil, primaria, secundaria y bachillerato para identificar posibles deficiencias visuales no tratadas. Estas personas son derivadas a las consultas de la Fundaci\u00f3n donde profesionales de la visi\u00f3n realizan la revisi\u00f3n ocular completa para confirmar el diagn\u00f3stico y, en caso de ser necesario, prescribir y entregar unas gafas correctoras, seg\u00fan unas tarifas sociales fijadas.<\/p>\n\n\n\n<p>Desde los inicios de este proyecto, los equipos de la Fundaci\u00f3n Ramon Mart\u00ed i Bonet han rastreado <strong>m\u00e1s de 9.000 ni\u00f1os de escuelas de alta complejidad<\/strong>, detectando que un 25% sufre deficiencias visuales no tratadas.<\/p>\n\n\n\n<p>Durante el 2024, este proyecto ha sido posible tambi\u00e9n para las escuelas de alta complejidad de la ciudad de Barcelona.<\/p>\n\n\n\n<p>Con el apoyo de:<\/p>\n\n\n\n<figure class=\"wp-block-image size-large is-resized\"><img loading=\"lazy\" decoding=\"async\" width=\"1024\" height=\"276\" src=\"https:\/\/fundacioramonmartibonet.org\/wp-content\/uploads\/2025\/05\/image-2-1024x276.png\" alt=\"\" class=\"wp-image-3796\" style=\"width:264px;height:auto\" srcset=\"https:\/\/fundacioramonmartibonet.org\/wp-content\/uploads\/2025\/05\/image-2-1024x276.png 1024w, https:\/\/fundacioramonmartibonet.org\/wp-content\/uploads\/2025\/05\/image-2-300x81.png 300w, https:\/\/fundacioramonmartibonet.org\/wp-content\/uploads\/2025\/05\/image-2-768x207.png 768w, https:\/\/fundacioramonmartibonet.org\/wp-content\/uploads\/2025\/05\/image-2-1536x414.png 1536w, https:\/\/fundacioramonmartibonet.org\/wp-content\/uploads\/2025\/05\/image-2-2048x552.png 2048w\" sizes=\"(max-width: 1024px) 100vw, 1024px\" \/><\/figure>\n\n\n\n<p class=\"has-main-color has-light-main-background-color has-text-color has-background has-link-color wp-elements-c58064d507eb55b0cf4fe66e5e48edba\">Eres una escuela o instituto que trabajas con ni\u00f1os y j\u00f3venes en situaci\u00f3n de vulnerabilidad social y econ\u00f3mica y quieres contribuir a garantizar una buena salud visual que favorezca la igualdad de oportunidades? <a href=\"https:\/\/fundacioramonmartibonet.org\/es\/contacte\/\"><strong>Rellena el formulario<\/strong><\/a><\/p>\n\n\n\n<figure class=\"wp-block-image size-large\"><img loading=\"lazy\" decoding=\"async\" width=\"1024\" height=\"683\" src=\"https:\/\/fundacioramonmartibonet.org\/wp-content\/uploads\/2024\/05\/IMG_2496-1024x683.jpg\" alt=\"\" class=\"wp-image-1490\" srcset=\"https:\/\/fundacioramonmartibonet.org\/wp-content\/uploads\/2024\/05\/IMG_2496-1024x683.jpg 1024w, https:\/\/fundacioramonmartibonet.org\/wp-content\/uploads\/2024\/05\/IMG_2496-300x200.jpg 300w, https:\/\/fundacioramonmartibonet.org\/wp-content\/uploads\/2024\/05\/IMG_2496-768x512.jpg 768w, https:\/\/fundacioramonmartibonet.org\/wp-content\/uploads\/2024\/05\/IMG_2496-1536x1024.jpg 1536w, https:\/\/fundacioramonmartibonet.org\/wp-content\/uploads\/2024\/05\/IMG_2496-2048x1365.jpg 2048w\" sizes=\"(max-width: 1024px) 100vw, 1024px\" \/><\/figure>\n","protected":false},"excerpt":{"rendered":"<p>Detectamos las deficiencias visuales entre el alumnado en riesgo de exclusi\u00f3n, para ofrecer un tratamiento o correcci\u00f3n ocular y mejorar su rendimiento acad\u00e9mico y sus oportunidades de futuro.<\/p>\n","protected":false},"featured_media":1108,"template":"","iuttu_project_type":[30],"acf":[],"yoast_head":"<!-- This site is optimized with the Yoast SEO plugin v22.5 - https:\/\/yoast.com\/wordpress\/plugins\/seo\/ -->\n<title>Visi\u00f3n para todo el mundo en las Escuelas - Fundaci\u00f3 Ram\u00f3n Mart\u00ed i Bonet<\/title>\n<meta name=\"description\" content=\"La Fundaci\u00f3 Ramon Mart\u00ed i Bonet promou la salut visual i treballa per millorar la qualitat de vida i les oportunitats de futur.\" \/>\n<meta name=\"robots\" content=\"index, follow, max-snippet:-1, max-image-preview:large, max-video-preview:-1\" \/>\n<link rel=\"canonical\" href=\"https:\/\/fundacioramonmartibonet.org\/es\/proyecto\/rastrejos-visuals\/\" \/>\n<meta property=\"og:locale\" content=\"es_ES\" \/>\n<meta property=\"og:type\" content=\"article\" \/>\n<meta property=\"og:title\" content=\"Visi\u00f3n para todo el mundo en las Escuelas - Fundaci\u00f3 Ram\u00f3n Mart\u00ed i Bonet\" \/>\n<meta property=\"og:description\" content=\"La Fundaci\u00f3 Ramon Mart\u00ed i Bonet promou la salut visual i treballa per millorar la qualitat de vida i les oportunitats de futur.\" \/>\n<meta property=\"og:url\" content=\"https:\/\/fundacioramonmartibonet.org\/es\/proyecto\/rastrejos-visuals\/\" \/>\n<meta property=\"og:site_name\" content=\"Fundaci\u00f3 Ram\u00f3n Mart\u00ed i Bonet\" \/>\n<meta property=\"article:publisher\" content=\"https:\/\/www.facebook.com\/FundacioRamonMartiBonet\" \/>\n<meta property=\"article:modified_time\" content=\"2025-07-23T09:10:32+00:00\" \/>\n<meta property=\"og:image\" content=\"https:\/\/fundacioramonmartibonet.org\/wp-content\/uploads\/2023\/11\/IMG_2950-scaled.jpg\" \/>\n\t<meta property=\"og:image:width\" content=\"2560\" \/>\n\t<meta property=\"og:image:height\" content=\"1707\" \/>\n\t<meta property=\"og:image:type\" content=\"image\/jpeg\" \/>\n<meta name=\"twitter:card\" content=\"summary_large_image\" \/>\n<meta name=\"twitter:site\" content=\"@FundacioRMB\" \/>\n<script type=\"application\/ld+json\" class=\"yoast-schema-graph\">{\"@context\":\"https:\/\/schema.org\",\"@graph\":[{\"@type\":\"WebPage\",\"@id\":\"https:\/\/fundacioramonmartibonet.org\/es\/proyecto\/rastrejos-visuals\/\",\"url\":\"https:\/\/fundacioramonmartibonet.org\/es\/proyecto\/rastrejos-visuals\/\",\"name\":\"Visi\u00f3n para todo el mundo en las Escuelas - Fundaci\u00f3 Ram\u00f3n Mart\u00ed i Bonet\",\"isPartOf\":{\"@id\":\"https:\/\/fundacioramonmartibonet.org\/es\/#website\"},\"primaryImageOfPage\":{\"@id\":\"https:\/\/fundacioramonmartibonet.org\/es\/proyecto\/rastrejos-visuals\/#primaryimage\"},\"image\":{\"@id\":\"https:\/\/fundacioramonmartibonet.org\/es\/proyecto\/rastrejos-visuals\/#primaryimage\"},\"thumbnailUrl\":\"https:\/\/fundacioramonmartibonet.org\/wp-content\/uploads\/2023\/11\/IMG_2950-scaled.jpg\",\"datePublished\":\"2019-04-06T09:09:00+00:00\",\"dateModified\":\"2025-07-23T09:10:32+00:00\",\"description\":\"La Fundaci\u00f3 Ramon Mart\u00ed i Bonet promou la salut visual i treballa per millorar la qualitat de vida i les oportunitats de futur.\",\"breadcrumb\":{\"@id\":\"https:\/\/fundacioramonmartibonet.org\/es\/proyecto\/rastrejos-visuals\/#breadcrumb\"},\"inLanguage\":\"es\",\"potentialAction\":[{\"@type\":\"ReadAction\",\"target\":[\"https:\/\/fundacioramonmartibonet.org\/es\/proyecto\/rastrejos-visuals\/\"]}]},{\"@type\":\"ImageObject\",\"inLanguage\":\"es\",\"@id\":\"https:\/\/fundacioramonmartibonet.org\/es\/proyecto\/rastrejos-visuals\/#primaryimage\",\"url\":\"https:\/\/fundacioramonmartibonet.org\/wp-content\/uploads\/2023\/11\/IMG_2950-scaled.jpg\",\"contentUrl\":\"https:\/\/fundacioramonmartibonet.org\/wp-content\/uploads\/2023\/11\/IMG_2950-scaled.jpg\",\"width\":2560,\"height\":1707},{\"@type\":\"BreadcrumbList\",\"@id\":\"https:\/\/fundacioramonmartibonet.org\/es\/proyecto\/rastrejos-visuals\/#breadcrumb\",\"itemListElement\":[{\"@type\":\"ListItem\",\"position\":1,\"name\":\"Home\",\"item\":\"https:\/\/fundacioramonmartibonet.org\/es\/\"},{\"@type\":\"ListItem\",\"position\":2,\"name\":\"Project\",\"item\":\"https:\/\/fundacioramonmartibonet.org\/es\/true\/\"},{\"@type\":\"ListItem\",\"position\":3,\"name\":\"Visi\u00f3n para todo el mundo en las Escuelas\"}]},{\"@type\":\"WebSite\",\"@id\":\"https:\/\/fundacioramonmartibonet.org\/es\/#website\",\"url\":\"https:\/\/fundacioramonmartibonet.org\/es\/\",\"name\":\"Fundaci\u00f3 Ramon Mart\u00ed i Bonet\",\"description\":\"Visi\u00f3 per a tothom\",\"publisher\":{\"@id\":\"https:\/\/fundacioramonmartibonet.org\/es\/#organization\"},\"alternateName\":\"FRMB\",\"potentialAction\":[{\"@type\":\"SearchAction\",\"target\":{\"@type\":\"EntryPoint\",\"urlTemplate\":\"https:\/\/fundacioramonmartibonet.org\/es\/?s={search_term_string}\"},\"query-input\":\"required name=search_term_string\"}],\"inLanguage\":\"es\"},{\"@type\":\"Organization\",\"@id\":\"https:\/\/fundacioramonmartibonet.org\/es\/#organization\",\"name\":\"Fundaci\u00f3 Ramon Mart\u00ed i Bonet\",\"alternateName\":\"FRMB\",\"url\":\"https:\/\/fundacioramonmartibonet.org\/es\/\",\"logo\":{\"@type\":\"ImageObject\",\"inLanguage\":\"es\",\"@id\":\"https:\/\/fundacioramonmartibonet.org\/es\/#\/schema\/logo\/image\/\",\"url\":\"https:\/\/fundacioramonmartibonet.org\/wp-content\/uploads\/2023\/06\/frmb.svg\",\"contentUrl\":\"https:\/\/fundacioramonmartibonet.org\/wp-content\/uploads\/2023\/06\/frmb.svg\",\"width\":900,\"height\":280,\"caption\":\"Fundaci\u00f3 Ramon Mart\u00ed i Bonet\"},\"image\":{\"@id\":\"https:\/\/fundacioramonmartibonet.org\/es\/#\/schema\/logo\/image\/\"},\"sameAs\":[\"https:\/\/www.facebook.com\/FundacioRamonMartiBonet\",\"https:\/\/x.com\/FundacioRMB\",\"https:\/\/www.youtube.com\/channel\/UCNyN8HH4tz3ybIBubLBiSog\",\"https:\/\/www.instagram.com\/fundaciormb\/\",\"https:\/\/www.linkedin.com\/company\/fundacio-ramon-marto-i-bonet-contra-la-ceguera\/\"]}]}<\/script>\n<!-- \/ Yoast SEO plugin. -->","yoast_head_json":{"title":"Visi\u00f3n para todo el mundo en las Escuelas - Fundaci\u00f3 Ram\u00f3n Mart\u00ed i Bonet","description":"La Fundaci\u00f3 Ramon Mart\u00ed i Bonet promou la salut visual i treballa per millorar la qualitat de vida i les oportunitats de futur.","robots":{"index":"index","follow":"follow","max-snippet":"max-snippet:-1","max-image-preview":"max-image-preview:large","max-video-preview":"max-video-preview:-1"},"canonical":"https:\/\/fundacioramonmartibonet.org\/es\/proyecto\/rastrejos-visuals\/","og_locale":"es_ES","og_type":"article","og_title":"Visi\u00f3n para todo el mundo en las Escuelas - Fundaci\u00f3 Ram\u00f3n Mart\u00ed i Bonet","og_description":"La Fundaci\u00f3 Ramon Mart\u00ed i Bonet promou la salut visual i treballa per millorar la qualitat de vida i les oportunitats de futur.","og_url":"https:\/\/fundacioramonmartibonet.org\/es\/proyecto\/rastrejos-visuals\/","og_site_name":"Fundaci\u00f3 Ram\u00f3n Mart\u00ed i Bonet","article_publisher":"https:\/\/www.facebook.com\/FundacioRamonMartiBonet","article_modified_time":"2025-07-23T09:10:32+00:00","og_image":[{"width":2560,"height":1707,"url":"https:\/\/fundacioramonmartibonet.org\/wp-content\/uploads\/2023\/11\/IMG_2950-scaled.jpg","type":"image\/jpeg"}],"twitter_card":"summary_large_image","twitter_site":"@FundacioRMB","schema":{"@context":"https:\/\/schema.org","@graph":[{"@type":"WebPage","@id":"https:\/\/fundacioramonmartibonet.org\/es\/proyecto\/rastrejos-visuals\/","url":"https:\/\/fundacioramonmartibonet.org\/es\/proyecto\/rastrejos-visuals\/","name":"Visi\u00f3n para todo el mundo en las Escuelas - Fundaci\u00f3 Ram\u00f3n Mart\u00ed i Bonet","isPartOf":{"@id":"https:\/\/fundacioramonmartibonet.org\/es\/#website"},"primaryImageOfPage":{"@id":"https:\/\/fundacioramonmartibonet.org\/es\/proyecto\/rastrejos-visuals\/#primaryimage"},"image":{"@id":"https:\/\/fundacioramonmartibonet.org\/es\/proyecto\/rastrejos-visuals\/#primaryimage"},"thumbnailUrl":"https:\/\/fundacioramonmartibonet.org\/wp-content\/uploads\/2023\/11\/IMG_2950-scaled.jpg","datePublished":"2019-04-06T09:09:00+00:00","dateModified":"2025-07-23T09:10:32+00:00","description":"La Fundaci\u00f3 Ramon Mart\u00ed i Bonet promou la salut visual i treballa per millorar la qualitat de vida i les oportunitats de futur.","breadcrumb":{"@id":"https:\/\/fundacioramonmartibonet.org\/es\/proyecto\/rastrejos-visuals\/#breadcrumb"},"inLanguage":"es","potentialAction":[{"@type":"ReadAction","target":["https:\/\/fundacioramonmartibonet.org\/es\/proyecto\/rastrejos-visuals\/"]}]},{"@type":"ImageObject","inLanguage":"es","@id":"https:\/\/fundacioramonmartibonet.org\/es\/proyecto\/rastrejos-visuals\/#primaryimage","url":"https:\/\/fundacioramonmartibonet.org\/wp-content\/uploads\/2023\/11\/IMG_2950-scaled.jpg","contentUrl":"https:\/\/fundacioramonmartibonet.org\/wp-content\/uploads\/2023\/11\/IMG_2950-scaled.jpg","width":2560,"height":1707},{"@type":"BreadcrumbList","@id":"https:\/\/fundacioramonmartibonet.org\/es\/proyecto\/rastrejos-visuals\/#breadcrumb","itemListElement":[{"@type":"ListItem","position":1,"name":"Home","item":"https:\/\/fundacioramonmartibonet.org\/es\/"},{"@type":"ListItem","position":2,"name":"Project","item":"https:\/\/fundacioramonmartibonet.org\/es\/true\/"},{"@type":"ListItem","position":3,"name":"Visi\u00f3n para todo el mundo en las Escuelas"}]},{"@type":"WebSite","@id":"https:\/\/fundacioramonmartibonet.org\/es\/#website","url":"https:\/\/fundacioramonmartibonet.org\/es\/","name":"Fundaci\u00f3 Ramon Mart\u00ed i Bonet","description":"Visi\u00f3 per a tothom","publisher":{"@id":"https:\/\/fundacioramonmartibonet.org\/es\/#organization"},"alternateName":"FRMB","potentialAction":[{"@type":"SearchAction","target":{"@type":"EntryPoint","urlTemplate":"https:\/\/fundacioramonmartibonet.org\/es\/?s={search_term_string}"},"query-input":"required name=search_term_string"}],"inLanguage":"es"},{"@type":"Organization","@id":"https:\/\/fundacioramonmartibonet.org\/es\/#organization","name":"Fundaci\u00f3 Ramon Mart\u00ed i Bonet","alternateName":"FRMB","url":"https:\/\/fundacioramonmartibonet.org\/es\/","logo":{"@type":"ImageObject","inLanguage":"es","@id":"https:\/\/fundacioramonmartibonet.org\/es\/#\/schema\/logo\/image\/","url":"https:\/\/fundacioramonmartibonet.org\/wp-content\/uploads\/2023\/06\/frmb.svg","contentUrl":"https:\/\/fundacioramonmartibonet.org\/wp-content\/uploads\/2023\/06\/frmb.svg","width":900,"height":280,"caption":"Fundaci\u00f3 Ramon Mart\u00ed i Bonet"},"image":{"@id":"https:\/\/fundacioramonmartibonet.org\/es\/#\/schema\/logo\/image\/"},"sameAs":["https:\/\/www.facebook.com\/FundacioRamonMartiBonet","https:\/\/x.com\/FundacioRMB","https:\/\/www.youtube.com\/channel\/UCNyN8HH4tz3ybIBubLBiSog","https:\/\/www.instagram.com\/fundaciormb\/","https:\/\/www.linkedin.com\/company\/fundacio-ramon-marto-i-bonet-contra-la-ceguera\/"]}]}},"_links":{"self":[{"href":"https:\/\/fundacioramonmartibonet.org\/es\/wp-json\/wp\/v2\/iuttu_project\/1650"}],"collection":[{"href":"https:\/\/fundacioramonmartibonet.org\/es\/wp-json\/wp\/v2\/iuttu_project"}],"about":[{"href":"https:\/\/fundacioramonmartibonet.org\/es\/wp-json\/wp\/v2\/types\/iuttu_project"}],"wp:featuredmedia":[{"embeddable":true,"href":"https:\/\/fundacioramonmartibonet.org\/es\/wp-json\/wp\/v2\/media\/1108"}],"wp:attachment":[{"href":"https:\/\/fundacioramonmartibonet.org\/es\/wp-json\/wp\/v2\/media?parent=1650"}],"wp:term":[{"taxonomy":"iuttu_project_type","embeddable":true,"href":"https:\/\/fundacioramonmartibonet.org\/es\/wp-json\/wp\/v2\/iuttu_project_type?post=1650"}],"curies":[{"name":"wp","href":"https:\/\/api.w.org\/{rel}","templated":true}]}}