{"id":1587,"date":"2024-05-25T16:54:00","date_gmt":"2024-05-25T16:54:00","guid":{"rendered":"https:\/\/fundacioramonmartibonet.org\/proyecto\/early-intervention-peru\/"},"modified":"2025-07-28T15:54:05","modified_gmt":"2025-07-28T15:54:05","slug":"early-intervention-peru","status":"publish","type":"iuttu_project","link":"https:\/\/fundacioramonmartibonet.org\/es\/proyecto\/early-intervention-peru\/","title":{"rendered":"Early Intervention. Per\u00fa"},"content":{"rendered":"\n<p>Early intervention&nbsp;o Atenci\u00f3n temprana, en el Per\u00fa, es un proyecto de<strong> formaci\u00f3n te\u00f3rico-pr\u00e1ctica que surge de la necesidad de detectar patolog\u00edas visuales en beb\u00e9s y ni\u00f1os menores de 3 a\u00f1os, para que puedan mejorar su calidad de vida y perspectivas de futuro<\/strong><\/p>\n\n\n\n<p>La detecci\u00f3n temprana se lleva a cabo por un equipo multidisciplinario de expertos en la detecci\u00f3n de patolog\u00edas prematuras visuales, entre otros. El equipo de profesionales est\u00e1 formado por neur\u00f3logos pedi\u00e1tricos, psic\u00f3logos, fisioterapeutas, oftalm\u00f3logos, terapeutas del lenguaje, de alimentaci\u00f3n y logistas.<\/p>\n\n\n\n<p>El equipo, durante su estancia a terreno, imparte formaciones a profesionales m\u00e9dicos locales que har\u00e1n de futuros formadores, y a las familias de los beb\u00e9s atendidos, proporcion\u00e1ndolos las herramientas para detectar y tratar a los ni\u00f1os con diversidad funcional. Los cooperantes hacen tambi\u00e9n el seguimiento de los casos y unos diagn\u00f3sticos orientativos de los ni\u00f1os.<\/p>\n\n\n\n<p>Actualmente, el equipo del proyecto&nbsp;Early intervention contin\u00faa impartiendo las formaciones en la detecci\u00f3n temprana en neonatos y prematuros, a trav\u00e9s de cursos presenciales organizados por la orden franciscana del Colegio de Ni\u00f1os Ciegos de Lima, en colaboraci\u00f3n con las universidades del Per\u00fa.<br>El objetivo final del proyecto es capacitar a especialistas locales para que puedan atender los ni\u00f1os menores de 3 a\u00f1os con diversidad funcional y mejorar su calidad de vida.<\/p>\n\n\n\n<div class=\"wp-block-group\" style=\"padding-top:0px;padding-bottom:54px\"><div class=\"wp-block-group__inner-container is-layout-constrained wp-block-group-is-layout-constrained\">\n<div class=\"wp-block-buttons is-horizontal is-content-justification-center is-layout-flex wp-container-core-buttons-is-layout-1 wp-block-buttons-is-layout-flex\">\n<div class=\"wp-block-button\"><a class=\"wp-block-button__link has-text-align-center wp-element-button\" href=\"https:\/\/fundacioramonmartibonet.org\/es\/collabora\/\">Quiero hacer un donativo<\/a><\/div>\n<\/div>\n<\/div><\/div>\n\n\n\n<figure class=\"wp-block-image size-large\"><img loading=\"lazy\" decoding=\"async\" width=\"1024\" height=\"768\" src=\"https:\/\/fundacioramonmartibonet.org\/wp-content\/uploads\/2024\/05\/IMG_2689-1024x768.jpg\" alt=\"\" class=\"wp-image-1594\" srcset=\"https:\/\/fundacioramonmartibonet.org\/wp-content\/uploads\/2024\/05\/IMG_2689-1024x768.jpg 1024w, https:\/\/fundacioramonmartibonet.org\/wp-content\/uploads\/2024\/05\/IMG_2689-300x225.jpg 300w, https:\/\/fundacioramonmartibonet.org\/wp-content\/uploads\/2024\/05\/IMG_2689-768x576.jpg 768w, https:\/\/fundacioramonmartibonet.org\/wp-content\/uploads\/2024\/05\/IMG_2689-1536x1152.jpg 1536w, https:\/\/fundacioramonmartibonet.org\/wp-content\/uploads\/2024\/05\/IMG_2689-2048x1536.jpg 2048w\" sizes=\"(max-width: 1024px) 100vw, 1024px\" \/><\/figure>\n\n\n\n<figure class=\"wp-block-image size-large\"><img loading=\"lazy\" decoding=\"async\" width=\"1024\" height=\"768\" src=\"https:\/\/fundacioramonmartibonet.org\/wp-content\/uploads\/2024\/05\/WhatsApp-Image-2022-07-19-at-8.32.04-PM-1024x768.jpeg\" alt=\"Curs atenci\u00f3 preco\u00e7\" class=\"wp-image-1588\" srcset=\"https:\/\/fundacioramonmartibonet.org\/wp-content\/uploads\/2024\/05\/WhatsApp-Image-2022-07-19-at-8.32.04-PM-1024x768.jpeg 1024w, https:\/\/fundacioramonmartibonet.org\/wp-content\/uploads\/2024\/05\/WhatsApp-Image-2022-07-19-at-8.32.04-PM-300x225.jpeg 300w, https:\/\/fundacioramonmartibonet.org\/wp-content\/uploads\/2024\/05\/WhatsApp-Image-2022-07-19-at-8.32.04-PM-768x576.jpeg 768w, https:\/\/fundacioramonmartibonet.org\/wp-content\/uploads\/2024\/05\/WhatsApp-Image-2022-07-19-at-8.32.04-PM-1536x1152.jpeg 1536w, https:\/\/fundacioramonmartibonet.org\/wp-content\/uploads\/2024\/05\/WhatsApp-Image-2022-07-19-at-8.32.04-PM.jpeg 2016w\" sizes=\"(max-width: 1024px) 100vw, 1024px\" \/><\/figure>\n\n\n\n<figure class=\"wp-block-image size-large\"><img loading=\"lazy\" decoding=\"async\" width=\"1024\" height=\"768\" src=\"https:\/\/fundacioramonmartibonet.org\/wp-content\/uploads\/2024\/05\/IMG-20170808-WA0015-1024x768.jpg\" alt=\"conferencia per\u00fa\" class=\"wp-image-1590\" srcset=\"https:\/\/fundacioramonmartibonet.org\/wp-content\/uploads\/2024\/05\/IMG-20170808-WA0015-1024x768.jpg 1024w, https:\/\/fundacioramonmartibonet.org\/wp-content\/uploads\/2024\/05\/IMG-20170808-WA0015-300x225.jpg 300w, https:\/\/fundacioramonmartibonet.org\/wp-content\/uploads\/2024\/05\/IMG-20170808-WA0015-768x576.jpg 768w, https:\/\/fundacioramonmartibonet.org\/wp-content\/uploads\/2024\/05\/IMG-20170808-WA0015.jpg 1280w\" sizes=\"(max-width: 1024px) 100vw, 1024px\" \/><\/figure>\n","protected":false},"excerpt":{"rendered":"<p>Proyecto de formaci\u00f3n te\u00f3rico-pr\u00e1ctica para detectar y tratar patolog\u00edas visuales en beb\u00e9s y ni\u00f1os menores de 3 a\u00f1os.<\/p>\n","protected":false},"featured_media":2696,"template":"","iuttu_project_type":[43],"acf":[],"yoast_head":"<!-- This site is optimized with the Yoast SEO plugin v22.5 - https:\/\/yoast.com\/wordpress\/plugins\/seo\/ -->\n<title>Early Intervention. Per\u00fa - Fundaci\u00f3 Ram\u00f3n Mart\u00ed i Bonet<\/title>\n<meta name=\"description\" content=\"Detectem a nadons i infants menors de 3 anys amb patologies visuals i formem a professionals locals en l&#039;atenci\u00f3 preco\u00e7\" \/>\n<meta name=\"robots\" content=\"index, follow, max-snippet:-1, max-image-preview:large, max-video-preview:-1\" \/>\n<link rel=\"canonical\" href=\"https:\/\/fundacioramonmartibonet.org\/es\/proyecto\/early-intervention-peru\/\" \/>\n<meta property=\"og:locale\" content=\"es_ES\" \/>\n<meta property=\"og:type\" content=\"article\" \/>\n<meta property=\"og:title\" content=\"Early Intervention. Per\u00fa - Fundaci\u00f3 Ram\u00f3n Mart\u00ed i Bonet\" \/>\n<meta property=\"og:description\" content=\"Detectem a nadons i infants menors de 3 anys amb patologies visuals i formem a professionals locals en l&#039;atenci\u00f3 preco\u00e7\" \/>\n<meta property=\"og:url\" content=\"https:\/\/fundacioramonmartibonet.org\/es\/proyecto\/early-intervention-peru\/\" \/>\n<meta property=\"og:site_name\" content=\"Fundaci\u00f3 Ram\u00f3n Mart\u00ed i Bonet\" \/>\n<meta property=\"article:publisher\" content=\"https:\/\/www.facebook.com\/FundacioRamonMartiBonet\" \/>\n<meta property=\"article:modified_time\" content=\"2025-07-28T15:54:05+00:00\" \/>\n<meta property=\"og:image\" content=\"https:\/\/fundacioramonmartibonet.org\/wp-content\/uploads\/2024\/05\/merce.png\" \/>\n\t<meta property=\"og:image:width\" content=\"681\" \/>\n\t<meta property=\"og:image:height\" content=\"510\" \/>\n\t<meta property=\"og:image:type\" content=\"image\/png\" \/>\n<meta name=\"twitter:card\" content=\"summary_large_image\" \/>\n<meta name=\"twitter:site\" content=\"@FundacioRMB\" \/>\n<script type=\"application\/ld+json\" class=\"yoast-schema-graph\">{\"@context\":\"https:\/\/schema.org\",\"@graph\":[{\"@type\":\"WebPage\",\"@id\":\"https:\/\/fundacioramonmartibonet.org\/es\/proyecto\/early-intervention-peru\/\",\"url\":\"https:\/\/fundacioramonmartibonet.org\/es\/proyecto\/early-intervention-peru\/\",\"name\":\"Early Intervention. Per\u00fa - Fundaci\u00f3 Ram\u00f3n Mart\u00ed i Bonet\",\"isPartOf\":{\"@id\":\"https:\/\/fundacioramonmartibonet.org\/es\/#website\"},\"primaryImageOfPage\":{\"@id\":\"https:\/\/fundacioramonmartibonet.org\/es\/proyecto\/early-intervention-peru\/#primaryimage\"},\"image\":{\"@id\":\"https:\/\/fundacioramonmartibonet.org\/es\/proyecto\/early-intervention-peru\/#primaryimage\"},\"thumbnailUrl\":\"https:\/\/fundacioramonmartibonet.org\/wp-content\/uploads\/2024\/05\/merce.png\",\"datePublished\":\"2024-05-25T16:54:00+00:00\",\"dateModified\":\"2025-07-28T15:54:05+00:00\",\"description\":\"Detectem a nadons i infants menors de 3 anys amb patologies visuals i formem a professionals locals en l'atenci\u00f3 preco\u00e7\",\"breadcrumb\":{\"@id\":\"https:\/\/fundacioramonmartibonet.org\/es\/proyecto\/early-intervention-peru\/#breadcrumb\"},\"inLanguage\":\"es\",\"potentialAction\":[{\"@type\":\"ReadAction\",\"target\":[\"https:\/\/fundacioramonmartibonet.org\/es\/proyecto\/early-intervention-peru\/\"]}]},{\"@type\":\"ImageObject\",\"inLanguage\":\"es\",\"@id\":\"https:\/\/fundacioramonmartibonet.org\/es\/proyecto\/early-intervention-peru\/#primaryimage\",\"url\":\"https:\/\/fundacioramonmartibonet.org\/wp-content\/uploads\/2024\/05\/merce.png\",\"contentUrl\":\"https:\/\/fundacioramonmartibonet.org\/wp-content\/uploads\/2024\/05\/merce.png\",\"width\":681,\"height\":510},{\"@type\":\"BreadcrumbList\",\"@id\":\"https:\/\/fundacioramonmartibonet.org\/es\/proyecto\/early-intervention-peru\/#breadcrumb\",\"itemListElement\":[{\"@type\":\"ListItem\",\"position\":1,\"name\":\"Home\",\"item\":\"https:\/\/fundacioramonmartibonet.org\/es\/\"},{\"@type\":\"ListItem\",\"position\":2,\"name\":\"Project\",\"item\":\"https:\/\/fundacioramonmartibonet.org\/es\/true\/\"},{\"@type\":\"ListItem\",\"position\":3,\"name\":\"Early Intervention. Per\u00fa\"}]},{\"@type\":\"WebSite\",\"@id\":\"https:\/\/fundacioramonmartibonet.org\/es\/#website\",\"url\":\"https:\/\/fundacioramonmartibonet.org\/es\/\",\"name\":\"Fundaci\u00f3 Ramon Mart\u00ed i Bonet\",\"description\":\"Visi\u00f3 per a tothom\",\"publisher\":{\"@id\":\"https:\/\/fundacioramonmartibonet.org\/es\/#organization\"},\"alternateName\":\"FRMB\",\"potentialAction\":[{\"@type\":\"SearchAction\",\"target\":{\"@type\":\"EntryPoint\",\"urlTemplate\":\"https:\/\/fundacioramonmartibonet.org\/es\/?s={search_term_string}\"},\"query-input\":\"required name=search_term_string\"}],\"inLanguage\":\"es\"},{\"@type\":\"Organization\",\"@id\":\"https:\/\/fundacioramonmartibonet.org\/es\/#organization\",\"name\":\"Fundaci\u00f3 Ramon Mart\u00ed i Bonet\",\"alternateName\":\"FRMB\",\"url\":\"https:\/\/fundacioramonmartibonet.org\/es\/\",\"logo\":{\"@type\":\"ImageObject\",\"inLanguage\":\"es\",\"@id\":\"https:\/\/fundacioramonmartibonet.org\/es\/#\/schema\/logo\/image\/\",\"url\":\"https:\/\/fundacioramonmartibonet.org\/wp-content\/uploads\/2023\/06\/frmb.svg\",\"contentUrl\":\"https:\/\/fundacioramonmartibonet.org\/wp-content\/uploads\/2023\/06\/frmb.svg\",\"width\":900,\"height\":280,\"caption\":\"Fundaci\u00f3 Ramon Mart\u00ed i Bonet\"},\"image\":{\"@id\":\"https:\/\/fundacioramonmartibonet.org\/es\/#\/schema\/logo\/image\/\"},\"sameAs\":[\"https:\/\/www.facebook.com\/FundacioRamonMartiBonet\",\"https:\/\/x.com\/FundacioRMB\",\"https:\/\/www.youtube.com\/channel\/UCNyN8HH4tz3ybIBubLBiSog\",\"https:\/\/www.instagram.com\/fundaciormb\/\",\"https:\/\/www.linkedin.com\/company\/fundacio-ramon-marto-i-bonet-contra-la-ceguera\/\"]}]}<\/script>\n<!-- \/ Yoast SEO plugin. -->","yoast_head_json":{"title":"Early Intervention. Per\u00fa - Fundaci\u00f3 Ram\u00f3n Mart\u00ed i Bonet","description":"Detectem a nadons i infants menors de 3 anys amb patologies visuals i formem a professionals locals en l'atenci\u00f3 preco\u00e7","robots":{"index":"index","follow":"follow","max-snippet":"max-snippet:-1","max-image-preview":"max-image-preview:large","max-video-preview":"max-video-preview:-1"},"canonical":"https:\/\/fundacioramonmartibonet.org\/es\/proyecto\/early-intervention-peru\/","og_locale":"es_ES","og_type":"article","og_title":"Early Intervention. Per\u00fa - Fundaci\u00f3 Ram\u00f3n Mart\u00ed i Bonet","og_description":"Detectem a nadons i infants menors de 3 anys amb patologies visuals i formem a professionals locals en l'atenci\u00f3 preco\u00e7","og_url":"https:\/\/fundacioramonmartibonet.org\/es\/proyecto\/early-intervention-peru\/","og_site_name":"Fundaci\u00f3 Ram\u00f3n Mart\u00ed i Bonet","article_publisher":"https:\/\/www.facebook.com\/FundacioRamonMartiBonet","article_modified_time":"2025-07-28T15:54:05+00:00","og_image":[{"width":681,"height":510,"url":"https:\/\/fundacioramonmartibonet.org\/wp-content\/uploads\/2024\/05\/merce.png","type":"image\/png"}],"twitter_card":"summary_large_image","twitter_site":"@FundacioRMB","schema":{"@context":"https:\/\/schema.org","@graph":[{"@type":"WebPage","@id":"https:\/\/fundacioramonmartibonet.org\/es\/proyecto\/early-intervention-peru\/","url":"https:\/\/fundacioramonmartibonet.org\/es\/proyecto\/early-intervention-peru\/","name":"Early Intervention. Per\u00fa - Fundaci\u00f3 Ram\u00f3n Mart\u00ed i Bonet","isPartOf":{"@id":"https:\/\/fundacioramonmartibonet.org\/es\/#website"},"primaryImageOfPage":{"@id":"https:\/\/fundacioramonmartibonet.org\/es\/proyecto\/early-intervention-peru\/#primaryimage"},"image":{"@id":"https:\/\/fundacioramonmartibonet.org\/es\/proyecto\/early-intervention-peru\/#primaryimage"},"thumbnailUrl":"https:\/\/fundacioramonmartibonet.org\/wp-content\/uploads\/2024\/05\/merce.png","datePublished":"2024-05-25T16:54:00+00:00","dateModified":"2025-07-28T15:54:05+00:00","description":"Detectem a nadons i infants menors de 3 anys amb patologies visuals i formem a professionals locals en l'atenci\u00f3 preco\u00e7","breadcrumb":{"@id":"https:\/\/fundacioramonmartibonet.org\/es\/proyecto\/early-intervention-peru\/#breadcrumb"},"inLanguage":"es","potentialAction":[{"@type":"ReadAction","target":["https:\/\/fundacioramonmartibonet.org\/es\/proyecto\/early-intervention-peru\/"]}]},{"@type":"ImageObject","inLanguage":"es","@id":"https:\/\/fundacioramonmartibonet.org\/es\/proyecto\/early-intervention-peru\/#primaryimage","url":"https:\/\/fundacioramonmartibonet.org\/wp-content\/uploads\/2024\/05\/merce.png","contentUrl":"https:\/\/fundacioramonmartibonet.org\/wp-content\/uploads\/2024\/05\/merce.png","width":681,"height":510},{"@type":"BreadcrumbList","@id":"https:\/\/fundacioramonmartibonet.org\/es\/proyecto\/early-intervention-peru\/#breadcrumb","itemListElement":[{"@type":"ListItem","position":1,"name":"Home","item":"https:\/\/fundacioramonmartibonet.org\/es\/"},{"@type":"ListItem","position":2,"name":"Project","item":"https:\/\/fundacioramonmartibonet.org\/es\/true\/"},{"@type":"ListItem","position":3,"name":"Early Intervention. Per\u00fa"}]},{"@type":"WebSite","@id":"https:\/\/fundacioramonmartibonet.org\/es\/#website","url":"https:\/\/fundacioramonmartibonet.org\/es\/","name":"Fundaci\u00f3 Ramon Mart\u00ed i Bonet","description":"Visi\u00f3 per a tothom","publisher":{"@id":"https:\/\/fundacioramonmartibonet.org\/es\/#organization"},"alternateName":"FRMB","potentialAction":[{"@type":"SearchAction","target":{"@type":"EntryPoint","urlTemplate":"https:\/\/fundacioramonmartibonet.org\/es\/?s={search_term_string}"},"query-input":"required name=search_term_string"}],"inLanguage":"es"},{"@type":"Organization","@id":"https:\/\/fundacioramonmartibonet.org\/es\/#organization","name":"Fundaci\u00f3 Ramon Mart\u00ed i Bonet","alternateName":"FRMB","url":"https:\/\/fundacioramonmartibonet.org\/es\/","logo":{"@type":"ImageObject","inLanguage":"es","@id":"https:\/\/fundacioramonmartibonet.org\/es\/#\/schema\/logo\/image\/","url":"https:\/\/fundacioramonmartibonet.org\/wp-content\/uploads\/2023\/06\/frmb.svg","contentUrl":"https:\/\/fundacioramonmartibonet.org\/wp-content\/uploads\/2023\/06\/frmb.svg","width":900,"height":280,"caption":"Fundaci\u00f3 Ramon Mart\u00ed i Bonet"},"image":{"@id":"https:\/\/fundacioramonmartibonet.org\/es\/#\/schema\/logo\/image\/"},"sameAs":["https:\/\/www.facebook.com\/FundacioRamonMartiBonet","https:\/\/x.com\/FundacioRMB","https:\/\/www.youtube.com\/channel\/UCNyN8HH4tz3ybIBubLBiSog","https:\/\/www.instagram.com\/fundaciormb\/","https:\/\/www.linkedin.com\/company\/fundacio-ramon-marto-i-bonet-contra-la-ceguera\/"]}]}},"_links":{"self":[{"href":"https:\/\/fundacioramonmartibonet.org\/es\/wp-json\/wp\/v2\/iuttu_project\/1587"}],"collection":[{"href":"https:\/\/fundacioramonmartibonet.org\/es\/wp-json\/wp\/v2\/iuttu_project"}],"about":[{"href":"https:\/\/fundacioramonmartibonet.org\/es\/wp-json\/wp\/v2\/types\/iuttu_project"}],"wp:featuredmedia":[{"embeddable":true,"href":"https:\/\/fundacioramonmartibonet.org\/es\/wp-json\/wp\/v2\/media\/2696"}],"wp:attachment":[{"href":"https:\/\/fundacioramonmartibonet.org\/es\/wp-json\/wp\/v2\/media?parent=1587"}],"wp:term":[{"taxonomy":"iuttu_project_type","embeddable":true,"href":"https:\/\/fundacioramonmartibonet.org\/es\/wp-json\/wp\/v2\/iuttu_project_type?post=1587"}],"curies":[{"name":"wp","href":"https:\/\/api.w.org\/{rel}","templated":true}]}}